{"id":856,"date":"2022-02-23T18:39:00","date_gmt":"2022-02-23T18:39:00","guid":{"rendered":"https:\/\/www.safinel.fr\/?post_type=product&#038;p=856"},"modified":"2025-04-05T17:48:18","modified_gmt":"2025-04-05T17:48:18","slug":"po-de-laranja","status":"publish","type":"product","link":"https:\/\/www.safinel.fr\/pt\/product-2\/po-de-laranja\/","title":{"rendered":"P\u00f3 de laranja 100 g"},"content":{"rendered":"<p>Sem d\u00favida que ver\u00e1 a vida a cores depois de descobrir este novo <strong>cosm\u00e9tico<\/strong> ! A <strong>p\u00f3 de laranja<\/strong> chega \u00e0 Safinel, e as outras frutas t\u00eam que se preparar...<\/p>\n<p>Pela primeira vez, esta fruta c\u00edtrica n\u00e3o est\u00e1 no nosso prato, mas sim na nossa casa de banho. Para qu\u00ea? Com que objetivo? Vamos esclarecer as suas d\u00favidas sem mais demora!<\/p>\n<h2><strong>O p\u00f3 de laranja: prensado em saber mais!\u00a0<\/strong><\/h2>\n<p>Quando saboreia uma fruta c\u00edtrica, o que faz? Descasca-a, deita fora a casca e, finalmente, come-a. Bem, nunca mais ver\u00e1 as cascas da mesma forma depois de descobrir o p\u00f3 de laranja.<\/p>\n<p>Apresentada numa embalagem kraft com fecho de 100 g, esta <strong>p\u00f3 ayurv\u00e9dico<\/strong> \u00e9 um verdadeiro tesouro para a pele e o cabelo!<\/p>\n<p>A sua fabrica\u00e7\u00e3o n\u00e3o poderia ser mais simples: o fruto \u00e9 colhido, a casca \u00e9 lavada e seca e, por fim, reduzida a um p\u00f3 fino. O resultado \u00e9 um p\u00f3 de cor bege, quase amarelado.<\/p>\n<h2><strong>Os benef\u00edcios do p\u00f3 de laranja\u00a0<\/strong><\/h2>\n<p>Essencialmente conhecida na <a href=\"https:\/\/www.passeportsante.net\/fr\/Therapies\/Guide\/Fiche.aspx?doc=ayurveda_th\" target=\"_blank\" rel=\"noopener\"><strong>medicina ayurv\u00e9dica<\/strong><\/a>, o\u2019<strong>laranja amarga<\/strong> oferece-nos uma s\u00e9rie de benef\u00edcios. Vamos descobri-los agora mesmo:<\/p>\n<ul>\n<li>Propriedades adstringentes e de limpeza; ;<\/li>\n<li>Facilita a limpeza da pele e desobstrui os poros; ;<\/li>\n<li>Estimula o couro cabeludo, ao mesmo tempo que o purifica; ;<\/li>\n<li>Tamb\u00e9m pode ser usado em produtos para os cabelos, conferindo-lhes um aroma fresco e agrad\u00e1vel; ;<\/li>\n<li>Facilita o desembara\u00e7ar do cabelo; ;<\/li>\n<li>Esfolia a pele, removendo as c\u00e9lulas mortas e outras impurezas; ;<\/li>\n<li>Al\u00e9m disso, \u00e9 eficaz contra peles oleosas com tend\u00eancia acneica; ;<\/li>\n<li>O p\u00f3 de laranja proporciona uma tez fresca e luminosa; ;<\/li>\n<li>Confere brilho e luminosidade ao cabelo.<\/li>\n<\/ul>\n<h2><strong>Como usar este cosm\u00e9tico natural?\u00a0<\/strong><\/h2>\n<p><strong>P\u00f3 de laranja para cabelos:\u00a0<\/strong>Voc\u00ea pode optar por utiliz\u00e1-lo como base na fabrica\u00e7\u00e3o dos seus <strong>cosm\u00e9ticos org\u00e2nicos caseiros<\/strong>. Ou utilize-o para fazer uma m\u00e1scara capilar, juntamente com outros ingredientes.<strong> p\u00f3s vegetais.\u00a0<\/strong><\/p>\n<p>Combina perfeitamente com o <strong>Brahmi<\/strong>, para revelar o brilho dos cabelos sem vida. Ou ainda com<strong> \u00f3leo de akpi<\/strong>, para um brilho inesperado.<\/p>\n<p><strong>P\u00f3 de laranja para o rosto:\u00a0<\/strong>Se procura um tratamento facial natural, saiba que a nossa laranja em p\u00f3 \u00e9 um ingrediente importante.<\/p>\n<p>Assim, ela poder\u00e1 ser misturada com \u00f3leos vegetais, como o <strong>coco<\/strong>, ou ainda com \u00f3leos essenciais.<\/p>\n<p>Por outro lado, ser\u00e1 um ingrediente importante na prepara\u00e7\u00e3o de esfoliantes.<\/p>\n<p><strong>Os p\u00f3s vegetais: tesouros a descobrir...  :\u00a0<\/strong>Flores, frutos secos, ra\u00edzes, plantas... Definitivamente, tudo pode passar pelo triturador! E \u00e9 preciso dizer que n\u00e3o nos queixamos, pois obtemos, de facto, muitos tesouros. Tanto para a beleza do cabelo e da pele, como tamb\u00e9m para a sa\u00fade do corpo!<\/p>\n<p>Assim, na Safinel, descubra ou redescubra os<strong> plantas medicinais<\/strong> que t\u00eam mais do que um truque na manga:<\/p>\n<ul>\n<li><strong><a href=\"https:\/\/www.safinel.fr\/pt\/product-2\/po-de-reetha\/\">Reetha<\/a>\u00a0<\/strong><\/li>\n<li><strong><a href=\"https:\/\/www.safinel.fr\/pt\/product-2\/po-de-nep-nep\/\">Nep Nep<\/a>\u00a0<\/strong><\/li>\n<li><strong><a href=\"https:\/\/www.safinel.fr\/pt\/product-2\/fruta-4-costelas-3-pecas\/\">Fruta 4 lados<\/a>\u00a0<\/strong><\/li>\n<li><strong><a href=\"https:\/\/www.safinel.fr\/pt\/product-2\/kapoor-kachli\/\">Kapoor kachli<\/a>\u00a0<\/strong><\/li>\n<li><strong><a href=\"https:\/\/www.safinel.fr\/pt\/product-2\/haritaki\/\">Haritaki<\/a>\u00a0<\/strong><\/li>\n<\/ul>\n<p>E muitos outros mais...<\/p>\n<h3><strong>Algumas precau\u00e7\u00f5es\u00a0<\/strong><\/h3>\n<p>Este produto tem um efeito irritante. Por isso, deve ser manuseado com cuidado. Devido \u00e0 sua consist\u00eancia pulverulenta, deve ser utilizado num local protegido de correntes de ar.<\/p>\n<p>Al\u00e9m disso, este deve ser submetido a um teste de alergia antes da utiliza\u00e7\u00e3o, pelo menos 24 horas antes.<\/p>\n<p><strong>Manter fora do alcance das crian\u00e7as.\u00a0<\/strong><\/p>\n<p><strong>Apenas para uso externo.\u00a0<\/strong><\/p>\n<p><strong>Em caso de contacto com os olhos, lave imediatamente.\u00a0<\/strong><\/p>","protected":false},"excerpt":{"rendered":"<p>Sem d\u00favida que ver\u00e1 a vida a cores depois de descobrir este novo cosm\u00e9tico! O p\u00f3 de laranja chega \u00e0 Safinel, e as outras frutas t\u00eam de se preparar... Por uma vez, este citrino n\u00e3o est\u00e1 no nosso prato, mas sim na nossa casa de banho. Para qu\u00ea? [\u2026]","protected":false},"featured_media":857,"template":"","meta":[],"product_brand":[],"product_cat":[28,59,110],"product_tag":[],"class_list":{"0":"post-856","1":"product","2":"type-product","3":"status-publish","4":"has-post-thumbnail","6":"product_cat-divers","7":"product_cat-fruit-tropical","8":"product_cat-poudre-cheveux-ayurvedique","10":"first","11":"instock","12":"shipping-taxable","13":"purchasable","14":"product-type-simple"},"yoast_head":"<!-- This site is optimized with the Yoast SEO plugin v26.6 - https:\/\/yoast.com\/wordpress\/plugins\/seo\/ -->\n<title>Poudre d&#039;orange | Cosm\u00e9tique naturel | Bienfaits pour les cheveux<\/title>\n<meta name=\"description\" content=\"Nul doute que vous verrez la vie en orange apr\u00e8s avoir d\u00e9couvert ce nouveau cosm\u00e9tique ! La poudre d\u2019orange fait son entr\u00e9e chez Safinel !\" \/>\n<meta name=\"robots\" content=\"index, follow, max-snippet:-1, max-image-preview:large, max-video-preview:-1\" \/>\n<link rel=\"canonical\" href=\"https:\/\/www.safinel.fr\/pt\/product-2\/po-de-laranja\/\" \/>\n<meta property=\"og:locale\" content=\"pt_PT\" \/>\n<meta property=\"og:type\" content=\"article\" \/>\n<meta property=\"og:title\" content=\"Poudre d&#039;orange | Cosm\u00e9tique naturel | Bienfaits pour les cheveux\" \/>\n<meta property=\"og:description\" content=\"Nul doute que vous verrez la vie en orange apr\u00e8s avoir d\u00e9couvert ce nouveau cosm\u00e9tique ! La poudre d\u2019orange fait son entr\u00e9e chez Safinel !\" \/>\n<meta property=\"og:url\" content=\"https:\/\/www.safinel.fr\/pt\/product-2\/po-de-laranja\/\" \/>\n<meta property=\"og:site_name\" content=\"Safinel\" \/>\n<meta property=\"article:modified_time\" content=\"2025-04-05T17:48:18+00:00\" \/>\n<meta property=\"og:image\" content=\"https:\/\/www.safinel.fr\/wp-content\/uploads\/2022\/02\/poudre-d-orange.jpg\" \/>\n\t<meta property=\"og:image:width\" content=\"600\" \/>\n\t<meta property=\"og:image:height\" content=\"600\" \/>\n\t<meta property=\"og:image:type\" content=\"image\/jpeg\" \/>\n<meta name=\"twitter:card\" content=\"summary_large_image\" \/>\n<meta name=\"twitter:label1\" content=\"Tempo estimado de leitura\" \/>\n\t<meta name=\"twitter:data1\" content=\"3 minutos\" \/>\n<script type=\"application\/ld+json\" class=\"yoast-schema-graph\">{\"@context\":\"https:\/\/schema.org\",\"@graph\":[{\"@type\":\"WebPage\",\"@id\":\"https:\/\/www.safinel.fr\/produit\/poudre-dorange\/\",\"url\":\"https:\/\/www.safinel.fr\/produit\/poudre-dorange\/\",\"name\":\"Poudre d'orange | Cosm\u00e9tique naturel | Bienfaits pour les cheveux\",\"isPartOf\":{\"@id\":\"https:\/\/www.safinel.fr\/#website\"},\"primaryImageOfPage\":{\"@id\":\"https:\/\/www.safinel.fr\/produit\/poudre-dorange\/#primaryimage\"},\"image\":{\"@id\":\"https:\/\/www.safinel.fr\/produit\/poudre-dorange\/#primaryimage\"},\"thumbnailUrl\":\"https:\/\/www.safinel.fr\/wp-content\/uploads\/2022\/02\/poudre-d-orange.jpg\",\"datePublished\":\"2022-02-23T18:39:00+00:00\",\"dateModified\":\"2025-04-05T17:48:18+00:00\",\"description\":\"Nul doute que vous verrez la vie en orange apr\u00e8s avoir d\u00e9couvert ce nouveau cosm\u00e9tique ! La poudre d\u2019orange fait son entr\u00e9e chez Safinel !\",\"breadcrumb\":{\"@id\":\"https:\/\/www.safinel.fr\/produit\/poudre-dorange\/#breadcrumb\"},\"inLanguage\":\"pt-PT\",\"potentialAction\":[{\"@type\":\"ReadAction\",\"target\":[\"https:\/\/www.safinel.fr\/produit\/poudre-dorange\/\"]}]},{\"@type\":\"ImageObject\",\"inLanguage\":\"pt-PT\",\"@id\":\"https:\/\/www.safinel.fr\/produit\/poudre-dorange\/#primaryimage\",\"url\":\"https:\/\/www.safinel.fr\/wp-content\/uploads\/2022\/02\/poudre-d-orange.jpg\",\"contentUrl\":\"https:\/\/www.safinel.fr\/wp-content\/uploads\/2022\/02\/poudre-d-orange.jpg\",\"width\":600,\"height\":600,\"caption\":\"Poudre d'orange 100g\"},{\"@type\":\"BreadcrumbList\",\"@id\":\"https:\/\/www.safinel.fr\/produit\/poudre-dorange\/#breadcrumb\",\"itemListElement\":[{\"@type\":\"ListItem\",\"position\":1,\"name\":\"Accueil\",\"item\":\"https:\/\/www.safinel.fr\/\"},{\"@type\":\"ListItem\",\"position\":2,\"name\":\"Boutique\",\"item\":\"https:\/\/www.safinel.fr\/boutique\/\"},{\"@type\":\"ListItem\",\"position\":3,\"name\":\"Poudre d&rsquo;orange 100g\"}]},{\"@type\":\"WebSite\",\"@id\":\"https:\/\/www.safinel.fr\/#website\",\"url\":\"https:\/\/www.safinel.fr\/\",\"name\":\"Safinel\",\"description\":\"\",\"publisher\":{\"@id\":\"https:\/\/www.safinel.fr\/#organization\"},\"potentialAction\":[{\"@type\":\"SearchAction\",\"target\":{\"@type\":\"EntryPoint\",\"urlTemplate\":\"https:\/\/www.safinel.fr\/?s={search_term_string}\"},\"query-input\":{\"@type\":\"PropertyValueSpecification\",\"valueRequired\":true,\"valueName\":\"search_term_string\"}}],\"inLanguage\":\"pt-PT\"},{\"@type\":\"Organization\",\"@id\":\"https:\/\/www.safinel.fr\/#organization\",\"name\":\"Safinel\",\"url\":\"https:\/\/www.safinel.fr\/\",\"logo\":{\"@type\":\"ImageObject\",\"inLanguage\":\"pt-PT\",\"@id\":\"https:\/\/www.safinel.fr\/#\/schema\/logo\/image\/\",\"url\":\"https:\/\/www.safinel.fr\/wp-content\/uploads\/2021\/05\/boutique-cosmetique.png\",\"contentUrl\":\"https:\/\/www.safinel.fr\/wp-content\/uploads\/2021\/05\/boutique-cosmetique.png\",\"width\":800,\"height\":200,\"caption\":\"Safinel\"},\"image\":{\"@id\":\"https:\/\/www.safinel.fr\/#\/schema\/logo\/image\/\"}}]}<\/script>\n<!-- \/ Yoast SEO plugin. -->","yoast_head_json":{"title":"P\u00f3 de laranja | Cosm\u00e9ticos naturais | Benef\u00edcios para o cabelo","description":"Sem d\u00favida que ver\u00e1 a vida a cores depois de descobrir este novo cosm\u00e9tico! O p\u00f3 de laranja chega \u00e0 Safinel!","robots":{"index":"index","follow":"follow","max-snippet":"max-snippet:-1","max-image-preview":"max-image-preview:large","max-video-preview":"max-video-preview:-1"},"canonical":"https:\/\/www.safinel.fr\/pt\/product-2\/po-de-laranja\/","og_locale":"pt_PT","og_type":"article","og_title":"Poudre d'orange | Cosm\u00e9tique naturel | Bienfaits pour les cheveux","og_description":"Nul doute que vous verrez la vie en orange apr\u00e8s avoir d\u00e9couvert ce nouveau cosm\u00e9tique ! La poudre d\u2019orange fait son entr\u00e9e chez Safinel !","og_url":"https:\/\/www.safinel.fr\/pt\/product-2\/po-de-laranja\/","og_site_name":"Safinel","article_modified_time":"2025-04-05T17:48:18+00:00","og_image":[{"width":600,"height":600,"url":"https:\/\/www.safinel.fr\/wp-content\/uploads\/2022\/02\/poudre-d-orange.jpg","type":"image\/jpeg"}],"twitter_card":"summary_large_image","twitter_misc":{"Tempo estimado de leitura":"3 minutos"},"schema":{"@context":"https:\/\/schema.org","@graph":[{"@type":"WebPage","@id":"https:\/\/www.safinel.fr\/produit\/poudre-dorange\/","url":"https:\/\/www.safinel.fr\/produit\/poudre-dorange\/","name":"P\u00f3 de laranja | Cosm\u00e9ticos naturais | Benef\u00edcios para o cabelo","isPartOf":{"@id":"https:\/\/www.safinel.fr\/#website"},"primaryImageOfPage":{"@id":"https:\/\/www.safinel.fr\/produit\/poudre-dorange\/#primaryimage"},"image":{"@id":"https:\/\/www.safinel.fr\/produit\/poudre-dorange\/#primaryimage"},"thumbnailUrl":"https:\/\/www.safinel.fr\/wp-content\/uploads\/2022\/02\/poudre-d-orange.jpg","datePublished":"2022-02-23T18:39:00+00:00","dateModified":"2025-04-05T17:48:18+00:00","description":"Sem d\u00favida que ver\u00e1 a vida a cores depois de descobrir este novo cosm\u00e9tico! O p\u00f3 de laranja chega \u00e0 Safinel!","breadcrumb":{"@id":"https:\/\/www.safinel.fr\/produit\/poudre-dorange\/#breadcrumb"},"inLanguage":"pt-PT","potentialAction":[{"@type":"ReadAction","target":["https:\/\/www.safinel.fr\/produit\/poudre-dorange\/"]}]},{"@type":"ImageObject","inLanguage":"pt-PT","@id":"https:\/\/www.safinel.fr\/produit\/poudre-dorange\/#primaryimage","url":"https:\/\/www.safinel.fr\/wp-content\/uploads\/2022\/02\/poudre-d-orange.jpg","contentUrl":"https:\/\/www.safinel.fr\/wp-content\/uploads\/2022\/02\/poudre-d-orange.jpg","width":600,"height":600,"caption":"Poudre d'orange 100g"},{"@type":"BreadcrumbList","@id":"https:\/\/www.safinel.fr\/produit\/poudre-dorange\/#breadcrumb","itemListElement":[{"@type":"ListItem","position":1,"name":"Accueil","item":"https:\/\/www.safinel.fr\/"},{"@type":"ListItem","position":2,"name":"Boutique","item":"https:\/\/www.safinel.fr\/boutique\/"},{"@type":"ListItem","position":3,"name":"Poudre d&rsquo;orange 100g"}]},{"@type":"WebSite","@id":"https:\/\/www.safinel.fr\/#website","url":"https:\/\/www.safinel.fr\/","name":"Safinel","description":"","publisher":{"@id":"https:\/\/www.safinel.fr\/#organization"},"potentialAction":[{"@type":"SearchAction","target":{"@type":"EntryPoint","urlTemplate":"https:\/\/www.safinel.fr\/?s={search_term_string}"},"query-input":{"@type":"PropertyValueSpecification","valueRequired":true,"valueName":"search_term_string"}}],"inLanguage":"pt-PT"},{"@type":"Organization","@id":"https:\/\/www.safinel.fr\/#organization","name":"Safinel","url":"https:\/\/www.safinel.fr\/","logo":{"@type":"ImageObject","inLanguage":"pt-PT","@id":"https:\/\/www.safinel.fr\/#\/schema\/logo\/image\/","url":"https:\/\/www.safinel.fr\/wp-content\/uploads\/2021\/05\/boutique-cosmetique.png","contentUrl":"https:\/\/www.safinel.fr\/wp-content\/uploads\/2021\/05\/boutique-cosmetique.png","width":800,"height":200,"caption":"Safinel"},"image":{"@id":"https:\/\/www.safinel.fr\/#\/schema\/logo\/image\/"}}]}},"_links":{"self":[{"href":"https:\/\/www.safinel.fr\/pt\/wp-json\/wp\/v2\/product\/856","targetHints":{"allow":["GET"]}}],"collection":[{"href":"https:\/\/www.safinel.fr\/pt\/wp-json\/wp\/v2\/product"}],"about":[{"href":"https:\/\/www.safinel.fr\/pt\/wp-json\/wp\/v2\/types\/product"}],"wp:featuredmedia":[{"embeddable":true,"href":"https:\/\/www.safinel.fr\/pt\/wp-json\/wp\/v2\/media\/857"}],"wp:attachment":[{"href":"https:\/\/www.safinel.fr\/pt\/wp-json\/wp\/v2\/media?parent=856"}],"wp:term":[{"taxonomy":"product_brand","embeddable":true,"href":"https:\/\/www.safinel.fr\/pt\/wp-json\/wp\/v2\/product_brand?post=856"},{"taxonomy":"product_cat","embeddable":true,"href":"https:\/\/www.safinel.fr\/pt\/wp-json\/wp\/v2\/product_cat?post=856"},{"taxonomy":"product_tag","embeddable":true,"href":"https:\/\/www.safinel.fr\/pt\/wp-json\/wp\/v2\/product_tag?post=856"}],"curies":[{"name":"wp","href":"https:\/\/api.w.org\/{rel}","templated":true}]}}