{"id":7470,"date":"2023-07-30T18:16:54","date_gmt":"2023-07-30T18:16:54","guid":{"rendered":"https:\/\/www.safinel.fr\/?post_type=product&#038;p=7470"},"modified":"2025-08-04T14:52:30","modified_gmt":"2025-08-04T14:52:30","slug":"attieke-desidratado","status":"publish","type":"product","link":"https:\/\/www.safinel.fr\/pt\/product-2\/attieke-desidratado\/","title":{"rendered":"Attieke desidratado 500 g"},"content":{"rendered":"<p>O atti\u00e9k\u00e9 desidratado \u00e9 uma prepara\u00e7\u00e3o culin\u00e1ria origin\u00e1ria da \u00c1frica Ocidental, mais precisamente da Costa do Marfim. Este prato \u00e0 base de mandioca fermentada e seca \u00e9 muito apreciado pelo seu valor nutritivo e sabores delicados. Neste artigo, convidamo-lo a descobrir as caracter\u00edsticas deste produto, bem como as raz\u00f5es pelas quais deve comprar atti\u00e9k\u00e9 desidratado na Safinel.fr.<\/p>\n<h2><strong>O que \u00e9 o atti\u00e9k\u00e9 desidratado?<\/strong><\/h2>\n<p>O atti\u00e9k\u00e9 foi introduzido na Fran\u00e7a na d\u00e9cada de 1990, mas ainda \u00e9 pouco conhecido do grande p\u00fablico. Origin\u00e1rio do <a href=\"https:\/\/www.safinel.fr\/pt\/mandioca\/\"><strong>mandioca<\/strong><\/a>, \u00e9 obtido ap\u00f3s um processo de fermenta\u00e7\u00e3o, secagem e moagem das ra\u00edzes desta planta tropical. O resultado \u00e9 uma farinha fina. De cor branca ou ligeiramente amarelada, \u00e9 f\u00e1cil e r\u00e1pida de cozinhar. Devido ao seu elevado teor de fibras, prote\u00ednas e vitaminas, o atti\u00e9k\u00e9 \u00e9 considerado um alimento completo e ben\u00e9fico para a sa\u00fade.<\/p>\n<h3><strong>Os benef\u00edcios nutricionais do atti\u00e9k\u00e9 desidratado<\/strong><\/h3>\n<p><strong>Uma das principais vantagens do atti\u00e9k\u00e9 desidratado reside na sua composi\u00e7\u00e3o rica em nutrientes essenciais para o bom funcionamento do organismo.<\/strong>. Em compara\u00e7\u00e3o com o arroz, a massa ou a s\u00eamola de trigo, tem a vantagem de n\u00e3o conter gl\u00faten e de ter um \u00edndice glic\u00e9mico mais baixo. Isso torna-o uma escolha ideal para pessoas com doen\u00e7a cel\u00edaca ou que seguem uma dieta espec\u00edfica.<\/p>\n<p>Al\u00e9m disso, o atti\u00e9k\u00e9 \u00e9 uma excelente fonte de fibras alimentares. Elas facilitam a digest\u00e3o e ajudam a prevenir dist\u00farbios digestivos. As prote\u00ednas vegetais contidas nesta prepara\u00e7\u00e3o tamb\u00e9m s\u00e3o interessantes para desportistas e vegetarianos. Aqueles que procuram diversificar a sua ingest\u00e3o nutricional.<\/p>\n<h2><strong>Compre atti\u00e9k\u00e9 desidratado na Safinel.fr: uma oferta de qualidade<\/strong><\/h2>\n<p>Safinel.fr \u00e9 uma loja online especializada na venda de produtos provenientes da \u00c1frica Ocidental, que combinam autenticidade, sabor e bem-estar. Ao optar por comprar o seu atti\u00e9k\u00e9 desidratado neste site, tem a garantia de beneficiar de um produto de qualidade superior, cuidadosamente selecionado entre os melhores do mercado.<\/p>\n<h3><strong>Uma vasta gama de produtos<\/strong><\/h3>\n<p>Na Safinel.fr, o atti\u00e9k\u00e9 desidratado \u00e9 oferecido em diferentes formatos e embalagens, para satisfazer todos os gostos e necessidades dos consumidores. Assim, poder\u00e1 optar por:<\/p>\n<ul>\n<li><strong>Atti\u00e9k\u00e9 desidratado natural<\/strong>\u00a0: trata-se da vers\u00e3o tradicional, sem adi\u00e7\u00e3o de especiarias ou outros ingredientes. Est\u00e1 dispon\u00edvel em saquinhos de diferentes tamanhos, para uso pontual ou regular.<\/li>\n<li><strong>Atti\u00e9k\u00e9 desidratado aromatizado<\/strong>\u00a0: para quem deseja variar os prazeres. Safinel.fr tamb\u00e9m oferece atti\u00e9k\u00e9s aromatizados com especiarias e ervas arom\u00e1ticas, como gengibre, caril ou coentros. Estas prepara\u00e7\u00f5es conferem um toque ex\u00f3tico e original aos seus pratos.<\/li>\n<li><strong>Atti\u00e9k\u00e9 desidratado biol\u00f3gico<\/strong>\u00a0: se estiver atento \u00e0 qualidade dos produtos que consome. Opte por um atti\u00e9k\u00e9 com certifica\u00e7\u00e3o biol\u00f3gica. Isso garante uma cultura respeitadora do ambiente e a aus\u00eancia de pesticidas na s\u00eamola final.<\/li>\n<\/ul>\n<h3><strong>Um servi\u00e7o de apoio ao cliente \u00e0 sua disposi\u00e7\u00e3o<\/strong><\/h3>\n<p>Para o ajudar na sua escolha e responder \u00e0s suas eventuais d\u00favidas, a Safinel.fr coloca \u00e0 sua disposi\u00e7\u00e3o uma equipa de consultores competentes e dedicados, bem como um servi\u00e7o p\u00f3s-venda \u00e1gil e dispon\u00edvel. N\u00e3o hesite em contact\u00e1-los para obter informa\u00e7\u00f5es adicionais sobre os produtos oferecidos.<\/p>\n<h3><strong>Ideias de receitas com atti\u00e9k\u00e9 desidratado<\/strong><\/h3>\n<p>Est\u00e1 convencido dos benef\u00edcios do atti\u00e9k\u00e9 desidratado e deseja incorpor\u00e1-lo na sua alimenta\u00e7\u00e3o? Aqui est\u00e3o algumas ideias de receitas para o inspirar e deliciar o seu paladar:<\/p>\n<ol>\n<li><strong>Atti\u00e9k\u00e9 salteado com legumes<\/strong>\u00a0: prepare um delicioso prato vegetariano refogando legumes da esta\u00e7\u00e3o (pimentos, abobrinhas, beringelas) com azeite, sal, <a href=\"https:\/\/www.safinel.fr\/pt\/product-2\/pimenta-africana\/\"><strong>pimenta<\/strong><\/a> e ervas proven\u00e7ais. Em seguida, adicione o atti\u00e9k\u00e9 reidratado e misture bem para envolver os gr\u00e3os de s\u00eamola.<\/li>\n<li><strong>Salada de atti\u00e9k\u00e9 com atum<\/strong>\u00a0: para uma entrada fresca, misture o atti\u00e9k\u00e9 cozido e arrefecido com atum desfiado, tomates cereja cortados ao meio, azeitonas pretas sem caro\u00e7o e cubos de pepino. Tempere tudo com um molho vinagrete leve.<\/li>\n<li><strong>Bolinhos de atti\u00e9k\u00e9 com camar\u00e3o<\/strong>\u00a0: prepare bolinhos \u00e0 base de atti\u00e9k\u00e9 cozido. De camar\u00f5es descascados e picados, cebolas finamente picadas, ovo batido e p\u00e3o ralado. Frite-os na frigideira at\u00e9 ficarem dourados e crocantes.<\/li>\n<\/ol>\n<p>Em suma, o atti\u00e9k\u00e9 desidratado \u00e9 um produto saud\u00e1vel e saboroso que merece ser descoberto e apreciado. Safinel.fr oferece uma variedade de esta del\u00edcia africana, para o maior prazer do seu paladar e bem-estar.<\/p>","protected":false},"excerpt":{"rendered":"<p>O atti\u00e9k\u00e9 desidratado \u00e9 uma prepara\u00e7\u00e3o culin\u00e1ria origin\u00e1ria da \u00c1frica Ocidental, mais precisamente da Costa do Marfim.<\/p>\n<p><img decoding=\"async\" class=\"size-full wp-image-5091 aligncenter\" src=\"https:\/\/www.safinel.fr\/wp-content\/uploads\/2021\/06\/BANNIERE-ICONE-SAFINEL.webp\" alt=\"resseguro satinado\" width=\"800\" height=\"200\" srcset=\"https:\/\/www.safinel.fr\/wp-content\/uploads\/2021\/06\/BANNIERE-ICONE-SAFINEL.webp 800w, https:\/\/www.safinel.fr\/wp-content\/uploads\/2021\/06\/BANNIERE-ICONE-SAFINEL-600x150.webp 600w, https:\/\/www.safinel.fr\/wp-content\/uploads\/2021\/06\/BANNIERE-ICONE-SAFINEL-768x192.webp 768w\" sizes=\"(max-width: 800px) 100vw, 800px\" \/><\/p>","protected":false},"featured_media":7471,"template":"","meta":[],"product_brand":[],"product_cat":[150],"product_tag":[],"class_list":{"0":"post-7470","1":"product","2":"type-product","3":"status-publish","4":"has-post-thumbnail","6":"product_cat-legume-africain","8":"first","9":"outofstock","10":"shipping-taxable","11":"purchasable","12":"product-type-simple"},"yoast_head":"<!-- This site is optimized with the Yoast SEO plugin v26.6 - https:\/\/yoast.com\/wordpress\/plugins\/seo\/ -->\n<title>Atti\u00e9k\u00e9 d\u00e9shydrat\u00e9 | 100% naturel | Achat en France avec Safinel.fr<\/title>\n<meta name=\"robots\" content=\"index, follow, max-snippet:-1, max-image-preview:large, max-video-preview:-1\" \/>\n<link rel=\"canonical\" href=\"https:\/\/www.safinel.fr\/pt\/product-2\/attieke-desidratado\/\" \/>\n<meta property=\"og:locale\" content=\"pt_PT\" \/>\n<meta property=\"og:type\" content=\"article\" \/>\n<meta property=\"og:title\" content=\"Atti\u00e9k\u00e9 d\u00e9shydrat\u00e9 | 100% naturel | Achat en France avec Safinel.fr\" \/>\n<meta property=\"og:description\" content=\"L&#039;atti\u00e9k\u00e9 d\u00e9shydrat\u00e9 est une pr\u00e9paration culinaire originaire d&#039;Afrique de l&#039;Ouest, plus pr\u00e9cis\u00e9ment de la C\u00f4te d&#039;Ivoire.\" \/>\n<meta property=\"og:url\" content=\"https:\/\/www.safinel.fr\/pt\/product-2\/attieke-desidratado\/\" \/>\n<meta property=\"og:site_name\" content=\"Safinel\" \/>\n<meta property=\"article:modified_time\" content=\"2025-08-04T14:52:30+00:00\" \/>\n<meta property=\"og:image\" content=\"https:\/\/www.safinel.fr\/wp-content\/uploads\/2023\/07\/attieke-deshydrate-MA.jpg\" \/>\n\t<meta property=\"og:image:width\" content=\"600\" \/>\n\t<meta property=\"og:image:height\" content=\"600\" \/>\n\t<meta property=\"og:image:type\" content=\"image\/jpeg\" \/>\n<meta name=\"twitter:card\" content=\"summary_large_image\" \/>\n<meta name=\"twitter:label1\" content=\"Tempo estimado de leitura\" \/>\n\t<meta name=\"twitter:data1\" content=\"4 minutos\" \/>\n<script type=\"application\/ld+json\" class=\"yoast-schema-graph\">{\"@context\":\"https:\/\/schema.org\",\"@graph\":[{\"@type\":\"WebPage\",\"@id\":\"https:\/\/www.safinel.fr\/produit\/attieke-deshydrate\/\",\"url\":\"https:\/\/www.safinel.fr\/produit\/attieke-deshydrate\/\",\"name\":\"Atti\u00e9k\u00e9 d\u00e9shydrat\u00e9 | 100% naturel | Achat en France avec Safinel.fr\",\"isPartOf\":{\"@id\":\"https:\/\/www.safinel.fr\/#website\"},\"primaryImageOfPage\":{\"@id\":\"https:\/\/www.safinel.fr\/produit\/attieke-deshydrate\/#primaryimage\"},\"image\":{\"@id\":\"https:\/\/www.safinel.fr\/produit\/attieke-deshydrate\/#primaryimage\"},\"thumbnailUrl\":\"https:\/\/www.safinel.fr\/wp-content\/uploads\/2023\/07\/attieke-deshydrate-MA.jpg\",\"datePublished\":\"2023-07-30T18:16:54+00:00\",\"dateModified\":\"2025-08-04T14:52:30+00:00\",\"breadcrumb\":{\"@id\":\"https:\/\/www.safinel.fr\/produit\/attieke-deshydrate\/#breadcrumb\"},\"inLanguage\":\"pt-PT\",\"potentialAction\":[{\"@type\":\"ReadAction\",\"target\":[\"https:\/\/www.safinel.fr\/produit\/attieke-deshydrate\/\"]}]},{\"@type\":\"ImageObject\",\"inLanguage\":\"pt-PT\",\"@id\":\"https:\/\/www.safinel.fr\/produit\/attieke-deshydrate\/#primaryimage\",\"url\":\"https:\/\/www.safinel.fr\/wp-content\/uploads\/2023\/07\/attieke-deshydrate-MA.jpg\",\"contentUrl\":\"https:\/\/www.safinel.fr\/wp-content\/uploads\/2023\/07\/attieke-deshydrate-MA.jpg\",\"width\":600,\"height\":600,\"caption\":\"Atti\u00e9k\u00e9 d\u00e9shydrat\u00e9 500g\"},{\"@type\":\"BreadcrumbList\",\"@id\":\"https:\/\/www.safinel.fr\/produit\/attieke-deshydrate\/#breadcrumb\",\"itemListElement\":[{\"@type\":\"ListItem\",\"position\":1,\"name\":\"Accueil\",\"item\":\"https:\/\/www.safinel.fr\/\"},{\"@type\":\"ListItem\",\"position\":2,\"name\":\"Boutique\",\"item\":\"https:\/\/www.safinel.fr\/boutique\/\"},{\"@type\":\"ListItem\",\"position\":3,\"name\":\"Attieke d\u00e9shydrat\u00e9 500g\"}]},{\"@type\":\"WebSite\",\"@id\":\"https:\/\/www.safinel.fr\/#website\",\"url\":\"https:\/\/www.safinel.fr\/\",\"name\":\"Safinel\",\"description\":\"\",\"publisher\":{\"@id\":\"https:\/\/www.safinel.fr\/#organization\"},\"potentialAction\":[{\"@type\":\"SearchAction\",\"target\":{\"@type\":\"EntryPoint\",\"urlTemplate\":\"https:\/\/www.safinel.fr\/?s={search_term_string}\"},\"query-input\":{\"@type\":\"PropertyValueSpecification\",\"valueRequired\":true,\"valueName\":\"search_term_string\"}}],\"inLanguage\":\"pt-PT\"},{\"@type\":\"Organization\",\"@id\":\"https:\/\/www.safinel.fr\/#organization\",\"name\":\"Safinel\",\"url\":\"https:\/\/www.safinel.fr\/\",\"logo\":{\"@type\":\"ImageObject\",\"inLanguage\":\"pt-PT\",\"@id\":\"https:\/\/www.safinel.fr\/#\/schema\/logo\/image\/\",\"url\":\"https:\/\/www.safinel.fr\/wp-content\/uploads\/2021\/05\/boutique-cosmetique.png\",\"contentUrl\":\"https:\/\/www.safinel.fr\/wp-content\/uploads\/2021\/05\/boutique-cosmetique.png\",\"width\":800,\"height\":200,\"caption\":\"Safinel\"},\"image\":{\"@id\":\"https:\/\/www.safinel.fr\/#\/schema\/logo\/image\/\"}}]}<\/script>\n<!-- \/ Yoast SEO plugin. -->","yoast_head_json":{"title":"Atti\u00e9k\u00e9 desidratado | 100% natural | Compra em Fran\u00e7a com Safinel.fr","robots":{"index":"index","follow":"follow","max-snippet":"max-snippet:-1","max-image-preview":"max-image-preview:large","max-video-preview":"max-video-preview:-1"},"canonical":"https:\/\/www.safinel.fr\/pt\/product-2\/attieke-desidratado\/","og_locale":"pt_PT","og_type":"article","og_title":"Atti\u00e9k\u00e9 d\u00e9shydrat\u00e9 | 100% naturel | Achat en France avec Safinel.fr","og_description":"L'atti\u00e9k\u00e9 d\u00e9shydrat\u00e9 est une pr\u00e9paration culinaire originaire d'Afrique de l'Ouest, plus pr\u00e9cis\u00e9ment de la C\u00f4te d'Ivoire.","og_url":"https:\/\/www.safinel.fr\/pt\/product-2\/attieke-desidratado\/","og_site_name":"Safinel","article_modified_time":"2025-08-04T14:52:30+00:00","og_image":[{"width":600,"height":600,"url":"https:\/\/www.safinel.fr\/wp-content\/uploads\/2023\/07\/attieke-deshydrate-MA.jpg","type":"image\/jpeg"}],"twitter_card":"summary_large_image","twitter_misc":{"Tempo estimado de leitura":"4 minutos"},"schema":{"@context":"https:\/\/schema.org","@graph":[{"@type":"WebPage","@id":"https:\/\/www.safinel.fr\/produit\/attieke-deshydrate\/","url":"https:\/\/www.safinel.fr\/produit\/attieke-deshydrate\/","name":"Atti\u00e9k\u00e9 desidratado | 100% natural | Compra em Fran\u00e7a com Safinel.fr","isPartOf":{"@id":"https:\/\/www.safinel.fr\/#website"},"primaryImageOfPage":{"@id":"https:\/\/www.safinel.fr\/produit\/attieke-deshydrate\/#primaryimage"},"image":{"@id":"https:\/\/www.safinel.fr\/produit\/attieke-deshydrate\/#primaryimage"},"thumbnailUrl":"https:\/\/www.safinel.fr\/wp-content\/uploads\/2023\/07\/attieke-deshydrate-MA.jpg","datePublished":"2023-07-30T18:16:54+00:00","dateModified":"2025-08-04T14:52:30+00:00","breadcrumb":{"@id":"https:\/\/www.safinel.fr\/produit\/attieke-deshydrate\/#breadcrumb"},"inLanguage":"pt-PT","potentialAction":[{"@type":"ReadAction","target":["https:\/\/www.safinel.fr\/produit\/attieke-deshydrate\/"]}]},{"@type":"ImageObject","inLanguage":"pt-PT","@id":"https:\/\/www.safinel.fr\/produit\/attieke-deshydrate\/#primaryimage","url":"https:\/\/www.safinel.fr\/wp-content\/uploads\/2023\/07\/attieke-deshydrate-MA.jpg","contentUrl":"https:\/\/www.safinel.fr\/wp-content\/uploads\/2023\/07\/attieke-deshydrate-MA.jpg","width":600,"height":600,"caption":"Atti\u00e9k\u00e9 d\u00e9shydrat\u00e9 500g"},{"@type":"BreadcrumbList","@id":"https:\/\/www.safinel.fr\/produit\/attieke-deshydrate\/#breadcrumb","itemListElement":[{"@type":"ListItem","position":1,"name":"Accueil","item":"https:\/\/www.safinel.fr\/"},{"@type":"ListItem","position":2,"name":"Boutique","item":"https:\/\/www.safinel.fr\/boutique\/"},{"@type":"ListItem","position":3,"name":"Attieke d\u00e9shydrat\u00e9 500g"}]},{"@type":"WebSite","@id":"https:\/\/www.safinel.fr\/#website","url":"https:\/\/www.safinel.fr\/","name":"Safinel","description":"","publisher":{"@id":"https:\/\/www.safinel.fr\/#organization"},"potentialAction":[{"@type":"SearchAction","target":{"@type":"EntryPoint","urlTemplate":"https:\/\/www.safinel.fr\/?s={search_term_string}"},"query-input":{"@type":"PropertyValueSpecification","valueRequired":true,"valueName":"search_term_string"}}],"inLanguage":"pt-PT"},{"@type":"Organization","@id":"https:\/\/www.safinel.fr\/#organization","name":"Safinel","url":"https:\/\/www.safinel.fr\/","logo":{"@type":"ImageObject","inLanguage":"pt-PT","@id":"https:\/\/www.safinel.fr\/#\/schema\/logo\/image\/","url":"https:\/\/www.safinel.fr\/wp-content\/uploads\/2021\/05\/boutique-cosmetique.png","contentUrl":"https:\/\/www.safinel.fr\/wp-content\/uploads\/2021\/05\/boutique-cosmetique.png","width":800,"height":200,"caption":"Safinel"},"image":{"@id":"https:\/\/www.safinel.fr\/#\/schema\/logo\/image\/"}}]}},"_links":{"self":[{"href":"https:\/\/www.safinel.fr\/pt\/wp-json\/wp\/v2\/product\/7470","targetHints":{"allow":["GET"]}}],"collection":[{"href":"https:\/\/www.safinel.fr\/pt\/wp-json\/wp\/v2\/product"}],"about":[{"href":"https:\/\/www.safinel.fr\/pt\/wp-json\/wp\/v2\/types\/product"}],"wp:featuredmedia":[{"embeddable":true,"href":"https:\/\/www.safinel.fr\/pt\/wp-json\/wp\/v2\/media\/7471"}],"wp:attachment":[{"href":"https:\/\/www.safinel.fr\/pt\/wp-json\/wp\/v2\/media?parent=7470"}],"wp:term":[{"taxonomy":"product_brand","embeddable":true,"href":"https:\/\/www.safinel.fr\/pt\/wp-json\/wp\/v2\/product_brand?post=7470"},{"taxonomy":"product_cat","embeddable":true,"href":"https:\/\/www.safinel.fr\/pt\/wp-json\/wp\/v2\/product_cat?post=7470"},{"taxonomy":"product_tag","embeddable":true,"href":"https:\/\/www.safinel.fr\/pt\/wp-json\/wp\/v2\/product_tag?post=7470"}],"curies":[{"name":"wp","href":"https:\/\/api.w.org\/{rel}","templated":true}]}}