{"id":6186,"date":"2023-05-25T15:09:19","date_gmt":"2023-05-25T15:09:19","guid":{"rendered":"https:\/\/www.safinel.fr\/?post_type=product&#038;p=6186"},"modified":"2026-01-14T09:48:51","modified_gmt":"2026-01-14T09:48:51","slug":"po-de-perolas","status":"publish","type":"product","link":"https:\/\/www.safinel.fr\/pt\/product-2\/po-de-perolas\/","title":{"rendered":"P\u00f3 de p\u00e9rolas"},"content":{"rendered":"<p>A\u00a0<strong>p\u00f3 de p\u00e9rolas<\/strong>\u00a0\u00e9 um produto natural que est\u00e1 a ganhar popularidade devido aos seus in\u00fameros benef\u00edcios para a sa\u00fade e a beleza. Utilizado h\u00e1 s\u00e9culos pelas imperatrizes chinesas e outras mulheres famosas para preservar a sua juventude e beleza.<\/p>\n<p>Este p\u00f3 natural ben\u00e9fico \u00e9 rico em\u2019<strong>elementos minerais<\/strong>\u00a0essenciais para o nosso organismo. Veja tudo o que precisa saber sobre este maravilhoso p\u00f3.<\/p>\n<h2><strong>O que \u00e9 p\u00f3 de p\u00e9rolas?<\/strong><\/h2>\n<p>O p\u00f3 de p\u00e9rolas \u00e9 obtido atrav\u00e9s da moagem fina de p\u00e9rolas de \u00e1gua doce ou salgada, geralmente cultivadas em fazendas de p\u00e9rolas. Rico em prote\u00ednas, amino\u00e1cidos, oligoelementos e outros nutrientes valiosos, \u00e9 um verdadeiro concentrado de benef\u00edcios para o nosso corpo. Na verdade, as p\u00e9rolas s\u00e3o compostas principalmente por carbonato de c\u00e1lcio (aragonite). Tamb\u00e9m cont\u00eam quantidades significativas de magn\u00e9sio, sil\u00edcio, ferro, cobre, sel\u00e9nio e zinco.<\/p>\n<h2><strong>Os benef\u00edcios nutricionais do p\u00f3 de p\u00e9rolas<\/strong><\/h2>\n<p>Gra\u00e7as \u00e0 sua composi\u00e7\u00e3o rica e variada, o p\u00f3 de p\u00e9rolas oferece uma ampla gama de nutrientes para o organismo.<\/p>\n<p><strong>Entre eles:<\/strong><\/p>\n<ul>\n<li><strong>O c\u00e1lcio<\/strong>\u00a0: essencial para a sa\u00fade dos ossos e dos dentes. Tamb\u00e9m contribui para a coagula\u00e7\u00e3o sangu\u00ednea, a contra\u00e7\u00e3o muscular e o funcionamento do sistema nervoso.<\/li>\n<li><strong>Os amino\u00e1cidos<\/strong>\u00a0: indispens\u00e1veis para a s\u00edntese das prote\u00ednas. Participam ativamente na constru\u00e7\u00e3o e repara\u00e7\u00e3o dos tecidos corporais, bem como em numerosas fun\u00e7\u00f5es metab\u00f3licas.<\/li>\n<li><strong>Os oligoelementos<\/strong>\u00a0: desempenhando um papel crucial na ativa\u00e7\u00e3o ou regula\u00e7\u00e3o de v\u00e1rias enzimas, s\u00e3o necess\u00e1rios para o bom funcionamento dos nossos processos fisiol\u00f3gicos.<\/li>\n<li><strong>Os antioxidantes<\/strong>\u00a0: ajudando a neutralizar os radicais livres respons\u00e1veis pelo envelhecimento celular, eles previnem os danos oxidativos e ajudam a manter o nosso organismo saud\u00e1vel.<\/li>\n<\/ul>\n<h2><strong>Os benef\u00edcios do p\u00f3 de p\u00e9rolas para a pele<\/strong><\/h2>\n<p>Um dos principais benef\u00edcios do p\u00f3 de p\u00e9rolas reside nas suas incr\u00edveis propriedades para a beleza e sa\u00fade da pele.<\/p>\n<p><strong>De facto, \u00e9 reconhecida por:<\/strong><\/p>\n<ul>\n<li><strong>Hidratar e nutrir<\/strong>\u00a0: gra\u00e7as \u00e0 sua riqueza em amino\u00e1cidos e minerais. Este p\u00f3 ben\u00e9fico favorece a reten\u00e7\u00e3o de \u00e1gua na epiderme e contribui para refor\u00e7ar a barreira cut\u00e2nea.<\/li>\n<li><strong>Regenerar<\/strong>\u00a0: os seus componentes ativos estimulam a produ\u00e7\u00e3o de colag\u00e9nio e elastina. Duas prote\u00ednas essenciais para manter a elasticidade e a firmeza da pele.<\/li>\n<li><strong>Acalmar e cicatrizar<\/strong>\u00a0: os oligoelementos presentes no p\u00f3 de p\u00e9rola possuem propriedades anti-inflamat\u00f3rias e antibacterianas que participam ativamente na repara\u00e7\u00e3o dos tecidos cut\u00e2neos danificados.<\/li>\n<li><strong>Unificar a tez<\/strong>\u00a0: inibindo a produ\u00e7\u00e3o excessiva de melanina e promovendo a renova\u00e7\u00e3o celular. Este p\u00f3 natural ajuda a atenuar as <a href=\"https:\/\/www.safinel.fr\/pt\/hiperpigmentacao-da-pele-negra\/\"><strong>manchas pigmentares<\/strong><\/a> e prevenir a forma\u00e7\u00e3o de novas manchas.<\/li>\n<\/ul>\n<h3><strong>Como usar este p\u00f3 natural?<\/strong><\/h3>\n<p>Para aproveitar os benef\u00edcios do p\u00f3 de p\u00e9rolas na sua pele, pode:<\/p>\n<ol>\n<li>Misture uma pequena quantidade de p\u00f3 de p\u00e9rolas com o seu creme hidratante ou <a href=\"https:\/\/www.safinel.fr\/pt\/product-2\/serum-anti-acne-com-nigela\/\"><strong>soro<\/strong><\/a> diariamente e aplique essa mistura no rosto e pesco\u00e7o.<\/li>\n<li>Use uma m\u00e1scara facial \u00e0 base de p\u00f3 de p\u00e9rolas uma ou duas vezes por semana para um tratamento mais intensivo e direcionado.<\/li>\n<li>Incorpore o p\u00f3 de p\u00e9rolas nas suas receitas de cosm\u00e9ticos caseiros (esfoliantes, m\u00e1scaras, lo\u00e7\u00f5es, etc.).<\/li>\n<\/ol>\n<h2><strong>Os benef\u00edcios do p\u00f3 de p\u00e9rolas para a sa\u00fade<\/strong><\/h2>\n<p>Al\u00e9m das suas virtudes para a beleza da pele, o p\u00f3 de p\u00e9rolas tamb\u00e9m possui propriedades ben\u00e9ficas para a nossa sa\u00fade em geral. Entre elas:<\/p>\n<ul>\n<li><strong>Um apoio para o sistema imunit\u00e1rio<\/strong>\u00a0: os minerais e amino\u00e1cidos contidos no p\u00f3 de p\u00e9rolas ajudam a fortalecer as nossas defesas naturais e a prevenir certas infe\u00e7\u00f5es.<\/li>\n<li><strong>A\u00e7\u00e3o calmante sobre o sistema nervoso<\/strong>\u00a0: gra\u00e7as aos efeitos relaxantes do magn\u00e9sio e dos amino\u00e1cidos, o p\u00f3 natural aqui presente ajuda a acalmar a ansiedade e melhora a qualidade do sono.<\/li>\n<li><strong>Prote\u00e7\u00e3o contra doen\u00e7as cardiovasculares<\/strong>\u00a0: modulando o equil\u00edbrio do c\u00e1lcio. Participa na regula\u00e7\u00e3o da press\u00e3o arterial, preservando assim a sa\u00fade do nosso cora\u00e7\u00e3o.<\/li>\n<\/ul>\n<h3><strong>Como consumi-la?<\/strong><\/h3>\n<p>Para aproveitar os benef\u00edcios para a sua sa\u00fade, pode:<\/p>\n<ol>\n<li>Diluir uma colher pequena num copo de \u00e1gua ou sumo de fruta e beber essa mistura uma vez por dia.<\/li>\n<li>Incorpore-a nos seus smoothies, iogurtes ou outras prepara\u00e7\u00f5es culin\u00e1rias.<\/li>\n<li>Opte por suplementos alimentares \u00e0 base deste p\u00f3, dispon\u00edveis em c\u00e1psulas ou comprimidos.<\/li>\n<\/ol>\n<p>Em suma, o p\u00f3 de p\u00e9rolas \u00e9 um produto natural com m\u00faltiplos benef\u00edcios para a nossa sa\u00fade e beleza. Gra\u00e7as \u00e0 sua riqueza em elementos minerais essenciais e amino\u00e1cidos, constitui um verdadeiro concentrado de vitalidade e juventude para o nosso organismo. N\u00e3o hesite em integr\u00e1-lo na sua rotina di\u00e1ria.<\/p>\n<p>Seja na forma de cuidados cosm\u00e9ticos ou suplementos nutricionais!<\/p>","protected":false},"excerpt":{"rendered":"<p><strong>Utiliza\u00e7\u00e3o:<\/strong><\/p>\n<ol>\n<li>Misture uma pequena quantidade de p\u00f3 de p\u00e9rolas com o seu creme hidratante ou s\u00e9rum di\u00e1rio e aplique essa mistura no rosto e pesco\u00e7o.<\/li>\n<li>Use uma m\u00e1scara facial \u00e0 base de p\u00f3 de p\u00e9rolas uma ou duas vezes por semana para um tratamento mais intensivo e direcionado.<\/li>\n<li>Incorpore o p\u00f3 de p\u00e9rolas nas suas receitas de cosm\u00e9ticos caseiros (esfoliantes, m\u00e1scaras, lo\u00e7\u00f5es, etc.).<\/li>\n<\/ol>\n<p><img decoding=\"async\" class=\"size-full wp-image-5091 aligncenter\" src=\"https:\/\/www.safinel.fr\/wp-content\/uploads\/2021\/06\/BANNIERE-ICONE-SAFINEL.webp\" alt=\"resseguro satinado\" width=\"800\" height=\"200\" srcset=\"https:\/\/www.safinel.fr\/wp-content\/uploads\/2021\/06\/BANNIERE-ICONE-SAFINEL.webp 800w, https:\/\/www.safinel.fr\/wp-content\/uploads\/2021\/06\/BANNIERE-ICONE-SAFINEL-600x150.webp 600w, https:\/\/www.safinel.fr\/wp-content\/uploads\/2021\/06\/BANNIERE-ICONE-SAFINEL-768x192.webp 768w\" sizes=\"(max-width: 800px) 100vw, 800px\" \/><\/p>","protected":false},"featured_media":6187,"template":"","meta":[],"product_brand":[],"product_cat":[41],"product_tag":[],"class_list":{"0":"post-6186","1":"product","2":"type-product","3":"status-publish","4":"has-post-thumbnail","6":"product_cat-produits-naturels-divers","8":"first","9":"instock","10":"shipping-taxable","11":"purchasable","12":"product-type-variable"},"yoast_head":"<!-- This site is optimized with the Yoast SEO plugin v26.6 - https:\/\/yoast.com\/wordpress\/plugins\/seo\/ -->\n<title>Poudre de perle I Un tr\u00e9sor de beaut\u00e9 aux bienfaits multiples<\/title>\n<meta name=\"description\" content=\"D\u00e9couvrez la poudre de perle, un ingr\u00e9dient naturel pr\u00e9cieux utilis\u00e9 dans les soins de beaut\u00e9 pour ses propri\u00e9t\u00e9s r\u00e9g\u00e9n\u00e9rantes et illuminatrices.\" \/>\n<meta name=\"robots\" content=\"index, follow, max-snippet:-1, max-image-preview:large, max-video-preview:-1\" \/>\n<link rel=\"canonical\" href=\"https:\/\/www.safinel.fr\/pt\/product-2\/po-de-perolas\/\" \/>\n<meta property=\"og:locale\" content=\"pt_PT\" \/>\n<meta property=\"og:type\" content=\"article\" \/>\n<meta property=\"og:title\" content=\"Poudre de perle I Un tr\u00e9sor de beaut\u00e9 aux bienfaits multiples\" \/>\n<meta property=\"og:description\" content=\"D\u00e9couvrez la poudre de perle, un ingr\u00e9dient naturel pr\u00e9cieux utilis\u00e9 dans les soins de beaut\u00e9 pour ses propri\u00e9t\u00e9s r\u00e9g\u00e9n\u00e9rantes et illuminatrices.\" \/>\n<meta property=\"og:url\" content=\"https:\/\/www.safinel.fr\/pt\/product-2\/po-de-perolas\/\" \/>\n<meta property=\"og:site_name\" content=\"Safinel\" \/>\n<meta property=\"article:modified_time\" content=\"2026-01-14T09:48:51+00:00\" \/>\n<meta property=\"og:image\" content=\"https:\/\/www.safinel.fr\/wp-content\/uploads\/2023\/05\/poudre-de-perle.jpg\" \/>\n\t<meta property=\"og:image:width\" content=\"600\" \/>\n\t<meta property=\"og:image:height\" content=\"600\" \/>\n\t<meta property=\"og:image:type\" content=\"image\/jpeg\" \/>\n<meta name=\"twitter:card\" content=\"summary_large_image\" \/>\n<meta name=\"twitter:label1\" content=\"Tempo estimado de leitura\" \/>\n\t<meta name=\"twitter:data1\" content=\"4 minutos\" \/>\n<script type=\"application\/ld+json\" class=\"yoast-schema-graph\">{\"@context\":\"https:\/\/schema.org\",\"@graph\":[{\"@type\":\"WebPage\",\"@id\":\"https:\/\/www.safinel.fr\/produit\/poudre-de-perle\/\",\"url\":\"https:\/\/www.safinel.fr\/produit\/poudre-de-perle\/\",\"name\":\"Poudre de perle I Un tr\u00e9sor de beaut\u00e9 aux bienfaits multiples\",\"isPartOf\":{\"@id\":\"https:\/\/www.safinel.fr\/#website\"},\"primaryImageOfPage\":{\"@id\":\"https:\/\/www.safinel.fr\/produit\/poudre-de-perle\/#primaryimage\"},\"image\":{\"@id\":\"https:\/\/www.safinel.fr\/produit\/poudre-de-perle\/#primaryimage\"},\"thumbnailUrl\":\"https:\/\/www.safinel.fr\/wp-content\/uploads\/2023\/05\/poudre-de-perle.jpg\",\"datePublished\":\"2023-05-25T15:09:19+00:00\",\"dateModified\":\"2026-01-14T09:48:51+00:00\",\"description\":\"D\u00e9couvrez la poudre de perle, un ingr\u00e9dient naturel pr\u00e9cieux utilis\u00e9 dans les soins de beaut\u00e9 pour ses propri\u00e9t\u00e9s r\u00e9g\u00e9n\u00e9rantes et illuminatrices.\",\"breadcrumb\":{\"@id\":\"https:\/\/www.safinel.fr\/produit\/poudre-de-perle\/#breadcrumb\"},\"inLanguage\":\"pt-PT\",\"potentialAction\":[{\"@type\":\"ReadAction\",\"target\":[\"https:\/\/www.safinel.fr\/produit\/poudre-de-perle\/\"]}]},{\"@type\":\"ImageObject\",\"inLanguage\":\"pt-PT\",\"@id\":\"https:\/\/www.safinel.fr\/produit\/poudre-de-perle\/#primaryimage\",\"url\":\"https:\/\/www.safinel.fr\/wp-content\/uploads\/2023\/05\/poudre-de-perle.jpg\",\"contentUrl\":\"https:\/\/www.safinel.fr\/wp-content\/uploads\/2023\/05\/poudre-de-perle.jpg\",\"width\":600,\"height\":600},{\"@type\":\"BreadcrumbList\",\"@id\":\"https:\/\/www.safinel.fr\/produit\/poudre-de-perle\/#breadcrumb\",\"itemListElement\":[{\"@type\":\"ListItem\",\"position\":1,\"name\":\"Accueil\",\"item\":\"https:\/\/www.safinel.fr\/\"},{\"@type\":\"ListItem\",\"position\":2,\"name\":\"Boutique\",\"item\":\"https:\/\/www.safinel.fr\/boutique\/\"},{\"@type\":\"ListItem\",\"position\":3,\"name\":\"Poudre de perle\"}]},{\"@type\":\"WebSite\",\"@id\":\"https:\/\/www.safinel.fr\/#website\",\"url\":\"https:\/\/www.safinel.fr\/\",\"name\":\"Safinel\",\"description\":\"\",\"publisher\":{\"@id\":\"https:\/\/www.safinel.fr\/#organization\"},\"potentialAction\":[{\"@type\":\"SearchAction\",\"target\":{\"@type\":\"EntryPoint\",\"urlTemplate\":\"https:\/\/www.safinel.fr\/?s={search_term_string}\"},\"query-input\":{\"@type\":\"PropertyValueSpecification\",\"valueRequired\":true,\"valueName\":\"search_term_string\"}}],\"inLanguage\":\"pt-PT\"},{\"@type\":\"Organization\",\"@id\":\"https:\/\/www.safinel.fr\/#organization\",\"name\":\"Safinel\",\"url\":\"https:\/\/www.safinel.fr\/\",\"logo\":{\"@type\":\"ImageObject\",\"inLanguage\":\"pt-PT\",\"@id\":\"https:\/\/www.safinel.fr\/#\/schema\/logo\/image\/\",\"url\":\"https:\/\/www.safinel.fr\/wp-content\/uploads\/2021\/05\/boutique-cosmetique.png\",\"contentUrl\":\"https:\/\/www.safinel.fr\/wp-content\/uploads\/2021\/05\/boutique-cosmetique.png\",\"width\":800,\"height\":200,\"caption\":\"Safinel\"},\"image\":{\"@id\":\"https:\/\/www.safinel.fr\/#\/schema\/logo\/image\/\"}}]}<\/script>\n<!-- \/ Yoast SEO plugin. -->","yoast_head_json":{"title":"P\u00f3 de p\u00e9rolas I Um tesouro de beleza com m\u00faltiplos benef\u00edcios","description":"Descubra o p\u00f3 de p\u00e9rolas, um ingrediente natural precioso utilizado em cuidados de beleza pelas suas propriedades regeneradoras e iluminadoras.","robots":{"index":"index","follow":"follow","max-snippet":"max-snippet:-1","max-image-preview":"max-image-preview:large","max-video-preview":"max-video-preview:-1"},"canonical":"https:\/\/www.safinel.fr\/pt\/product-2\/po-de-perolas\/","og_locale":"pt_PT","og_type":"article","og_title":"Poudre de perle I Un tr\u00e9sor de beaut\u00e9 aux bienfaits multiples","og_description":"D\u00e9couvrez la poudre de perle, un ingr\u00e9dient naturel pr\u00e9cieux utilis\u00e9 dans les soins de beaut\u00e9 pour ses propri\u00e9t\u00e9s r\u00e9g\u00e9n\u00e9rantes et illuminatrices.","og_url":"https:\/\/www.safinel.fr\/pt\/product-2\/po-de-perolas\/","og_site_name":"Safinel","article_modified_time":"2026-01-14T09:48:51+00:00","og_image":[{"width":600,"height":600,"url":"https:\/\/www.safinel.fr\/wp-content\/uploads\/2023\/05\/poudre-de-perle.jpg","type":"image\/jpeg"}],"twitter_card":"summary_large_image","twitter_misc":{"Tempo estimado de leitura":"4 minutos"},"schema":{"@context":"https:\/\/schema.org","@graph":[{"@type":"WebPage","@id":"https:\/\/www.safinel.fr\/produit\/poudre-de-perle\/","url":"https:\/\/www.safinel.fr\/produit\/poudre-de-perle\/","name":"P\u00f3 de p\u00e9rolas I Um tesouro de beleza com m\u00faltiplos benef\u00edcios","isPartOf":{"@id":"https:\/\/www.safinel.fr\/#website"},"primaryImageOfPage":{"@id":"https:\/\/www.safinel.fr\/produit\/poudre-de-perle\/#primaryimage"},"image":{"@id":"https:\/\/www.safinel.fr\/produit\/poudre-de-perle\/#primaryimage"},"thumbnailUrl":"https:\/\/www.safinel.fr\/wp-content\/uploads\/2023\/05\/poudre-de-perle.jpg","datePublished":"2023-05-25T15:09:19+00:00","dateModified":"2026-01-14T09:48:51+00:00","description":"Descubra o p\u00f3 de p\u00e9rolas, um ingrediente natural precioso utilizado em cuidados de beleza pelas suas propriedades regeneradoras e iluminadoras.","breadcrumb":{"@id":"https:\/\/www.safinel.fr\/produit\/poudre-de-perle\/#breadcrumb"},"inLanguage":"pt-PT","potentialAction":[{"@type":"ReadAction","target":["https:\/\/www.safinel.fr\/produit\/poudre-de-perle\/"]}]},{"@type":"ImageObject","inLanguage":"pt-PT","@id":"https:\/\/www.safinel.fr\/produit\/poudre-de-perle\/#primaryimage","url":"https:\/\/www.safinel.fr\/wp-content\/uploads\/2023\/05\/poudre-de-perle.jpg","contentUrl":"https:\/\/www.safinel.fr\/wp-content\/uploads\/2023\/05\/poudre-de-perle.jpg","width":600,"height":600},{"@type":"BreadcrumbList","@id":"https:\/\/www.safinel.fr\/produit\/poudre-de-perle\/#breadcrumb","itemListElement":[{"@type":"ListItem","position":1,"name":"Accueil","item":"https:\/\/www.safinel.fr\/"},{"@type":"ListItem","position":2,"name":"Boutique","item":"https:\/\/www.safinel.fr\/boutique\/"},{"@type":"ListItem","position":3,"name":"Poudre de perle"}]},{"@type":"WebSite","@id":"https:\/\/www.safinel.fr\/#website","url":"https:\/\/www.safinel.fr\/","name":"Safinel","description":"","publisher":{"@id":"https:\/\/www.safinel.fr\/#organization"},"potentialAction":[{"@type":"SearchAction","target":{"@type":"EntryPoint","urlTemplate":"https:\/\/www.safinel.fr\/?s={search_term_string}"},"query-input":{"@type":"PropertyValueSpecification","valueRequired":true,"valueName":"search_term_string"}}],"inLanguage":"pt-PT"},{"@type":"Organization","@id":"https:\/\/www.safinel.fr\/#organization","name":"Safinel","url":"https:\/\/www.safinel.fr\/","logo":{"@type":"ImageObject","inLanguage":"pt-PT","@id":"https:\/\/www.safinel.fr\/#\/schema\/logo\/image\/","url":"https:\/\/www.safinel.fr\/wp-content\/uploads\/2021\/05\/boutique-cosmetique.png","contentUrl":"https:\/\/www.safinel.fr\/wp-content\/uploads\/2021\/05\/boutique-cosmetique.png","width":800,"height":200,"caption":"Safinel"},"image":{"@id":"https:\/\/www.safinel.fr\/#\/schema\/logo\/image\/"}}]}},"_links":{"self":[{"href":"https:\/\/www.safinel.fr\/pt\/wp-json\/wp\/v2\/product\/6186","targetHints":{"allow":["GET"]}}],"collection":[{"href":"https:\/\/www.safinel.fr\/pt\/wp-json\/wp\/v2\/product"}],"about":[{"href":"https:\/\/www.safinel.fr\/pt\/wp-json\/wp\/v2\/types\/product"}],"wp:featuredmedia":[{"embeddable":true,"href":"https:\/\/www.safinel.fr\/pt\/wp-json\/wp\/v2\/media\/6187"}],"wp:attachment":[{"href":"https:\/\/www.safinel.fr\/pt\/wp-json\/wp\/v2\/media?parent=6186"}],"wp:term":[{"taxonomy":"product_brand","embeddable":true,"href":"https:\/\/www.safinel.fr\/pt\/wp-json\/wp\/v2\/product_brand?post=6186"},{"taxonomy":"product_cat","embeddable":true,"href":"https:\/\/www.safinel.fr\/pt\/wp-json\/wp\/v2\/product_cat?post=6186"},{"taxonomy":"product_tag","embeddable":true,"href":"https:\/\/www.safinel.fr\/pt\/wp-json\/wp\/v2\/product_tag?post=6186"}],"curies":[{"name":"wp","href":"https:\/\/api.w.org\/{rel}","templated":true}]}}