{"id":5340,"date":"2023-04-07T12:07:29","date_gmt":"2023-04-07T12:07:29","guid":{"rendered":"https:\/\/www.safinel.fr\/?post_type=product&#038;p=5340"},"modified":"2023-12-28T17:15:51","modified_gmt":"2023-12-28T17:15:51","slug":"bone-de-dormir-preto-para-cabelos-em-cetim","status":"publish","type":"product","link":"https:\/\/www.safinel.fr\/pt\/product-2\/bone-de-dormir-preto-para-cabelos-em-cetim\/","title":{"rendered":"Bon\u00e9 de dormir preto para cabelos em cetim"},"content":{"rendered":"<p>A touca de cetim tornou-se um acess\u00f3rio indispens\u00e1vel para proteger e cuidar do cabelo durante a noite. \u00c9 particularmente apreciada por pessoas com cabelos encaracolados, crespos ou crespos. \u00c9 ideal para manter a hidrata\u00e7\u00e3o e preservar a forma dos cachos.<\/p>\n<p>Descubra todas as vantagens para o cabelo, os crit\u00e9rios a ter em conta antes de escolher um e a nossa sele\u00e7\u00e3o de modelos que ir\u00e3o real\u00e7ar a sua cabeleira.<\/p>\n<h2><strong>Porqu\u00ea usar uma touca de cetim para dormir?<\/strong><\/h2>\n<p>Os benef\u00edcios do gorro de cetim para dormir s\u00e3o muitos:<\/p>\n<ul>\n<li><strong>Manter a hidrata\u00e7\u00e3o<\/strong>\u00a0: o cetim ret\u00e9m a humidade. Isso permite manter a hidrata\u00e7\u00e3o natural do cabelo e evitar que fique seco e quebradi\u00e7o.<\/li>\n<li><strong>Proteger contra atrito<\/strong>\u00a0: dormir com uma touca de cetim evita que o cabelo esfregue no travesseiro e fique emaranhado. Assim, limita a quebra e a forma\u00e7\u00e3o de n\u00f3s.<\/li>\n<li><strong>Manter a forma dos cachos<\/strong>\u00a0: para cabelos cacheados, o gorro de cetim ajuda a manter a defini\u00e7\u00e3o dos cachos e evitar o frizz.<\/li>\n<li><strong>Prevenir a queda de cabelo<\/strong>\u00a0: evitando o atrito com o travesseiro. Tamb\u00e9m reduz a queda de cabelo e estimula o seu crescimento.<\/li>\n<li><strong>Promover a durabilidade dos penteados<\/strong>\u00a0: usar este acess\u00f3rio para cabelos permite manter o penteado por mais tempo e limitar o uso de aparelhos de calor para retoques.<\/li>\n<\/ul>\n<h2><strong>Como escolher o gorro de cetim certo para cabelos cacheados?<\/strong><\/h2>\n<p>Para aproveitar ao m\u00e1ximo as vantagens da touca de cetim para cabelos cacheados, \u00e9 importante levar em considera\u00e7\u00e3o v\u00e1rios crit\u00e9rios ao fazer a sua escolha:<\/p>\n<ul>\n<li><strong>A mat\u00e9ria<\/strong>\u00a0: d\u00ea prefer\u00eancia aos gorros 100% de cetim. Eles oferecem melhor prote\u00e7\u00e3o e um toque mais agrad\u00e1vel do que os de materiais mistos.<\/li>\n<li><strong>O tamanho<\/strong>\u00a0: escolha um gorro suficientemente grande para acomodar todo o seu cabelo sem o esmagar. N\u00e3o demasiado largo, para que permane\u00e7a bem no lugar durante a noite.<\/li>\n<li><strong>A manuten\u00e7\u00e3o<\/strong>\u00a0: opte por um gorro com el\u00e1stico ou faixa ajust\u00e1vel para garantir uma boa fixa\u00e7\u00e3o sem apertar nem marcar a testa.<\/li>\n<li><strong>O design<\/strong>\u00a0: mesmo que o gorro de cetim seja principalmente funcional. N\u00e3o hesite em escolher um modelo que lhe agrade esteticamente e que corresponda ao seu estilo.<\/li>\n<\/ul>\n<h2><strong>A nossa sele\u00e7\u00e3o de toucas de cetim para real\u00e7ar o seu cabelo<\/strong><\/h2>\n<p>Selecion\u00e1mos para si v\u00e1rios modelos de gorros de cetim que combinam suavidade, prote\u00e7\u00e3o e estilo:<\/p>\n<ol>\n<li><strong>O gorro cl\u00e1ssico<\/strong>\u00a0: simples e eficaz, este modelo envolve todo o cabelo. \u00c9 mantido no lugar por um el\u00e1stico. Est\u00e1 dispon\u00edvel numa vasta gama de cores.<\/li>\n<li><strong>O gorro de cetim revers\u00edvel<\/strong>\u00a0: com duas faces em cetim de cores diferentes. Este gorro permite-lhe variar os prazeres e combinar o seu acess\u00f3rio com a sua roupa de noite.<\/li>\n<li><strong>O modelo com fita<\/strong>\u00a0: equipado com uma fita ajust\u00e1vel elegante, este modelo oferece um ajuste personalizado e d\u00e1 um toque de eleg\u00e2ncia \u00e0 sua rotina noturna.<\/li>\n<li><strong>O gorro de cetim com padr\u00e3o<\/strong>\u00a0: para quem deseja adicionar um toque de fantasia ao seu penteado noturno, os gorros de cetim estampados est\u00e3o dispon\u00edveis em v\u00e1rios padr\u00f5es (flores, bolinhas, animais...).<\/li>\n<\/ol>\n<h3><strong>Bon\u00e9 de cetim para cabelos curtos ou longos: como adapt\u00e1-lo ao seu corte?<\/strong><\/h3>\n<p>Quer tenha cabelo curto, m\u00e9dio ou comprido, pode ser adaptado ao seu corte:<\/p>\n<ul>\n<li><strong>Cabelo curto<\/strong>\u00a0: opte por um modelo pequeno ou m\u00e9dio, que ir\u00e1 segurar bem o seu cabelo sem ser demasiado volumoso.<\/li>\n<li><strong>Cabelos m\u00e9dios e longos<\/strong>\u00a0: escolha uma touca de cetim grande ou extragrande, que envolva todo o seu cabelo sem o esmagar. Tamb\u00e9m pode optar por modelos com rabo de cavalo integrado, que permitem distribuir a massa capilar pela touca.<\/li>\n<\/ul>\n<h3><strong>Manuten\u00e7\u00e3o para uma prote\u00e7\u00e3o ideal<\/strong><\/h3>\n<p>Para preservar todos os benef\u00edcios da touca de cetim, \u00e9 essencial cuidar dela e limp\u00e1-la regularmente:<\/p>\n<ul>\n<li><strong>Lavagem \u00e0 m\u00e3o<\/strong>\u00a0: d\u00ea prefer\u00eancia a uma lavagem suave \u00e0 m\u00e3o com um <a href=\"https:\/\/www.safinel.fr\/pt\/product-category-2\/sabao\/\"><strong>sabonete suave<\/strong><\/a>. Isto para preservar a qualidade e a flexibilidade do cetim.<\/li>\n<li><strong>Secagem ao ar livre<\/strong>\u00a0: evite a m\u00e1quina de secar roupa, que pode danificar o cetim. Deixe simplesmente o seu gorro secar ao ar livre, longe da luz solar direta.<\/li>\n<li><strong>Substitui\u00e7\u00e3o regular<\/strong>\u00a0: como qualquer acess\u00f3rio, ele pode se desgastar com o tempo. N\u00e3o hesite em substitu\u00ed-lo quando notar sinais de desgaste ou quando ele n\u00e3o estiver mais a funcionar t\u00e3o bem quanto antes.<\/li>\n<\/ul>\n<p>Ao adotar a touca de cetim, voc\u00ea oferece ao seu cabelo uma prote\u00e7\u00e3o ideal durante a noite e contribui para preservar sua beleza e sa\u00fade. N\u00e3o espere mais para integrar este acess\u00f3rio suave \u00e0 sua rotina capilar!<\/p>","protected":false},"excerpt":{"rendered":"<p><strong>Caracter\u00edsticas:<\/strong><\/p>\n<ul>\n<li>Ideal para uma sustenta\u00e7\u00e3o durante toda a noite<\/li>\n<li>Material acetinado<\/li>\n<\/ul>\n<p><img decoding=\"async\" class=\"size-full wp-image-5091 aligncenter\" src=\"https:\/\/www.safinel.fr\/wp-content\/uploads\/2021\/06\/BANNIERE-ICONE-SAFINEL.webp\" alt=\"resseguro satinado\" width=\"800\" height=\"200\" srcset=\"https:\/\/www.safinel.fr\/wp-content\/uploads\/2021\/06\/BANNIERE-ICONE-SAFINEL.webp 800w, https:\/\/www.safinel.fr\/wp-content\/uploads\/2021\/06\/BANNIERE-ICONE-SAFINEL-600x150.webp 600w, https:\/\/www.safinel.fr\/wp-content\/uploads\/2021\/06\/BANNIERE-ICONE-SAFINEL-768x192.webp 768w\" sizes=\"(max-width: 800px) 100vw, 800px\" \/><\/p>","protected":false},"featured_media":5344,"template":"","meta":[],"product_brand":[],"product_cat":[132,146],"product_tag":[],"class_list":{"0":"post-5340","1":"product","2":"type-product","3":"status-publish","4":"has-post-thumbnail","6":"product_cat-bonnet-chauffant","7":"product_cat-produit-cheveux","9":"first","10":"outofstock","11":"shipping-taxable","12":"purchasable","13":"product-type-simple"},"yoast_head":"<!-- This site is optimized with the Yoast SEO plugin v26.6 - https:\/\/yoast.com\/wordpress\/plugins\/seo\/ -->\n<title>Bonnet en satin I Bonnet de nuit pour cheveux pas cher<\/title>\n<meta name=\"description\" content=\"D\u00e9couvrez tous les avantages du\u00a0bonnet en satin cheveux, les crit\u00e8res \u00e0 prendre en compte avant d&#039;en choisir un et notre s\u00e9lection de mod\u00e8les.\" \/>\n<meta name=\"robots\" content=\"index, follow, max-snippet:-1, max-image-preview:large, max-video-preview:-1\" \/>\n<link rel=\"canonical\" href=\"https:\/\/www.safinel.fr\/pt\/product-2\/bone-de-dormir-preto-para-cabelos-em-cetim\/\" \/>\n<meta property=\"og:locale\" content=\"pt_PT\" \/>\n<meta property=\"og:type\" content=\"article\" \/>\n<meta property=\"og:title\" content=\"Bonnet en satin I Bonnet de nuit pour cheveux pas cher\" \/>\n<meta property=\"og:description\" content=\"D\u00e9couvrez tous les avantages du\u00a0bonnet en satin cheveux, les crit\u00e8res \u00e0 prendre en compte avant d&#039;en choisir un et notre s\u00e9lection de mod\u00e8les.\" \/>\n<meta property=\"og:url\" content=\"https:\/\/www.safinel.fr\/pt\/product-2\/bone-de-dormir-preto-para-cabelos-em-cetim\/\" \/>\n<meta property=\"og:site_name\" content=\"Safinel\" \/>\n<meta property=\"article:modified_time\" content=\"2023-12-28T17:15:51+00:00\" \/>\n<meta property=\"og:image\" content=\"https:\/\/www.safinel.fr\/wp-content\/uploads\/2023\/04\/BONNET-D-E-NUIT.jpg\" \/>\n\t<meta property=\"og:image:width\" content=\"600\" \/>\n\t<meta property=\"og:image:height\" content=\"600\" \/>\n\t<meta property=\"og:image:type\" content=\"image\/jpeg\" \/>\n<meta name=\"twitter:card\" content=\"summary_large_image\" \/>\n<meta name=\"twitter:label1\" content=\"Tempo estimado de leitura\" \/>\n\t<meta name=\"twitter:data1\" content=\"4 minutos\" \/>\n<script type=\"application\/ld+json\" class=\"yoast-schema-graph\">{\"@context\":\"https:\/\/schema.org\",\"@graph\":[{\"@type\":\"WebPage\",\"@id\":\"https:\/\/www.safinel.fr\/produit\/bonnet-de-nuit-noir-pour-cheveux-en-satin\/\",\"url\":\"https:\/\/www.safinel.fr\/produit\/bonnet-de-nuit-noir-pour-cheveux-en-satin\/\",\"name\":\"Bonnet en satin I Bonnet de nuit pour cheveux pas cher\",\"isPartOf\":{\"@id\":\"https:\/\/www.safinel.fr\/#website\"},\"primaryImageOfPage\":{\"@id\":\"https:\/\/www.safinel.fr\/produit\/bonnet-de-nuit-noir-pour-cheveux-en-satin\/#primaryimage\"},\"image\":{\"@id\":\"https:\/\/www.safinel.fr\/produit\/bonnet-de-nuit-noir-pour-cheveux-en-satin\/#primaryimage\"},\"thumbnailUrl\":\"https:\/\/www.safinel.fr\/wp-content\/uploads\/2023\/04\/BONNET-D-E-NUIT.jpg\",\"datePublished\":\"2023-04-07T12:07:29+00:00\",\"dateModified\":\"2023-12-28T17:15:51+00:00\",\"description\":\"D\u00e9couvrez tous les avantages du\u00a0bonnet en satin cheveux, les crit\u00e8res \u00e0 prendre en compte avant d'en choisir un et notre s\u00e9lection de mod\u00e8les.\",\"breadcrumb\":{\"@id\":\"https:\/\/www.safinel.fr\/produit\/bonnet-de-nuit-noir-pour-cheveux-en-satin\/#breadcrumb\"},\"inLanguage\":\"pt-PT\",\"potentialAction\":[{\"@type\":\"ReadAction\",\"target\":[\"https:\/\/www.safinel.fr\/produit\/bonnet-de-nuit-noir-pour-cheveux-en-satin\/\"]}]},{\"@type\":\"ImageObject\",\"inLanguage\":\"pt-PT\",\"@id\":\"https:\/\/www.safinel.fr\/produit\/bonnet-de-nuit-noir-pour-cheveux-en-satin\/#primaryimage\",\"url\":\"https:\/\/www.safinel.fr\/wp-content\/uploads\/2023\/04\/BONNET-D-E-NUIT.jpg\",\"contentUrl\":\"https:\/\/www.safinel.fr\/wp-content\/uploads\/2023\/04\/BONNET-D-E-NUIT.jpg\",\"width\":600,\"height\":600,\"caption\":\"bonnet en satin cheveux\"},{\"@type\":\"BreadcrumbList\",\"@id\":\"https:\/\/www.safinel.fr\/produit\/bonnet-de-nuit-noir-pour-cheveux-en-satin\/#breadcrumb\",\"itemListElement\":[{\"@type\":\"ListItem\",\"position\":1,\"name\":\"Accueil\",\"item\":\"https:\/\/www.safinel.fr\/\"},{\"@type\":\"ListItem\",\"position\":2,\"name\":\"Boutique\",\"item\":\"https:\/\/www.safinel.fr\/boutique\/\"},{\"@type\":\"ListItem\",\"position\":3,\"name\":\"Bonnet de nuit noir pour cheveux en satin\"}]},{\"@type\":\"WebSite\",\"@id\":\"https:\/\/www.safinel.fr\/#website\",\"url\":\"https:\/\/www.safinel.fr\/\",\"name\":\"Safinel\",\"description\":\"\",\"publisher\":{\"@id\":\"https:\/\/www.safinel.fr\/#organization\"},\"potentialAction\":[{\"@type\":\"SearchAction\",\"target\":{\"@type\":\"EntryPoint\",\"urlTemplate\":\"https:\/\/www.safinel.fr\/?s={search_term_string}\"},\"query-input\":{\"@type\":\"PropertyValueSpecification\",\"valueRequired\":true,\"valueName\":\"search_term_string\"}}],\"inLanguage\":\"pt-PT\"},{\"@type\":\"Organization\",\"@id\":\"https:\/\/www.safinel.fr\/#organization\",\"name\":\"Safinel\",\"url\":\"https:\/\/www.safinel.fr\/\",\"logo\":{\"@type\":\"ImageObject\",\"inLanguage\":\"pt-PT\",\"@id\":\"https:\/\/www.safinel.fr\/#\/schema\/logo\/image\/\",\"url\":\"https:\/\/www.safinel.fr\/wp-content\/uploads\/2021\/05\/boutique-cosmetique.png\",\"contentUrl\":\"https:\/\/www.safinel.fr\/wp-content\/uploads\/2021\/05\/boutique-cosmetique.png\",\"width\":800,\"height\":200,\"caption\":\"Safinel\"},\"image\":{\"@id\":\"https:\/\/www.safinel.fr\/#\/schema\/logo\/image\/\"}}]}<\/script>\n<!-- \/ Yoast SEO plugin. -->","yoast_head_json":{"title":"Bon\u00e9 de cetim I Bon\u00e9 de dormir barato para cabelos","description":"Descubra todas as vantagens do gorro de cetim para cabelos, os crit\u00e9rios a ter em conta antes de escolher um e a nossa sele\u00e7\u00e3o de modelos.","robots":{"index":"index","follow":"follow","max-snippet":"max-snippet:-1","max-image-preview":"max-image-preview:large","max-video-preview":"max-video-preview:-1"},"canonical":"https:\/\/www.safinel.fr\/pt\/product-2\/bone-de-dormir-preto-para-cabelos-em-cetim\/","og_locale":"pt_PT","og_type":"article","og_title":"Bonnet en satin I Bonnet de nuit pour cheveux pas cher","og_description":"D\u00e9couvrez tous les avantages du\u00a0bonnet en satin cheveux, les crit\u00e8res \u00e0 prendre en compte avant d'en choisir un et notre s\u00e9lection de mod\u00e8les.","og_url":"https:\/\/www.safinel.fr\/pt\/product-2\/bone-de-dormir-preto-para-cabelos-em-cetim\/","og_site_name":"Safinel","article_modified_time":"2023-12-28T17:15:51+00:00","og_image":[{"width":600,"height":600,"url":"https:\/\/www.safinel.fr\/wp-content\/uploads\/2023\/04\/BONNET-D-E-NUIT.jpg","type":"image\/jpeg"}],"twitter_card":"summary_large_image","twitter_misc":{"Tempo estimado de leitura":"4 minutos"},"schema":{"@context":"https:\/\/schema.org","@graph":[{"@type":"WebPage","@id":"https:\/\/www.safinel.fr\/produit\/bonnet-de-nuit-noir-pour-cheveux-en-satin\/","url":"https:\/\/www.safinel.fr\/produit\/bonnet-de-nuit-noir-pour-cheveux-en-satin\/","name":"Bon\u00e9 de cetim I Bon\u00e9 de dormir barato para cabelos","isPartOf":{"@id":"https:\/\/www.safinel.fr\/#website"},"primaryImageOfPage":{"@id":"https:\/\/www.safinel.fr\/produit\/bonnet-de-nuit-noir-pour-cheveux-en-satin\/#primaryimage"},"image":{"@id":"https:\/\/www.safinel.fr\/produit\/bonnet-de-nuit-noir-pour-cheveux-en-satin\/#primaryimage"},"thumbnailUrl":"https:\/\/www.safinel.fr\/wp-content\/uploads\/2023\/04\/BONNET-D-E-NUIT.jpg","datePublished":"2023-04-07T12:07:29+00:00","dateModified":"2023-12-28T17:15:51+00:00","description":"Descubra todas as vantagens do gorro de cetim para cabelos, os crit\u00e9rios a ter em conta antes de escolher um e a nossa sele\u00e7\u00e3o de modelos.","breadcrumb":{"@id":"https:\/\/www.safinel.fr\/produit\/bonnet-de-nuit-noir-pour-cheveux-en-satin\/#breadcrumb"},"inLanguage":"pt-PT","potentialAction":[{"@type":"ReadAction","target":["https:\/\/www.safinel.fr\/produit\/bonnet-de-nuit-noir-pour-cheveux-en-satin\/"]}]},{"@type":"ImageObject","inLanguage":"pt-PT","@id":"https:\/\/www.safinel.fr\/produit\/bonnet-de-nuit-noir-pour-cheveux-en-satin\/#primaryimage","url":"https:\/\/www.safinel.fr\/wp-content\/uploads\/2023\/04\/BONNET-D-E-NUIT.jpg","contentUrl":"https:\/\/www.safinel.fr\/wp-content\/uploads\/2023\/04\/BONNET-D-E-NUIT.jpg","width":600,"height":600,"caption":"bonnet en satin cheveux"},{"@type":"BreadcrumbList","@id":"https:\/\/www.safinel.fr\/produit\/bonnet-de-nuit-noir-pour-cheveux-en-satin\/#breadcrumb","itemListElement":[{"@type":"ListItem","position":1,"name":"Accueil","item":"https:\/\/www.safinel.fr\/"},{"@type":"ListItem","position":2,"name":"Boutique","item":"https:\/\/www.safinel.fr\/boutique\/"},{"@type":"ListItem","position":3,"name":"Bonnet de nuit noir pour cheveux en satin"}]},{"@type":"WebSite","@id":"https:\/\/www.safinel.fr\/#website","url":"https:\/\/www.safinel.fr\/","name":"Safinel","description":"","publisher":{"@id":"https:\/\/www.safinel.fr\/#organization"},"potentialAction":[{"@type":"SearchAction","target":{"@type":"EntryPoint","urlTemplate":"https:\/\/www.safinel.fr\/?s={search_term_string}"},"query-input":{"@type":"PropertyValueSpecification","valueRequired":true,"valueName":"search_term_string"}}],"inLanguage":"pt-PT"},{"@type":"Organization","@id":"https:\/\/www.safinel.fr\/#organization","name":"Safinel","url":"https:\/\/www.safinel.fr\/","logo":{"@type":"ImageObject","inLanguage":"pt-PT","@id":"https:\/\/www.safinel.fr\/#\/schema\/logo\/image\/","url":"https:\/\/www.safinel.fr\/wp-content\/uploads\/2021\/05\/boutique-cosmetique.png","contentUrl":"https:\/\/www.safinel.fr\/wp-content\/uploads\/2021\/05\/boutique-cosmetique.png","width":800,"height":200,"caption":"Safinel"},"image":{"@id":"https:\/\/www.safinel.fr\/#\/schema\/logo\/image\/"}}]}},"_links":{"self":[{"href":"https:\/\/www.safinel.fr\/pt\/wp-json\/wp\/v2\/product\/5340","targetHints":{"allow":["GET"]}}],"collection":[{"href":"https:\/\/www.safinel.fr\/pt\/wp-json\/wp\/v2\/product"}],"about":[{"href":"https:\/\/www.safinel.fr\/pt\/wp-json\/wp\/v2\/types\/product"}],"wp:featuredmedia":[{"embeddable":true,"href":"https:\/\/www.safinel.fr\/pt\/wp-json\/wp\/v2\/media\/5344"}],"wp:attachment":[{"href":"https:\/\/www.safinel.fr\/pt\/wp-json\/wp\/v2\/media?parent=5340"}],"wp:term":[{"taxonomy":"product_brand","embeddable":true,"href":"https:\/\/www.safinel.fr\/pt\/wp-json\/wp\/v2\/product_brand?post=5340"},{"taxonomy":"product_cat","embeddable":true,"href":"https:\/\/www.safinel.fr\/pt\/wp-json\/wp\/v2\/product_cat?post=5340"},{"taxonomy":"product_tag","embeddable":true,"href":"https:\/\/www.safinel.fr\/pt\/wp-json\/wp\/v2\/product_tag?post=5340"}],"curies":[{"name":"wp","href":"https:\/\/api.w.org\/{rel}","templated":true}]}}