{"id":491,"date":"2021-10-13T16:26:40","date_gmt":"2021-10-13T16:26:40","guid":{"rendered":"https:\/\/www.safinel.fr\/?post_type=product&#038;p=491"},"modified":"2025-08-19T09:25:42","modified_gmt":"2025-08-19T09:25:42","slug":"limoes-pretos-secos-150-g","status":"publish","type":"product","link":"https:\/\/www.safinel.fr\/pt\/product-2\/limoes-pretos-secos-150-g\/","title":{"rendered":"Lim\u00f5es pretos secos (loumi)"},"content":{"rendered":"<p>Origin\u00e1rios de Om\u00e3, os lim\u00f5es pretos tornaram-se, ao longo do tempo, um ingrediente essencial da culin\u00e1ria iraniana, iraquiana e, posteriormente, do resto dos pa\u00edses do Golfo P\u00e9rsico. Nesses pa\u00edses, s\u00e3o considerados um&nbsp;<strong>especiaria b\u00e1sica<\/strong>&nbsp;, um produto comum.<\/p>\n<h2>Tudo o que precisa de saber sobre o lim\u00e3o preto seco<\/h2>\n<p>Tamb\u00e9m chamado de&nbsp;<strong>loumi<\/strong>, o lim\u00e3o preto \u00e9 um&nbsp;<strong>condimento proveniente da cozinha tradicional persa<\/strong>&nbsp;e que se encontra em muitos pratos diferentes: sopas, molhos...<\/p>\n<p>Embora seja utilizado na prepara\u00e7\u00e3o de diversos pratos saborosos, \u00e9 importante lembrar que a sua utiliza\u00e7\u00e3o n\u00e3o se limita a isso, pois tamb\u00e9m pode ser utilizado na prepara\u00e7\u00e3o de pastelaria.&nbsp;<a href=\"https:\/\/www.pierreherme.com\" target=\"_blank\" rel=\"noopener\"><strong>Pierre Herm\u00e9<\/strong><\/a>, renomado chef pasteleiro, tornou-o o ingrediente principal de uma das suas receitas de macarons.<\/p>\n<p>Este lim\u00e3o, de cor preta, \u00e9 originalmente um lim\u00e3o verde que foi seco ao sol e perdeu toda a sua \u00e1gua. O seu sabor \u00e9 t\u00e3o excepcional que pode ser usado tanto em pratos doces como salgados. Dependendo da sua prepara\u00e7\u00e3o culin\u00e1ria, pode ser usado inteiro em pratos cozidos ou mo\u00eddo.&nbsp;<\/p>\n<p>Em termos de <strong>sabor<\/strong>, verifica-se que o lim\u00e3o preto \u00e9 extremamente \u00e1cido e possui caracter\u00edsticas c\u00edtricas, enquanto a casca que o envolve e as sementes s\u00e3o amargas. Assim, ao prov\u00e1-lo, sentir\u00e1 uma mistura de doce, amargo e \u00e1cido, que lembra balas \u00e1cidas.&nbsp;<\/p>\n<p><strong>No nariz<\/strong>, Os aromas s\u00e3o semelhantes \u00e0s caracter\u00edsticas da lima, com a frescura conhecida por todos, bem como notas picantes, \u00e1cidas e fumadas. Depois de triturada, a fruta evolui para notas muito mais doces, que se aproximam das da clementina, por exemplo.<\/p>\n<h3><strong>Como \u00e9 que se seca o lim\u00e3o preto?<\/strong><\/h3>\n<p>Existem dois m\u00e9todos que permitem&nbsp;<strong>a secagem do lim\u00e3o preto<\/strong>:<\/p>\n<ul>\n<li>A primeira consiste em mergulh\u00e1-la num banho de salmoura. Assim, obt\u00e9m-se uma lima bem preta, brilhante e... seca!<\/li>\n<li>A segunda consiste em deix\u00e1-los secar diretamente no secador. Isso lhes dar\u00e1 uma cor bege escura e preservar\u00e1 seu sabor c\u00edtrico e \u00e1cido.<\/li>\n<\/ul>\n<h2>Como usar o lim\u00e3o preto seco?<\/h2>\n<p>Como mencionado anteriormente, o lim\u00e3o preto seco pode ser utilizado&nbsp;<strong>inteiro<\/strong>&nbsp;ou cortado ao meio nos seus pratos cozidos. Tamb\u00e9m \u00e9 poss\u00edvel&nbsp;<strong>reduzir a p\u00f3<\/strong>&nbsp;para us\u00e1-lo como um tempero comum.<\/p>\n<p>Para isso, corte o lim\u00e3o ao meio. Retire as sementes amargas e, em seguida, misture as duas metades at\u00e9 obter um p\u00f3 fino. Quer o utilize inteiro ou mo\u00eddo, \u00e9 fundamental lembrar que \u00e9 indispens\u00e1vel utiliz\u00e1-lo em l\u00edquido para hidrat\u00e1-lo: \u00e1gua, bebida, etc.<\/p>\n<h3>Os benef\u00edcios terap\u00eauticos do lim\u00e3o seco<\/h3>\n<p>Al\u00e9m de poder usar este ingrediente para fins gastron\u00f3micos, aqui est\u00e1 outra boa raz\u00e3o para comprar lim\u00f5es pretos secos: os seus benef\u00edcios para a sa\u00fade. \u00c9 muito eficaz para&nbsp;<a href=\"https:\/\/www.safinel.fr\/pt\/product-2\/caules-de-cerejas\/\"><strong>queimar gorduras<\/strong><\/a>, \u00e9 um antif\u00fangico, um antiespasm\u00f3dico e&nbsp;<strong>facilita a digest\u00e3o<\/strong>.<\/p>\n<div class=\"product-faq\">\n<h2>Perguntas frequentes \u2013 Lim\u00f5es pretos secos 150 g<\/h2>\n<div itemscope=\"\" itemtype=\"https:\/\/schema.org\/FAQPage\">\n<div itemprop=\"mainEntity\" itemscope=\"\" itemtype=\"https:\/\/schema.org\/Question\">\n<h3 itemprop=\"name\">O que s\u00e3o lim\u00f5es pretos secos (loumi)?<\/h3>\n<div itemprop=\"acceptedAnswer\" itemscope=\"\" itemtype=\"https:\/\/schema.org\/Answer\">\n<p itemprop=\"text\">Os lim\u00f5es pretos secos s\u00e3o lim\u00f5es verdes secos ao sol ou em salmoura. A sua casca preta concentra um sabor \u00e1cido e amargo, perfeito para real\u00e7ar os pratos.<\/p>\n<\/div>\n<\/div>\n<div itemprop=\"mainEntity\" itemscope=\"\" itemtype=\"https:\/\/schema.org\/Question\">\n<h3 itemprop=\"name\">Qual \u00e9 a sua origem?<\/h3>\n<div itemprop=\"acceptedAnswer\" itemscope=\"\" itemtype=\"https:\/\/schema.org\/Answer\">\n<p itemprop=\"text\">Origin\u00e1rios de Om\u00e3, tornaram-se indispens\u00e1veis na cozinha persa, iraquiana e nos pa\u00edses do Golfo P\u00e9rsico.<\/p>\n<\/div>\n<\/div>\n<div itemprop=\"mainEntity\" itemscope=\"\" itemtype=\"https:\/\/schema.org\/Question\">\n<h3 itemprop=\"name\">Para que servem na cozinha?<\/h3>\n<div itemprop=\"acceptedAnswer\" itemscope=\"\" itemtype=\"https:\/\/schema.org\/Answer\">\n<p itemprop=\"text\">S\u00e3o utilizados em sopas, molhos, pratos cozidos, mas tamb\u00e9m em pastelaria. Reduzidos a p\u00f3 e reidratados, conferem um sabor \u00fanico.<\/p>\n<\/div>\n<\/div>\n<div itemprop=\"mainEntity\" itemscope=\"\" itemtype=\"https:\/\/schema.org\/Question\">\n<h3 itemprop=\"name\">Qual \u00e9 o sabor deles?<\/h3>\n<div itemprop=\"acceptedAnswer\" itemscope=\"\" itemtype=\"https:\/\/schema.org\/Answer\">\n<p itemprop=\"text\">Um sabor ao mesmo tempo \u00e1cido, amargo e doce, entre lim\u00e3o verde, caramelo e uma nota adocicada semelhante \u00e0 da clementina.<\/p>\n<\/div>\n<\/div>\n<div itemprop=\"mainEntity\" itemscope=\"\" itemtype=\"https:\/\/schema.org\/Question\">\n<h3 itemprop=\"name\">Quais s\u00e3o os m\u00e9todos de secagem?<\/h3>\n<div itemprop=\"acceptedAnswer\" itemscope=\"\" itemtype=\"https:\/\/schema.org\/Answer\">\n<p itemprop=\"text\">Em salmoura (lim\u00e3o preto, brilhante e salgado) ou ao sol (fruto bege escuro, sabor mais \u00e1cido e c\u00edtrico).<\/p>\n<\/div>\n<\/div>\n<div itemprop=\"mainEntity\" itemscope=\"\" itemtype=\"https:\/\/schema.org\/Question\">\n<h3 itemprop=\"name\">Quais s\u00e3o os seus benef\u00edcios para a sa\u00fade?<\/h3>\n<div itemprop=\"acceptedAnswer\" itemscope=\"\" itemtype=\"https:\/\/schema.org\/Answer\">\n<p itemprop=\"text\">Ajudam na digest\u00e3o, queimam gorduras, t\u00eam efeito antif\u00fangico e antiespasm\u00f3dico.<\/p>\n<\/div>\n<\/div>\n<\/div>\n<\/div>","protected":false},"excerpt":{"rendered":"<p><strong>Caracter\u00edsticas:<\/strong><\/p>\n<p>Al\u00e9m de poder usar este ingrediente para fins gastron\u00f3micos, aqui est\u00e1 outra boa raz\u00e3o para comprar lim\u00f5es pretos secos: os seus benef\u00edcios para a sa\u00fade.<img decoding=\"async\" class=\"size-full wp-image-5091 aligncenter\" src=\"https:\/\/www.safinel.fr\/wp-content\/uploads\/2021\/06\/BANNIERE-ICONE-SAFINEL.webp\" alt=\"resseguro satinado\" width=\"800\" height=\"200\" srcset=\"https:\/\/www.safinel.fr\/wp-content\/uploads\/2021\/06\/BANNIERE-ICONE-SAFINEL.webp 800w, https:\/\/www.safinel.fr\/wp-content\/uploads\/2021\/06\/BANNIERE-ICONE-SAFINEL-600x150.webp 600w, https:\/\/www.safinel.fr\/wp-content\/uploads\/2021\/06\/BANNIERE-ICONE-SAFINEL-768x192.webp 768w\" sizes=\"(max-width: 800px) 100vw, 800px\" \/><\/p>","protected":false},"featured_media":17185,"template":"","meta":[],"product_brand":[],"product_cat":[41],"product_tag":[],"class_list":{"0":"post-491","1":"product","2":"type-product","3":"status-publish","4":"has-post-thumbnail","6":"product_cat-produits-naturels-divers","8":"first","9":"instock","10":"shipping-taxable","11":"purchasable","12":"product-type-variable"},"yoast_head":"<!-- This site is optimized with the Yoast SEO plugin v26.6 - https:\/\/yoast.com\/wordpress\/plugins\/seo\/ -->\n<title>Citrons noirs s\u00e9ch\u00e9 | Aide \u00e0 br\u00fbler les graisses | Entier &amp; en poudre<\/title>\n<meta name=\"description\" content=\"Originaire de l&#039;Oman, les citrons noirs, sont devenus au fil du temps un incontournable de la cuisine iranienne, irakienne.\" \/>\n<meta name=\"robots\" content=\"index, follow, max-snippet:-1, max-image-preview:large, max-video-preview:-1\" \/>\n<link rel=\"canonical\" href=\"https:\/\/www.safinel.fr\/pt\/product-2\/limoes-pretos-secos-150-g\/\" \/>\n<meta property=\"og:locale\" content=\"pt_PT\" \/>\n<meta property=\"og:type\" content=\"article\" \/>\n<meta property=\"og:title\" content=\"Citrons noirs s\u00e9ch\u00e9 | Aide \u00e0 br\u00fbler les graisses | Entier &amp; en poudre\" \/>\n<meta property=\"og:description\" content=\"Originaire de l&#039;Oman, les citrons noirs, sont devenus au fil du temps un incontournable de la cuisine iranienne, irakienne.\" \/>\n<meta property=\"og:url\" content=\"https:\/\/www.safinel.fr\/pt\/product-2\/limoes-pretos-secos-150-g\/\" \/>\n<meta property=\"og:site_name\" content=\"Safinel\" \/>\n<meta property=\"article:modified_time\" content=\"2025-08-19T09:25:42+00:00\" \/>\n<meta property=\"og:image\" content=\"https:\/\/www.safinel.fr\/wp-content\/uploads\/2021\/10\/citrons-noirs-seches.jpg\" \/>\n\t<meta property=\"og:image:width\" content=\"600\" \/>\n\t<meta property=\"og:image:height\" content=\"600\" \/>\n\t<meta property=\"og:image:type\" content=\"image\/jpeg\" \/>\n<meta name=\"twitter:card\" content=\"summary_large_image\" \/>\n<meta name=\"twitter:label1\" content=\"Tempo estimado de leitura\" \/>\n\t<meta name=\"twitter:data1\" content=\"3 minutos\" \/>\n<script type=\"application\/ld+json\" class=\"yoast-schema-graph\">{\"@context\":\"https:\/\/schema.org\",\"@graph\":[{\"@type\":\"WebPage\",\"@id\":\"https:\/\/www.safinel.fr\/produit\/citrons-noir-seches-150g\/\",\"url\":\"https:\/\/www.safinel.fr\/produit\/citrons-noir-seches-150g\/\",\"name\":\"Citrons noirs s\u00e9ch\u00e9 | Aide \u00e0 br\u00fbler les graisses | Entier & en poudre\",\"isPartOf\":{\"@id\":\"https:\/\/www.safinel.fr\/#website\"},\"primaryImageOfPage\":{\"@id\":\"https:\/\/www.safinel.fr\/produit\/citrons-noir-seches-150g\/#primaryimage\"},\"image\":{\"@id\":\"https:\/\/www.safinel.fr\/produit\/citrons-noir-seches-150g\/#primaryimage\"},\"thumbnailUrl\":\"https:\/\/www.safinel.fr\/wp-content\/uploads\/2021\/10\/citrons-noirs-seches.jpg\",\"datePublished\":\"2021-10-13T16:26:40+00:00\",\"dateModified\":\"2025-08-19T09:25:42+00:00\",\"description\":\"Originaire de l'Oman, les citrons noirs, sont devenus au fil du temps un incontournable de la cuisine iranienne, irakienne.\",\"breadcrumb\":{\"@id\":\"https:\/\/www.safinel.fr\/produit\/citrons-noir-seches-150g\/#breadcrumb\"},\"inLanguage\":\"pt-PT\",\"potentialAction\":[{\"@type\":\"ReadAction\",\"target\":[\"https:\/\/www.safinel.fr\/produit\/citrons-noir-seches-150g\/\"]}]},{\"@type\":\"ImageObject\",\"inLanguage\":\"pt-PT\",\"@id\":\"https:\/\/www.safinel.fr\/produit\/citrons-noir-seches-150g\/#primaryimage\",\"url\":\"https:\/\/www.safinel.fr\/wp-content\/uploads\/2021\/10\/citrons-noirs-seches.jpg\",\"contentUrl\":\"https:\/\/www.safinel.fr\/wp-content\/uploads\/2021\/10\/citrons-noirs-seches.jpg\",\"width\":600,\"height\":600,\"caption\":\"Citrons noir s\u00e9ch\u00e9s (loumi)\"},{\"@type\":\"BreadcrumbList\",\"@id\":\"https:\/\/www.safinel.fr\/produit\/citrons-noir-seches-150g\/#breadcrumb\",\"itemListElement\":[{\"@type\":\"ListItem\",\"position\":1,\"name\":\"Accueil\",\"item\":\"https:\/\/www.safinel.fr\/\"},{\"@type\":\"ListItem\",\"position\":2,\"name\":\"Boutique\",\"item\":\"https:\/\/www.safinel.fr\/boutique\/\"},{\"@type\":\"ListItem\",\"position\":3,\"name\":\"Citrons noir s\u00e9ch\u00e9s (loumi)\"}]},{\"@type\":\"WebSite\",\"@id\":\"https:\/\/www.safinel.fr\/#website\",\"url\":\"https:\/\/www.safinel.fr\/\",\"name\":\"Safinel\",\"description\":\"\",\"publisher\":{\"@id\":\"https:\/\/www.safinel.fr\/#organization\"},\"potentialAction\":[{\"@type\":\"SearchAction\",\"target\":{\"@type\":\"EntryPoint\",\"urlTemplate\":\"https:\/\/www.safinel.fr\/?s={search_term_string}\"},\"query-input\":{\"@type\":\"PropertyValueSpecification\",\"valueRequired\":true,\"valueName\":\"search_term_string\"}}],\"inLanguage\":\"pt-PT\"},{\"@type\":\"Organization\",\"@id\":\"https:\/\/www.safinel.fr\/#organization\",\"name\":\"Safinel\",\"url\":\"https:\/\/www.safinel.fr\/\",\"logo\":{\"@type\":\"ImageObject\",\"inLanguage\":\"pt-PT\",\"@id\":\"https:\/\/www.safinel.fr\/#\/schema\/logo\/image\/\",\"url\":\"https:\/\/www.safinel.fr\/wp-content\/uploads\/2021\/05\/boutique-cosmetique.png\",\"contentUrl\":\"https:\/\/www.safinel.fr\/wp-content\/uploads\/2021\/05\/boutique-cosmetique.png\",\"width\":800,\"height\":200,\"caption\":\"Safinel\"},\"image\":{\"@id\":\"https:\/\/www.safinel.fr\/#\/schema\/logo\/image\/\"}}]}<\/script>\n<!-- \/ Yoast SEO plugin. -->","yoast_head_json":{"title":"Lim\u00f5es pretos secos | Ajuda a queimar gorduras | Inteiros e em p\u00f3","description":"Origin\u00e1rios de Om\u00e3, os lim\u00f5es pretos tornaram-se, ao longo do tempo, um ingrediente indispens\u00e1vel na cozinha iraniana e iraquiana.","robots":{"index":"index","follow":"follow","max-snippet":"max-snippet:-1","max-image-preview":"max-image-preview:large","max-video-preview":"max-video-preview:-1"},"canonical":"https:\/\/www.safinel.fr\/pt\/product-2\/limoes-pretos-secos-150-g\/","og_locale":"pt_PT","og_type":"article","og_title":"Citrons noirs s\u00e9ch\u00e9 | Aide \u00e0 br\u00fbler les graisses | Entier & en poudre","og_description":"Originaire de l'Oman, les citrons noirs, sont devenus au fil du temps un incontournable de la cuisine iranienne, irakienne.","og_url":"https:\/\/www.safinel.fr\/pt\/product-2\/limoes-pretos-secos-150-g\/","og_site_name":"Safinel","article_modified_time":"2025-08-19T09:25:42+00:00","og_image":[{"width":600,"height":600,"url":"https:\/\/www.safinel.fr\/wp-content\/uploads\/2021\/10\/citrons-noirs-seches.jpg","type":"image\/jpeg"}],"twitter_card":"summary_large_image","twitter_misc":{"Tempo estimado de leitura":"3 minutos"},"schema":{"@context":"https:\/\/schema.org","@graph":[{"@type":"WebPage","@id":"https:\/\/www.safinel.fr\/produit\/citrons-noir-seches-150g\/","url":"https:\/\/www.safinel.fr\/produit\/citrons-noir-seches-150g\/","name":"Lim\u00f5es pretos secos | Ajuda a queimar gorduras | Inteiros e em p\u00f3","isPartOf":{"@id":"https:\/\/www.safinel.fr\/#website"},"primaryImageOfPage":{"@id":"https:\/\/www.safinel.fr\/produit\/citrons-noir-seches-150g\/#primaryimage"},"image":{"@id":"https:\/\/www.safinel.fr\/produit\/citrons-noir-seches-150g\/#primaryimage"},"thumbnailUrl":"https:\/\/www.safinel.fr\/wp-content\/uploads\/2021\/10\/citrons-noirs-seches.jpg","datePublished":"2021-10-13T16:26:40+00:00","dateModified":"2025-08-19T09:25:42+00:00","description":"Origin\u00e1rios de Om\u00e3, os lim\u00f5es pretos tornaram-se, ao longo do tempo, um ingrediente indispens\u00e1vel na cozinha iraniana e iraquiana.","breadcrumb":{"@id":"https:\/\/www.safinel.fr\/produit\/citrons-noir-seches-150g\/#breadcrumb"},"inLanguage":"pt-PT","potentialAction":[{"@type":"ReadAction","target":["https:\/\/www.safinel.fr\/produit\/citrons-noir-seches-150g\/"]}]},{"@type":"ImageObject","inLanguage":"pt-PT","@id":"https:\/\/www.safinel.fr\/produit\/citrons-noir-seches-150g\/#primaryimage","url":"https:\/\/www.safinel.fr\/wp-content\/uploads\/2021\/10\/citrons-noirs-seches.jpg","contentUrl":"https:\/\/www.safinel.fr\/wp-content\/uploads\/2021\/10\/citrons-noirs-seches.jpg","width":600,"height":600,"caption":"Citrons noir s\u00e9ch\u00e9s (loumi)"},{"@type":"BreadcrumbList","@id":"https:\/\/www.safinel.fr\/produit\/citrons-noir-seches-150g\/#breadcrumb","itemListElement":[{"@type":"ListItem","position":1,"name":"Accueil","item":"https:\/\/www.safinel.fr\/"},{"@type":"ListItem","position":2,"name":"Boutique","item":"https:\/\/www.safinel.fr\/boutique\/"},{"@type":"ListItem","position":3,"name":"Citrons noir s\u00e9ch\u00e9s (loumi)"}]},{"@type":"WebSite","@id":"https:\/\/www.safinel.fr\/#website","url":"https:\/\/www.safinel.fr\/","name":"Safinel","description":"","publisher":{"@id":"https:\/\/www.safinel.fr\/#organization"},"potentialAction":[{"@type":"SearchAction","target":{"@type":"EntryPoint","urlTemplate":"https:\/\/www.safinel.fr\/?s={search_term_string}"},"query-input":{"@type":"PropertyValueSpecification","valueRequired":true,"valueName":"search_term_string"}}],"inLanguage":"pt-PT"},{"@type":"Organization","@id":"https:\/\/www.safinel.fr\/#organization","name":"Safinel","url":"https:\/\/www.safinel.fr\/","logo":{"@type":"ImageObject","inLanguage":"pt-PT","@id":"https:\/\/www.safinel.fr\/#\/schema\/logo\/image\/","url":"https:\/\/www.safinel.fr\/wp-content\/uploads\/2021\/05\/boutique-cosmetique.png","contentUrl":"https:\/\/www.safinel.fr\/wp-content\/uploads\/2021\/05\/boutique-cosmetique.png","width":800,"height":200,"caption":"Safinel"},"image":{"@id":"https:\/\/www.safinel.fr\/#\/schema\/logo\/image\/"}}]}},"_links":{"self":[{"href":"https:\/\/www.safinel.fr\/pt\/wp-json\/wp\/v2\/product\/491","targetHints":{"allow":["GET"]}}],"collection":[{"href":"https:\/\/www.safinel.fr\/pt\/wp-json\/wp\/v2\/product"}],"about":[{"href":"https:\/\/www.safinel.fr\/pt\/wp-json\/wp\/v2\/types\/product"}],"wp:featuredmedia":[{"embeddable":true,"href":"https:\/\/www.safinel.fr\/pt\/wp-json\/wp\/v2\/media\/17185"}],"wp:attachment":[{"href":"https:\/\/www.safinel.fr\/pt\/wp-json\/wp\/v2\/media?parent=491"}],"wp:term":[{"taxonomy":"product_brand","embeddable":true,"href":"https:\/\/www.safinel.fr\/pt\/wp-json\/wp\/v2\/product_brand?post=491"},{"taxonomy":"product_cat","embeddable":true,"href":"https:\/\/www.safinel.fr\/pt\/wp-json\/wp\/v2\/product_cat?post=491"},{"taxonomy":"product_tag","embeddable":true,"href":"https:\/\/www.safinel.fr\/pt\/wp-json\/wp\/v2\/product_tag?post=491"}],"curies":[{"name":"wp","href":"https:\/\/api.w.org\/{rel}","templated":true}]}}