{"id":3347,"date":"2022-09-30T18:43:43","date_gmt":"2022-09-30T18:43:43","guid":{"rendered":"https:\/\/www.safinel.fr\/?post_type=product&#038;p=3347"},"modified":"2023-12-28T17:15:39","modified_gmt":"2023-12-28T17:15:39","slug":"oleo-de-urucum","status":"publish","type":"product","link":"https:\/\/www.safinel.fr\/pt\/product-2\/oleo-de-urucum\/","title":{"rendered":"\u00d3leo de urucum"},"content":{"rendered":"<p><strong>O \u00f3leo de urucum<\/strong>\u00a0\u00e9 uma\u00a0<strong>\u00f3leo<\/strong>\u00a0vegetal que resulta em benef\u00edcios. Esta\u00a0<strong>\u00f3leo<\/strong>\u00a0virtueuse, com um nome invulgar, \u00e9 utilizada em cosm\u00e9ticos, produtos farmac\u00eauticos e alimentos.<\/p>\n<p>Vamos descobrir juntos as propriedades surpreendentes desta\u00a0<strong>\u00f3leo<\/strong>\u00a0que nos vem de outro lugar.<\/p>\n<h2><strong>Origem e propriedades do \u00f3leo de urucum<\/strong><\/h2>\n<p><strong>O \u00f3leo de urucum<\/strong>, \u00e9 uma\u00a0<strong>\u00f3leo<\/strong>\u00a0proveniente de um arbusto da Am\u00e9rica do Sul, chamado rocouyer. Desta bela planta surge um magn\u00edfico fruto, n\u00e3o comest\u00edvel, em forma de cora\u00e7\u00e3o, castanho-avermelhado, coberto de p\u00ealos r\u00edgidos. Al\u00e9m disso, este fruto, semelhante a uma castanha, tem v\u00e1rias denomina\u00e7\u00f5es. A saber, \u00ab o\u2019<strong>urucum<\/strong>\u00a0\u00bb, \u00ab o\u2019<strong>\u00e1rvore batom<\/strong>\u00a0\u00bb, \u00ab\u00a0<strong>achiote<\/strong>\u00a0\u00bb,\u00a0\u00ab\u00a0<strong>onoto<\/strong>\u00a0\u00bb ou ainda \u00ab o\u00a0<strong>arrulhar\u00a0<\/strong>\u00bbNo auge da sua matura\u00e7\u00e3o, o fruto racha-se para libertar m\u00faltiplas sementes vermelho-escuras. Estas \u00faltimas possuem um forte poder corante.<\/p>\n<p>\u00c9 importante saber que os arbustos cultivados em certas regi\u00f5es do mundo s\u00e3o desconhecidos no resto do mundo. Dito isto, esta vantagem\u00a0<strong>\u00f3leo<\/strong>\u00a0come\u00e7a a tornar-se conhecido.<\/p>\n<h3><strong>Propriedades<\/strong>\u00a0:<\/h3>\n<p><strong>O \u00f3leo de urucum<\/strong>\u00a0inclui:<\/p>\n<p>O\u00a0<strong>beta-caroteno<\/strong>, vitamina E, zinco, enxofre, magn\u00e9sio, c\u00e1lcio, sel\u00e9nio, cobre, mangan\u00eas, \u00e1cido el\u00e1gico, norbixina, bixina, saponinas, taninos, celulose e \u00f3leos essenciais.<\/p>\n<p>Por isso, ela \u00e9 uma verdadeira mina de ouro de vantagens, a saber:<\/p>\n<ul>\n<li>O seu poder\u00a0<strong>protetor e calmante<\/strong>\u00a0na sua pele e cabelo, contra os raios UV-A do sol. De facto, \u00e9 gra\u00e7as \u00e0 sua riqueza em beta-carotenos que se realiza uma\u00a0<strong>produ\u00e7\u00e3o r\u00e1pida de melanina.<\/strong>\u00a0Por outro lado,\u00a0<strong>ela prepara assim a pele<\/strong>\u00a0ao sol e\u00a0<strong>intensifica o bronzeado<\/strong>.<\/li>\n<li>Uma a\u00e7\u00e3o\u00a0<strong>repelente de mosquitos e antiveneno<\/strong>\u00a0da\u00ed a denomina\u00e7\u00e3o dos \u00edndios como \u00abpeles vermelhas\u00bb. Na verdade, eles cobriam-se com essa\u00a0<strong>cor<\/strong>\u00a0para impedir o\u00a0<strong>sol e insetos<\/strong>. Da mesma forma, eles aplicavam\u00a0<strong>\u00f3leo de urucum<\/strong>\u00a0sobre mordidas de cobra.<\/li>\n<li><strong>O efeito antioxidante<\/strong>, que ajuda\u00a0<strong>para prevenir doen\u00e7as hep\u00e1ticas<\/strong>,\u00a0<strong>card\u00edacos<\/strong>\u00a0(otimiza a sa\u00fade card\u00edaca). Mas tamb\u00e9m as doen\u00e7as\u00a0<strong>oculares, em\u00a0<\/strong>protegendo os olhos de\u00a0<strong>degenera\u00e7\u00e3o macular relacionada com a idade<\/strong>\u00a0e\u00a0<strong>os cancros<\/strong>.<\/li>\n<li>Som\u00a0<strong>a\u00e7\u00e3o antirrugas<\/strong>, em\u00a0<strong>protegendo as c\u00e9lulas da pele<\/strong>\u00a0ou\u00a0<strong>\u00f3rg\u00e3os<\/strong>\u00a0dos efeitos nocivos dos radicais livres. Por isso, ela\u00a0<strong>luta<\/strong>\u00a0assim contra\u00a0<strong>o envelhecimento precoce<\/strong>.<\/li>\n<li>O efeito\u00a0<strong>anti-inflamat\u00f3rio<\/strong>, agindo sobre os\u00a0<strong>anginas<\/strong>\u00a0e\u00a0<strong>dores de garganta<\/strong>, os\u00a0<strong>inflama\u00e7\u00f5es<\/strong>\u00a0<strong>oculares<\/strong>, o\u2019<strong>hepatite<\/strong>, \u2026<\/li>\n<li>Ela\u00a0<strong>Tonificaria<\/strong>\u00a0um sistema digestivo mais lento e tamb\u00e9m seria\u00a0<strong>expectorante<\/strong>.<\/li>\n<li>A sua tripla a\u00e7\u00e3o;\u00a0<strong>antiss\u00e9ptico<\/strong>,\u00a0<strong>antibacteriana<\/strong>\u00a0e\u00a0<strong>antif\u00fangico.<\/strong><\/li>\n<li>Ela\u00a0<strong>repara e regenera<\/strong>\u00a0<strong>a pele e o cabelo<\/strong>,\u00a0<strong>cicatrizar<\/strong>\u00a0feridas e les\u00f5es leves,\u00a0<strong>emoliente<\/strong>\u00a0e\u00a0<strong>nutritivo<\/strong>.<\/li>\n<\/ul>\n<h2><strong>O \u00f3leo de urucum e a hist\u00f3ria da culin\u00e1ria!<\/strong><\/h2>\n<p>L<strong>\u2019\u00f3leo de urucum<\/strong>\u00a0tamb\u00e9m est\u00e1 presente na gastronomia! Com as suas belas sementes avermelhadas, com um sabor triplo;\u00a0<strong>amarga, frutada e apimentada<\/strong>. Al\u00e9m disso, para o seu\u00a0\u00a0<strong>poder corante potente<\/strong>. Al\u00e9m disso, ela leva o nome de\u2019<strong>E160b<\/strong>\u00a0que representa o derivado do\u00a0<strong>cucaracha<\/strong>\u00a0na ind\u00fastria alimentar.<\/p>\n<p><strong>As sementes de achiote<\/strong>\u00a0podem ser utilizadas\u00a0<strong>inteiras<\/strong>, em\u00a0<strong>\u00f3leo infundido<\/strong>,\u00a0<strong>mo\u00eddas,<\/strong>\u00a0ou na forma de\u00a0<strong>massa<\/strong>. \u00c9 importante saber que o queijo mimolette, os gelados de baunilha industriais e o queijo cheddar obt\u00eam a sua cor gra\u00e7as a este corante. Este varia entre o amarelo e o laranja, dependendo da concentra\u00e7\u00e3o de pigmentos nas sementes. O seu aroma, por\u00e9m, \u00e9 discreto. O que mais se procura \u00e9 o efeito da sua cor nos pratos, em substitui\u00e7\u00e3o do tomate. Saiba que pode fazer voc\u00ea mesmo o seu\u00a0<strong>\u00f3leo<\/strong>, bem como a sua manteiga\u00a0<strong>cucaracha<\/strong>.<\/p>\n<p>Quanto \u00e0s receitas, h\u00e1 para todos os gostos, e ela acompanha muito bem peixe. Al\u00e9m disso, temos uma variedade de receitas \u00e0 nossa disposi\u00e7\u00e3o, tais como:<\/p>\n<p>Creme de cenoura com cominho,\u00a0<strong>\u00f3leo de urucum<\/strong>\u00a0e camar\u00f5es cozidos. Mas ainda h\u00e1 a suculenta tortilha de\u00a0<strong>\u00f3leo de urucum<\/strong>, <a href=\"https:\/\/www.safinel.fr\/pt\/product-2\/arroz-glutinoso\/\"><strong>arroz<\/strong><\/a> pilaf\u00a0<strong>urucum<\/strong>\u00a0e coco.<\/p>\n<h2><strong>\u00d3leo de urucum, sil\u00eancio, estamos a bronzear!<\/strong><\/h2>\n<p>Com a chegada do ver\u00e3o, voc\u00ea quer manter o bronzeado da sua pele. Por que n\u00e3o\u00a0<strong>manter essa bela cor dourada<\/strong>,\u00a0<strong>que n\u00e3o mancha<\/strong>, durante todas as suas f\u00e9rias?<\/p>\n<p>A solu\u00e7\u00e3o \u00e9 a aplica\u00e7\u00e3o de\u00a0<strong>\u00f3leo bronzeador de urucum<\/strong>, antes e depois de se expor ao sol. Por isso, o seu\u00a0<strong>A pele ficar\u00e1 bem hidratada.<\/strong>, garantindo um bom cuidado para a sua pele e s\u00f3 ir\u00e1\u00a0<strong>real\u00e7ar a sua tez<\/strong>. Al\u00e9m disso, ela rapidamente se tornar\u00e1 sua\u00a0<strong>\u00f3leo<\/strong>\u00a0favorita durante o ver\u00e3o e, porque n\u00e3o, durante todo o ano.<\/p>\n<p>Al\u00e9m disso, para obter os melhores resultados, aplique-o\u00a0<strong>de manh\u00e3<\/strong>\u00a0antes de ir para a praia, apenas no corpo. Em seguida, aplique o seu\u00a0<strong>\u00f3leo ou creme bronzeador<\/strong>, com FPS adequados \u00e0 temperatura e ao seu tipo de pele. Na verdade,\u00a0<strong>\u00f3leo de recou<\/strong>\u00a0\u00e9 um\u00a0<strong>intensificador de bronzeamento<\/strong>\u00a0e um\u00a0<strong>cuidado<\/strong>. No que diz respeito \u00e0 manuten\u00e7\u00e3o do seu bronzeado, n\u00e3o se esque\u00e7a de aplicar protetor solar depois.<\/p>\n<h2><strong>\u00d3leo de urucum, para quem?<\/strong><\/h2>\n<p><strong>O \u00f3leo de achiote<\/strong>\u00a0\u00e9 vantajoso para\u00a0<strong>todos<\/strong>, exceto para os\u00a0<strong>mulheres gr\u00e1vidas.<\/strong><\/p>\n<p>De facto, porque cont\u00e9m uma forte concentra\u00e7\u00e3o de\u00a0<strong>provitamina A<\/strong>. Em geral, n\u00e3o hesite em pedir a opini\u00e3o do seu m\u00e9dico, naturopata ou qualquer profissional de sa\u00fade antes de consumir\u2019<strong>onoto<\/strong>. Pois pode causar diarreia ou dores abdominais. Ou, simplesmente, pode ficar\u00a0<strong>intolerante ou al\u00e9rgico<\/strong>, tenha cuidado ao utiliz\u00e1-lo pela primeira vez.<\/p>\n<p>N\u00e3o se esque\u00e7a que\u00a0<strong>\u00f3leo de urucum<\/strong>\u00a0n\u00e3o \u00e9 certamente uma\u00a0<strong>\u00f3leo<\/strong>\u00a0<strong>protetora<\/strong>\u00a0contra o sol. Mas sim um\u00a0<strong>cuidado<\/strong>\u00a0que acompanhar\u00e1 o seu\u00a0<strong>\u00f3leo ou creme protetor<\/strong>\u00a0para\u00a0<strong>otimizar o seu bronzeado<\/strong>.<\/p>\n<p>Tenha cuidado na cozinha! Ao preparar a sua pr\u00f3pria\u00a0<strong>\u00f3leo de urucum<\/strong>. Na verdade, isso pode manchar os seus panos de cozinha e roupas.<\/p>\n<h2><strong>Como utiliz\u00e1-lo?<\/strong><\/h2>\n<p>As sementes de\u00a0<strong>cucaracha<\/strong>\u00a0s\u00e3o consumidas em\u00a0<strong>decoc\u00e7\u00e3o<\/strong>\u00a0folhas ou sementes. Al\u00e9m disso, em\u00a0<strong>cera<\/strong>,\u00a0<strong>massa<\/strong>\u00a0ou sob a forma de\u2019<strong>\u00f3leo<\/strong>. No que diz respeito \u00e0\u00a0<strong>p\u00f3,\u00a0<\/strong>\u00e9 adicionada como\u00a0<strong>tempero<\/strong>\u00a0ou\u00a0<strong>corante<\/strong>\u00a0em cremes cosm\u00e9ticos.<\/p>\n<p>Aqui est\u00e1 um exemplo para uma decoc\u00e7\u00e3o: precisa de meia colher de ch\u00e1 de sementes e folhas. Em seguida, deixe em infus\u00e3o em \u00e1gua quente durante dez minutos e beba at\u00e9 3 ch\u00e1venas por dia.<\/p>\n<p>O\u2019<strong>\u00f3leo<\/strong>\u00a0aplica-se diretamente sobre\u00a0<strong>os cabelos<\/strong>\u00a0e\u00a0<strong>a pele,<\/strong>\u00a0como tratamento antes e depois da exposi\u00e7\u00e3o solar. Para obter o m\u00e1ximo resultado no seu cabelo, opte por um\u00a0<strong>banho de \u00f3leo,<\/strong>\u00a0durante\u00a0<strong>algumas horas<\/strong>\u00a0ou\u00a0<strong>a noite toda<\/strong>. Quanto \u00e0 lavagem, ela deve ser suave. Lembre-se de enxaguar bem o cabelo.<\/p>\n<p>Por fim, ao preparar os seus cosm\u00e9ticos, alguns\u00a0<strong>gotas de \u00f3leo<\/strong>\u00a0ser\u00e3o suficientes para embelezar os seus cremes, cuidados e leites corporais.<\/p>\n<h3><strong>Onde comprar \u00f3leo de urucum?<\/strong><\/h3>\n<p>Simplesmente na sua loja online\u00a0<strong>safinel<\/strong>, o seu\u00a0<strong>loja ex\u00f3tica por excel\u00eancia<\/strong>. Al\u00e9m disso, ela \u00e9 completa em\u00a0<strong>produtos de higiene<\/strong>,\u00a0<strong>plantas medicinais<\/strong>,\u00a0<strong>ch\u00e1<\/strong>\u00a0e\u00a0<strong>ch\u00e1s de ervas<\/strong>,\u00a0<strong>especiarias<\/strong>,\u00a0<strong>apiculturas<\/strong>,\u00a0<strong>higiene feminina<\/strong>. Mas tamb\u00e9m, em\u00a0<strong>produtos para aumentar a fertilidade<\/strong>, ent\u00e3o fiquem ligadas e cuidem da vossa sa\u00fade!<\/p>","protected":false},"excerpt":{"rendered":"<p>L\u2019huile de roucou\u00a0est une\u00a0huile\u00a0v\u00e9g\u00e9tale qui d\u00e9coule de bienfaits. Cette\u00a0huile\u00a0vertueuse au nom insolite est utilis\u00e9e en cosm\u00e9tique, pharmaceutique, et en alimentation. D\u00e9couvrons ensemble les propri\u00e9t\u00e9s \u00e9patantes de cette\u00a0huile\u00a0qui nous vient d\u2019ailleurs. Origine et Propri\u00e9t\u00e9s de l\u2019huile de roucou L\u2019huile de roucou, est une\u00a0huile\u00a0issue d\u2019un arbuste d\u2019Am\u00e9rique du Sud, qui se nomme le rocouyer. Puis, \u00e9merge de [&#8230;]","protected":false},"featured_media":0,"template":"","meta":[],"product_brand":[],"product_cat":[122,41],"product_tag":[],"class_list":{"0":"post-3347","1":"product","2":"type-product","3":"status-publish","5":"product_cat-huile-vegetale","6":"product_cat-produits-naturels-divers","8":"first","9":"instock","10":"shipping-taxable","11":"product-type-simple"},"yoast_head":"<!-- This site is optimized with the Yoast SEO plugin v26.6 - https:\/\/yoast.com\/wordpress\/plugins\/seo\/ -->\n<title>Huile de roucou I Bienfaits nombreux pour les cheveux<\/title>\n<meta name=\"description\" content=\"L\u2019huile de roucou\u00a0est une\u00a0huile\u00a0v\u00e9g\u00e9tale qui d\u00e9coule de bienfaits. Cette\u00a0huile est utilis\u00e9e en cosm\u00e9tique, pharmaceutique, et en alimentation.\" \/>\n<meta name=\"robots\" content=\"index, follow, max-snippet:-1, max-image-preview:large, max-video-preview:-1\" \/>\n<link rel=\"canonical\" href=\"https:\/\/www.safinel.fr\/pt\/product-2\/oleo-de-urucum\/\" \/>\n<meta property=\"og:locale\" content=\"pt_PT\" \/>\n<meta property=\"og:type\" content=\"article\" \/>\n<meta property=\"og:title\" content=\"Huile de roucou I Bienfaits nombreux pour les cheveux\" \/>\n<meta property=\"og:description\" content=\"L\u2019huile de roucou\u00a0est une\u00a0huile\u00a0v\u00e9g\u00e9tale qui d\u00e9coule de bienfaits. Cette\u00a0huile est utilis\u00e9e en cosm\u00e9tique, pharmaceutique, et en alimentation.\" \/>\n<meta property=\"og:url\" content=\"https:\/\/www.safinel.fr\/pt\/product-2\/oleo-de-urucum\/\" \/>\n<meta property=\"og:site_name\" content=\"Safinel\" \/>\n<meta property=\"article:modified_time\" content=\"2023-12-28T17:15:39+00:00\" \/>\n<meta name=\"twitter:card\" content=\"summary_large_image\" \/>\n<meta name=\"twitter:label1\" content=\"Tempo estimado de leitura\" \/>\n\t<meta name=\"twitter:data1\" content=\"6 minutos\" \/>\n<script type=\"application\/ld+json\" class=\"yoast-schema-graph\">{\"@context\":\"https:\/\/schema.org\",\"@graph\":[{\"@type\":\"WebPage\",\"@id\":\"https:\/\/www.safinel.fr\/produit\/huile-de-roucou\/\",\"url\":\"https:\/\/www.safinel.fr\/produit\/huile-de-roucou\/\",\"name\":\"Huile de roucou I Bienfaits nombreux pour les cheveux\",\"isPartOf\":{\"@id\":\"https:\/\/www.safinel.fr\/#website\"},\"datePublished\":\"2022-09-30T18:43:43+00:00\",\"dateModified\":\"2023-12-28T17:15:39+00:00\",\"description\":\"L\u2019huile de roucou\u00a0est une\u00a0huile\u00a0v\u00e9g\u00e9tale qui d\u00e9coule de bienfaits. Cette\u00a0huile est utilis\u00e9e en cosm\u00e9tique, pharmaceutique, et en alimentation.\",\"breadcrumb\":{\"@id\":\"https:\/\/www.safinel.fr\/produit\/huile-de-roucou\/#breadcrumb\"},\"inLanguage\":\"pt-PT\",\"potentialAction\":[{\"@type\":\"ReadAction\",\"target\":[\"https:\/\/www.safinel.fr\/produit\/huile-de-roucou\/\"]}]},{\"@type\":\"BreadcrumbList\",\"@id\":\"https:\/\/www.safinel.fr\/produit\/huile-de-roucou\/#breadcrumb\",\"itemListElement\":[{\"@type\":\"ListItem\",\"position\":1,\"name\":\"Accueil\",\"item\":\"https:\/\/www.safinel.fr\/\"},{\"@type\":\"ListItem\",\"position\":2,\"name\":\"Boutique\",\"item\":\"https:\/\/www.safinel.fr\/boutique\/\"},{\"@type\":\"ListItem\",\"position\":3,\"name\":\"Huile de roucou\"}]},{\"@type\":\"WebSite\",\"@id\":\"https:\/\/www.safinel.fr\/#website\",\"url\":\"https:\/\/www.safinel.fr\/\",\"name\":\"Safinel\",\"description\":\"\",\"publisher\":{\"@id\":\"https:\/\/www.safinel.fr\/#organization\"},\"potentialAction\":[{\"@type\":\"SearchAction\",\"target\":{\"@type\":\"EntryPoint\",\"urlTemplate\":\"https:\/\/www.safinel.fr\/?s={search_term_string}\"},\"query-input\":{\"@type\":\"PropertyValueSpecification\",\"valueRequired\":true,\"valueName\":\"search_term_string\"}}],\"inLanguage\":\"pt-PT\"},{\"@type\":\"Organization\",\"@id\":\"https:\/\/www.safinel.fr\/#organization\",\"name\":\"Safinel\",\"url\":\"https:\/\/www.safinel.fr\/\",\"logo\":{\"@type\":\"ImageObject\",\"inLanguage\":\"pt-PT\",\"@id\":\"https:\/\/www.safinel.fr\/#\/schema\/logo\/image\/\",\"url\":\"https:\/\/www.safinel.fr\/wp-content\/uploads\/2021\/05\/boutique-cosmetique.png\",\"contentUrl\":\"https:\/\/www.safinel.fr\/wp-content\/uploads\/2021\/05\/boutique-cosmetique.png\",\"width\":800,\"height\":200,\"caption\":\"Safinel\"},\"image\":{\"@id\":\"https:\/\/www.safinel.fr\/#\/schema\/logo\/image\/\"}}]}<\/script>\n<!-- \/ Yoast SEO plugin. -->","yoast_head_json":{"title":"\u00d3leo de urucum I In\u00fameros benef\u00edcios para o cabelo","description":"O \u00f3leo de urucum \u00e9 um \u00f3leo vegetal com in\u00fameros benef\u00edcios. Este \u00f3leo \u00e9 utilizado em cosm\u00e9ticos, produtos farmac\u00eauticos e alimentos.","robots":{"index":"index","follow":"follow","max-snippet":"max-snippet:-1","max-image-preview":"max-image-preview:large","max-video-preview":"max-video-preview:-1"},"canonical":"https:\/\/www.safinel.fr\/pt\/product-2\/oleo-de-urucum\/","og_locale":"pt_PT","og_type":"article","og_title":"Huile de roucou I Bienfaits nombreux pour les cheveux","og_description":"L\u2019huile de roucou\u00a0est une\u00a0huile\u00a0v\u00e9g\u00e9tale qui d\u00e9coule de bienfaits. Cette\u00a0huile est utilis\u00e9e en cosm\u00e9tique, pharmaceutique, et en alimentation.","og_url":"https:\/\/www.safinel.fr\/pt\/product-2\/oleo-de-urucum\/","og_site_name":"Safinel","article_modified_time":"2023-12-28T17:15:39+00:00","twitter_card":"summary_large_image","twitter_misc":{"Tempo estimado de leitura":"6 minutos"},"schema":{"@context":"https:\/\/schema.org","@graph":[{"@type":"WebPage","@id":"https:\/\/www.safinel.fr\/produit\/huile-de-roucou\/","url":"https:\/\/www.safinel.fr\/produit\/huile-de-roucou\/","name":"\u00d3leo de urucum I In\u00fameros benef\u00edcios para o cabelo","isPartOf":{"@id":"https:\/\/www.safinel.fr\/#website"},"datePublished":"2022-09-30T18:43:43+00:00","dateModified":"2023-12-28T17:15:39+00:00","description":"O \u00f3leo de urucum \u00e9 um \u00f3leo vegetal com in\u00fameros benef\u00edcios. Este \u00f3leo \u00e9 utilizado em cosm\u00e9ticos, produtos farmac\u00eauticos e alimentos.","breadcrumb":{"@id":"https:\/\/www.safinel.fr\/produit\/huile-de-roucou\/#breadcrumb"},"inLanguage":"pt-PT","potentialAction":[{"@type":"ReadAction","target":["https:\/\/www.safinel.fr\/produit\/huile-de-roucou\/"]}]},{"@type":"BreadcrumbList","@id":"https:\/\/www.safinel.fr\/produit\/huile-de-roucou\/#breadcrumb","itemListElement":[{"@type":"ListItem","position":1,"name":"Accueil","item":"https:\/\/www.safinel.fr\/"},{"@type":"ListItem","position":2,"name":"Boutique","item":"https:\/\/www.safinel.fr\/boutique\/"},{"@type":"ListItem","position":3,"name":"Huile de roucou"}]},{"@type":"WebSite","@id":"https:\/\/www.safinel.fr\/#website","url":"https:\/\/www.safinel.fr\/","name":"Safinel","description":"","publisher":{"@id":"https:\/\/www.safinel.fr\/#organization"},"potentialAction":[{"@type":"SearchAction","target":{"@type":"EntryPoint","urlTemplate":"https:\/\/www.safinel.fr\/?s={search_term_string}"},"query-input":{"@type":"PropertyValueSpecification","valueRequired":true,"valueName":"search_term_string"}}],"inLanguage":"pt-PT"},{"@type":"Organization","@id":"https:\/\/www.safinel.fr\/#organization","name":"Safinel","url":"https:\/\/www.safinel.fr\/","logo":{"@type":"ImageObject","inLanguage":"pt-PT","@id":"https:\/\/www.safinel.fr\/#\/schema\/logo\/image\/","url":"https:\/\/www.safinel.fr\/wp-content\/uploads\/2021\/05\/boutique-cosmetique.png","contentUrl":"https:\/\/www.safinel.fr\/wp-content\/uploads\/2021\/05\/boutique-cosmetique.png","width":800,"height":200,"caption":"Safinel"},"image":{"@id":"https:\/\/www.safinel.fr\/#\/schema\/logo\/image\/"}}]}},"_links":{"self":[{"href":"https:\/\/www.safinel.fr\/pt\/wp-json\/wp\/v2\/product\/3347","targetHints":{"allow":["GET"]}}],"collection":[{"href":"https:\/\/www.safinel.fr\/pt\/wp-json\/wp\/v2\/product"}],"about":[{"href":"https:\/\/www.safinel.fr\/pt\/wp-json\/wp\/v2\/types\/product"}],"wp:attachment":[{"href":"https:\/\/www.safinel.fr\/pt\/wp-json\/wp\/v2\/media?parent=3347"}],"wp:term":[{"taxonomy":"product_brand","embeddable":true,"href":"https:\/\/www.safinel.fr\/pt\/wp-json\/wp\/v2\/product_brand?post=3347"},{"taxonomy":"product_cat","embeddable":true,"href":"https:\/\/www.safinel.fr\/pt\/wp-json\/wp\/v2\/product_cat?post=3347"},{"taxonomy":"product_tag","embeddable":true,"href":"https:\/\/www.safinel.fr\/pt\/wp-json\/wp\/v2\/product_tag?post=3347"}],"curies":[{"name":"wp","href":"https:\/\/api.w.org\/{rel}","templated":true}]}}