{"id":291,"date":"2021-07-24T18:59:25","date_gmt":"2021-07-24T18:59:25","guid":{"rendered":"https:\/\/www.safinel.fr\/?post_type=product&#038;p=291"},"modified":"2023-12-30T13:53:27","modified_gmt":"2023-12-30T13:53:27","slug":"gel-de-aloe-vera-100-g-nigela-fonte","status":"publish","type":"product","link":"https:\/\/www.safinel.fr\/pt\/product-2\/gel-de-aloe-vera-100-g-nigela-fonte\/","title":{"rendered":"Gel de alo\u00e9 vera 100 g \u2013 Nigelle Source"},"content":{"rendered":"<p>Em primeiro lugar, \u00e9 preciso dizer que <span class=\"original-content\">o alo\u00e9 <\/span>O aloe vera \u00e9 um excelente produto cosm\u00e9tico. O gel de aloe vera \u00e9 particularmente rico em sais minerais. Este gel cont\u00e9m in\u00fameros benef\u00edcios. As suas principais propriedades s\u00e3o calmantes, cicatrizantes, hidratantes, regeneradoras e purificantes.<\/p>\n<p>No entanto, \u00e9 composto por 72 % de ingredientes biol\u00f3gicos, produzido sem parabenos e vegan. Assim, o gel de alo\u00e9 vera satisfaz as necessidades de todos os tipos de pele.<\/p>\n<p>Pode ser usado puro ou como complemento de um tratamento \u00e0 base de \u00f3leo vegetal.<\/p>\n<h3><strong>A origem do aloe vera:<\/strong><\/h3>\n<p>O aloe vera teria origem na \u00c1frica e em algumas ilhas do Oceano \u00cdndico. O gel desta planta j\u00e1 era utilizado para tratar problemas de pris\u00e3o de ventre e de pele.<\/p>\n<p>Em 1820, \u00e9 feita a apari\u00e7\u00e3o de <span class=\"original-content\">Aloe <\/span>verificada na farmacopeia oficial dos Estados Unidos da Am\u00e9rica. Em 1935, v\u00e1rios m\u00e9dicos americanos recorreram a ela no tratamento de queimaduras repetidas causadas pela exposi\u00e7\u00e3o aos raios X.<\/p>\n<h3><strong>As in\u00fameras virtudes de <span class=\"original-content\">o alo\u00e9 <\/span>v\u00e9ra:<\/strong><\/h3>\n<p>Cuidados com a pele:<\/p>\n<p>Por outro lado, combina perfeitamente com o seu creme de dia. Muito eficaz contra problemas cut\u00e2neos, como acne, psor\u00edase, eczema, herpes, fur\u00fanculos, queimaduras e comich\u00e3o.<\/p>\n<p>Al\u00e9m disso, \u00e9 um indiscut\u00edvel filme protetor contra o sol e o vento. Ideal para usar em caso de feridas, queimaduras solares, queimaduras por frio, queimaduras ou fissuras.<\/p>\n<p>Aplicar uma camada fina diretamente sobre a pele.<\/p>\n<p>Para o seu cabelo:<\/p>\n<p>Excelente cuidado para o seu cabelo, pois o gel <span class=\"original-content\">de Aloe <\/span>V\u00e9ra Bio contribui totalmente para nutrir e proteger o seu cabelo. Alivia as agress\u00f5es do couro cabeludo e reduz a caspa.<\/p>\n<p>Pegue uma pequena quantidade de gel e massageie suavemente o couro cabeludo com as pontas dos dedos.<\/p>\n<p>Para concluir, tamb\u00e9m pode ser aplicado como tratamento analg\u00e9sico leve: dores musculares, articulares e nevr\u00e1lgicas.<\/p>\n<h3><strong>INGREDIENTE INCI:<\/strong><\/h3>\n<p>\u00c1gua \/ Glicerina \/ Extrato org\u00e2nico de folha de Aloe Barbadensis (Extrato de folha) <span class=\"original-content\">de Alo\u00e9 <\/span>V\u00e9ra Bio) \/ Carb\u00f3mero \/ Polissorbato-20 \/ Fenoxiglicerina \/ Hidr\u00f3xido de s\u00f3dio \/ Etilhexilglicerina \/ \u00c1lcool benz\u00edlico.<\/p>","protected":false},"excerpt":{"rendered":"<p>Tout d&rsquo;abord, il faut dire que l&rsquo;aloe v\u00e9ra est un excellent produit cosm\u00e9tique. Le gel aloe v\u00e9ra est particuli\u00e8rement riche en sels min\u00e9raux. Ce gel contient d&rsquo;incalculables bienfaits. Ces principales vertus sont apaisantes, cicatrisantes, hydratantes, r\u00e9g\u00e9n\u00e9rant et purifiantes. N\u00e9anmoins, il est constitu\u00e9 de 72 % d&rsquo;ingr\u00e9dients biologiques, produit sans paraben et v\u00e9gan. Ainsi le gel [&#8230;]","protected":false},"featured_media":324,"template":"","meta":[],"product_brand":[],"product_cat":[34],"product_tag":[],"class_list":{"0":"post-291","1":"product","2":"type-product","3":"status-publish","4":"has-post-thumbnail","6":"product_cat-hygiene","8":"first","9":"outofstock","10":"shipping-taxable","11":"purchasable","12":"product-type-simple"},"yoast_head":"<!-- This site is optimized with the Yoast SEO plugin v26.6 - https:\/\/yoast.com\/wordpress\/plugins\/seo\/ -->\n<title>Gel d&#039;alo\u00e9 vera 100g - Nigelle Source - Safinel<\/title>\n<meta name=\"robots\" content=\"index, follow, max-snippet:-1, max-image-preview:large, max-video-preview:-1\" \/>\n<link rel=\"canonical\" href=\"https:\/\/www.safinel.fr\/pt\/product-2\/gel-de-aloe-vera-100-g-nigela-fonte\/\" \/>\n<meta property=\"og:locale\" content=\"pt_PT\" \/>\n<meta property=\"og:type\" content=\"article\" \/>\n<meta property=\"og:title\" content=\"Gel d&#039;alo\u00e9 vera 100g - Nigelle Source - Safinel\" \/>\n<meta property=\"og:description\" content=\"Tout d&rsquo;abord, il faut dire que l&rsquo;aloe v\u00e9ra est un excellent produit cosm\u00e9tique. Le gel aloe v\u00e9ra est particuli\u00e8rement riche en sels min\u00e9raux. Ce gel contient d&rsquo;incalculables bienfaits. Ces principales vertus sont apaisantes, cicatrisantes, hydratantes, r\u00e9g\u00e9n\u00e9rant et purifiantes. N\u00e9anmoins, il est constitu\u00e9 de 72 % d&rsquo;ingr\u00e9dients biologiques, produit sans paraben et v\u00e9gan. Ainsi le gel [...]\" \/>\n<meta property=\"og:url\" content=\"https:\/\/www.safinel.fr\/pt\/product-2\/gel-de-aloe-vera-100-g-nigela-fonte\/\" \/>\n<meta property=\"og:site_name\" content=\"Safinel\" \/>\n<meta property=\"article:modified_time\" content=\"2023-12-30T13:53:27+00:00\" \/>\n<meta property=\"og:image\" content=\"https:\/\/www.safinel.fr\/wp-content\/uploads\/2021\/07\/gel-aloe-vera-5.jpg\" \/>\n\t<meta property=\"og:image:width\" content=\"954\" \/>\n\t<meta property=\"og:image:height\" content=\"800\" \/>\n\t<meta property=\"og:image:type\" content=\"image\/jpeg\" \/>\n<meta name=\"twitter:card\" content=\"summary_large_image\" \/>\n<meta name=\"twitter:label1\" content=\"Tempo estimado de leitura\" \/>\n\t<meta name=\"twitter:data1\" content=\"2 minutos\" \/>\n<script type=\"application\/ld+json\" class=\"yoast-schema-graph\">{\"@context\":\"https:\/\/schema.org\",\"@graph\":[{\"@type\":\"WebPage\",\"@id\":\"https:\/\/www.safinel.fr\/produit\/gel-daloe-vera-100g-nigelle-source\/\",\"url\":\"https:\/\/www.safinel.fr\/produit\/gel-daloe-vera-100g-nigelle-source\/\",\"name\":\"Gel d'alo\u00e9 vera 100g - Nigelle Source - Safinel\",\"isPartOf\":{\"@id\":\"https:\/\/www.safinel.fr\/#website\"},\"primaryImageOfPage\":{\"@id\":\"https:\/\/www.safinel.fr\/produit\/gel-daloe-vera-100g-nigelle-source\/#primaryimage\"},\"image\":{\"@id\":\"https:\/\/www.safinel.fr\/produit\/gel-daloe-vera-100g-nigelle-source\/#primaryimage\"},\"thumbnailUrl\":\"https:\/\/www.safinel.fr\/wp-content\/uploads\/2021\/07\/gel-aloe-vera-5.jpg\",\"datePublished\":\"2021-07-24T18:59:25+00:00\",\"dateModified\":\"2023-12-30T13:53:27+00:00\",\"breadcrumb\":{\"@id\":\"https:\/\/www.safinel.fr\/produit\/gel-daloe-vera-100g-nigelle-source\/#breadcrumb\"},\"inLanguage\":\"pt-PT\",\"potentialAction\":[{\"@type\":\"ReadAction\",\"target\":[\"https:\/\/www.safinel.fr\/produit\/gel-daloe-vera-100g-nigelle-source\/\"]}]},{\"@type\":\"ImageObject\",\"inLanguage\":\"pt-PT\",\"@id\":\"https:\/\/www.safinel.fr\/produit\/gel-daloe-vera-100g-nigelle-source\/#primaryimage\",\"url\":\"https:\/\/www.safinel.fr\/wp-content\/uploads\/2021\/07\/gel-aloe-vera-5.jpg\",\"contentUrl\":\"https:\/\/www.safinel.fr\/wp-content\/uploads\/2021\/07\/gel-aloe-vera-5.jpg\",\"width\":954,\"height\":800},{\"@type\":\"BreadcrumbList\",\"@id\":\"https:\/\/www.safinel.fr\/produit\/gel-daloe-vera-100g-nigelle-source\/#breadcrumb\",\"itemListElement\":[{\"@type\":\"ListItem\",\"position\":1,\"name\":\"Accueil\",\"item\":\"https:\/\/www.safinel.fr\/\"},{\"@type\":\"ListItem\",\"position\":2,\"name\":\"Boutique\",\"item\":\"https:\/\/www.safinel.fr\/boutique\/\"},{\"@type\":\"ListItem\",\"position\":3,\"name\":\"Gel d&#8217;alo\u00e9 vera 100g &#8211; Nigelle Source\"}]},{\"@type\":\"WebSite\",\"@id\":\"https:\/\/www.safinel.fr\/#website\",\"url\":\"https:\/\/www.safinel.fr\/\",\"name\":\"Safinel\",\"description\":\"\",\"publisher\":{\"@id\":\"https:\/\/www.safinel.fr\/#organization\"},\"potentialAction\":[{\"@type\":\"SearchAction\",\"target\":{\"@type\":\"EntryPoint\",\"urlTemplate\":\"https:\/\/www.safinel.fr\/?s={search_term_string}\"},\"query-input\":{\"@type\":\"PropertyValueSpecification\",\"valueRequired\":true,\"valueName\":\"search_term_string\"}}],\"inLanguage\":\"pt-PT\"},{\"@type\":\"Organization\",\"@id\":\"https:\/\/www.safinel.fr\/#organization\",\"name\":\"Safinel\",\"url\":\"https:\/\/www.safinel.fr\/\",\"logo\":{\"@type\":\"ImageObject\",\"inLanguage\":\"pt-PT\",\"@id\":\"https:\/\/www.safinel.fr\/#\/schema\/logo\/image\/\",\"url\":\"https:\/\/www.safinel.fr\/wp-content\/uploads\/2021\/05\/boutique-cosmetique.png\",\"contentUrl\":\"https:\/\/www.safinel.fr\/wp-content\/uploads\/2021\/05\/boutique-cosmetique.png\",\"width\":800,\"height\":200,\"caption\":\"Safinel\"},\"image\":{\"@id\":\"https:\/\/www.safinel.fr\/#\/schema\/logo\/image\/\"}}]}<\/script>\n<!-- \/ Yoast SEO plugin. -->","yoast_head_json":{"title":"Gel de alo\u00e9 vera 100 g - Nigella Source - Safinel","robots":{"index":"index","follow":"follow","max-snippet":"max-snippet:-1","max-image-preview":"max-image-preview:large","max-video-preview":"max-video-preview:-1"},"canonical":"https:\/\/www.safinel.fr\/pt\/product-2\/gel-de-aloe-vera-100-g-nigela-fonte\/","og_locale":"pt_PT","og_type":"article","og_title":"Gel d'alo\u00e9 vera 100g - Nigelle Source - Safinel","og_description":"Tout d&rsquo;abord, il faut dire que l&rsquo;aloe v\u00e9ra est un excellent produit cosm\u00e9tique. Le gel aloe v\u00e9ra est particuli\u00e8rement riche en sels min\u00e9raux. Ce gel contient d&rsquo;incalculables bienfaits. Ces principales vertus sont apaisantes, cicatrisantes, hydratantes, r\u00e9g\u00e9n\u00e9rant et purifiantes. N\u00e9anmoins, il est constitu\u00e9 de 72 % d&rsquo;ingr\u00e9dients biologiques, produit sans paraben et v\u00e9gan. Ainsi le gel [...]","og_url":"https:\/\/www.safinel.fr\/pt\/product-2\/gel-de-aloe-vera-100-g-nigela-fonte\/","og_site_name":"Safinel","article_modified_time":"2023-12-30T13:53:27+00:00","og_image":[{"width":954,"height":800,"url":"https:\/\/www.safinel.fr\/wp-content\/uploads\/2021\/07\/gel-aloe-vera-5.jpg","type":"image\/jpeg"}],"twitter_card":"summary_large_image","twitter_misc":{"Tempo estimado de leitura":"2 minutos"},"schema":{"@context":"https:\/\/schema.org","@graph":[{"@type":"WebPage","@id":"https:\/\/www.safinel.fr\/produit\/gel-daloe-vera-100g-nigelle-source\/","url":"https:\/\/www.safinel.fr\/produit\/gel-daloe-vera-100g-nigelle-source\/","name":"Gel de alo\u00e9 vera 100 g - Nigella Source - Safinel","isPartOf":{"@id":"https:\/\/www.safinel.fr\/#website"},"primaryImageOfPage":{"@id":"https:\/\/www.safinel.fr\/produit\/gel-daloe-vera-100g-nigelle-source\/#primaryimage"},"image":{"@id":"https:\/\/www.safinel.fr\/produit\/gel-daloe-vera-100g-nigelle-source\/#primaryimage"},"thumbnailUrl":"https:\/\/www.safinel.fr\/wp-content\/uploads\/2021\/07\/gel-aloe-vera-5.jpg","datePublished":"2021-07-24T18:59:25+00:00","dateModified":"2023-12-30T13:53:27+00:00","breadcrumb":{"@id":"https:\/\/www.safinel.fr\/produit\/gel-daloe-vera-100g-nigelle-source\/#breadcrumb"},"inLanguage":"pt-PT","potentialAction":[{"@type":"ReadAction","target":["https:\/\/www.safinel.fr\/produit\/gel-daloe-vera-100g-nigelle-source\/"]}]},{"@type":"ImageObject","inLanguage":"pt-PT","@id":"https:\/\/www.safinel.fr\/produit\/gel-daloe-vera-100g-nigelle-source\/#primaryimage","url":"https:\/\/www.safinel.fr\/wp-content\/uploads\/2021\/07\/gel-aloe-vera-5.jpg","contentUrl":"https:\/\/www.safinel.fr\/wp-content\/uploads\/2021\/07\/gel-aloe-vera-5.jpg","width":954,"height":800},{"@type":"BreadcrumbList","@id":"https:\/\/www.safinel.fr\/produit\/gel-daloe-vera-100g-nigelle-source\/#breadcrumb","itemListElement":[{"@type":"ListItem","position":1,"name":"Accueil","item":"https:\/\/www.safinel.fr\/"},{"@type":"ListItem","position":2,"name":"Boutique","item":"https:\/\/www.safinel.fr\/boutique\/"},{"@type":"ListItem","position":3,"name":"Gel d&#8217;alo\u00e9 vera 100g &#8211; Nigelle Source"}]},{"@type":"WebSite","@id":"https:\/\/www.safinel.fr\/#website","url":"https:\/\/www.safinel.fr\/","name":"Safinel","description":"","publisher":{"@id":"https:\/\/www.safinel.fr\/#organization"},"potentialAction":[{"@type":"SearchAction","target":{"@type":"EntryPoint","urlTemplate":"https:\/\/www.safinel.fr\/?s={search_term_string}"},"query-input":{"@type":"PropertyValueSpecification","valueRequired":true,"valueName":"search_term_string"}}],"inLanguage":"pt-PT"},{"@type":"Organization","@id":"https:\/\/www.safinel.fr\/#organization","name":"Safinel","url":"https:\/\/www.safinel.fr\/","logo":{"@type":"ImageObject","inLanguage":"pt-PT","@id":"https:\/\/www.safinel.fr\/#\/schema\/logo\/image\/","url":"https:\/\/www.safinel.fr\/wp-content\/uploads\/2021\/05\/boutique-cosmetique.png","contentUrl":"https:\/\/www.safinel.fr\/wp-content\/uploads\/2021\/05\/boutique-cosmetique.png","width":800,"height":200,"caption":"Safinel"},"image":{"@id":"https:\/\/www.safinel.fr\/#\/schema\/logo\/image\/"}}]}},"_links":{"self":[{"href":"https:\/\/www.safinel.fr\/pt\/wp-json\/wp\/v2\/product\/291","targetHints":{"allow":["GET"]}}],"collection":[{"href":"https:\/\/www.safinel.fr\/pt\/wp-json\/wp\/v2\/product"}],"about":[{"href":"https:\/\/www.safinel.fr\/pt\/wp-json\/wp\/v2\/types\/product"}],"wp:featuredmedia":[{"embeddable":true,"href":"https:\/\/www.safinel.fr\/pt\/wp-json\/wp\/v2\/media\/324"}],"wp:attachment":[{"href":"https:\/\/www.safinel.fr\/pt\/wp-json\/wp\/v2\/media?parent=291"}],"wp:term":[{"taxonomy":"product_brand","embeddable":true,"href":"https:\/\/www.safinel.fr\/pt\/wp-json\/wp\/v2\/product_brand?post=291"},{"taxonomy":"product_cat","embeddable":true,"href":"https:\/\/www.safinel.fr\/pt\/wp-json\/wp\/v2\/product_cat?post=291"},{"taxonomy":"product_tag","embeddable":true,"href":"https:\/\/www.safinel.fr\/pt\/wp-json\/wp\/v2\/product_tag?post=291"}],"curies":[{"name":"wp","href":"https:\/\/api.w.org\/{rel}","templated":true}]}}