{"id":2180,"date":"2022-08-17T09:41:44","date_gmt":"2022-08-17T09:41:44","guid":{"rendered":"https:\/\/www.safinel.fr\/?post_type=product&#038;p=2180"},"modified":"2025-06-13T13:53:21","modified_gmt":"2025-06-13T13:53:21","slug":"alisamento-brasileiro-sem-formaldeido-com-queratina","status":"publish","type":"product","link":"https:\/\/www.safinel.fr\/pt\/product-2\/alisamento-brasileiro-sem-formaldeido-com-queratina\/","title":{"rendered":"Alisamento brasileiro sem formalde\u00eddo com queratina \u2013 Pro Hair Professional"},"content":{"rendered":"<p>O\u00a0<strong>alisamento brasileiro<\/strong>\u00a0com queratina e, sobretudo,\u00a0<strong>sem formalde\u00eddo<\/strong>, da marca<strong>\u00a0ProHair Profissional<\/strong>, \u00e9 uma verdadeira tecnologia capilar! Se ainda hesita em dar o salto para um\u00a0<strong>alisamento caseiro,\u00a0<\/strong>Saiba que encontrou o kit ideal para o seu cabelo.<\/p>\n<h2><strong>Toda a tecnologia do alisamento brasileiro reunida num \u00fanico produto!\u00a0<\/strong><\/h2>\n<p>Este alisamento com queratina \u00e9 uma f\u00f3rmula cuidadosamente concebida e enriquecida com um ingrediente-chave: o figo da \u00cdndia. Este kit completo para uso dom\u00e9stico \u00e9 um \u00ab3 step\u00bb, ou seja, cont\u00e9m 3 produtos para 3 etapas. \u00c9 composto por:<\/p>\n<ul>\n<li><strong>Champ\u00f4 clarificante com figo da \u00cdndia:<\/strong>\u00a0permite remover os res\u00edduos de v\u00e1rios produtos capilares acumulados no cabelo. E, consequentemente, preparar o cabelo para receber um tratamento alisante, abrindo as cut\u00edculas.<\/li>\n<li><strong>Creme com queratina sem formalde\u00eddo:\u00a0<\/strong>O produto alisante \u00e9 a segunda etapa deste processo.\u00a0<strong>kit completo alisante<\/strong>. Enriquecida com queratina, esta prote\u00edna penetra no cabelo para alisar completamente os fios, ao mesmo tempo que o nutre em profundidade.<\/li>\n<li><strong>Condicionador fixador de figo da \u00cdndia:<\/strong>\u00a0Esta terceira e \u00faltima etapa permite fixar o tratamento com queratina realizado na etapa 2. Em outras palavras, ela estabiliza o pH do cabelo e sela o tratamento alisante para um resultado duradouro.<\/li>\n<\/ul>\n<h2><strong>Que resultados esperar deste alisamento brasileiro?\u00a0<\/strong><\/h2>\n<p>Em primeiro lugar, o resultado deste<strong>\u00a0alisamento caseiro<\/strong>\u00a0pode atingir 4 a 6 meses, dependendo do tipo de cabelo. Posteriormente, \u00e9 poss\u00edvel realizar um segundo alisamento para obter, aos poucos, uma fibra capilar muito mais relaxada.<\/p>\n<p>Os benef\u00edcios vis\u00edveis imediatamente ap\u00f3s o seu tratamento alisante s\u00e3o:<\/p>\n<ul>\n<li>Efeito liso sem efeito \u00abrigido\u00bb, mas sim disciplinado<\/li>\n<li>Brilho m\u00e1ximo<\/li>\n<li>Repara os cabelos danificados<\/li>\n<li><a href=\"https:\/\/www.safinel.fr\/pt\/product-category-2\/botox-capilar\/\"><strong>Fortalece e mant\u00e9m um volume est\u00e9tico<\/strong><\/a><\/li>\n<li>Cabelo disciplinado<\/li>\n<li>Devolve o brilho aos cabelos sem vida<\/li>\n<li>Proporciona suavidade<\/li>\n<li>Cabelo nutrido e hidratado<\/li>\n<\/ul>\n<h2><strong>Instru\u00e7\u00f5es de utiliza\u00e7\u00e3o do kit de alisamento sem formalde\u00eddo\u00a0<\/strong><\/h2>\n<p>Primeiro, leia atentamente as etapas mencionadas nas instru\u00e7\u00f5es. Em seguida, pegue um pente, luvas e escolha um local arejado para evitar inc\u00f3modos.<\/p>\n<ol>\n<li>Aplique primeiro o champ\u00f4 clarificante Step 1 nos cabelos molhados. Repita este primeiro passo 2 a 3 vezes, deixando o \u00faltimo champ\u00f4 atuar durante 5 minutos e, em seguida, enxague abundantemente.<\/li>\n<li>Nos cabelos molhados, aplique o\u00a0<strong>creme de queratina<\/strong>\u00a0Mecha por mecha, come\u00e7ando a 1 cm da raiz. Por fim, passe o pente para distribuir bem o produto. Deixe atuar por 20 minutos na primeira aplica\u00e7\u00e3o. Repita a opera\u00e7\u00e3o uma segunda vez, observando um novo tempo de atua\u00e7\u00e3o de 20 minutos.<\/li>\n<li>Em seguida, seque o cabelo e, por fim, passe a chapinha de 5 a 10 vezes em cada mecha.<\/li>\n<li>O fixador ir\u00e1 finalmente fixar a queratina de forma duradoura no cabelo.<\/li>\n<\/ol>\n<h3><strong>Precau\u00e7\u00f5es\u00a0<\/strong><\/h3>\n<p>Em primeiro lugar, \u00e9 importante seguir rigorosamente as instru\u00e7\u00f5es de utiliza\u00e7\u00e3o e os conselhos que constam do folheto informativo. Tamb\u00e9m \u00e9 importante conhecer o tipo de cabelo e o seu hist\u00f3rico capilar, para n\u00e3o danificar a fibra capilar. Se o cabelo estiver fr\u00e1gil e\/ou muito danificado, \u00e9 poss\u00edvel ajustar o tempo de aplica\u00e7\u00e3o e a temperatura do alisador, por exemplo.<\/p>\n<p>N\u00e3o \u00e9 adequado para crian\u00e7as.<\/p>","protected":false},"excerpt":{"rendered":"<p><strong>Caracter\u00edsticas:<\/strong><\/p>\n<ul>\n<li>Kit completo para alisamento brasileiro sem formalde\u00eddo e com queratina.<\/li>\n<li>Para cabelos lisos e brilhantes por mais tempo.<\/li>\n<li>Simples e r\u00e1pido de usar, oferece um resultado surpreendente! Dura\u00e7\u00e3o garantida de 3 a 4 meses!<\/li>\n<li>Champ\u00f4 alcalino com figo da \u00cdndia PH 8,5.<\/li>\n<li>Creme com queratina sem formalde\u00eddo.<\/li>\n<li>Condicionador fixador com figo da \u00cdndia PH 5,5.<\/li>\n<\/ul>","protected":false},"featured_media":2210,"template":"","meta":[],"product_brand":[],"product_cat":[79,77],"product_tag":[],"class_list":{"0":"post-2180","1":"product","2":"type-product","3":"status-publish","4":"has-post-thumbnail","6":"product_cat-botox-capillaire","7":"product_cat-pro-hair-professional","9":"first","10":"outofstock","11":"shipping-taxable","12":"purchasable","13":"product-type-simple"},"yoast_head":"<!-- This site is optimized with the Yoast SEO plugin v26.6 - https:\/\/yoast.com\/wordpress\/plugins\/seo\/ -->\n<title>Lissage br\u00e9silien sans formol \u00e0 la k\u00e9ratine I Pro Hair Professional<\/title>\n<meta name=\"description\" content=\"Le\u00a0lissage br\u00e9silien\u00a0\u00e0 la k\u00e9ratine, et surtout\u00a0sans formol, de la marque\u00a0ProHair Professional, est une v\u00e9ritable technologie capillaire !\" \/>\n<meta name=\"robots\" content=\"index, follow, max-snippet:-1, max-image-preview:large, max-video-preview:-1\" \/>\n<link rel=\"canonical\" href=\"https:\/\/www.safinel.fr\/pt\/product-2\/alisamento-brasileiro-sem-formaldeido-com-queratina\/\" \/>\n<meta property=\"og:locale\" content=\"pt_PT\" \/>\n<meta property=\"og:type\" content=\"article\" \/>\n<meta property=\"og:title\" content=\"Lissage br\u00e9silien sans formol \u00e0 la k\u00e9ratine I Pro Hair Professional\" \/>\n<meta property=\"og:description\" content=\"Le\u00a0lissage br\u00e9silien\u00a0\u00e0 la k\u00e9ratine, et surtout\u00a0sans formol, de la marque\u00a0ProHair Professional, est une v\u00e9ritable technologie capillaire !\" \/>\n<meta property=\"og:url\" content=\"https:\/\/www.safinel.fr\/pt\/product-2\/alisamento-brasileiro-sem-formaldeido-com-queratina\/\" \/>\n<meta property=\"og:site_name\" content=\"Safinel\" \/>\n<meta property=\"article:modified_time\" content=\"2025-06-13T13:53:21+00:00\" \/>\n<meta property=\"og:image\" content=\"https:\/\/www.safinel.fr\/wp-content\/uploads\/2022\/08\/kit-de-lissage-bresilien-pro-hair-professional.jpg\" \/>\n\t<meta property=\"og:image:width\" content=\"600\" \/>\n\t<meta property=\"og:image:height\" content=\"600\" \/>\n\t<meta property=\"og:image:type\" content=\"image\/jpeg\" \/>\n<meta name=\"twitter:card\" content=\"summary_large_image\" \/>\n<meta name=\"twitter:label1\" content=\"Tempo estimado de leitura\" \/>\n\t<meta name=\"twitter:data1\" content=\"3 minutos\" \/>\n<script type=\"application\/ld+json\" class=\"yoast-schema-graph\">{\"@context\":\"https:\/\/schema.org\",\"@graph\":[{\"@type\":\"WebPage\",\"@id\":\"https:\/\/www.safinel.fr\/produit\/lissage-bresilien-sans-formol-a-la-keratine\/\",\"url\":\"https:\/\/www.safinel.fr\/produit\/lissage-bresilien-sans-formol-a-la-keratine\/\",\"name\":\"Lissage br\u00e9silien sans formol \u00e0 la k\u00e9ratine I Pro Hair Professional\",\"isPartOf\":{\"@id\":\"https:\/\/www.safinel.fr\/#website\"},\"primaryImageOfPage\":{\"@id\":\"https:\/\/www.safinel.fr\/produit\/lissage-bresilien-sans-formol-a-la-keratine\/#primaryimage\"},\"image\":{\"@id\":\"https:\/\/www.safinel.fr\/produit\/lissage-bresilien-sans-formol-a-la-keratine\/#primaryimage\"},\"thumbnailUrl\":\"https:\/\/www.safinel.fr\/wp-content\/uploads\/2022\/08\/kit-de-lissage-bresilien-pro-hair-professional.jpg\",\"datePublished\":\"2022-08-17T09:41:44+00:00\",\"dateModified\":\"2025-06-13T13:53:21+00:00\",\"description\":\"Le\u00a0lissage br\u00e9silien\u00a0\u00e0 la k\u00e9ratine, et surtout\u00a0sans formol, de la marque\u00a0ProHair Professional, est une v\u00e9ritable technologie capillaire !\",\"breadcrumb\":{\"@id\":\"https:\/\/www.safinel.fr\/produit\/lissage-bresilien-sans-formol-a-la-keratine\/#breadcrumb\"},\"inLanguage\":\"pt-PT\",\"potentialAction\":[{\"@type\":\"ReadAction\",\"target\":[\"https:\/\/www.safinel.fr\/produit\/lissage-bresilien-sans-formol-a-la-keratine\/\"]}]},{\"@type\":\"ImageObject\",\"inLanguage\":\"pt-PT\",\"@id\":\"https:\/\/www.safinel.fr\/produit\/lissage-bresilien-sans-formol-a-la-keratine\/#primaryimage\",\"url\":\"https:\/\/www.safinel.fr\/wp-content\/uploads\/2022\/08\/kit-de-lissage-bresilien-pro-hair-professional.jpg\",\"contentUrl\":\"https:\/\/www.safinel.fr\/wp-content\/uploads\/2022\/08\/kit-de-lissage-bresilien-pro-hair-professional.jpg\",\"width\":600,\"height\":600,\"caption\":\"Lissage br\u00e9silien\"},{\"@type\":\"BreadcrumbList\",\"@id\":\"https:\/\/www.safinel.fr\/produit\/lissage-bresilien-sans-formol-a-la-keratine\/#breadcrumb\",\"itemListElement\":[{\"@type\":\"ListItem\",\"position\":1,\"name\":\"Accueil\",\"item\":\"https:\/\/www.safinel.fr\/\"},{\"@type\":\"ListItem\",\"position\":2,\"name\":\"Boutique\",\"item\":\"https:\/\/www.safinel.fr\/boutique\/\"},{\"@type\":\"ListItem\",\"position\":3,\"name\":\"Lissage br\u00e9silien sans formol \u00e0 la k\u00e9ratine &#8211; Pro Hair Professional\"}]},{\"@type\":\"WebSite\",\"@id\":\"https:\/\/www.safinel.fr\/#website\",\"url\":\"https:\/\/www.safinel.fr\/\",\"name\":\"Safinel\",\"description\":\"\",\"publisher\":{\"@id\":\"https:\/\/www.safinel.fr\/#organization\"},\"potentialAction\":[{\"@type\":\"SearchAction\",\"target\":{\"@type\":\"EntryPoint\",\"urlTemplate\":\"https:\/\/www.safinel.fr\/?s={search_term_string}\"},\"query-input\":{\"@type\":\"PropertyValueSpecification\",\"valueRequired\":true,\"valueName\":\"search_term_string\"}}],\"inLanguage\":\"pt-PT\"},{\"@type\":\"Organization\",\"@id\":\"https:\/\/www.safinel.fr\/#organization\",\"name\":\"Safinel\",\"url\":\"https:\/\/www.safinel.fr\/\",\"logo\":{\"@type\":\"ImageObject\",\"inLanguage\":\"pt-PT\",\"@id\":\"https:\/\/www.safinel.fr\/#\/schema\/logo\/image\/\",\"url\":\"https:\/\/www.safinel.fr\/wp-content\/uploads\/2021\/05\/boutique-cosmetique.png\",\"contentUrl\":\"https:\/\/www.safinel.fr\/wp-content\/uploads\/2021\/05\/boutique-cosmetique.png\",\"width\":800,\"height\":200,\"caption\":\"Safinel\"},\"image\":{\"@id\":\"https:\/\/www.safinel.fr\/#\/schema\/logo\/image\/\"}}]}<\/script>\n<!-- \/ Yoast SEO plugin. -->","yoast_head_json":{"title":"Alisamento brasileiro sem formalde\u00eddo com queratina I Pro Hair Professional","description":"O alisamento brasileiro com queratina, e principalmente sem formalde\u00eddo, da marca ProHair Professional, \u00e9 uma verdadeira tecnologia capilar!","robots":{"index":"index","follow":"follow","max-snippet":"max-snippet:-1","max-image-preview":"max-image-preview:large","max-video-preview":"max-video-preview:-1"},"canonical":"https:\/\/www.safinel.fr\/pt\/product-2\/alisamento-brasileiro-sem-formaldeido-com-queratina\/","og_locale":"pt_PT","og_type":"article","og_title":"Lissage br\u00e9silien sans formol \u00e0 la k\u00e9ratine I Pro Hair Professional","og_description":"Le\u00a0lissage br\u00e9silien\u00a0\u00e0 la k\u00e9ratine, et surtout\u00a0sans formol, de la marque\u00a0ProHair Professional, est une v\u00e9ritable technologie capillaire !","og_url":"https:\/\/www.safinel.fr\/pt\/product-2\/alisamento-brasileiro-sem-formaldeido-com-queratina\/","og_site_name":"Safinel","article_modified_time":"2025-06-13T13:53:21+00:00","og_image":[{"width":600,"height":600,"url":"https:\/\/www.safinel.fr\/wp-content\/uploads\/2022\/08\/kit-de-lissage-bresilien-pro-hair-professional.jpg","type":"image\/jpeg"}],"twitter_card":"summary_large_image","twitter_misc":{"Tempo estimado de leitura":"3 minutos"},"schema":{"@context":"https:\/\/schema.org","@graph":[{"@type":"WebPage","@id":"https:\/\/www.safinel.fr\/produit\/lissage-bresilien-sans-formol-a-la-keratine\/","url":"https:\/\/www.safinel.fr\/produit\/lissage-bresilien-sans-formol-a-la-keratine\/","name":"Alisamento brasileiro sem formalde\u00eddo com queratina I Pro Hair Professional","isPartOf":{"@id":"https:\/\/www.safinel.fr\/#website"},"primaryImageOfPage":{"@id":"https:\/\/www.safinel.fr\/produit\/lissage-bresilien-sans-formol-a-la-keratine\/#primaryimage"},"image":{"@id":"https:\/\/www.safinel.fr\/produit\/lissage-bresilien-sans-formol-a-la-keratine\/#primaryimage"},"thumbnailUrl":"https:\/\/www.safinel.fr\/wp-content\/uploads\/2022\/08\/kit-de-lissage-bresilien-pro-hair-professional.jpg","datePublished":"2022-08-17T09:41:44+00:00","dateModified":"2025-06-13T13:53:21+00:00","description":"O alisamento brasileiro com queratina, e principalmente sem formalde\u00eddo, da marca ProHair Professional, \u00e9 uma verdadeira tecnologia capilar!","breadcrumb":{"@id":"https:\/\/www.safinel.fr\/produit\/lissage-bresilien-sans-formol-a-la-keratine\/#breadcrumb"},"inLanguage":"pt-PT","potentialAction":[{"@type":"ReadAction","target":["https:\/\/www.safinel.fr\/produit\/lissage-bresilien-sans-formol-a-la-keratine\/"]}]},{"@type":"ImageObject","inLanguage":"pt-PT","@id":"https:\/\/www.safinel.fr\/produit\/lissage-bresilien-sans-formol-a-la-keratine\/#primaryimage","url":"https:\/\/www.safinel.fr\/wp-content\/uploads\/2022\/08\/kit-de-lissage-bresilien-pro-hair-professional.jpg","contentUrl":"https:\/\/www.safinel.fr\/wp-content\/uploads\/2022\/08\/kit-de-lissage-bresilien-pro-hair-professional.jpg","width":600,"height":600,"caption":"Lissage br\u00e9silien"},{"@type":"BreadcrumbList","@id":"https:\/\/www.safinel.fr\/produit\/lissage-bresilien-sans-formol-a-la-keratine\/#breadcrumb","itemListElement":[{"@type":"ListItem","position":1,"name":"Accueil","item":"https:\/\/www.safinel.fr\/"},{"@type":"ListItem","position":2,"name":"Boutique","item":"https:\/\/www.safinel.fr\/boutique\/"},{"@type":"ListItem","position":3,"name":"Lissage br\u00e9silien sans formol \u00e0 la k\u00e9ratine &#8211; Pro Hair Professional"}]},{"@type":"WebSite","@id":"https:\/\/www.safinel.fr\/#website","url":"https:\/\/www.safinel.fr\/","name":"Safinel","description":"","publisher":{"@id":"https:\/\/www.safinel.fr\/#organization"},"potentialAction":[{"@type":"SearchAction","target":{"@type":"EntryPoint","urlTemplate":"https:\/\/www.safinel.fr\/?s={search_term_string}"},"query-input":{"@type":"PropertyValueSpecification","valueRequired":true,"valueName":"search_term_string"}}],"inLanguage":"pt-PT"},{"@type":"Organization","@id":"https:\/\/www.safinel.fr\/#organization","name":"Safinel","url":"https:\/\/www.safinel.fr\/","logo":{"@type":"ImageObject","inLanguage":"pt-PT","@id":"https:\/\/www.safinel.fr\/#\/schema\/logo\/image\/","url":"https:\/\/www.safinel.fr\/wp-content\/uploads\/2021\/05\/boutique-cosmetique.png","contentUrl":"https:\/\/www.safinel.fr\/wp-content\/uploads\/2021\/05\/boutique-cosmetique.png","width":800,"height":200,"caption":"Safinel"},"image":{"@id":"https:\/\/www.safinel.fr\/#\/schema\/logo\/image\/"}}]}},"_links":{"self":[{"href":"https:\/\/www.safinel.fr\/pt\/wp-json\/wp\/v2\/product\/2180","targetHints":{"allow":["GET"]}}],"collection":[{"href":"https:\/\/www.safinel.fr\/pt\/wp-json\/wp\/v2\/product"}],"about":[{"href":"https:\/\/www.safinel.fr\/pt\/wp-json\/wp\/v2\/types\/product"}],"wp:featuredmedia":[{"embeddable":true,"href":"https:\/\/www.safinel.fr\/pt\/wp-json\/wp\/v2\/media\/2210"}],"wp:attachment":[{"href":"https:\/\/www.safinel.fr\/pt\/wp-json\/wp\/v2\/media?parent=2180"}],"wp:term":[{"taxonomy":"product_brand","embeddable":true,"href":"https:\/\/www.safinel.fr\/pt\/wp-json\/wp\/v2\/product_brand?post=2180"},{"taxonomy":"product_cat","embeddable":true,"href":"https:\/\/www.safinel.fr\/pt\/wp-json\/wp\/v2\/product_cat?post=2180"},{"taxonomy":"product_tag","embeddable":true,"href":"https:\/\/www.safinel.fr\/pt\/wp-json\/wp\/v2\/product_tag?post=2180"}],"curies":[{"name":"wp","href":"https:\/\/api.w.org\/{rel}","templated":true}]}}