{"id":1953,"date":"2022-07-28T10:34:03","date_gmt":"2022-07-28T10:34:03","guid":{"rendered":"https:\/\/www.safinel.fr\/?post_type=product&#038;p=1953"},"modified":"2024-01-03T14:42:14","modified_gmt":"2024-01-03T14:42:14","slug":"mel-de-lavanda","status":"publish","type":"product","link":"https:\/\/www.safinel.fr\/pt\/product-2\/mel-de-lavanda\/","title":{"rendered":"Mel de lavanda da Espanha 250 g"},"content":{"rendered":"<p>Se gosta de a\u00e7\u00facar natural e aromas atraentes, a sua loja online Safinel provavelmente tem o que precisa! D\u00ea as boas-vindas ao famoso\u00a0<strong>mel de lavanda da Espanha<\/strong>\u00a0Este \u00faltimo \u00e9 muito conhecido, especialmente nas regi\u00f5es mediterr\u00e2nicas, pelo seu perfume, mas tamb\u00e9m pelas suas in\u00fameras virtudes.<strong>\u00a0<\/strong><\/p>\n<h2><strong>Finalmente apresentamos o mel de lavanda da Espanha!\u00a0<\/strong><\/h2>\n<p>O seu\u00a0<strong>loja de bem-estar<\/strong>\u00a0destaca um dos produtos mais apreciados da colmeia... Estamos a falar, evidentemente, do mel de lavanda espanhol. Dispon\u00edvel nas lojas num frasco transparente, que permite ver o famoso l\u00edquido, este n\u00e9ctar muito perfumado pode muito bem ser o alimento funcional que lhe falta.<\/p>\n<p>Em um recipiente de 250 g, o<strong>\u00a0mel de lavanda espanhol\u00a0<\/strong>\u00e9 ideal para quem deseja desfrutar desta iguaria por muito tempo...<\/p>\n<h2><strong>Os benef\u00edcios do mel de lavanda espanhol\u00a0<\/strong><\/h2>\n<p>Este maravilhoso\u00a0<strong>n\u00e9ctar<\/strong>\u00a0\u00e9 conhecido n\u00e3o s\u00f3 pelo seu aroma muito pronunciado, mas tamb\u00e9m pelo seu sabor muito agrad\u00e1vel.<\/p>\n<p>Al\u00e9m disso, muito \u00fatil para doen\u00e7as sazonais, como dores de garganta e problemas respirat\u00f3rios, tamb\u00e9m parece ser muito apreciado pelos desportistas!<\/p>\n<p>De facto, muitos atletas profissionais gostam de usar o mel como suplemento alimentar. Antes do treino, para obter energia, e logo a seguir, para recuperar, o mel de lavanda espanhol pode muito bem conquist\u00e1-lo!<\/p>\n<h3><strong>A sua loja de bem-estar tamb\u00e9m \u00e9...\u00a0<\/strong><\/h3>\n<p>A Safinel est\u00e1 sempre muito preocupada com o que lhe oferece! O objetivo \u00e9 destacar produtos que possam ser \u00fateis no seu dia a dia.<\/p>\n<p>\u00c9 por isso que ela deseja que voc\u00ea descubra <a href=\"https:\/\/www.safinel.fr\/pt\/product-2\/capsula-de-rejuvenescimento-intimo\/\"><strong>a c\u00e1psula de aperto \u00edntimo<\/strong><\/a> Muito apreciado por algumas mulheres, ele pode rapidamente seduzi-lo.<\/p>\n<p>Al\u00e9m disso, tamb\u00e9m pode experimentar o gengibre em p\u00f3. Conhecido por ser um afrodis\u00edaco natural, descubra sem demora todas as suas virtudes desconhecidas.<\/p>","protected":false},"excerpt":{"rendered":"<p>Vous \u00eates friands de sucre naturel et d&rsquo;ar\u00f4mes attirants, votre boutique en ligne Safinel a probablement ce qu\u2019il vous faut ! Faites place au fameux\u00a0miel de lavande d\u2019Espagne\u00a0! Ce dernier est tr\u00e8s connu, notamment dans les r\u00e9gions m\u00e9diterran\u00e9ennes pour son parfum mais \u00e9galement pour ses nombreuses vertus.\u00a0 On vous pr\u00e9sente enfin le miel de lavande [&#8230;]","protected":false},"featured_media":1954,"template":"","meta":[],"product_brand":[],"product_cat":[24,71],"product_tag":[],"class_list":{"0":"post-1953","1":"product","2":"type-product","3":"status-publish","4":"has-post-thumbnail","6":"product_cat-apiculture","7":"product_cat-miels-despagne","9":"first","10":"outofstock","11":"shipping-taxable","12":"purchasable","13":"product-type-simple"},"yoast_head":"<!-- This site is optimized with the Yoast SEO plugin v26.6 - https:\/\/yoast.com\/wordpress\/plugins\/seo\/ -->\n<title>Miel de lavande d&#039;Espagne I Bienfaits nombreux I 250g<\/title>\n<meta name=\"description\" content=\"Vous \u00eates friands de sucre naturel et d&#039;ar\u00f4mes attirants. Faites place au fameux\u00a0miel de lavande d\u2019Espagne\u00a0 en quelques clics !\" \/>\n<meta name=\"robots\" content=\"index, follow, max-snippet:-1, max-image-preview:large, max-video-preview:-1\" \/>\n<link rel=\"canonical\" href=\"https:\/\/www.safinel.fr\/pt\/product-2\/mel-de-lavanda\/\" \/>\n<meta property=\"og:locale\" content=\"pt_PT\" \/>\n<meta property=\"og:type\" content=\"article\" \/>\n<meta property=\"og:title\" content=\"Miel de lavande d&#039;Espagne I Bienfaits nombreux I 250g\" \/>\n<meta property=\"og:description\" content=\"Vous \u00eates friands de sucre naturel et d&#039;ar\u00f4mes attirants. Faites place au fameux\u00a0miel de lavande d\u2019Espagne\u00a0 en quelques clics !\" \/>\n<meta property=\"og:url\" content=\"https:\/\/www.safinel.fr\/pt\/product-2\/mel-de-lavanda\/\" \/>\n<meta property=\"og:site_name\" content=\"Safinel\" \/>\n<meta property=\"article:modified_time\" content=\"2024-01-03T14:42:14+00:00\" \/>\n<meta property=\"og:image\" content=\"https:\/\/www.safinel.fr\/wp-content\/uploads\/2022\/07\/miel-de-lavande-d-espagne.jpg\" \/>\n\t<meta property=\"og:image:width\" content=\"600\" \/>\n\t<meta property=\"og:image:height\" content=\"600\" \/>\n\t<meta property=\"og:image:type\" content=\"image\/jpeg\" \/>\n<meta name=\"twitter:card\" content=\"summary_large_image\" \/>\n<meta name=\"twitter:label1\" content=\"Tempo estimado de leitura\" \/>\n\t<meta name=\"twitter:data1\" content=\"2 minutos\" \/>\n<script type=\"application\/ld+json\" class=\"yoast-schema-graph\">{\"@context\":\"https:\/\/schema.org\",\"@graph\":[{\"@type\":\"WebPage\",\"@id\":\"https:\/\/www.safinel.fr\/produit\/miel-de-lavande\/\",\"url\":\"https:\/\/www.safinel.fr\/produit\/miel-de-lavande\/\",\"name\":\"Miel de lavande d'Espagne I Bienfaits nombreux I 250g\",\"isPartOf\":{\"@id\":\"https:\/\/www.safinel.fr\/#website\"},\"primaryImageOfPage\":{\"@id\":\"https:\/\/www.safinel.fr\/produit\/miel-de-lavande\/#primaryimage\"},\"image\":{\"@id\":\"https:\/\/www.safinel.fr\/produit\/miel-de-lavande\/#primaryimage\"},\"thumbnailUrl\":\"https:\/\/www.safinel.fr\/wp-content\/uploads\/2022\/07\/miel-de-lavande-d-espagne.jpg\",\"datePublished\":\"2022-07-28T10:34:03+00:00\",\"dateModified\":\"2024-01-03T14:42:14+00:00\",\"description\":\"Vous \u00eates friands de sucre naturel et d'ar\u00f4mes attirants. Faites place au fameux\u00a0miel de lavande d\u2019Espagne\u00a0 en quelques clics !\",\"breadcrumb\":{\"@id\":\"https:\/\/www.safinel.fr\/produit\/miel-de-lavande\/#breadcrumb\"},\"inLanguage\":\"pt-PT\",\"potentialAction\":[{\"@type\":\"ReadAction\",\"target\":[\"https:\/\/www.safinel.fr\/produit\/miel-de-lavande\/\"]}]},{\"@type\":\"ImageObject\",\"inLanguage\":\"pt-PT\",\"@id\":\"https:\/\/www.safinel.fr\/produit\/miel-de-lavande\/#primaryimage\",\"url\":\"https:\/\/www.safinel.fr\/wp-content\/uploads\/2022\/07\/miel-de-lavande-d-espagne.jpg\",\"contentUrl\":\"https:\/\/www.safinel.fr\/wp-content\/uploads\/2022\/07\/miel-de-lavande-d-espagne.jpg\",\"width\":600,\"height\":600,\"caption\":\"Miel de lavande d'Espagne 250g\"},{\"@type\":\"BreadcrumbList\",\"@id\":\"https:\/\/www.safinel.fr\/produit\/miel-de-lavande\/#breadcrumb\",\"itemListElement\":[{\"@type\":\"ListItem\",\"position\":1,\"name\":\"Accueil\",\"item\":\"https:\/\/www.safinel.fr\/\"},{\"@type\":\"ListItem\",\"position\":2,\"name\":\"Boutique\",\"item\":\"https:\/\/www.safinel.fr\/boutique\/\"},{\"@type\":\"ListItem\",\"position\":3,\"name\":\"Miel de lavande d&#8217;Espagne 250g\"}]},{\"@type\":\"WebSite\",\"@id\":\"https:\/\/www.safinel.fr\/#website\",\"url\":\"https:\/\/www.safinel.fr\/\",\"name\":\"Safinel\",\"description\":\"\",\"publisher\":{\"@id\":\"https:\/\/www.safinel.fr\/#organization\"},\"potentialAction\":[{\"@type\":\"SearchAction\",\"target\":{\"@type\":\"EntryPoint\",\"urlTemplate\":\"https:\/\/www.safinel.fr\/?s={search_term_string}\"},\"query-input\":{\"@type\":\"PropertyValueSpecification\",\"valueRequired\":true,\"valueName\":\"search_term_string\"}}],\"inLanguage\":\"pt-PT\"},{\"@type\":\"Organization\",\"@id\":\"https:\/\/www.safinel.fr\/#organization\",\"name\":\"Safinel\",\"url\":\"https:\/\/www.safinel.fr\/\",\"logo\":{\"@type\":\"ImageObject\",\"inLanguage\":\"pt-PT\",\"@id\":\"https:\/\/www.safinel.fr\/#\/schema\/logo\/image\/\",\"url\":\"https:\/\/www.safinel.fr\/wp-content\/uploads\/2021\/05\/boutique-cosmetique.png\",\"contentUrl\":\"https:\/\/www.safinel.fr\/wp-content\/uploads\/2021\/05\/boutique-cosmetique.png\",\"width\":800,\"height\":200,\"caption\":\"Safinel\"},\"image\":{\"@id\":\"https:\/\/www.safinel.fr\/#\/schema\/logo\/image\/\"}}]}<\/script>\n<!-- \/ Yoast SEO plugin. -->","yoast_head_json":{"title":"Mel de lavanda da Espanha I In\u00fameros benef\u00edcios I 250 g","description":"Voc\u00ea gosta de a\u00e7\u00facar natural e aromas atraentes. Fa\u00e7a espa\u00e7o para o famoso mel de lavanda da Espanha  com apenas alguns cliques!","robots":{"index":"index","follow":"follow","max-snippet":"max-snippet:-1","max-image-preview":"max-image-preview:large","max-video-preview":"max-video-preview:-1"},"canonical":"https:\/\/www.safinel.fr\/pt\/product-2\/mel-de-lavanda\/","og_locale":"pt_PT","og_type":"article","og_title":"Miel de lavande d'Espagne I Bienfaits nombreux I 250g","og_description":"Vous \u00eates friands de sucre naturel et d'ar\u00f4mes attirants. Faites place au fameux\u00a0miel de lavande d\u2019Espagne\u00a0 en quelques clics !","og_url":"https:\/\/www.safinel.fr\/pt\/product-2\/mel-de-lavanda\/","og_site_name":"Safinel","article_modified_time":"2024-01-03T14:42:14+00:00","og_image":[{"width":600,"height":600,"url":"https:\/\/www.safinel.fr\/wp-content\/uploads\/2022\/07\/miel-de-lavande-d-espagne.jpg","type":"image\/jpeg"}],"twitter_card":"summary_large_image","twitter_misc":{"Tempo estimado de leitura":"2 minutos"},"schema":{"@context":"https:\/\/schema.org","@graph":[{"@type":"WebPage","@id":"https:\/\/www.safinel.fr\/produit\/miel-de-lavande\/","url":"https:\/\/www.safinel.fr\/produit\/miel-de-lavande\/","name":"Mel de lavanda da Espanha I In\u00fameros benef\u00edcios I 250 g","isPartOf":{"@id":"https:\/\/www.safinel.fr\/#website"},"primaryImageOfPage":{"@id":"https:\/\/www.safinel.fr\/produit\/miel-de-lavande\/#primaryimage"},"image":{"@id":"https:\/\/www.safinel.fr\/produit\/miel-de-lavande\/#primaryimage"},"thumbnailUrl":"https:\/\/www.safinel.fr\/wp-content\/uploads\/2022\/07\/miel-de-lavande-d-espagne.jpg","datePublished":"2022-07-28T10:34:03+00:00","dateModified":"2024-01-03T14:42:14+00:00","description":"Voc\u00ea gosta de a\u00e7\u00facar natural e aromas atraentes. Fa\u00e7a espa\u00e7o para o famoso mel de lavanda da Espanha  com apenas alguns cliques!","breadcrumb":{"@id":"https:\/\/www.safinel.fr\/produit\/miel-de-lavande\/#breadcrumb"},"inLanguage":"pt-PT","potentialAction":[{"@type":"ReadAction","target":["https:\/\/www.safinel.fr\/produit\/miel-de-lavande\/"]}]},{"@type":"ImageObject","inLanguage":"pt-PT","@id":"https:\/\/www.safinel.fr\/produit\/miel-de-lavande\/#primaryimage","url":"https:\/\/www.safinel.fr\/wp-content\/uploads\/2022\/07\/miel-de-lavande-d-espagne.jpg","contentUrl":"https:\/\/www.safinel.fr\/wp-content\/uploads\/2022\/07\/miel-de-lavande-d-espagne.jpg","width":600,"height":600,"caption":"Miel de lavande d'Espagne 250g"},{"@type":"BreadcrumbList","@id":"https:\/\/www.safinel.fr\/produit\/miel-de-lavande\/#breadcrumb","itemListElement":[{"@type":"ListItem","position":1,"name":"Accueil","item":"https:\/\/www.safinel.fr\/"},{"@type":"ListItem","position":2,"name":"Boutique","item":"https:\/\/www.safinel.fr\/boutique\/"},{"@type":"ListItem","position":3,"name":"Miel de lavande d&#8217;Espagne 250g"}]},{"@type":"WebSite","@id":"https:\/\/www.safinel.fr\/#website","url":"https:\/\/www.safinel.fr\/","name":"Safinel","description":"","publisher":{"@id":"https:\/\/www.safinel.fr\/#organization"},"potentialAction":[{"@type":"SearchAction","target":{"@type":"EntryPoint","urlTemplate":"https:\/\/www.safinel.fr\/?s={search_term_string}"},"query-input":{"@type":"PropertyValueSpecification","valueRequired":true,"valueName":"search_term_string"}}],"inLanguage":"pt-PT"},{"@type":"Organization","@id":"https:\/\/www.safinel.fr\/#organization","name":"Safinel","url":"https:\/\/www.safinel.fr\/","logo":{"@type":"ImageObject","inLanguage":"pt-PT","@id":"https:\/\/www.safinel.fr\/#\/schema\/logo\/image\/","url":"https:\/\/www.safinel.fr\/wp-content\/uploads\/2021\/05\/boutique-cosmetique.png","contentUrl":"https:\/\/www.safinel.fr\/wp-content\/uploads\/2021\/05\/boutique-cosmetique.png","width":800,"height":200,"caption":"Safinel"},"image":{"@id":"https:\/\/www.safinel.fr\/#\/schema\/logo\/image\/"}}]}},"_links":{"self":[{"href":"https:\/\/www.safinel.fr\/pt\/wp-json\/wp\/v2\/product\/1953","targetHints":{"allow":["GET"]}}],"collection":[{"href":"https:\/\/www.safinel.fr\/pt\/wp-json\/wp\/v2\/product"}],"about":[{"href":"https:\/\/www.safinel.fr\/pt\/wp-json\/wp\/v2\/types\/product"}],"wp:featuredmedia":[{"embeddable":true,"href":"https:\/\/www.safinel.fr\/pt\/wp-json\/wp\/v2\/media\/1954"}],"wp:attachment":[{"href":"https:\/\/www.safinel.fr\/pt\/wp-json\/wp\/v2\/media?parent=1953"}],"wp:term":[{"taxonomy":"product_brand","embeddable":true,"href":"https:\/\/www.safinel.fr\/pt\/wp-json\/wp\/v2\/product_brand?post=1953"},{"taxonomy":"product_cat","embeddable":true,"href":"https:\/\/www.safinel.fr\/pt\/wp-json\/wp\/v2\/product_cat?post=1953"},{"taxonomy":"product_tag","embeddable":true,"href":"https:\/\/www.safinel.fr\/pt\/wp-json\/wp\/v2\/product_tag?post=1953"}],"curies":[{"name":"wp","href":"https:\/\/api.w.org\/{rel}","templated":true}]}}