{"id":1938,"date":"2022-07-28T10:27:17","date_gmt":"2022-07-28T10:27:17","guid":{"rendered":"https:\/\/www.safinel.fr\/?post_type=product&#038;p=1938"},"modified":"2023-12-28T17:15:20","modified_gmt":"2023-12-28T17:15:20","slug":"mel-de-trigo-sarraceno","status":"publish","type":"product","link":"https:\/\/www.safinel.fr\/pt\/product-2\/mel-de-trigo-sarraceno\/","title":{"rendered":"Mel de trigo sarraceno 250 g"},"content":{"rendered":"<p>Se h\u00e1 um mel que certamente n\u00e3o encontrou facilmente nas prateleiras do supermercado ou no mercado de domingo, \u00e9 mesmo este. <strong>o mel de trigo sarraceno<\/strong>\u00a0Nunca ouviu falar?<\/p>\n<p>Ent\u00e3o prepare-se bem! Sem d\u00favida que vai cair como uma panqueca quando as suas papilas gustativas tiverem o prazer de conhecer\u00a0<strong>esta pequena joia da natureza<\/strong>\u00a0!<\/p>\n<h2><strong>O mel de trigo sarraceno: Ele percorreu um longo caminho!\u00a0<\/strong><\/h2>\n<p>Correndo o risco de surpreend\u00ea-lo, o ancestral mel de trigo sarraceno n\u00e3o foi extra\u00eddo, inicialmente, da \u00abbreizh\u00bb. Sim, ele vem de muito mais longe! Ele tem sotaque americano! Incr\u00edvel, n\u00e3o \u00e9?!<\/p>\n<p>Que fiquemos tranquilos, ele ainda foi\u00a0<strong>o emblema da Bretanha<\/strong>\u00a0durante um bom tempo. Uma vez que o cultivo do trigo sarraceno \u00e9 tradicionalmente praticado nesta regi\u00e3o. Atualmente, mesmo que as crepes continuem a existir, o trigo sarraceno em si tornou-se mais raro entre os bret\u00f5es do que antigamente.<\/p>\n<p>Atualmente, as colheitas s\u00e3o feitas no ver\u00e3o, em\u00a0<strong>as belas paisagens da Europa.<\/strong><\/p>\n<p>E, tendo em conta a sua excel\u00eancia e virtudes, \u00e9 com muito orgulho que o disponibilizamos na nossa loja.<\/p>\n<h2><strong>Ele n\u00e3o se parece com nenhum outro!<\/strong><\/h2>\n<p>Com estas caracter\u00edsticas raras e excepcionais, o mel de trigo sarraceno ir\u00e1 surpreend\u00ea-lo com o seu\u00a0<strong>cor \u00e2mbar com leves reflexos avermelhados.<\/strong>\u00a0Ele ir\u00e1 surpreend\u00ea-lo com a sua textura espessa e cremosa. Ele ir\u00e1 surpreend\u00ea-lo com o seu\u00a0<strong>aroma amadeirado e encorpado.<\/strong>\u00a0Ele ir\u00e1 surpreend\u00ea-lo com o seu\u00a0<strong>sabor pronunciado a alca\u00e7uz, com equil\u00edbrio entre o a\u00e7\u00facar e a acidez.\u00a0<\/strong><\/p>\n<p>Prepare-se para descobrir a pot\u00eancia e a subtileza numa \u00fanica colherada.<\/p>\n<p>Definitivamente, voc\u00ea vai sucumbir ao prazer gustativo desta rara joia.<\/p>\n<h2><strong>Levantamos o v\u00e9u sobre as virtudes terap\u00eauticas do mel de trigo sarraceno<\/strong><\/h2>\n<p>Podemos dizer que a lista \u00e9 longa! E uma lista de qualidade! O mel de trigo sarraceno ir\u00e1 ajud\u00e1-lo, nomeadamente, a:<\/p>\n<ul>\n<li>Combater a anemia<\/li>\n<li>Tonifique o seu corpo, ajude-o a regenerar-se e remineralize-o<\/li>\n<li>Melhorar a circula\u00e7\u00e3o sangu\u00ednea<\/li>\n<li>Otimizar o sistema digestivo<\/li>\n<li>Ajudar a cicatrizar feridas e queimaduras<\/li>\n<\/ul>\n<p>\u00c9 melhor dizer que, para\u00a0<strong>crian\u00e7as em fase de crescimento e m\u00e3es ap\u00f3s o parto<\/strong>\u00a0\u00c9 o Rolls Royce dos m\u00e9is! Claro!<\/p>\n<p>Como deve ter percebido, o mel de trigo sarraceno \u00e9 um mel raro!<\/p>\n<h2><strong>Revelamos os segredos de consumo desta p\u00e9rola numa caixa elegante.\u00a0<\/strong><\/h2>\n<p>F\u00e3 incondicional do p\u00e3o de especiarias, ele vai saber perfeitamente como se comportar.\u2019<strong>acrescentar ao nosso incontorn\u00e1vel e <a href=\"https:\/\/www.safinel.fr\/pt\/product-2\/mel-da-primavera\/\">mel saboroso da primavera<\/a><\/strong>\u00a0que encontrar\u00e1 facilmente na nossa loja.<\/p>\n<p>O mel de trigo sarraceno ir\u00e1 beneficiar a sua cria\u00e7\u00e3o culin\u00e1ria com o seu sabor.\u00a0<strong>original e pronunciado.\u00a0<\/strong><\/p>\n<p>Acompanha muito bem pratos de ca\u00e7a. Enriquecer\u00e1 os seus molhos com o seu sabor \u00fanico.<\/p>\n<p>Para uma alimenta\u00e7\u00e3o mais saud\u00e1vel, ele tamb\u00e9m pode ser adicionado a iogurtes, queijos frescos e outros queijos brancos. E para ir al\u00e9m, pode prolongar o prazer combinando-o com frutas da esta\u00e7\u00e3o, como ma\u00e7\u00e3s, p\u00eassegos ou mel\u00f5es.<\/p>\n<p>Claramente, uma verdadeira experi\u00eancia gustativa espera por si!<\/p>\n<h3><strong>Ent\u00e3o voc\u00ea se pergunta se poder\u00e1 prolongar o prazer conservando o mel de trigo sarraceno por bastante tempo?<\/strong><\/h3>\n<p>N\u00e3o entre em p\u00e2nico! Ele conserva-se muito bem em\u00a0<strong>temperatura ambiente, protegido da luz.\u00a0<\/strong><\/p>\n<p>Al\u00e9m disso, ele\u00a0<strong>cristalizar\u00e1 muito lentamente e finamente<\/strong>. Definitivamente, raro, requintado e refinado at\u00e9 ao fim do frasco!<\/p>","protected":false},"excerpt":{"rendered":"<p>Se h\u00e1 um mel que certamente n\u00e3o encontrou facilmente nas prateleiras do supermercado ou no mercado de domingo, \u00e9 o mel de trigo sarraceno! Nunca ouviu falar dele? Ent\u00e3o prepare-se! Sem d\u00favida, vai ficar encantado quando o seu paladar tiver o prazer de prov\u00e1-lo.","protected":false},"featured_media":1940,"template":"","meta":[],"product_brand":[],"product_cat":[24],"product_tag":[],"class_list":{"0":"post-1938","1":"product","2":"type-product","3":"status-publish","4":"has-post-thumbnail","6":"product_cat-apiculture","8":"first","9":"outofstock","10":"shipping-taxable","11":"purchasable","12":"product-type-simple"},"yoast_head":"<!-- This site is optimized with the Yoast SEO plugin v26.6 - https:\/\/yoast.com\/wordpress\/plugins\/seo\/ -->\n<title>Miel de sarrasin I Bienfaits nombreux I Achat en ligne s\u00e9curis\u00e9<\/title>\n<meta name=\"description\" content=\"Si il y a bien un miel que vous n\u2019avez pas crois\u00e9 ais\u00e9ment dans les rayons du supermarch\u00e9 ou sur votre march\u00e9 du dimanche c\u2019est bien le miel de sarrasin\u00a0!\" \/>\n<meta name=\"robots\" content=\"index, follow, max-snippet:-1, max-image-preview:large, max-video-preview:-1\" \/>\n<link rel=\"canonical\" href=\"https:\/\/www.safinel.fr\/pt\/product-2\/mel-de-trigo-sarraceno\/\" \/>\n<meta property=\"og:locale\" content=\"pt_PT\" \/>\n<meta property=\"og:type\" content=\"article\" \/>\n<meta property=\"og:title\" content=\"Miel de sarrasin I Bienfaits nombreux I Achat en ligne s\u00e9curis\u00e9\" \/>\n<meta property=\"og:description\" content=\"Si il y a bien un miel que vous n\u2019avez pas crois\u00e9 ais\u00e9ment dans les rayons du supermarch\u00e9 ou sur votre march\u00e9 du dimanche c\u2019est bien le miel de sarrasin\u00a0!\" \/>\n<meta property=\"og:url\" content=\"https:\/\/www.safinel.fr\/pt\/product-2\/mel-de-trigo-sarraceno\/\" \/>\n<meta property=\"og:site_name\" content=\"Safinel\" \/>\n<meta property=\"article:modified_time\" content=\"2023-12-28T17:15:20+00:00\" \/>\n<meta property=\"og:image\" content=\"https:\/\/www.safinel.fr\/wp-content\/uploads\/2022\/07\/miel-de-sarrasin.jpg\" \/>\n\t<meta property=\"og:image:width\" content=\"600\" \/>\n\t<meta property=\"og:image:height\" content=\"600\" \/>\n\t<meta property=\"og:image:type\" content=\"image\/jpeg\" \/>\n<meta name=\"twitter:card\" content=\"summary_large_image\" \/>\n<meta name=\"twitter:label1\" content=\"Tempo estimado de leitura\" \/>\n\t<meta name=\"twitter:data1\" content=\"3 minutos\" \/>\n<script type=\"application\/ld+json\" class=\"yoast-schema-graph\">{\"@context\":\"https:\/\/schema.org\",\"@graph\":[{\"@type\":\"WebPage\",\"@id\":\"https:\/\/www.safinel.fr\/produit\/miel-de-sarrasin\/\",\"url\":\"https:\/\/www.safinel.fr\/produit\/miel-de-sarrasin\/\",\"name\":\"Miel de sarrasin I Bienfaits nombreux I Achat en ligne s\u00e9curis\u00e9\",\"isPartOf\":{\"@id\":\"https:\/\/www.safinel.fr\/#website\"},\"primaryImageOfPage\":{\"@id\":\"https:\/\/www.safinel.fr\/produit\/miel-de-sarrasin\/#primaryimage\"},\"image\":{\"@id\":\"https:\/\/www.safinel.fr\/produit\/miel-de-sarrasin\/#primaryimage\"},\"thumbnailUrl\":\"https:\/\/www.safinel.fr\/wp-content\/uploads\/2022\/07\/miel-de-sarrasin.jpg\",\"datePublished\":\"2022-07-28T10:27:17+00:00\",\"dateModified\":\"2023-12-28T17:15:20+00:00\",\"description\":\"Si il y a bien un miel que vous n\u2019avez pas crois\u00e9 ais\u00e9ment dans les rayons du supermarch\u00e9 ou sur votre march\u00e9 du dimanche c\u2019est bien le miel de sarrasin\u00a0!\",\"breadcrumb\":{\"@id\":\"https:\/\/www.safinel.fr\/produit\/miel-de-sarrasin\/#breadcrumb\"},\"inLanguage\":\"pt-PT\",\"potentialAction\":[{\"@type\":\"ReadAction\",\"target\":[\"https:\/\/www.safinel.fr\/produit\/miel-de-sarrasin\/\"]}]},{\"@type\":\"ImageObject\",\"inLanguage\":\"pt-PT\",\"@id\":\"https:\/\/www.safinel.fr\/produit\/miel-de-sarrasin\/#primaryimage\",\"url\":\"https:\/\/www.safinel.fr\/wp-content\/uploads\/2022\/07\/miel-de-sarrasin.jpg\",\"contentUrl\":\"https:\/\/www.safinel.fr\/wp-content\/uploads\/2022\/07\/miel-de-sarrasin.jpg\",\"width\":600,\"height\":600,\"caption\":\"Miel de sarrasin 250g\"},{\"@type\":\"BreadcrumbList\",\"@id\":\"https:\/\/www.safinel.fr\/produit\/miel-de-sarrasin\/#breadcrumb\",\"itemListElement\":[{\"@type\":\"ListItem\",\"position\":1,\"name\":\"Accueil\",\"item\":\"https:\/\/www.safinel.fr\/\"},{\"@type\":\"ListItem\",\"position\":2,\"name\":\"Boutique\",\"item\":\"https:\/\/www.safinel.fr\/boutique\/\"},{\"@type\":\"ListItem\",\"position\":3,\"name\":\"Miel de sarrasin 250g\"}]},{\"@type\":\"WebSite\",\"@id\":\"https:\/\/www.safinel.fr\/#website\",\"url\":\"https:\/\/www.safinel.fr\/\",\"name\":\"Safinel\",\"description\":\"\",\"publisher\":{\"@id\":\"https:\/\/www.safinel.fr\/#organization\"},\"potentialAction\":[{\"@type\":\"SearchAction\",\"target\":{\"@type\":\"EntryPoint\",\"urlTemplate\":\"https:\/\/www.safinel.fr\/?s={search_term_string}\"},\"query-input\":{\"@type\":\"PropertyValueSpecification\",\"valueRequired\":true,\"valueName\":\"search_term_string\"}}],\"inLanguage\":\"pt-PT\"},{\"@type\":\"Organization\",\"@id\":\"https:\/\/www.safinel.fr\/#organization\",\"name\":\"Safinel\",\"url\":\"https:\/\/www.safinel.fr\/\",\"logo\":{\"@type\":\"ImageObject\",\"inLanguage\":\"pt-PT\",\"@id\":\"https:\/\/www.safinel.fr\/#\/schema\/logo\/image\/\",\"url\":\"https:\/\/www.safinel.fr\/wp-content\/uploads\/2021\/05\/boutique-cosmetique.png\",\"contentUrl\":\"https:\/\/www.safinel.fr\/wp-content\/uploads\/2021\/05\/boutique-cosmetique.png\",\"width\":800,\"height\":200,\"caption\":\"Safinel\"},\"image\":{\"@id\":\"https:\/\/www.safinel.fr\/#\/schema\/logo\/image\/\"}}]}<\/script>\n<!-- \/ Yoast SEO plugin. -->","yoast_head_json":{"title":"Mel de trigo sarraceno I In\u00fameros benef\u00edcios I Compra online segura","description":"Se h\u00e1 um mel que n\u00e3o se encontra facilmente nas prateleiras do supermercado ou no mercado de domingo, \u00e9 o mel de trigo sarraceno!","robots":{"index":"index","follow":"follow","max-snippet":"max-snippet:-1","max-image-preview":"max-image-preview:large","max-video-preview":"max-video-preview:-1"},"canonical":"https:\/\/www.safinel.fr\/pt\/product-2\/mel-de-trigo-sarraceno\/","og_locale":"pt_PT","og_type":"article","og_title":"Miel de sarrasin I Bienfaits nombreux I Achat en ligne s\u00e9curis\u00e9","og_description":"Si il y a bien un miel que vous n\u2019avez pas crois\u00e9 ais\u00e9ment dans les rayons du supermarch\u00e9 ou sur votre march\u00e9 du dimanche c\u2019est bien le miel de sarrasin\u00a0!","og_url":"https:\/\/www.safinel.fr\/pt\/product-2\/mel-de-trigo-sarraceno\/","og_site_name":"Safinel","article_modified_time":"2023-12-28T17:15:20+00:00","og_image":[{"width":600,"height":600,"url":"https:\/\/www.safinel.fr\/wp-content\/uploads\/2022\/07\/miel-de-sarrasin.jpg","type":"image\/jpeg"}],"twitter_card":"summary_large_image","twitter_misc":{"Tempo estimado de leitura":"3 minutos"},"schema":{"@context":"https:\/\/schema.org","@graph":[{"@type":"WebPage","@id":"https:\/\/www.safinel.fr\/produit\/miel-de-sarrasin\/","url":"https:\/\/www.safinel.fr\/produit\/miel-de-sarrasin\/","name":"Mel de trigo sarraceno I In\u00fameros benef\u00edcios I Compra online segura","isPartOf":{"@id":"https:\/\/www.safinel.fr\/#website"},"primaryImageOfPage":{"@id":"https:\/\/www.safinel.fr\/produit\/miel-de-sarrasin\/#primaryimage"},"image":{"@id":"https:\/\/www.safinel.fr\/produit\/miel-de-sarrasin\/#primaryimage"},"thumbnailUrl":"https:\/\/www.safinel.fr\/wp-content\/uploads\/2022\/07\/miel-de-sarrasin.jpg","datePublished":"2022-07-28T10:27:17+00:00","dateModified":"2023-12-28T17:15:20+00:00","description":"Se h\u00e1 um mel que n\u00e3o se encontra facilmente nas prateleiras do supermercado ou no mercado de domingo, \u00e9 o mel de trigo sarraceno!","breadcrumb":{"@id":"https:\/\/www.safinel.fr\/produit\/miel-de-sarrasin\/#breadcrumb"},"inLanguage":"pt-PT","potentialAction":[{"@type":"ReadAction","target":["https:\/\/www.safinel.fr\/produit\/miel-de-sarrasin\/"]}]},{"@type":"ImageObject","inLanguage":"pt-PT","@id":"https:\/\/www.safinel.fr\/produit\/miel-de-sarrasin\/#primaryimage","url":"https:\/\/www.safinel.fr\/wp-content\/uploads\/2022\/07\/miel-de-sarrasin.jpg","contentUrl":"https:\/\/www.safinel.fr\/wp-content\/uploads\/2022\/07\/miel-de-sarrasin.jpg","width":600,"height":600,"caption":"Miel de sarrasin 250g"},{"@type":"BreadcrumbList","@id":"https:\/\/www.safinel.fr\/produit\/miel-de-sarrasin\/#breadcrumb","itemListElement":[{"@type":"ListItem","position":1,"name":"Accueil","item":"https:\/\/www.safinel.fr\/"},{"@type":"ListItem","position":2,"name":"Boutique","item":"https:\/\/www.safinel.fr\/boutique\/"},{"@type":"ListItem","position":3,"name":"Miel de sarrasin 250g"}]},{"@type":"WebSite","@id":"https:\/\/www.safinel.fr\/#website","url":"https:\/\/www.safinel.fr\/","name":"Safinel","description":"","publisher":{"@id":"https:\/\/www.safinel.fr\/#organization"},"potentialAction":[{"@type":"SearchAction","target":{"@type":"EntryPoint","urlTemplate":"https:\/\/www.safinel.fr\/?s={search_term_string}"},"query-input":{"@type":"PropertyValueSpecification","valueRequired":true,"valueName":"search_term_string"}}],"inLanguage":"pt-PT"},{"@type":"Organization","@id":"https:\/\/www.safinel.fr\/#organization","name":"Safinel","url":"https:\/\/www.safinel.fr\/","logo":{"@type":"ImageObject","inLanguage":"pt-PT","@id":"https:\/\/www.safinel.fr\/#\/schema\/logo\/image\/","url":"https:\/\/www.safinel.fr\/wp-content\/uploads\/2021\/05\/boutique-cosmetique.png","contentUrl":"https:\/\/www.safinel.fr\/wp-content\/uploads\/2021\/05\/boutique-cosmetique.png","width":800,"height":200,"caption":"Safinel"},"image":{"@id":"https:\/\/www.safinel.fr\/#\/schema\/logo\/image\/"}}]}},"_links":{"self":[{"href":"https:\/\/www.safinel.fr\/pt\/wp-json\/wp\/v2\/product\/1938","targetHints":{"allow":["GET"]}}],"collection":[{"href":"https:\/\/www.safinel.fr\/pt\/wp-json\/wp\/v2\/product"}],"about":[{"href":"https:\/\/www.safinel.fr\/pt\/wp-json\/wp\/v2\/types\/product"}],"wp:featuredmedia":[{"embeddable":true,"href":"https:\/\/www.safinel.fr\/pt\/wp-json\/wp\/v2\/media\/1940"}],"wp:attachment":[{"href":"https:\/\/www.safinel.fr\/pt\/wp-json\/wp\/v2\/media?parent=1938"}],"wp:term":[{"taxonomy":"product_brand","embeddable":true,"href":"https:\/\/www.safinel.fr\/pt\/wp-json\/wp\/v2\/product_brand?post=1938"},{"taxonomy":"product_cat","embeddable":true,"href":"https:\/\/www.safinel.fr\/pt\/wp-json\/wp\/v2\/product_cat?post=1938"},{"taxonomy":"product_tag","embeddable":true,"href":"https:\/\/www.safinel.fr\/pt\/wp-json\/wp\/v2\/product_tag?post=1938"}],"curies":[{"name":"wp","href":"https:\/\/api.w.org\/{rel}","templated":true}]}}