{"id":1935,"date":"2022-07-28T10:24:54","date_gmt":"2022-07-28T10:24:54","guid":{"rendered":"https:\/\/www.safinel.fr\/?post_type=product&#038;p=1935"},"modified":"2023-12-28T17:15:20","modified_gmt":"2023-12-28T17:15:20","slug":"mel-de-pinheiro","status":"publish","type":"product","link":"https:\/\/www.safinel.fr\/pt\/product-2\/mel-de-pinheiro\/","title":{"rendered":"Mel de pinheiro 250 g"},"content":{"rendered":"<p>Prepare-se para conhecer o\u00a0<strong>mel de pinheiro<\/strong>\u00a0! Tamb\u00e9m chamado de\u00a0<strong>n\u00e9ctar de melada<\/strong>, este produto da colmeia pode surpreend\u00ea-lo.<\/p>\n<h2><strong>O que \u00e9 o mel de pinheiro?\u00a0<\/strong><\/h2>\n<p>Em primeiro lugar, \u00e9 interessante saber que a produ\u00e7\u00e3o deste mel \u00e9 bastante rara. E isso deve-se ao seu padr\u00e3o de produ\u00e7\u00e3o.<\/p>\n<p>Se normalmente s\u00e3o as abelhas que colhem o n\u00e9ctar das flores,\u00a0<strong>n\u00e9ctar das flores\u00a0<\/strong>para produzir o famoso mel! Para o pinheiro, \u00e9 diferente.<\/p>\n<p>Como este \u00faltimo n\u00e3o tem flores, as abelhas cedem o seu lugar aos pulg\u00f5es, que sugam a seiva. Em seguida, eles secretam um melado que \u00e9 finalmente recolhido pelas nossas pequenas abelhas. \u00c9 por isso que o mel de pinheiro tamb\u00e9m \u00e9 chamado de<strong>\u00a0mel de melada<\/strong>.<\/p>\n<h2><strong>Mel de pinheiro na sua loja Safinel\u00a0<\/strong><\/h2>\n<p>A sua loja de bem-estar tem o prazer de lhe apresentar um n\u00e9ctar de qualidade que certamente ir\u00e1 agradar-lhe! Dispon\u00edvel em embalagens de 250 g, este<strong>\u00a0mel da Fran\u00e7a<\/strong>\u00a0possui um aroma muito agrad\u00e1vel.<\/p>\n<p>T\u00e3o bom para barrar no p\u00e3o como para ado\u00e7ar a sua tisana, este\u00a0<strong>n\u00e9ctar de abeto<\/strong>\u00a0poderia ser unanimidade!<\/p>\n<p>Al\u00e9m disso, al\u00e9m de seu sabor ser muito apreciado, ele tamb\u00e9m \u00e9 ben\u00e9fico para os esfor\u00e7os f\u00edsicos! Portanto, atletas, n\u00e3o hesitem mais e venham descobrir este\u00a0<strong>suplemento alimentar natural<\/strong>. Derrete na boca e \u00e9 muito perfumado, experiment\u00e1-lo \u00e9, de certa forma, adot\u00e1-lo...<\/p>\n<h2><strong>Os benef\u00edcios do mel de pinheiro\u00a0<\/strong><\/h2>\n<p>Se voc\u00ea tamb\u00e9m j\u00e1 ouviu falar dele, provavelmente j\u00e1 ouviu falar das suas in\u00fameras virtudes.  De facto, caro apreciador de n\u00e9ctar, prepare-se para descobrir mais sobre este<strong>\u00a0produto da colmeia<\/strong>\u2026<\/p>\n<ul>\n<li>\u00c9 conhecido por ser ben\u00e9fico para a flora intestinal.<\/li>\n<li>O seu teor de a\u00e7\u00facar n\u00e3o refinado \u00e9 uma verdadeira mais-valia para quem pratica atividades que exigem bastante esfor\u00e7o.<\/li>\n<li>Como a maioria dos m\u00e9is, \u00e9 um rem\u00e9dio eficaz contra dores de garganta e certos problemas respirat\u00f3rios.<\/li>\n<li>Tamb\u00e9m pode ser uma vantagem para ajudar a combater doen\u00e7as cardiovasculares<\/li>\n<li>Al\u00e9m disso, tamb\u00e9m \u00e9 conhecido por ser ben\u00e9fico para certos problemas de pele.<\/li>\n<\/ul>\n<p>Como j\u00e1 percebeu, este<strong>\u00a0tesouro natural<\/strong>\u00a0\u00e9 absolutamente indispens\u00e1vel! Considerado pela maioria como um\u00a0<strong>alicament<\/strong>, ele combina o \u00fatil com o agrad\u00e1vel.<\/p>\n<h3><strong>O prazer de descobrir...<\/strong><\/h3>\n<p>Agora j\u00e1 conhece a sua loja online especializada em produtos de bem-estar! E, como sempre, ela deseja apresentar-lhe v\u00e1rios artigos que podem ser do seu interesse!<\/p>\n<p>Vamos l\u00e1, espa\u00e7o para o\u2019<strong>higiene oral<\/strong>\u00a0e os seus produtos naturais! \u00c9 verdade que cuidar dos dentes \u00e9 necess\u00e1rio para se ter uma denti\u00e7\u00e3o saud\u00e1vel durante muitos anos. \u00c9 por isso que a sua loja Safinel decidiu apresentar-lhe o\u00a0<a href=\"https:\/\/www.safinel.fr\/pt\/product-2\/pasta-de-dentes-natural-com-mentol-em-po-de-siwak-30-g\/\"><strong>pasta de dentes mentolada em p\u00f3<\/strong><\/a>\u00a0Sim, est\u00e1 na hora de cuidar dos seus dentes com produtos de qualidade!<\/p>\n<p>Al\u00e9m disso, para aqueles que desejam preservar um pouco mais o planeta, t\u00eam a possibilidade de conhecer<strong>\u00a0<a href=\"https:\/\/www.safinel.fr\/pt\/product-2\/escova-de-dentes-de-bambu-bege-para-adultos\/\">a escova de dentes de bambu bege<\/a><\/strong>\u00a0!<\/p>\n<p>Como j\u00e1 percebeu, o seu<strong>\u00a0loja Safinel<\/strong>\u00a0pensa essencialmente em si e no seu bem-estar!<\/p>","protected":false},"excerpt":{"rendered":"<p>Prepare-se para conhecer o mel de pinheiro! Tamb\u00e9m chamado de n\u00e9ctar de melada, este produto da colmeia pode surpreend\u00ea-lo. O que \u00e9 o mel de pinheiro?  Em primeiro lugar, \u00e9 interessante saber que a produ\u00e7\u00e3o deste mel \u00e9 bastante rara. E isso deve-se ao seu padr\u00e3o de produ\u00e7\u00e3o. [\u2026]","protected":false},"featured_media":1936,"template":"","meta":[],"product_brand":[],"product_cat":[24,69],"product_tag":[],"class_list":{"0":"post-1935","1":"product","2":"type-product","3":"status-publish","4":"has-post-thumbnail","6":"product_cat-apiculture","7":"product_cat-miels-de-france","9":"first","10":"instock","11":"shipping-taxable","12":"purchasable","13":"product-type-simple"},"yoast_head":"<!-- This site is optimized with the Yoast SEO plugin v26.6 - https:\/\/yoast.com\/wordpress\/plugins\/seo\/ -->\n<title>Miel de Sapin I Bienfaits nombreux I Contenance 250g<\/title>\n<meta name=\"description\" content=\"Pr\u00e9parez-vous \u00e0 faire la rencontre du\u00a0miel de sapin\u00a0! Aussi appel\u00e9\u00a0nectar de miellat, ce produit de la ruche pourrait bien vous surprendre.\" \/>\n<meta name=\"robots\" content=\"index, follow, max-snippet:-1, max-image-preview:large, max-video-preview:-1\" \/>\n<link rel=\"canonical\" href=\"https:\/\/www.safinel.fr\/pt\/product-2\/mel-de-pinheiro\/\" \/>\n<meta property=\"og:locale\" content=\"pt_PT\" \/>\n<meta property=\"og:type\" content=\"article\" \/>\n<meta property=\"og:title\" content=\"Miel de Sapin I Bienfaits nombreux I Contenance 250g\" \/>\n<meta property=\"og:description\" content=\"Pr\u00e9parez-vous \u00e0 faire la rencontre du\u00a0miel de sapin\u00a0! Aussi appel\u00e9\u00a0nectar de miellat, ce produit de la ruche pourrait bien vous surprendre.\" \/>\n<meta property=\"og:url\" content=\"https:\/\/www.safinel.fr\/pt\/product-2\/mel-de-pinheiro\/\" \/>\n<meta property=\"og:site_name\" content=\"Safinel\" \/>\n<meta property=\"article:modified_time\" content=\"2023-12-28T17:15:20+00:00\" \/>\n<meta property=\"og:image\" content=\"https:\/\/www.safinel.fr\/wp-content\/uploads\/2022\/07\/miel-de-sapin-vert.jpg\" \/>\n\t<meta property=\"og:image:width\" content=\"600\" \/>\n\t<meta property=\"og:image:height\" content=\"600\" \/>\n\t<meta property=\"og:image:type\" content=\"image\/jpeg\" \/>\n<meta name=\"twitter:card\" content=\"summary_large_image\" \/>\n<meta name=\"twitter:label1\" content=\"Tempo estimado de leitura\" \/>\n\t<meta name=\"twitter:data1\" content=\"3 minutos\" \/>\n<script type=\"application\/ld+json\" class=\"yoast-schema-graph\">{\"@context\":\"https:\/\/schema.org\",\"@graph\":[{\"@type\":\"WebPage\",\"@id\":\"https:\/\/www.safinel.fr\/produit\/miel-de-sapin\/\",\"url\":\"https:\/\/www.safinel.fr\/produit\/miel-de-sapin\/\",\"name\":\"Miel de Sapin I Bienfaits nombreux I Contenance 250g\",\"isPartOf\":{\"@id\":\"https:\/\/www.safinel.fr\/#website\"},\"primaryImageOfPage\":{\"@id\":\"https:\/\/www.safinel.fr\/produit\/miel-de-sapin\/#primaryimage\"},\"image\":{\"@id\":\"https:\/\/www.safinel.fr\/produit\/miel-de-sapin\/#primaryimage\"},\"thumbnailUrl\":\"https:\/\/www.safinel.fr\/wp-content\/uploads\/2022\/07\/miel-de-sapin-vert.jpg\",\"datePublished\":\"2022-07-28T10:24:54+00:00\",\"dateModified\":\"2023-12-28T17:15:20+00:00\",\"description\":\"Pr\u00e9parez-vous \u00e0 faire la rencontre du\u00a0miel de sapin\u00a0! Aussi appel\u00e9\u00a0nectar de miellat, ce produit de la ruche pourrait bien vous surprendre.\",\"breadcrumb\":{\"@id\":\"https:\/\/www.safinel.fr\/produit\/miel-de-sapin\/#breadcrumb\"},\"inLanguage\":\"pt-PT\",\"potentialAction\":[{\"@type\":\"ReadAction\",\"target\":[\"https:\/\/www.safinel.fr\/produit\/miel-de-sapin\/\"]}]},{\"@type\":\"ImageObject\",\"inLanguage\":\"pt-PT\",\"@id\":\"https:\/\/www.safinel.fr\/produit\/miel-de-sapin\/#primaryimage\",\"url\":\"https:\/\/www.safinel.fr\/wp-content\/uploads\/2022\/07\/miel-de-sapin-vert.jpg\",\"contentUrl\":\"https:\/\/www.safinel.fr\/wp-content\/uploads\/2022\/07\/miel-de-sapin-vert.jpg\",\"width\":600,\"height\":600,\"caption\":\"Miel de Sapin 250g\"},{\"@type\":\"BreadcrumbList\",\"@id\":\"https:\/\/www.safinel.fr\/produit\/miel-de-sapin\/#breadcrumb\",\"itemListElement\":[{\"@type\":\"ListItem\",\"position\":1,\"name\":\"Accueil\",\"item\":\"https:\/\/www.safinel.fr\/\"},{\"@type\":\"ListItem\",\"position\":2,\"name\":\"Boutique\",\"item\":\"https:\/\/www.safinel.fr\/boutique\/\"},{\"@type\":\"ListItem\",\"position\":3,\"name\":\"Miel de Sapin 250g\"}]},{\"@type\":\"WebSite\",\"@id\":\"https:\/\/www.safinel.fr\/#website\",\"url\":\"https:\/\/www.safinel.fr\/\",\"name\":\"Safinel\",\"description\":\"\",\"publisher\":{\"@id\":\"https:\/\/www.safinel.fr\/#organization\"},\"potentialAction\":[{\"@type\":\"SearchAction\",\"target\":{\"@type\":\"EntryPoint\",\"urlTemplate\":\"https:\/\/www.safinel.fr\/?s={search_term_string}\"},\"query-input\":{\"@type\":\"PropertyValueSpecification\",\"valueRequired\":true,\"valueName\":\"search_term_string\"}}],\"inLanguage\":\"pt-PT\"},{\"@type\":\"Organization\",\"@id\":\"https:\/\/www.safinel.fr\/#organization\",\"name\":\"Safinel\",\"url\":\"https:\/\/www.safinel.fr\/\",\"logo\":{\"@type\":\"ImageObject\",\"inLanguage\":\"pt-PT\",\"@id\":\"https:\/\/www.safinel.fr\/#\/schema\/logo\/image\/\",\"url\":\"https:\/\/www.safinel.fr\/wp-content\/uploads\/2021\/05\/boutique-cosmetique.png\",\"contentUrl\":\"https:\/\/www.safinel.fr\/wp-content\/uploads\/2021\/05\/boutique-cosmetique.png\",\"width\":800,\"height\":200,\"caption\":\"Safinel\"},\"image\":{\"@id\":\"https:\/\/www.safinel.fr\/#\/schema\/logo\/image\/\"}}]}<\/script>\n<!-- \/ Yoast SEO plugin. -->","yoast_head_json":{"title":"Mel de pinheiro I In\u00fameros benef\u00edcios I Conte\u00fado 250 g","description":"Prepare-se para conhecer o mel de pinheiro! Tamb\u00e9m chamado de n\u00e9ctar de melada, este produto da colmeia pode surpreend\u00ea-lo.","robots":{"index":"index","follow":"follow","max-snippet":"max-snippet:-1","max-image-preview":"max-image-preview:large","max-video-preview":"max-video-preview:-1"},"canonical":"https:\/\/www.safinel.fr\/pt\/product-2\/mel-de-pinheiro\/","og_locale":"pt_PT","og_type":"article","og_title":"Miel de Sapin I Bienfaits nombreux I Contenance 250g","og_description":"Pr\u00e9parez-vous \u00e0 faire la rencontre du\u00a0miel de sapin\u00a0! Aussi appel\u00e9\u00a0nectar de miellat, ce produit de la ruche pourrait bien vous surprendre.","og_url":"https:\/\/www.safinel.fr\/pt\/product-2\/mel-de-pinheiro\/","og_site_name":"Safinel","article_modified_time":"2023-12-28T17:15:20+00:00","og_image":[{"width":600,"height":600,"url":"https:\/\/www.safinel.fr\/wp-content\/uploads\/2022\/07\/miel-de-sapin-vert.jpg","type":"image\/jpeg"}],"twitter_card":"summary_large_image","twitter_misc":{"Tempo estimado de leitura":"3 minutos"},"schema":{"@context":"https:\/\/schema.org","@graph":[{"@type":"WebPage","@id":"https:\/\/www.safinel.fr\/produit\/miel-de-sapin\/","url":"https:\/\/www.safinel.fr\/produit\/miel-de-sapin\/","name":"Mel de pinheiro I In\u00fameros benef\u00edcios I Conte\u00fado 250 g","isPartOf":{"@id":"https:\/\/www.safinel.fr\/#website"},"primaryImageOfPage":{"@id":"https:\/\/www.safinel.fr\/produit\/miel-de-sapin\/#primaryimage"},"image":{"@id":"https:\/\/www.safinel.fr\/produit\/miel-de-sapin\/#primaryimage"},"thumbnailUrl":"https:\/\/www.safinel.fr\/wp-content\/uploads\/2022\/07\/miel-de-sapin-vert.jpg","datePublished":"2022-07-28T10:24:54+00:00","dateModified":"2023-12-28T17:15:20+00:00","description":"Prepare-se para conhecer o mel de pinheiro! Tamb\u00e9m chamado de n\u00e9ctar de melada, este produto da colmeia pode surpreend\u00ea-lo.","breadcrumb":{"@id":"https:\/\/www.safinel.fr\/produit\/miel-de-sapin\/#breadcrumb"},"inLanguage":"pt-PT","potentialAction":[{"@type":"ReadAction","target":["https:\/\/www.safinel.fr\/produit\/miel-de-sapin\/"]}]},{"@type":"ImageObject","inLanguage":"pt-PT","@id":"https:\/\/www.safinel.fr\/produit\/miel-de-sapin\/#primaryimage","url":"https:\/\/www.safinel.fr\/wp-content\/uploads\/2022\/07\/miel-de-sapin-vert.jpg","contentUrl":"https:\/\/www.safinel.fr\/wp-content\/uploads\/2022\/07\/miel-de-sapin-vert.jpg","width":600,"height":600,"caption":"Miel de Sapin 250g"},{"@type":"BreadcrumbList","@id":"https:\/\/www.safinel.fr\/produit\/miel-de-sapin\/#breadcrumb","itemListElement":[{"@type":"ListItem","position":1,"name":"Accueil","item":"https:\/\/www.safinel.fr\/"},{"@type":"ListItem","position":2,"name":"Boutique","item":"https:\/\/www.safinel.fr\/boutique\/"},{"@type":"ListItem","position":3,"name":"Miel de Sapin 250g"}]},{"@type":"WebSite","@id":"https:\/\/www.safinel.fr\/#website","url":"https:\/\/www.safinel.fr\/","name":"Safinel","description":"","publisher":{"@id":"https:\/\/www.safinel.fr\/#organization"},"potentialAction":[{"@type":"SearchAction","target":{"@type":"EntryPoint","urlTemplate":"https:\/\/www.safinel.fr\/?s={search_term_string}"},"query-input":{"@type":"PropertyValueSpecification","valueRequired":true,"valueName":"search_term_string"}}],"inLanguage":"pt-PT"},{"@type":"Organization","@id":"https:\/\/www.safinel.fr\/#organization","name":"Safinel","url":"https:\/\/www.safinel.fr\/","logo":{"@type":"ImageObject","inLanguage":"pt-PT","@id":"https:\/\/www.safinel.fr\/#\/schema\/logo\/image\/","url":"https:\/\/www.safinel.fr\/wp-content\/uploads\/2021\/05\/boutique-cosmetique.png","contentUrl":"https:\/\/www.safinel.fr\/wp-content\/uploads\/2021\/05\/boutique-cosmetique.png","width":800,"height":200,"caption":"Safinel"},"image":{"@id":"https:\/\/www.safinel.fr\/#\/schema\/logo\/image\/"}}]}},"_links":{"self":[{"href":"https:\/\/www.safinel.fr\/pt\/wp-json\/wp\/v2\/product\/1935","targetHints":{"allow":["GET"]}}],"collection":[{"href":"https:\/\/www.safinel.fr\/pt\/wp-json\/wp\/v2\/product"}],"about":[{"href":"https:\/\/www.safinel.fr\/pt\/wp-json\/wp\/v2\/types\/product"}],"wp:featuredmedia":[{"embeddable":true,"href":"https:\/\/www.safinel.fr\/pt\/wp-json\/wp\/v2\/media\/1936"}],"wp:attachment":[{"href":"https:\/\/www.safinel.fr\/pt\/wp-json\/wp\/v2\/media?parent=1935"}],"wp:term":[{"taxonomy":"product_brand","embeddable":true,"href":"https:\/\/www.safinel.fr\/pt\/wp-json\/wp\/v2\/product_brand?post=1935"},{"taxonomy":"product_cat","embeddable":true,"href":"https:\/\/www.safinel.fr\/pt\/wp-json\/wp\/v2\/product_cat?post=1935"},{"taxonomy":"product_tag","embeddable":true,"href":"https:\/\/www.safinel.fr\/pt\/wp-json\/wp\/v2\/product_tag?post=1935"}],"curies":[{"name":"wp","href":"https:\/\/api.w.org\/{rel}","templated":true}]}}