{"id":985,"date":"2022-03-25T18:18:14","date_gmt":"2022-03-25T18:18:14","guid":{"rendered":"https:\/\/www.safinel.fr\/?page_id=985"},"modified":"2022-03-25T18:20:12","modified_gmt":"2022-03-25T18:20:12","slug":"tranca-africana","status":"publish","type":"page","link":"https:\/\/www.safinel.fr\/pt\/tranca-africana\/","title":{"rendered":"Como fazer uma tran\u00e7a africana para mulheres"},"content":{"rendered":"<h1 class=\"wp-block-heading\">Como fazer uma tran\u00e7a africana para mulheres<\/h1>\n\n\n\n<p><strong>Tran\u00e7a africana<\/strong>, colada ou ainda&nbsp;<strong>tran\u00e7as africanas<\/strong>&nbsp;em ingl\u00eas, esta&nbsp;<strong>novo penteado<\/strong>&nbsp;est\u00e1 na moda atualmente. Uma tran\u00e7a \u00e9tnica que faz parte do nosso dia a dia e combina com todos os looks.<\/p>\n\n\n\n<p>Por isso, vamos descobrir<strong>&nbsp;como fazer uma tran\u00e7a africana para mulheres<\/strong>. Um penteado bonito e pr\u00e1tico!&nbsp;<\/p>\n\n\n\n<h2 class=\"wp-block-heading\" id=\"h-un-peu-d-histoire-sur-la-tresse-africaine\"><strong>Um pouco de hist\u00f3ria sobre a tran\u00e7a africana&nbsp;<\/strong><\/h2>\n\n\n\n<p>Hoje em dia, a&nbsp;<strong>esteira africana&nbsp;<\/strong>\u00e9 considerada uma<strong>&nbsp;penteado est\u00e9tico<\/strong>&nbsp;sem interesse particular. No entanto, \u00e9 importante saber que, h\u00e1 alguns anos atr\u00e1s, este penteado era um&nbsp;<strong>elemento fundamental&nbsp;<\/strong>na&nbsp;<strong>cultura&nbsp;<\/strong>do continente.&nbsp;<\/p>\n\n\n\n<p>Na verdade, esse penteado estava enraizado nos&nbsp;<strong>valores tradicionais africanos<\/strong>&nbsp;e servia como meio de express\u00e3o. A cultura africana ensina-nos que o cabelo era um instrumento para os nossos antepassados. Mas o que isso significa? Em outras palavras, significa que os nossos antepassados costumavam esculpir, tran\u00e7ar, enfeitar e usar o cabelo para transmitir uma mensagem.&nbsp;<\/p>\n\n\n\n<p>Foi, portanto, gra\u00e7as \u00e0 sua engenhosidade e criatividade fora do comum que se dedicaram ao<strong>&nbsp;tran\u00e7ado<\/strong>&nbsp;do cabelo. O que torna esta&nbsp;<strong>penteado&nbsp;<\/strong>um dos principais&nbsp;<strong>heran\u00e7as socioculturais africanas<\/strong>.<\/p>\n\n\n\n<p>Descubra este s\u00edmbolo de express\u00e3o que \u00e9 a&nbsp;<strong>tran\u00e7a africana<\/strong>.&nbsp;<\/p>\n\n\n\n<h2 class=\"wp-block-heading\"><strong>A tran\u00e7a africana para mulheres \u00e9 adequada para todas?&nbsp;<\/strong><\/h2>\n\n\n\n<p>A&nbsp;<strong>tran\u00e7a africana&nbsp;<\/strong>ganha um&nbsp;<strong>grande sucesso<\/strong>&nbsp;h\u00e1 v\u00e1rios anos. Especialmente no ver\u00e3o, pois permite ter o cabelo bem tran\u00e7ado e preso. E assim ter o rosto bem descoberto, algo particularmente agrad\u00e1vel quando est\u00e1 calor ou quando se pratica desporto. Mas tamb\u00e9m quando se deseja simplesmente manter o cabelo preso com um penteado original.&nbsp;<\/p>\n\n\n\n<p>Na pr\u00e1tica, a&nbsp;<strong>esteira africana<\/strong>&nbsp;adequado para&nbsp;<strong>todas as mulheres<\/strong>, com algumas nuances. Na verdade, este penteado requer que tenha um comprimento m\u00ednimo. Por exemplo, cabelo at\u00e9 aos ombros.&nbsp;<\/p>\n\n\n\n<p>No entanto, em cabelos longos, isso ser\u00e1 mais pr\u00e1tico. Pode-se at\u00e9 se divertir finalizando o penteado com um coque baixo, em <strong><a href=\"https:\/\/www.msdmanuals.com\/fr\/accueil\/troubles-du-cerveau,-de-la-moelle-%C3%A9pini%C3%A8re-et-des-nerfs\/troubles-de-la-moelle-%C3%A9pini%C3%A8re\/syndrome-de-la-queue-de-cheval\" target=\"_blank\" rel=\"noreferrer noopener\">rabo de cavalo<\/a><\/strong>, e assim por diante. Todos os penteados s\u00e3o permitidos com esta base!<\/p>\n\n\n\n<p>Ent\u00e3o, se tem cabelo curto e quer deix\u00e1-lo crescer para fazer tran\u00e7as africanas compridas, experimente o\u2019<strong><a href=\"https:\/\/www.safinel.fr\/pt\/product-2\/oleo-de-kigelia-africana\/\">\u00f3leo de kigelia africana<\/a><\/strong>. N\u00e3o ficar\u00e1 desapontado com este elixir com in\u00fameros benef\u00edcios.&nbsp;<\/p>\n\n\n\n<p>Da mesma forma, \u00e9 importante notar que todos os tipos de cabelo podem adotar a tran\u00e7a africana. De cabelos grossos e cacheados a cabelos finos, este tipo de tran\u00e7a para mulheres deixar\u00e1 muitas pessoas felizes. Sem mencionar o fato de que \u00e9 uma&nbsp;<strong>penteado protetor&nbsp;<\/strong>ideal para a noite!&nbsp;<\/p>\n\n\n\n<p>Por fim, gra\u00e7as a este novo corte, poder\u00e1 dar um toque de&nbsp;<strong>relevo<\/strong>&nbsp;ao seu cabelo.&nbsp;<\/p>\n\n\n\n<h2 class=\"wp-block-heading\"><strong>Todos os nossos conselhos para se preparar<\/strong><\/h2>\n\n\n\n<p>Para ter todas as hip\u00f3teses a seu favor, ter\u00e1 de&nbsp;<strong>estar equipado<\/strong>.<\/p>\n\n\n\n<p>Primeiro, vai precisar de uma escova redonda: ela desembara\u00e7a bem o cabelo. Depois, pegue um pente com ponta fina, que servir\u00e1 para separar as mechas a serem tran\u00e7adas.<\/p>\n\n\n\n<p>Se o seu cabelo for espesso e encaracolado, pode usar cera, se desejar. Aplique-a nos fios antes de tran\u00e7ar e para alisar os cabelos crespos.&nbsp;<\/p>\n\n\n\n<p>Por outro lado, se tiver cabelos finos, isso pode deix\u00e1-los pesados, por isso, \u00e9 melhor n\u00e3o usar. No entanto, existem alternativas, como um spray de \u00e1gua termal ou um produto volumizador para vaporizar nos cabelos. Isso facilitar\u00e1 a separa\u00e7\u00e3o sem deixar os cabelos oleosos.&nbsp;<\/p>\n\n\n\n<p>Finalmente, para finalizar a&nbsp;<strong>tran\u00e7a africana<\/strong>, vai precisar de el\u00e1sticos. Os de borracha s\u00e3o ideais, pois s\u00e3o pequenos e n\u00e3o danificam o cabelo.&nbsp;<\/p>\n\n\n\n<p>Agora que j\u00e1 tem todos os acess\u00f3rios para fazer a sua tran\u00e7a africana, s\u00f3 falta come\u00e7ar.&nbsp;<\/p>\n\n\n\n<h2 class=\"wp-block-heading\"><strong>Como fazer uma tran\u00e7a africana para mulheres?<\/strong><\/h2>\n\n\n\n<p>Para ter sucesso na sua&nbsp;<strong>esteira africana<\/strong>, ser\u00e1 necess\u00e1rio ter paci\u00eancia e t\u00e9cnica. Vamos explicar tudo com precis\u00e3o:&nbsp;<\/p>\n\n\n\n<ul class=\"wp-block-list\"><li>Primeiro, pegue uma mecha no topo da cabe\u00e7a, o mais pr\u00f3ximo poss\u00edvel da raiz, seguindo a linha m\u00e9dia do rosto.&nbsp;<\/li><li>Em segundo lugar, separe essa mecha em tr\u00eas partes. Em seguida, adicione cera ou spray de \u00e1gua, dependendo do seu tipo de cabelo, e aplique o produto em cada mecha separada.&nbsp;<\/li><li>Em seguida, passe os fios uns por baixo dos outros.&nbsp;<\/li><li>Adicione uma mecha para junt\u00e1-la \u00e0s outras mechas e continue assim at\u00e9 chegar \u00e0 nuca.&nbsp;<\/li><li>Por fim, termine adicionando o el\u00e1stico depois de tran\u00e7ar todo o cabelo.&nbsp;<\/li><\/ul>\n\n\n\n<p>Al\u00e9m disso, se desejar fazer&nbsp;<strong>v\u00e1rias esteiras africanas<\/strong>, eis o m\u00e9todo:<\/p>\n\n\n\n<ul class=\"wp-block-list\"><li>Divida a parte superior da cabe\u00e7a em tr\u00eas mechas iguais.&nbsp;<\/li><li>Em seguida, comece pela tran\u00e7a no centro, na parte superior da cabe\u00e7a.<\/li><li>Por \u00faltimo, quando terminar de tran\u00e7ar, prenda e repita a opera\u00e7\u00e3o nas outras mechas.&nbsp;<\/li><\/ul>\n\n\n\n<p>Esta t\u00e9cnica de tran\u00e7a africana \u00e9<strong>&nbsp;simples&nbsp;<\/strong>e&nbsp;<strong>r\u00e1pido<\/strong>. Basta seguir os passos detalhados e praticar um pouco para realmente conseguir.&nbsp;<\/p>\n\n\n\n<p>Agora s\u00f3 falta experimentar!<\/p>\n\n\n\n<h3 class=\"wp-block-heading\"><strong>Algumas dicas de beleza&nbsp;<\/strong><\/h3>\n\n\n\n<p>Agora que j\u00e1 sabe mais sobre a&nbsp;<strong>tran\u00e7a africana para mulher<\/strong>, Vamos ver juntos algumas dicas de beleza.&nbsp;<\/p>\n\n\n\n<ul class=\"wp-block-list\"><li>Se o seu cabelo for claro, o seu tran\u00e7ado ficar\u00e1 particularmente bonito, pois haver\u00e1 um contraste entre a raiz e as pontas. Isso traz&nbsp;<strong>relevo na cabeleira<\/strong>. No entanto, se o seu cabelo for muito castanho e uniforme, tamb\u00e9m poder\u00e1 beneficiar deste relevo. Para isso, adote produtos modeladores que d\u00e3o brilho ao cabelo.&nbsp;<\/li><li>Para evitar que os fios de cabelo se misturem e para mant\u00ea-los no lugar, os grampos tipo caranguejo s\u00e3o ideais. N\u00e3o hesite em compr\u00e1-los.&nbsp;<\/li><li>Se n\u00e3o se sentir muito \u00e0 vontade, n\u00e3o hesite em treinar assistindo a v\u00eddeos. Existem muitos tutoriais dispon\u00edveis.&nbsp;<\/li><li>Outra dica \u00e9 n\u00e3o fazer a sua&nbsp;<strong>tran\u00e7a africana<\/strong>&nbsp;diretamente ap\u00f3s o champ\u00f4. \u00c9 prefer\u00edvel esperar at\u00e9 ao dia seguinte ou dois dias depois. O seu cabelo ficar\u00e1 mais escorregadio e o seu rabo de cavalo ficar\u00e1 com uma melhor fixa\u00e7\u00e3o.<\/li><li>Por fim, uma \u00faltima dica: se quiser manter as tran\u00e7as por v\u00e1rios dias, fa\u00e7a-as bem apertadas.&nbsp;<\/li><\/ul>\n\n\n\n<p>Ent\u00e3o n\u00e3o espere mais e adote esta&nbsp;<strong>penteado muito na moda<\/strong>&nbsp;!&nbsp;<\/p>","protected":false},"excerpt":{"rendered":"<p>Comment faire une tresse africaine pour femme Tresse africaine, coll\u00e9e ou encore&nbsp;african braids&nbsp;en anglais, cette&nbsp;nouvelle coiffure&nbsp;est \u00e0 la mode du moment. Une tresse ethnique qui s\u2019invite dans notre quotidien et s\u2019adapte \u00e0 tous les looks. De ce fait, partons \u00e0 la d\u00e9couverte de&nbsp;comment faire une tresse africaine pour femme. Une coiffure jolie et pratique !&nbsp; [&#8230;]","protected":false},"author":1,"featured_media":0,"parent":0,"menu_order":0,"comment_status":"closed","ping_status":"closed","template":"","meta":{"footnotes":""},"class_list":["post-985","page","type-page","status-publish","hentry"],"yoast_head":"<!-- This site is optimized with the Yoast SEO plugin v26.6 - https:\/\/yoast.com\/wordpress\/plugins\/seo\/ -->\n<title>Tresse africaine I D\u00e9couvrez nos astuces en quelques clics<\/title>\n<meta name=\"description\" content=\"Tresse africaine, coll\u00e9e ou encore\u00a0african braids\u00a0en anglais, cette\u00a0nouvelle coiffure\u00a0est \u00e0 la mode du moment. D\u00e9couvrez-l\u00e0 !\" \/>\n<meta name=\"robots\" content=\"index, follow, max-snippet:-1, max-image-preview:large, max-video-preview:-1\" \/>\n<link rel=\"canonical\" href=\"https:\/\/www.safinel.fr\/pt\/tranca-africana\/\" \/>\n<meta property=\"og:locale\" content=\"pt_PT\" \/>\n<meta property=\"og:type\" content=\"article\" \/>\n<meta property=\"og:title\" content=\"Tresse africaine I D\u00e9couvrez nos astuces en quelques clics\" \/>\n<meta property=\"og:description\" content=\"Tresse africaine, coll\u00e9e ou encore\u00a0african braids\u00a0en anglais, cette\u00a0nouvelle coiffure\u00a0est \u00e0 la mode du moment. D\u00e9couvrez-l\u00e0 !\" \/>\n<meta property=\"og:url\" content=\"https:\/\/www.safinel.fr\/pt\/tranca-africana\/\" \/>\n<meta property=\"og:site_name\" content=\"Safinel\" \/>\n<meta property=\"article:modified_time\" content=\"2022-03-25T18:20:12+00:00\" \/>\n<meta name=\"twitter:card\" content=\"summary_large_image\" \/>\n<meta name=\"twitter:label1\" content=\"Tempo estimado de leitura\" \/>\n\t<meta name=\"twitter:data1\" content=\"6 minutos\" \/>\n<script type=\"application\/ld+json\" class=\"yoast-schema-graph\">{\"@context\":\"https:\/\/schema.org\",\"@graph\":[{\"@type\":\"WebPage\",\"@id\":\"https:\/\/www.safinel.fr\/tresse-africaine\/\",\"url\":\"https:\/\/www.safinel.fr\/tresse-africaine\/\",\"name\":\"Tresse africaine I D\u00e9couvrez nos astuces en quelques clics\",\"isPartOf\":{\"@id\":\"https:\/\/www.safinel.fr\/#website\"},\"datePublished\":\"2022-03-25T18:18:14+00:00\",\"dateModified\":\"2022-03-25T18:20:12+00:00\",\"description\":\"Tresse africaine, coll\u00e9e ou encore\u00a0african braids\u00a0en anglais, cette\u00a0nouvelle coiffure\u00a0est \u00e0 la mode du moment. D\u00e9couvrez-l\u00e0 !\",\"breadcrumb\":{\"@id\":\"https:\/\/www.safinel.fr\/tresse-africaine\/#breadcrumb\"},\"inLanguage\":\"pt-PT\",\"potentialAction\":[{\"@type\":\"ReadAction\",\"target\":[\"https:\/\/www.safinel.fr\/tresse-africaine\/\"]}]},{\"@type\":\"BreadcrumbList\",\"@id\":\"https:\/\/www.safinel.fr\/tresse-africaine\/#breadcrumb\",\"itemListElement\":[{\"@type\":\"ListItem\",\"position\":1,\"name\":\"Accueil\",\"item\":\"https:\/\/www.safinel.fr\/\"},{\"@type\":\"ListItem\",\"position\":2,\"name\":\"Comment faire une tresse africaine pour femme\"}]},{\"@type\":\"WebSite\",\"@id\":\"https:\/\/www.safinel.fr\/#website\",\"url\":\"https:\/\/www.safinel.fr\/\",\"name\":\"Safinel\",\"description\":\"\",\"publisher\":{\"@id\":\"https:\/\/www.safinel.fr\/#organization\"},\"potentialAction\":[{\"@type\":\"SearchAction\",\"target\":{\"@type\":\"EntryPoint\",\"urlTemplate\":\"https:\/\/www.safinel.fr\/?s={search_term_string}\"},\"query-input\":{\"@type\":\"PropertyValueSpecification\",\"valueRequired\":true,\"valueName\":\"search_term_string\"}}],\"inLanguage\":\"pt-PT\"},{\"@type\":\"Organization\",\"@id\":\"https:\/\/www.safinel.fr\/#organization\",\"name\":\"Safinel\",\"url\":\"https:\/\/www.safinel.fr\/\",\"logo\":{\"@type\":\"ImageObject\",\"inLanguage\":\"pt-PT\",\"@id\":\"https:\/\/www.safinel.fr\/#\/schema\/logo\/image\/\",\"url\":\"https:\/\/www.safinel.fr\/wp-content\/uploads\/2021\/05\/boutique-cosmetique.png\",\"contentUrl\":\"https:\/\/www.safinel.fr\/wp-content\/uploads\/2021\/05\/boutique-cosmetique.png\",\"width\":800,\"height\":200,\"caption\":\"Safinel\"},\"image\":{\"@id\":\"https:\/\/www.safinel.fr\/#\/schema\/logo\/image\/\"}}]}<\/script>\n<!-- \/ Yoast SEO plugin. -->","yoast_head_json":{"title":"Tran\u00e7a africana I Descubra as nossas dicas em poucos cliques","description":"Tran\u00e7a africana, colada ou ainda african braids em ingl\u00eas, este novo penteado est\u00e1 na moda atualmente. Descubra-o!","robots":{"index":"index","follow":"follow","max-snippet":"max-snippet:-1","max-image-preview":"max-image-preview:large","max-video-preview":"max-video-preview:-1"},"canonical":"https:\/\/www.safinel.fr\/pt\/tranca-africana\/","og_locale":"pt_PT","og_type":"article","og_title":"Tresse africaine I D\u00e9couvrez nos astuces en quelques clics","og_description":"Tresse africaine, coll\u00e9e ou encore\u00a0african braids\u00a0en anglais, cette\u00a0nouvelle coiffure\u00a0est \u00e0 la mode du moment. D\u00e9couvrez-l\u00e0 !","og_url":"https:\/\/www.safinel.fr\/pt\/tranca-africana\/","og_site_name":"Safinel","article_modified_time":"2022-03-25T18:20:12+00:00","twitter_card":"summary_large_image","twitter_misc":{"Tempo estimado de leitura":"6 minutos"},"schema":{"@context":"https:\/\/schema.org","@graph":[{"@type":"WebPage","@id":"https:\/\/www.safinel.fr\/tresse-africaine\/","url":"https:\/\/www.safinel.fr\/tresse-africaine\/","name":"Tran\u00e7a africana I Descubra as nossas dicas em poucos cliques","isPartOf":{"@id":"https:\/\/www.safinel.fr\/#website"},"datePublished":"2022-03-25T18:18:14+00:00","dateModified":"2022-03-25T18:20:12+00:00","description":"Tran\u00e7a africana, colada ou ainda african braids em ingl\u00eas, este novo penteado est\u00e1 na moda atualmente. Descubra-o!","breadcrumb":{"@id":"https:\/\/www.safinel.fr\/tresse-africaine\/#breadcrumb"},"inLanguage":"pt-PT","potentialAction":[{"@type":"ReadAction","target":["https:\/\/www.safinel.fr\/tresse-africaine\/"]}]},{"@type":"BreadcrumbList","@id":"https:\/\/www.safinel.fr\/tresse-africaine\/#breadcrumb","itemListElement":[{"@type":"ListItem","position":1,"name":"Accueil","item":"https:\/\/www.safinel.fr\/"},{"@type":"ListItem","position":2,"name":"Comment faire une tresse africaine pour femme"}]},{"@type":"WebSite","@id":"https:\/\/www.safinel.fr\/#website","url":"https:\/\/www.safinel.fr\/","name":"Safinel","description":"","publisher":{"@id":"https:\/\/www.safinel.fr\/#organization"},"potentialAction":[{"@type":"SearchAction","target":{"@type":"EntryPoint","urlTemplate":"https:\/\/www.safinel.fr\/?s={search_term_string}"},"query-input":{"@type":"PropertyValueSpecification","valueRequired":true,"valueName":"search_term_string"}}],"inLanguage":"pt-PT"},{"@type":"Organization","@id":"https:\/\/www.safinel.fr\/#organization","name":"Safinel","url":"https:\/\/www.safinel.fr\/","logo":{"@type":"ImageObject","inLanguage":"pt-PT","@id":"https:\/\/www.safinel.fr\/#\/schema\/logo\/image\/","url":"https:\/\/www.safinel.fr\/wp-content\/uploads\/2021\/05\/boutique-cosmetique.png","contentUrl":"https:\/\/www.safinel.fr\/wp-content\/uploads\/2021\/05\/boutique-cosmetique.png","width":800,"height":200,"caption":"Safinel"},"image":{"@id":"https:\/\/www.safinel.fr\/#\/schema\/logo\/image\/"}}]}},"_links":{"self":[{"href":"https:\/\/www.safinel.fr\/pt\/wp-json\/wp\/v2\/pages\/985","targetHints":{"allow":["GET"]}}],"collection":[{"href":"https:\/\/www.safinel.fr\/pt\/wp-json\/wp\/v2\/pages"}],"about":[{"href":"https:\/\/www.safinel.fr\/pt\/wp-json\/wp\/v2\/types\/page"}],"author":[{"embeddable":true,"href":"https:\/\/www.safinel.fr\/pt\/wp-json\/wp\/v2\/users\/1"}],"replies":[{"embeddable":true,"href":"https:\/\/www.safinel.fr\/pt\/wp-json\/wp\/v2\/comments?post=985"}],"version-history":[{"count":2,"href":"https:\/\/www.safinel.fr\/pt\/wp-json\/wp\/v2\/pages\/985\/revisions"}],"predecessor-version":[{"id":987,"href":"https:\/\/www.safinel.fr\/pt\/wp-json\/wp\/v2\/pages\/985\/revisions\/987"}],"wp:attachment":[{"href":"https:\/\/www.safinel.fr\/pt\/wp-json\/wp\/v2\/media?parent=985"}],"curies":[{"name":"wp","href":"https:\/\/api.w.org\/{rel}","templated":true}]}}