{"id":856,"date":"2022-02-23T18:39:00","date_gmt":"2022-02-23T18:39:00","guid":{"rendered":"https:\/\/www.safinel.fr\/?post_type=product&#038;p=856"},"modified":"2025-04-05T17:48:18","modified_gmt":"2025-04-05T17:48:18","slug":"polvere-dorata","status":"publish","type":"product","link":"https:\/\/www.safinel.fr\/it\/prodotto\/polvere-dorata\/","title":{"rendered":"Arancia in polvere 100 g"},"content":{"rendered":"<p>Non c'\u00e8 dubbio che vedrete la vita in arancione una volta che avrete scoperto questo nuovo <strong>cosmetici<\/strong> ! La <strong>polvere d'arancia<\/strong> fa il suo debutto al Safinel, e gli altri frutti devono stare attenti...<\/p>\n<p>Per una volta, questo agrume non \u00e8 nei nostri piatti, ma nei nostri bagni. A cosa serve? A quale scopo? Vi illumineremo senza ulteriori indugi!<\/p>\n<h2><strong>Polvere d'arancia: di corsa per saperne di pi\u00f9!\u00a0<\/strong><\/h2>\n<p>Cosa si fa quando si mangia un agrume? Lo si sbuccia, si butta via la buccia e poi lo si mangia. Ebbene, una volta scoperta la polvere d'arancia, non guarderete pi\u00f9 le bucce allo stesso modo.<\/p>\n<p>Presentato in una bustina kraft richiudibile da 100 grammi, questo <strong>polvere ayurvedica<\/strong> \u00e8 un vero tesoro per pelle e capelli!<\/p>\n<p>La sua produzione non potrebbe essere pi\u00f9 semplice: i frutti vengono raccolti, la scorza viene lavata, quindi essiccata e infine macinata in polvere fine. Il risultato \u00e8 una polvere beige, appena gialla.<\/p>\n<h2><strong>I benefici della polvere d'arancia\u00a0<\/strong><\/h2>\n<p>Principalmente rinomato nel <a href=\"https:\/\/www.passeportsante.net\/fr\/Therapies\/Guide\/Fiche.aspx?doc=ayurveda_th\" target=\"_blank\" rel=\"noopener\"><strong>medicina ayurvedica<\/strong><\/a>, l\u2019<strong>arancia amara<\/strong> ci offre tutta una serie di vantaggi. E lo scopriremo subito:<\/p>\n<ul>\n<li>Propriet\u00e0 astringenti e detergenti; ;<\/li>\n<li>Aiuta a pulire la pelle e a liberare i pori; ;<\/li>\n<li>Stimola e purifica il cuoio capelluto; ;<\/li>\n<li>Pu\u00f2 essere utilizzato anche nei prodotti per la cura dei capelli per dare un profumo fresco e piacevole; ;<\/li>\n<li>Rende i capelli pi\u00f9 facili da districare; ;<\/li>\n<li>Esfolia la pelle, liberandola dalle cellule morte e da altre impurit\u00e0; ;<\/li>\n<li>\u00c8 efficace anche contro la pelle grassa e acneica; ;<\/li>\n<li>La polvere d'arancia dona un colorito fresco e luminoso; ;<\/li>\n<li>Dona ai capelli lucentezza e brillantezza.<\/li>\n<\/ul>\n<h2><strong>Come si usa questo cosmetico naturale?\u00a0<\/strong><\/h2>\n<p><strong>Capelli in polvere arancione:\u00a0<\/strong>Si pu\u00f2 scegliere di utilizzarlo come base per il proprio <strong>cosmetici biologici per la casa<\/strong>. Oppure usatelo per fare una maschera per capelli con altri ingredienti.<strong> polveri vegetali.\u00a0<\/strong><\/p>\n<p>Si abbina perfettamente al <strong>Brahmi<\/strong>, per esaltare la luminosit\u00e0 dei capelli spenti. Oppure con<strong> olio akpi<\/strong>, per una lucentezza inaspettata.<\/p>\n<p><strong>Polvere d'arancia per il viso:\u00a0<\/strong>Se siete alla ricerca di un prodotto naturale per la cura del viso, la nostra polvere d'arancia \u00e8 un ottimo ingrediente.<\/p>\n<p>Pu\u00f2 anche essere miscelato con oli vegetali, come ad esempio <strong>cacao<\/strong>, o con oli essenziali.<\/p>\n<p>\u00c8 anche un ingrediente chiave nella preparazione di scrub esfolianti.<\/p>\n<p><strong>Polveri vegetali: tesori da scoprire... :\u00a0<\/strong>Fiori, noci, radici, piante... se ne parla, si pu\u00f2 triturare! E non ci lamentiamo, perch\u00e9 il risultato \u00e8 un'infinit\u00e0 di tesori. Non solo per la bellezza dei capelli e della pelle, ma anche per la salute del corpo!<\/p>\n<p>In Safinel, potrete scoprire o riscoprire<strong> piante medicinali<\/strong> che hanno pi\u00f9 di un asso nella manica:<\/p>\n<ul>\n<li><strong><a href=\"https:\/\/www.safinel.fr\/it\/prodotto\/polvere-di-reetha\/\">Reetha<\/a>\u00a0<\/strong><\/li>\n<li><strong><a href=\"https:\/\/www.safinel.fr\/it\/prodotto\/polvere-nep\/\">Nep Nep<\/a>\u00a0<\/strong><\/li>\n<li><strong><a href=\"https:\/\/www.safinel.fr\/it\/prodotto\/frutta-4-lati-3-pezzi\/\">Frutta 4 lati<\/a>\u00a0<\/strong><\/li>\n<li><strong><a href=\"https:\/\/www.safinel.fr\/it\/prodotto\/kapoor-kachli\/\">Kapoor kachli<\/a>\u00a0<\/strong><\/li>\n<li><strong><a href=\"https:\/\/www.safinel.fr\/it\/prodotto\/haritaki\/\">Haritaki<\/a>\u00a0<\/strong><\/li>\n<\/ul>\n<p>E molti altri ancora...<\/p>\n<h3><strong>Alcune precauzioni\u00a0<\/strong><\/h3>\n<p>Questo prodotto ha un effetto irritante. Pertanto, deve essere maneggiato con cura. A causa del suo aspetto polveroso, deve essere utilizzato in un'area priva di correnti d'aria.<\/p>\n<p>Inoltre, \u00e8 necessario effettuare un test allergico almeno 24 ore prima dell'uso.<\/p>\n<p><strong>Tenere fuori dalla portata dei bambini.\u00a0<\/strong><\/p>\n<p><strong>Solo per uso esterno.\u00a0<\/strong><\/p>\n<p><strong>In caso di contatto con gli occhi, sciacquare immediatamente.\u00a0<\/strong><\/p>","protected":false},"excerpt":{"rendered":"<p>Non c'\u00e8 dubbio che vedrete la vita in arancione dopo aver scoperto questo nuovo cosmetico! La polvere d'arancia fa il suo ingresso da Safinel, e gli altri frutti devono stare attenti... Per una volta, questo agrume non si trova nel nostro piatto, ma nel nostro bagno. A cosa serve? [\u2026]","protected":false},"featured_media":857,"template":"","meta":[],"product_brand":[],"product_cat":[28,59,110],"product_tag":[],"class_list":{"0":"post-856","1":"product","2":"type-product","3":"status-publish","4":"has-post-thumbnail","6":"product_cat-divers","7":"product_cat-fruit-tropical","8":"product_cat-poudre-cheveux-ayurvedique","10":"first","11":"instock","12":"shipping-taxable","13":"purchasable","14":"product-type-simple"},"yoast_head":"<!-- This site is optimized with the Yoast SEO plugin v26.6 - https:\/\/yoast.com\/wordpress\/plugins\/seo\/ -->\n<title>Poudre d&#039;orange | Cosm\u00e9tique naturel | Bienfaits pour les cheveux<\/title>\n<meta name=\"description\" content=\"Nul doute que vous verrez la vie en orange apr\u00e8s avoir d\u00e9couvert ce nouveau cosm\u00e9tique ! La poudre d\u2019orange fait son entr\u00e9e chez Safinel !\" \/>\n<meta name=\"robots\" content=\"index, follow, max-snippet:-1, max-image-preview:large, max-video-preview:-1\" \/>\n<link rel=\"canonical\" href=\"https:\/\/www.safinel.fr\/it\/prodotto\/polvere-dorata\/\" \/>\n<meta property=\"og:locale\" content=\"it_IT\" \/>\n<meta property=\"og:type\" content=\"article\" \/>\n<meta property=\"og:title\" content=\"Poudre d&#039;orange | Cosm\u00e9tique naturel | Bienfaits pour les cheveux\" \/>\n<meta property=\"og:description\" content=\"Nul doute que vous verrez la vie en orange apr\u00e8s avoir d\u00e9couvert ce nouveau cosm\u00e9tique ! La poudre d\u2019orange fait son entr\u00e9e chez Safinel !\" \/>\n<meta property=\"og:url\" content=\"https:\/\/www.safinel.fr\/it\/prodotto\/polvere-dorata\/\" \/>\n<meta property=\"og:site_name\" content=\"Safinel\" \/>\n<meta property=\"article:modified_time\" content=\"2025-04-05T17:48:18+00:00\" \/>\n<meta property=\"og:image\" content=\"https:\/\/www.safinel.fr\/wp-content\/uploads\/2022\/02\/poudre-d-orange.jpg\" \/>\n\t<meta property=\"og:image:width\" content=\"600\" \/>\n\t<meta property=\"og:image:height\" content=\"600\" \/>\n\t<meta property=\"og:image:type\" content=\"image\/jpeg\" \/>\n<meta name=\"twitter:card\" content=\"summary_large_image\" \/>\n<meta name=\"twitter:label1\" content=\"Tempo di lettura stimato\" \/>\n\t<meta name=\"twitter:data1\" content=\"3 minuti\" \/>\n<script type=\"application\/ld+json\" class=\"yoast-schema-graph\">{\"@context\":\"https:\/\/schema.org\",\"@graph\":[{\"@type\":\"WebPage\",\"@id\":\"https:\/\/www.safinel.fr\/produit\/poudre-dorange\/\",\"url\":\"https:\/\/www.safinel.fr\/produit\/poudre-dorange\/\",\"name\":\"Poudre d'orange | Cosm\u00e9tique naturel | Bienfaits pour les cheveux\",\"isPartOf\":{\"@id\":\"https:\/\/www.safinel.fr\/#website\"},\"primaryImageOfPage\":{\"@id\":\"https:\/\/www.safinel.fr\/produit\/poudre-dorange\/#primaryimage\"},\"image\":{\"@id\":\"https:\/\/www.safinel.fr\/produit\/poudre-dorange\/#primaryimage\"},\"thumbnailUrl\":\"https:\/\/www.safinel.fr\/wp-content\/uploads\/2022\/02\/poudre-d-orange.jpg\",\"datePublished\":\"2022-02-23T18:39:00+00:00\",\"dateModified\":\"2025-04-05T17:48:18+00:00\",\"description\":\"Nul doute que vous verrez la vie en orange apr\u00e8s avoir d\u00e9couvert ce nouveau cosm\u00e9tique ! La poudre d\u2019orange fait son entr\u00e9e chez Safinel !\",\"breadcrumb\":{\"@id\":\"https:\/\/www.safinel.fr\/produit\/poudre-dorange\/#breadcrumb\"},\"inLanguage\":\"it-IT\",\"potentialAction\":[{\"@type\":\"ReadAction\",\"target\":[\"https:\/\/www.safinel.fr\/produit\/poudre-dorange\/\"]}]},{\"@type\":\"ImageObject\",\"inLanguage\":\"it-IT\",\"@id\":\"https:\/\/www.safinel.fr\/produit\/poudre-dorange\/#primaryimage\",\"url\":\"https:\/\/www.safinel.fr\/wp-content\/uploads\/2022\/02\/poudre-d-orange.jpg\",\"contentUrl\":\"https:\/\/www.safinel.fr\/wp-content\/uploads\/2022\/02\/poudre-d-orange.jpg\",\"width\":600,\"height\":600,\"caption\":\"Poudre d'orange 100g\"},{\"@type\":\"BreadcrumbList\",\"@id\":\"https:\/\/www.safinel.fr\/produit\/poudre-dorange\/#breadcrumb\",\"itemListElement\":[{\"@type\":\"ListItem\",\"position\":1,\"name\":\"Accueil\",\"item\":\"https:\/\/www.safinel.fr\/\"},{\"@type\":\"ListItem\",\"position\":2,\"name\":\"Boutique\",\"item\":\"https:\/\/www.safinel.fr\/boutique\/\"},{\"@type\":\"ListItem\",\"position\":3,\"name\":\"Poudre d&rsquo;orange 100g\"}]},{\"@type\":\"WebSite\",\"@id\":\"https:\/\/www.safinel.fr\/#website\",\"url\":\"https:\/\/www.safinel.fr\/\",\"name\":\"Safinel\",\"description\":\"\",\"publisher\":{\"@id\":\"https:\/\/www.safinel.fr\/#organization\"},\"potentialAction\":[{\"@type\":\"SearchAction\",\"target\":{\"@type\":\"EntryPoint\",\"urlTemplate\":\"https:\/\/www.safinel.fr\/?s={search_term_string}\"},\"query-input\":{\"@type\":\"PropertyValueSpecification\",\"valueRequired\":true,\"valueName\":\"search_term_string\"}}],\"inLanguage\":\"it-IT\"},{\"@type\":\"Organization\",\"@id\":\"https:\/\/www.safinel.fr\/#organization\",\"name\":\"Safinel\",\"url\":\"https:\/\/www.safinel.fr\/\",\"logo\":{\"@type\":\"ImageObject\",\"inLanguage\":\"it-IT\",\"@id\":\"https:\/\/www.safinel.fr\/#\/schema\/logo\/image\/\",\"url\":\"https:\/\/www.safinel.fr\/wp-content\/uploads\/2021\/05\/boutique-cosmetique.png\",\"contentUrl\":\"https:\/\/www.safinel.fr\/wp-content\/uploads\/2021\/05\/boutique-cosmetique.png\",\"width\":800,\"height\":200,\"caption\":\"Safinel\"},\"image\":{\"@id\":\"https:\/\/www.safinel.fr\/#\/schema\/logo\/image\/\"}}]}<\/script>\n<!-- \/ Yoast SEO plugin. -->","yoast_head_json":{"title":"Polvere d'arancia | Cosmesi naturale | Benefici per i capelli","description":"Non c'\u00e8 dubbio che una volta scoperto questo nuovo cosmetico, vedrete la vita arancione! La polvere d'arancia fa il suo debutto da Safinel!","robots":{"index":"index","follow":"follow","max-snippet":"max-snippet:-1","max-image-preview":"max-image-preview:large","max-video-preview":"max-video-preview:-1"},"canonical":"https:\/\/www.safinel.fr\/it\/prodotto\/polvere-dorata\/","og_locale":"it_IT","og_type":"article","og_title":"Poudre d'orange | Cosm\u00e9tique naturel | Bienfaits pour les cheveux","og_description":"Nul doute que vous verrez la vie en orange apr\u00e8s avoir d\u00e9couvert ce nouveau cosm\u00e9tique ! La poudre d\u2019orange fait son entr\u00e9e chez Safinel !","og_url":"https:\/\/www.safinel.fr\/it\/prodotto\/polvere-dorata\/","og_site_name":"Safinel","article_modified_time":"2025-04-05T17:48:18+00:00","og_image":[{"width":600,"height":600,"url":"https:\/\/www.safinel.fr\/wp-content\/uploads\/2022\/02\/poudre-d-orange.jpg","type":"image\/jpeg"}],"twitter_card":"summary_large_image","twitter_misc":{"Tempo di lettura stimato":"3 minuti"},"schema":{"@context":"https:\/\/schema.org","@graph":[{"@type":"WebPage","@id":"https:\/\/www.safinel.fr\/produit\/poudre-dorange\/","url":"https:\/\/www.safinel.fr\/produit\/poudre-dorange\/","name":"Polvere d'arancia | Cosmesi naturale | Benefici per i capelli","isPartOf":{"@id":"https:\/\/www.safinel.fr\/#website"},"primaryImageOfPage":{"@id":"https:\/\/www.safinel.fr\/produit\/poudre-dorange\/#primaryimage"},"image":{"@id":"https:\/\/www.safinel.fr\/produit\/poudre-dorange\/#primaryimage"},"thumbnailUrl":"https:\/\/www.safinel.fr\/wp-content\/uploads\/2022\/02\/poudre-d-orange.jpg","datePublished":"2022-02-23T18:39:00+00:00","dateModified":"2025-04-05T17:48:18+00:00","description":"Non c'\u00e8 dubbio che una volta scoperto questo nuovo cosmetico, vedrete la vita arancione! La polvere d'arancia fa il suo debutto da Safinel!","breadcrumb":{"@id":"https:\/\/www.safinel.fr\/produit\/poudre-dorange\/#breadcrumb"},"inLanguage":"it-IT","potentialAction":[{"@type":"ReadAction","target":["https:\/\/www.safinel.fr\/produit\/poudre-dorange\/"]}]},{"@type":"ImageObject","inLanguage":"it-IT","@id":"https:\/\/www.safinel.fr\/produit\/poudre-dorange\/#primaryimage","url":"https:\/\/www.safinel.fr\/wp-content\/uploads\/2022\/02\/poudre-d-orange.jpg","contentUrl":"https:\/\/www.safinel.fr\/wp-content\/uploads\/2022\/02\/poudre-d-orange.jpg","width":600,"height":600,"caption":"Poudre d'orange 100g"},{"@type":"BreadcrumbList","@id":"https:\/\/www.safinel.fr\/produit\/poudre-dorange\/#breadcrumb","itemListElement":[{"@type":"ListItem","position":1,"name":"Accueil","item":"https:\/\/www.safinel.fr\/"},{"@type":"ListItem","position":2,"name":"Boutique","item":"https:\/\/www.safinel.fr\/boutique\/"},{"@type":"ListItem","position":3,"name":"Poudre d&rsquo;orange 100g"}]},{"@type":"WebSite","@id":"https:\/\/www.safinel.fr\/#website","url":"https:\/\/www.safinel.fr\/","name":"Safinel","description":"","publisher":{"@id":"https:\/\/www.safinel.fr\/#organization"},"potentialAction":[{"@type":"SearchAction","target":{"@type":"EntryPoint","urlTemplate":"https:\/\/www.safinel.fr\/?s={search_term_string}"},"query-input":{"@type":"PropertyValueSpecification","valueRequired":true,"valueName":"search_term_string"}}],"inLanguage":"it-IT"},{"@type":"Organization","@id":"https:\/\/www.safinel.fr\/#organization","name":"Safinel","url":"https:\/\/www.safinel.fr\/","logo":{"@type":"ImageObject","inLanguage":"it-IT","@id":"https:\/\/www.safinel.fr\/#\/schema\/logo\/image\/","url":"https:\/\/www.safinel.fr\/wp-content\/uploads\/2021\/05\/boutique-cosmetique.png","contentUrl":"https:\/\/www.safinel.fr\/wp-content\/uploads\/2021\/05\/boutique-cosmetique.png","width":800,"height":200,"caption":"Safinel"},"image":{"@id":"https:\/\/www.safinel.fr\/#\/schema\/logo\/image\/"}}]}},"_links":{"self":[{"href":"https:\/\/www.safinel.fr\/it\/wp-json\/wp\/v2\/product\/856","targetHints":{"allow":["GET"]}}],"collection":[{"href":"https:\/\/www.safinel.fr\/it\/wp-json\/wp\/v2\/product"}],"about":[{"href":"https:\/\/www.safinel.fr\/it\/wp-json\/wp\/v2\/types\/product"}],"wp:featuredmedia":[{"embeddable":true,"href":"https:\/\/www.safinel.fr\/it\/wp-json\/wp\/v2\/media\/857"}],"wp:attachment":[{"href":"https:\/\/www.safinel.fr\/it\/wp-json\/wp\/v2\/media?parent=856"}],"wp:term":[{"taxonomy":"product_brand","embeddable":true,"href":"https:\/\/www.safinel.fr\/it\/wp-json\/wp\/v2\/product_brand?post=856"},{"taxonomy":"product_cat","embeddable":true,"href":"https:\/\/www.safinel.fr\/it\/wp-json\/wp\/v2\/product_cat?post=856"},{"taxonomy":"product_tag","embeddable":true,"href":"https:\/\/www.safinel.fr\/it\/wp-json\/wp\/v2\/product_tag?post=856"}],"curies":[{"name":"wp","href":"https:\/\/api.w.org\/{rel}","templated":true}]}}