{"id":5340,"date":"2023-04-07T12:07:29","date_gmt":"2023-04-07T12:07:29","guid":{"rendered":"https:\/\/www.safinel.fr\/?post_type=product&#038;p=5340"},"modified":"2023-12-28T17:15:51","modified_gmt":"2023-12-28T17:15:51","slug":"cuffia-da-notte-nera-per-capelli-satinati","status":"publish","type":"product","link":"https:\/\/www.safinel.fr\/it\/prodotto\/cuffia-da-notte-nera-per-capelli-satinati\/","title":{"rendered":"Cuffia nera per capelli satinati"},"content":{"rendered":"<p>La cuffia di raso \u00e8 diventata un accessorio essenziale per proteggere e curare i capelli durante la notte. \u00c8 particolarmente apprezzata da chi ha i capelli ricci, crespi o con tendenza all'effetto crespo. \u00c8 ideale per mantenere l'idratazione e preservare la forma dei ricci.<\/p>\n<p>Scoprite tutti i vantaggi per i vostri capelli, i criteri da considerare prima di sceglierne uno e la nostra selezione di modelli che valorizzeranno i vostri capelli.<\/p>\n<h2><strong>Perch\u00e9 indossare una cuffia da notte in raso?<\/strong><\/h2>\n<p>I benefici della cuffia da notte in raso sono numerosi:<\/p>\n<ul>\n<li><strong>Preservare l'idratazione<\/strong>\u00a0Il raso trattiene l'umidit\u00e0. Questo mantiene i capelli naturalmente idratati e impedisce che diventino secchi e fragili.<\/li>\n<li><strong>Proteggere dallo sfregamento<\/strong>\u00a0Dormire con una cuffia di raso impedisce ai capelli di sfregare contro il cuscino e di aggrovigliarsi. Questo limita la rottura e la formazione di grovigli.<\/li>\n<li><strong>Mantenere la forma dei riccioli<\/strong>\u00a0Per i capelli ricci, la cuffietta di raso mantiene i ricci definiti e previene l'effetto crespo.<\/li>\n<li><strong>Prevenzione della caduta dei capelli<\/strong>\u00a0evitando l'attrito con il cuscino. Inoltre, riduce la caduta dei capelli e ne favorisce la crescita.<\/li>\n<li><strong>Acconciature di lunga durata<\/strong>\u00a0Indossare questo accessorio per capelli significa mantenere il proprio stile pi\u00f9 a lungo e limitare l'uso di riscaldatori per i ritocchi.<\/li>\n<\/ul>\n<h2><strong>Come scegliere una cuffia di raso per capelli ricci?<\/strong><\/h2>\n<p>Per sfruttare al meglio i vantaggi di una cuffietta di raso per capelli ricci, \u00e8 importante prendere in considerazione una serie di criteri al momento della scelta:<\/p>\n<ul>\n<li><strong>Il soggetto<\/strong>\u00a0Scegliete le coppe in raso 100%. Offrono una protezione migliore e una sensazione pi\u00f9 piacevole rispetto ai materiali misti.<\/li>\n<li><strong>La dimensione<\/strong>\u00a0Scegliete una cuffia abbastanza grande da contenere tutti i capelli senza schiacciarli. Non troppo larga, in modo che rimanga al suo posto per tutta la notte.<\/li>\n<li><strong>Manutenzione<\/strong>\u00a0Scegliere una cuffietta con un elastico o un cinturino regolabile per garantire una buona vestibilit\u00e0 senza costringere o segnare la fronte.<\/li>\n<li><strong>Il design<\/strong>\u00a0La cuffietta di raso \u00e8 principalmente funzionale. Non esitate a scegliere un modello che vi piaccia esteticamente e che si adatti al vostro stile.<\/li>\n<\/ul>\n<h2><strong>La nostra selezione di cuffiette in raso per valorizzare i vostri capelli<\/strong><\/h2>\n<p>Abbiamo selezionato una gamma di coppe in raso che combinano morbidezza, protezione e stile:<\/p>\n<ol>\n<li><strong>Il cappello classico<\/strong>\u00a0Questo modello semplice ed efficace avvolge l'intera testa dei capelli. \u00c8 tenuto in posizione da un elastico. Disponibile in un'ampia gamma di colori.<\/li>\n<li><strong>Cappello reversibile in raso<\/strong>\u00a0Con due lati in raso di colori diversi. Questo berretto vi permette di variare i piaceri e di abbinare l'accessorio al vostro abito da sera.<\/li>\n<li><strong>Il modello a nastro<\/strong>\u00a0Con il suo grazioso nastro regolabile, questo modello offre una vestibilit\u00e0 personalizzata e aggiunge un tocco di eleganza alla vostra routine notturna.<\/li>\n<li><strong>Cuffia in raso a fantasia<\/strong>\u00a0Per chi desidera aggiungere un tocco di fantasia al proprio copricapo notturno, sono disponibili berretti di raso a fantasia in un'ampia gamma di stampe (fiori, pois, animali, ecc.).<\/li>\n<\/ol>\n<h3><strong>Cuffia di raso per capelli corti o lunghi: come adattarla all'acconciatura?<\/strong><\/h3>\n<p>Che abbiate capelli corti, di media lunghezza o lunghi, pu\u00f2 essere adattato alla vostra acconciatura:<\/p>\n<ul>\n<li><strong>Capelli corti<\/strong>\u00a0Scegliete un modello piccolo o medio che tenga i capelli in posizione senza essere troppo voluminoso.<\/li>\n<li><strong>Capelli di media e lunga lunghezza<\/strong>\u00a0Scegliete una cuffia di raso grande o extra-large che avvolga tutti i capelli senza sovrastarli. Potete anche optare per modelli con una coda di cavallo integrata, che aiuta a distribuire la massa di capelli in tutta la cuffia.<\/li>\n<\/ul>\n<h3><strong>Manutenzione per una protezione ottimale<\/strong><\/h3>\n<p>Per conservare tutti i vantaggi di una cuffietta di raso, \u00e8 essenziale curarla e pulirla regolarmente:<\/p>\n<ul>\n<li><strong>Lavaggio a mano<\/strong>\u00a0Lavare delicatamente a mano con un detergente delicato. <a href=\"https:\/\/www.safinel.fr\/it\/categoria-prodotto\/sapone\/\"><strong>sapone neutro<\/strong><\/a>. Questo per preservare la qualit\u00e0 e la morbidezza del raso.<\/li>\n<li><strong>Asciugatura ad aria<\/strong>\u00a0Non asciugare in asciugatrice per non danneggiare il raso. Lasciare asciugare il cappello all'aria aperta, al riparo dalla luce diretta del sole.<\/li>\n<li><strong>Sostituzione regolare<\/strong>\u00a0Come qualsiasi altro accessorio, pu\u00f2 usurarsi con il tempo. Non esitate a sostituirlo se notate segni di usura o se non regge pi\u00f9 come prima.<\/li>\n<\/ul>\n<p>Adottando la cuffia di raso, proteggete al meglio i vostri capelli durante la notte e contribuite a preservarne la bellezza e la salute. Non aspettate oltre per rendere questo delicato accessorio parte della vostra routine per i capelli!<\/p>","protected":false},"excerpt":{"rendered":"<p><strong>Caratteristiche :<\/strong><\/p>\n<ul>\n<li>Ideale per il supporto notturno<\/li>\n<li>Materiale satinato<\/li>\n<\/ul>\n<p><img decoding=\"async\" class=\"size-full wp-image-5091 aligncenter\" src=\"https:\/\/www.safinel.fr\/wp-content\/uploads\/2021\/06\/BANNIERE-ICONE-SAFINEL.webp\" alt=\"riassicurazione satine\" width=\"800\" height=\"200\" srcset=\"https:\/\/www.safinel.fr\/wp-content\/uploads\/2021\/06\/BANNIERE-ICONE-SAFINEL.webp 800w, https:\/\/www.safinel.fr\/wp-content\/uploads\/2021\/06\/BANNIERE-ICONE-SAFINEL-600x150.webp 600w, https:\/\/www.safinel.fr\/wp-content\/uploads\/2021\/06\/BANNIERE-ICONE-SAFINEL-768x192.webp 768w\" sizes=\"(max-width: 800px) 100vw, 800px\" \/><\/p>","protected":false},"featured_media":5344,"template":"","meta":[],"product_brand":[],"product_cat":[132,146],"product_tag":[],"class_list":{"0":"post-5340","1":"product","2":"type-product","3":"status-publish","4":"has-post-thumbnail","6":"product_cat-bonnet-chauffant","7":"product_cat-produit-cheveux","9":"first","10":"outofstock","11":"shipping-taxable","12":"purchasable","13":"product-type-simple"},"yoast_head":"<!-- This site is optimized with the Yoast SEO plugin v26.6 - https:\/\/yoast.com\/wordpress\/plugins\/seo\/ -->\n<title>Bonnet en satin I Bonnet de nuit pour cheveux pas cher<\/title>\n<meta name=\"description\" content=\"D\u00e9couvrez tous les avantages du\u00a0bonnet en satin cheveux, les crit\u00e8res \u00e0 prendre en compte avant d&#039;en choisir un et notre s\u00e9lection de mod\u00e8les.\" \/>\n<meta name=\"robots\" content=\"index, follow, max-snippet:-1, max-image-preview:large, max-video-preview:-1\" \/>\n<link rel=\"canonical\" href=\"https:\/\/www.safinel.fr\/it\/prodotto\/cuffia-da-notte-nera-per-capelli-satinati\/\" \/>\n<meta property=\"og:locale\" content=\"it_IT\" \/>\n<meta property=\"og:type\" content=\"article\" \/>\n<meta property=\"og:title\" content=\"Bonnet en satin I Bonnet de nuit pour cheveux pas cher\" \/>\n<meta property=\"og:description\" content=\"D\u00e9couvrez tous les avantages du\u00a0bonnet en satin cheveux, les crit\u00e8res \u00e0 prendre en compte avant d&#039;en choisir un et notre s\u00e9lection de mod\u00e8les.\" \/>\n<meta property=\"og:url\" content=\"https:\/\/www.safinel.fr\/it\/prodotto\/cuffia-da-notte-nera-per-capelli-satinati\/\" \/>\n<meta property=\"og:site_name\" content=\"Safinel\" \/>\n<meta property=\"article:modified_time\" content=\"2023-12-28T17:15:51+00:00\" \/>\n<meta property=\"og:image\" content=\"https:\/\/www.safinel.fr\/wp-content\/uploads\/2023\/04\/BONNET-D-E-NUIT.jpg\" \/>\n\t<meta property=\"og:image:width\" content=\"600\" \/>\n\t<meta property=\"og:image:height\" content=\"600\" \/>\n\t<meta property=\"og:image:type\" content=\"image\/jpeg\" \/>\n<meta name=\"twitter:card\" content=\"summary_large_image\" \/>\n<meta name=\"twitter:label1\" content=\"Tempo di lettura stimato\" \/>\n\t<meta name=\"twitter:data1\" content=\"4 minuti\" \/>\n<script type=\"application\/ld+json\" class=\"yoast-schema-graph\">{\"@context\":\"https:\/\/schema.org\",\"@graph\":[{\"@type\":\"WebPage\",\"@id\":\"https:\/\/www.safinel.fr\/produit\/bonnet-de-nuit-noir-pour-cheveux-en-satin\/\",\"url\":\"https:\/\/www.safinel.fr\/produit\/bonnet-de-nuit-noir-pour-cheveux-en-satin\/\",\"name\":\"Bonnet en satin I Bonnet de nuit pour cheveux pas cher\",\"isPartOf\":{\"@id\":\"https:\/\/www.safinel.fr\/#website\"},\"primaryImageOfPage\":{\"@id\":\"https:\/\/www.safinel.fr\/produit\/bonnet-de-nuit-noir-pour-cheveux-en-satin\/#primaryimage\"},\"image\":{\"@id\":\"https:\/\/www.safinel.fr\/produit\/bonnet-de-nuit-noir-pour-cheveux-en-satin\/#primaryimage\"},\"thumbnailUrl\":\"https:\/\/www.safinel.fr\/wp-content\/uploads\/2023\/04\/BONNET-D-E-NUIT.jpg\",\"datePublished\":\"2023-04-07T12:07:29+00:00\",\"dateModified\":\"2023-12-28T17:15:51+00:00\",\"description\":\"D\u00e9couvrez tous les avantages du\u00a0bonnet en satin cheveux, les crit\u00e8res \u00e0 prendre en compte avant d'en choisir un et notre s\u00e9lection de mod\u00e8les.\",\"breadcrumb\":{\"@id\":\"https:\/\/www.safinel.fr\/produit\/bonnet-de-nuit-noir-pour-cheveux-en-satin\/#breadcrumb\"},\"inLanguage\":\"it-IT\",\"potentialAction\":[{\"@type\":\"ReadAction\",\"target\":[\"https:\/\/www.safinel.fr\/produit\/bonnet-de-nuit-noir-pour-cheveux-en-satin\/\"]}]},{\"@type\":\"ImageObject\",\"inLanguage\":\"it-IT\",\"@id\":\"https:\/\/www.safinel.fr\/produit\/bonnet-de-nuit-noir-pour-cheveux-en-satin\/#primaryimage\",\"url\":\"https:\/\/www.safinel.fr\/wp-content\/uploads\/2023\/04\/BONNET-D-E-NUIT.jpg\",\"contentUrl\":\"https:\/\/www.safinel.fr\/wp-content\/uploads\/2023\/04\/BONNET-D-E-NUIT.jpg\",\"width\":600,\"height\":600,\"caption\":\"bonnet en satin cheveux\"},{\"@type\":\"BreadcrumbList\",\"@id\":\"https:\/\/www.safinel.fr\/produit\/bonnet-de-nuit-noir-pour-cheveux-en-satin\/#breadcrumb\",\"itemListElement\":[{\"@type\":\"ListItem\",\"position\":1,\"name\":\"Accueil\",\"item\":\"https:\/\/www.safinel.fr\/\"},{\"@type\":\"ListItem\",\"position\":2,\"name\":\"Boutique\",\"item\":\"https:\/\/www.safinel.fr\/boutique\/\"},{\"@type\":\"ListItem\",\"position\":3,\"name\":\"Bonnet de nuit noir pour cheveux en satin\"}]},{\"@type\":\"WebSite\",\"@id\":\"https:\/\/www.safinel.fr\/#website\",\"url\":\"https:\/\/www.safinel.fr\/\",\"name\":\"Safinel\",\"description\":\"\",\"publisher\":{\"@id\":\"https:\/\/www.safinel.fr\/#organization\"},\"potentialAction\":[{\"@type\":\"SearchAction\",\"target\":{\"@type\":\"EntryPoint\",\"urlTemplate\":\"https:\/\/www.safinel.fr\/?s={search_term_string}\"},\"query-input\":{\"@type\":\"PropertyValueSpecification\",\"valueRequired\":true,\"valueName\":\"search_term_string\"}}],\"inLanguage\":\"it-IT\"},{\"@type\":\"Organization\",\"@id\":\"https:\/\/www.safinel.fr\/#organization\",\"name\":\"Safinel\",\"url\":\"https:\/\/www.safinel.fr\/\",\"logo\":{\"@type\":\"ImageObject\",\"inLanguage\":\"it-IT\",\"@id\":\"https:\/\/www.safinel.fr\/#\/schema\/logo\/image\/\",\"url\":\"https:\/\/www.safinel.fr\/wp-content\/uploads\/2021\/05\/boutique-cosmetique.png\",\"contentUrl\":\"https:\/\/www.safinel.fr\/wp-content\/uploads\/2021\/05\/boutique-cosmetique.png\",\"width\":800,\"height\":200,\"caption\":\"Safinel\"},\"image\":{\"@id\":\"https:\/\/www.safinel.fr\/#\/schema\/logo\/image\/\"}}]}<\/script>\n<!-- \/ Yoast SEO plugin. -->","yoast_head_json":{"title":"Cuffia di raso I Cuffia da notte economica per capelli","description":"Scoprite tutti i vantaggi di una cuffietta per capelli in raso, i criteri da considerare prima di sceglierne una e la nostra selezione di modelli.","robots":{"index":"index","follow":"follow","max-snippet":"max-snippet:-1","max-image-preview":"max-image-preview:large","max-video-preview":"max-video-preview:-1"},"canonical":"https:\/\/www.safinel.fr\/it\/prodotto\/cuffia-da-notte-nera-per-capelli-satinati\/","og_locale":"it_IT","og_type":"article","og_title":"Bonnet en satin I Bonnet de nuit pour cheveux pas cher","og_description":"D\u00e9couvrez tous les avantages du\u00a0bonnet en satin cheveux, les crit\u00e8res \u00e0 prendre en compte avant d'en choisir un et notre s\u00e9lection de mod\u00e8les.","og_url":"https:\/\/www.safinel.fr\/it\/prodotto\/cuffia-da-notte-nera-per-capelli-satinati\/","og_site_name":"Safinel","article_modified_time":"2023-12-28T17:15:51+00:00","og_image":[{"width":600,"height":600,"url":"https:\/\/www.safinel.fr\/wp-content\/uploads\/2023\/04\/BONNET-D-E-NUIT.jpg","type":"image\/jpeg"}],"twitter_card":"summary_large_image","twitter_misc":{"Tempo di lettura stimato":"4 minuti"},"schema":{"@context":"https:\/\/schema.org","@graph":[{"@type":"WebPage","@id":"https:\/\/www.safinel.fr\/produit\/bonnet-de-nuit-noir-pour-cheveux-en-satin\/","url":"https:\/\/www.safinel.fr\/produit\/bonnet-de-nuit-noir-pour-cheveux-en-satin\/","name":"Cuffia di raso I Cuffia da notte economica per capelli","isPartOf":{"@id":"https:\/\/www.safinel.fr\/#website"},"primaryImageOfPage":{"@id":"https:\/\/www.safinel.fr\/produit\/bonnet-de-nuit-noir-pour-cheveux-en-satin\/#primaryimage"},"image":{"@id":"https:\/\/www.safinel.fr\/produit\/bonnet-de-nuit-noir-pour-cheveux-en-satin\/#primaryimage"},"thumbnailUrl":"https:\/\/www.safinel.fr\/wp-content\/uploads\/2023\/04\/BONNET-D-E-NUIT.jpg","datePublished":"2023-04-07T12:07:29+00:00","dateModified":"2023-12-28T17:15:51+00:00","description":"Scoprite tutti i vantaggi di una cuffietta per capelli in raso, i criteri da considerare prima di sceglierne una e la nostra selezione di modelli.","breadcrumb":{"@id":"https:\/\/www.safinel.fr\/produit\/bonnet-de-nuit-noir-pour-cheveux-en-satin\/#breadcrumb"},"inLanguage":"it-IT","potentialAction":[{"@type":"ReadAction","target":["https:\/\/www.safinel.fr\/produit\/bonnet-de-nuit-noir-pour-cheveux-en-satin\/"]}]},{"@type":"ImageObject","inLanguage":"it-IT","@id":"https:\/\/www.safinel.fr\/produit\/bonnet-de-nuit-noir-pour-cheveux-en-satin\/#primaryimage","url":"https:\/\/www.safinel.fr\/wp-content\/uploads\/2023\/04\/BONNET-D-E-NUIT.jpg","contentUrl":"https:\/\/www.safinel.fr\/wp-content\/uploads\/2023\/04\/BONNET-D-E-NUIT.jpg","width":600,"height":600,"caption":"bonnet en satin cheveux"},{"@type":"BreadcrumbList","@id":"https:\/\/www.safinel.fr\/produit\/bonnet-de-nuit-noir-pour-cheveux-en-satin\/#breadcrumb","itemListElement":[{"@type":"ListItem","position":1,"name":"Accueil","item":"https:\/\/www.safinel.fr\/"},{"@type":"ListItem","position":2,"name":"Boutique","item":"https:\/\/www.safinel.fr\/boutique\/"},{"@type":"ListItem","position":3,"name":"Bonnet de nuit noir pour cheveux en satin"}]},{"@type":"WebSite","@id":"https:\/\/www.safinel.fr\/#website","url":"https:\/\/www.safinel.fr\/","name":"Safinel","description":"","publisher":{"@id":"https:\/\/www.safinel.fr\/#organization"},"potentialAction":[{"@type":"SearchAction","target":{"@type":"EntryPoint","urlTemplate":"https:\/\/www.safinel.fr\/?s={search_term_string}"},"query-input":{"@type":"PropertyValueSpecification","valueRequired":true,"valueName":"search_term_string"}}],"inLanguage":"it-IT"},{"@type":"Organization","@id":"https:\/\/www.safinel.fr\/#organization","name":"Safinel","url":"https:\/\/www.safinel.fr\/","logo":{"@type":"ImageObject","inLanguage":"it-IT","@id":"https:\/\/www.safinel.fr\/#\/schema\/logo\/image\/","url":"https:\/\/www.safinel.fr\/wp-content\/uploads\/2021\/05\/boutique-cosmetique.png","contentUrl":"https:\/\/www.safinel.fr\/wp-content\/uploads\/2021\/05\/boutique-cosmetique.png","width":800,"height":200,"caption":"Safinel"},"image":{"@id":"https:\/\/www.safinel.fr\/#\/schema\/logo\/image\/"}}]}},"_links":{"self":[{"href":"https:\/\/www.safinel.fr\/it\/wp-json\/wp\/v2\/product\/5340","targetHints":{"allow":["GET"]}}],"collection":[{"href":"https:\/\/www.safinel.fr\/it\/wp-json\/wp\/v2\/product"}],"about":[{"href":"https:\/\/www.safinel.fr\/it\/wp-json\/wp\/v2\/types\/product"}],"wp:featuredmedia":[{"embeddable":true,"href":"https:\/\/www.safinel.fr\/it\/wp-json\/wp\/v2\/media\/5344"}],"wp:attachment":[{"href":"https:\/\/www.safinel.fr\/it\/wp-json\/wp\/v2\/media?parent=5340"}],"wp:term":[{"taxonomy":"product_brand","embeddable":true,"href":"https:\/\/www.safinel.fr\/it\/wp-json\/wp\/v2\/product_brand?post=5340"},{"taxonomy":"product_cat","embeddable":true,"href":"https:\/\/www.safinel.fr\/it\/wp-json\/wp\/v2\/product_cat?post=5340"},{"taxonomy":"product_tag","embeddable":true,"href":"https:\/\/www.safinel.fr\/it\/wp-json\/wp\/v2\/product_tag?post=5340"}],"curies":[{"name":"wp","href":"https:\/\/api.w.org\/{rel}","templated":true}]}}