{"id":2180,"date":"2022-08-17T09:41:44","date_gmt":"2022-08-17T09:41:44","guid":{"rendered":"https:\/\/www.safinel.fr\/?post_type=product&#038;p=2180"},"modified":"2025-06-13T13:53:21","modified_gmt":"2025-06-13T13:53:21","slug":"raddrizzamento-brasiliano-senza-formalina-con-cheratina","status":"publish","type":"product","link":"https:\/\/www.safinel.fr\/it\/prodotto\/raddrizzamento-brasiliano-senza-formalina-con-cheratina\/","title":{"rendered":"Lisciatura brasiliana senza formalina con cheratina - Pro Hair Professional"},"content":{"rendered":"<p>Le\u00a0<strong>Raddrizzamento brasiliano<\/strong>\u00a0cheratina e soprattutto\u00a0<strong>senza formalina<\/strong>, marchio<strong>\u00a0ProHair Professionale<\/strong>, \u00e8 una vera e propria tecnologia per capelli! Se siete ancora indecisi se fare il grande passo e optare per una\u00a0<strong>levigatura casalinga,\u00a0<\/strong>avete trovato il kit perfetto per i vostri capelli.<\/p>\n<h2><strong>Tutta la tecnologia del raddrizzamento brasiliano in un unico prodotto!\u00a0<\/strong><\/h2>\n<p>Questo prodotto lisciante alla cheratina \u00e8 una formula sapientemente studiata, arricchita con un ingrediente chiave: il fico d'India. Questo kit completo per la casa \u00e8 un \u00ab3 step\u00bb, ovvero contiene 3 prodotti per 3 step. \u00c8 composto da :<\/p>\n<ul>\n<li><strong>Shampoo chiarificante al fico d'India:<\/strong>\u00a0rimuove i residui di vari prodotti per capelli che si sono accumulati sui capelli. Inoltre, prepara i capelli a ricevere un trattamento lisciante, in particolare aprendo le cuticole.<\/li>\n<li><strong>Crema alla cheratina senza formalina :\u00a0<\/strong>Il prodotto lisciante \u00e8 la seconda fase di questo processo.\u00a0<strong>Kit completo di lisciatura<\/strong>. Arricchita con cheratina, questa proteina \u00e8 in grado di penetrare nei capelli per lisciare completamente le ciocche, nutrendole in profondit\u00e0.<\/li>\n<li><strong>Balsamo per fichi d'India :<\/strong>\u00a0Questa terza e ultima fase fissa il trattamento alla cheratina applicato nella fase 2. In altre parole, stabilizza il pH dei capelli e sigilla il trattamento lisciante per risultati duraturi. In altre parole, stabilizza il pH dei capelli e sigilla il trattamento lisciante per ottenere risultati duraturi.<\/li>\n<\/ul>\n<h2><strong>Quali risultati posso aspettarmi dal raddrizzamento brasiliano?\u00a0<\/strong><\/h2>\n<p>In primo luogo, il risultato di questo<strong>\u00a0raddrizzamento interno<\/strong>\u00a0pu\u00f2 durare fino a 4-6 mesi, a seconda del tipo di capelli. In seguito, \u00e8 possibile effettuare una seconda stiratura per ottenere gradualmente una fibra capillare molto pi\u00f9 rilassata.<\/p>\n<p>I benefici immediatamente visibili dopo il trattamento levigante sono :<\/p>\n<ul>\n<li>Effetto morbido senza effetto \u00abbastone rigido\u00bb, ma piuttosto disciplinato<\/li>\n<li>Lucentezza estrema<\/li>\n<li>Ripara i capelli danneggiati<\/li>\n<li><a href=\"https:\/\/www.safinel.fr\/it\/categoria-prodotto\/botox-per-capelli\/\"><strong>Rinforza e mantiene il volume estetico<\/strong><\/a><\/li>\n<li>Capelli disciplinati<\/li>\n<li>Ridona lucentezza ai capelli spenti<\/li>\n<li>Aggiunge morbidezza<\/li>\n<li>Capelli nutriti e idratati<\/li>\n<\/ul>\n<h2><strong>Come utilizzare il kit di raddrizzamento senza formalina\u00a0<\/strong><\/h2>\n<p>Prima di tutto, leggere attentamente le istruzioni. Poi prendete un pettine e dei guanti e assicuratevi che la stanza sia ben ventilata per evitare qualsiasi inconveniente.<\/p>\n<ol>\n<li>Applicare prima lo Shampoo chiarificatore Step 1 sui capelli bagnati. Ripetere questo primo passaggio 2 o 3 volte, lasciando agire l'ultimo shampoo per 5 minuti, quindi risciacquare accuratamente.<\/li>\n<li>Sui capelli tamponati, applicare il\u00a0<strong>crema alla cheratina<\/strong>\u00a0ciocca per ciocca, partendo da 1 cm dalla radice. Quindi pettinare per distribuire il prodotto in modo uniforme. Lasciare agire per 20 minuti la prima volta. Ripetere l'operazione una seconda volta, sempre per 20 minuti.<\/li>\n<li>Quindi asciugare i capelli e stirare da 5 a 10 volte per ogni ciocca con una piastra.<\/li>\n<li>Infine, il fissatore fissa la cheratina in modo permanente nei capelli.<\/li>\n<\/ol>\n<h3><strong>Precauzioni\u00a0<\/strong><\/h3>\n<p>Per cominciare, \u00e8 necessario seguire alla lettera le istruzioni e i consigli riportati sul foglietto illustrativo. \u00c8 inoltre importante conoscere il proprio tipo di capelli e le loro caratteristiche per non danneggiare la fibra. Se i capelli sono fragili e\/o molto danneggiati, \u00e8 possibile adattare il tempo di applicazione e la temperatura della piastra, ad esempio.<\/p>\n<p>Non adatto ai bambini.<\/p>","protected":false},"excerpt":{"rendered":"<p><strong>Caratteristiche :<\/strong><\/p>\n<ul>\n<li>Kit completo di raddrizzamento alla cheratina brasiliana senza formalina.<\/li>\n<li>Per capelli lisci e lucenti che durano ancora di pi\u00f9.<\/li>\n<li>Facile e veloce da usare, offre risultati sorprendenti! Garantito per 3 o 4 mesi!<\/li>\n<li>Shampoo alcalino al fico d'India PH 8,5.<\/li>\n<li>Crema alla cheratina senza formalina.<\/li>\n<li>Condizionatore fissativo al fico d'India PH 5,5.<\/li>\n<\/ul>","protected":false},"featured_media":2210,"template":"","meta":[],"product_brand":[],"product_cat":[79,77],"product_tag":[],"class_list":{"0":"post-2180","1":"product","2":"type-product","3":"status-publish","4":"has-post-thumbnail","6":"product_cat-botox-capillaire","7":"product_cat-pro-hair-professional","9":"first","10":"outofstock","11":"shipping-taxable","12":"purchasable","13":"product-type-simple"},"yoast_head":"<!-- This site is optimized with the Yoast SEO plugin v26.6 - https:\/\/yoast.com\/wordpress\/plugins\/seo\/ -->\n<title>Lissage br\u00e9silien sans formol \u00e0 la k\u00e9ratine I Pro Hair Professional<\/title>\n<meta name=\"description\" content=\"Le\u00a0lissage br\u00e9silien\u00a0\u00e0 la k\u00e9ratine, et surtout\u00a0sans formol, de la marque\u00a0ProHair Professional, est une v\u00e9ritable technologie capillaire !\" \/>\n<meta name=\"robots\" content=\"index, follow, max-snippet:-1, max-image-preview:large, max-video-preview:-1\" \/>\n<link rel=\"canonical\" href=\"https:\/\/www.safinel.fr\/it\/prodotto\/raddrizzamento-brasiliano-senza-formalina-con-cheratina\/\" \/>\n<meta property=\"og:locale\" content=\"it_IT\" \/>\n<meta property=\"og:type\" content=\"article\" \/>\n<meta property=\"og:title\" content=\"Lissage br\u00e9silien sans formol \u00e0 la k\u00e9ratine I Pro Hair Professional\" \/>\n<meta property=\"og:description\" content=\"Le\u00a0lissage br\u00e9silien\u00a0\u00e0 la k\u00e9ratine, et surtout\u00a0sans formol, de la marque\u00a0ProHair Professional, est une v\u00e9ritable technologie capillaire !\" \/>\n<meta property=\"og:url\" content=\"https:\/\/www.safinel.fr\/it\/prodotto\/raddrizzamento-brasiliano-senza-formalina-con-cheratina\/\" \/>\n<meta property=\"og:site_name\" content=\"Safinel\" \/>\n<meta property=\"article:modified_time\" content=\"2025-06-13T13:53:21+00:00\" \/>\n<meta property=\"og:image\" content=\"https:\/\/www.safinel.fr\/wp-content\/uploads\/2022\/08\/kit-de-lissage-bresilien-pro-hair-professional.jpg\" \/>\n\t<meta property=\"og:image:width\" content=\"600\" \/>\n\t<meta property=\"og:image:height\" content=\"600\" \/>\n\t<meta property=\"og:image:type\" content=\"image\/jpeg\" \/>\n<meta name=\"twitter:card\" content=\"summary_large_image\" \/>\n<meta name=\"twitter:label1\" content=\"Tempo di lettura stimato\" \/>\n\t<meta name=\"twitter:data1\" content=\"3 minuti\" \/>\n<script type=\"application\/ld+json\" class=\"yoast-schema-graph\">{\"@context\":\"https:\/\/schema.org\",\"@graph\":[{\"@type\":\"WebPage\",\"@id\":\"https:\/\/www.safinel.fr\/produit\/lissage-bresilien-sans-formol-a-la-keratine\/\",\"url\":\"https:\/\/www.safinel.fr\/produit\/lissage-bresilien-sans-formol-a-la-keratine\/\",\"name\":\"Lissage br\u00e9silien sans formol \u00e0 la k\u00e9ratine I Pro Hair Professional\",\"isPartOf\":{\"@id\":\"https:\/\/www.safinel.fr\/#website\"},\"primaryImageOfPage\":{\"@id\":\"https:\/\/www.safinel.fr\/produit\/lissage-bresilien-sans-formol-a-la-keratine\/#primaryimage\"},\"image\":{\"@id\":\"https:\/\/www.safinel.fr\/produit\/lissage-bresilien-sans-formol-a-la-keratine\/#primaryimage\"},\"thumbnailUrl\":\"https:\/\/www.safinel.fr\/wp-content\/uploads\/2022\/08\/kit-de-lissage-bresilien-pro-hair-professional.jpg\",\"datePublished\":\"2022-08-17T09:41:44+00:00\",\"dateModified\":\"2025-06-13T13:53:21+00:00\",\"description\":\"Le\u00a0lissage br\u00e9silien\u00a0\u00e0 la k\u00e9ratine, et surtout\u00a0sans formol, de la marque\u00a0ProHair Professional, est une v\u00e9ritable technologie capillaire !\",\"breadcrumb\":{\"@id\":\"https:\/\/www.safinel.fr\/produit\/lissage-bresilien-sans-formol-a-la-keratine\/#breadcrumb\"},\"inLanguage\":\"it-IT\",\"potentialAction\":[{\"@type\":\"ReadAction\",\"target\":[\"https:\/\/www.safinel.fr\/produit\/lissage-bresilien-sans-formol-a-la-keratine\/\"]}]},{\"@type\":\"ImageObject\",\"inLanguage\":\"it-IT\",\"@id\":\"https:\/\/www.safinel.fr\/produit\/lissage-bresilien-sans-formol-a-la-keratine\/#primaryimage\",\"url\":\"https:\/\/www.safinel.fr\/wp-content\/uploads\/2022\/08\/kit-de-lissage-bresilien-pro-hair-professional.jpg\",\"contentUrl\":\"https:\/\/www.safinel.fr\/wp-content\/uploads\/2022\/08\/kit-de-lissage-bresilien-pro-hair-professional.jpg\",\"width\":600,\"height\":600,\"caption\":\"Lissage br\u00e9silien\"},{\"@type\":\"BreadcrumbList\",\"@id\":\"https:\/\/www.safinel.fr\/produit\/lissage-bresilien-sans-formol-a-la-keratine\/#breadcrumb\",\"itemListElement\":[{\"@type\":\"ListItem\",\"position\":1,\"name\":\"Accueil\",\"item\":\"https:\/\/www.safinel.fr\/\"},{\"@type\":\"ListItem\",\"position\":2,\"name\":\"Boutique\",\"item\":\"https:\/\/www.safinel.fr\/boutique\/\"},{\"@type\":\"ListItem\",\"position\":3,\"name\":\"Lissage br\u00e9silien sans formol \u00e0 la k\u00e9ratine &#8211; Pro Hair Professional\"}]},{\"@type\":\"WebSite\",\"@id\":\"https:\/\/www.safinel.fr\/#website\",\"url\":\"https:\/\/www.safinel.fr\/\",\"name\":\"Safinel\",\"description\":\"\",\"publisher\":{\"@id\":\"https:\/\/www.safinel.fr\/#organization\"},\"potentialAction\":[{\"@type\":\"SearchAction\",\"target\":{\"@type\":\"EntryPoint\",\"urlTemplate\":\"https:\/\/www.safinel.fr\/?s={search_term_string}\"},\"query-input\":{\"@type\":\"PropertyValueSpecification\",\"valueRequired\":true,\"valueName\":\"search_term_string\"}}],\"inLanguage\":\"it-IT\"},{\"@type\":\"Organization\",\"@id\":\"https:\/\/www.safinel.fr\/#organization\",\"name\":\"Safinel\",\"url\":\"https:\/\/www.safinel.fr\/\",\"logo\":{\"@type\":\"ImageObject\",\"inLanguage\":\"it-IT\",\"@id\":\"https:\/\/www.safinel.fr\/#\/schema\/logo\/image\/\",\"url\":\"https:\/\/www.safinel.fr\/wp-content\/uploads\/2021\/05\/boutique-cosmetique.png\",\"contentUrl\":\"https:\/\/www.safinel.fr\/wp-content\/uploads\/2021\/05\/boutique-cosmetique.png\",\"width\":800,\"height\":200,\"caption\":\"Safinel\"},\"image\":{\"@id\":\"https:\/\/www.safinel.fr\/#\/schema\/logo\/image\/\"}}]}<\/script>\n<!-- \/ Yoast SEO plugin. -->","yoast_head_json":{"title":"Lisciatura brasiliana senza formalina con cheratina I Pro Hair Professional","description":"La stiratura brasiliana con cheratina, e soprattutto senza formaldeide, di ProHair Professional \u00e8 una vera e propria tecnologia per capelli!","robots":{"index":"index","follow":"follow","max-snippet":"max-snippet:-1","max-image-preview":"max-image-preview:large","max-video-preview":"max-video-preview:-1"},"canonical":"https:\/\/www.safinel.fr\/it\/prodotto\/raddrizzamento-brasiliano-senza-formalina-con-cheratina\/","og_locale":"it_IT","og_type":"article","og_title":"Lissage br\u00e9silien sans formol \u00e0 la k\u00e9ratine I Pro Hair Professional","og_description":"Le\u00a0lissage br\u00e9silien\u00a0\u00e0 la k\u00e9ratine, et surtout\u00a0sans formol, de la marque\u00a0ProHair Professional, est une v\u00e9ritable technologie capillaire !","og_url":"https:\/\/www.safinel.fr\/it\/prodotto\/raddrizzamento-brasiliano-senza-formalina-con-cheratina\/","og_site_name":"Safinel","article_modified_time":"2025-06-13T13:53:21+00:00","og_image":[{"width":600,"height":600,"url":"https:\/\/www.safinel.fr\/wp-content\/uploads\/2022\/08\/kit-de-lissage-bresilien-pro-hair-professional.jpg","type":"image\/jpeg"}],"twitter_card":"summary_large_image","twitter_misc":{"Tempo di lettura stimato":"3 minuti"},"schema":{"@context":"https:\/\/schema.org","@graph":[{"@type":"WebPage","@id":"https:\/\/www.safinel.fr\/produit\/lissage-bresilien-sans-formol-a-la-keratine\/","url":"https:\/\/www.safinel.fr\/produit\/lissage-bresilien-sans-formol-a-la-keratine\/","name":"Lisciatura brasiliana senza formalina con cheratina I Pro Hair Professional","isPartOf":{"@id":"https:\/\/www.safinel.fr\/#website"},"primaryImageOfPage":{"@id":"https:\/\/www.safinel.fr\/produit\/lissage-bresilien-sans-formol-a-la-keratine\/#primaryimage"},"image":{"@id":"https:\/\/www.safinel.fr\/produit\/lissage-bresilien-sans-formol-a-la-keratine\/#primaryimage"},"thumbnailUrl":"https:\/\/www.safinel.fr\/wp-content\/uploads\/2022\/08\/kit-de-lissage-bresilien-pro-hair-professional.jpg","datePublished":"2022-08-17T09:41:44+00:00","dateModified":"2025-06-13T13:53:21+00:00","description":"La stiratura brasiliana con cheratina, e soprattutto senza formaldeide, di ProHair Professional \u00e8 una vera e propria tecnologia per capelli!","breadcrumb":{"@id":"https:\/\/www.safinel.fr\/produit\/lissage-bresilien-sans-formol-a-la-keratine\/#breadcrumb"},"inLanguage":"it-IT","potentialAction":[{"@type":"ReadAction","target":["https:\/\/www.safinel.fr\/produit\/lissage-bresilien-sans-formol-a-la-keratine\/"]}]},{"@type":"ImageObject","inLanguage":"it-IT","@id":"https:\/\/www.safinel.fr\/produit\/lissage-bresilien-sans-formol-a-la-keratine\/#primaryimage","url":"https:\/\/www.safinel.fr\/wp-content\/uploads\/2022\/08\/kit-de-lissage-bresilien-pro-hair-professional.jpg","contentUrl":"https:\/\/www.safinel.fr\/wp-content\/uploads\/2022\/08\/kit-de-lissage-bresilien-pro-hair-professional.jpg","width":600,"height":600,"caption":"Lissage br\u00e9silien"},{"@type":"BreadcrumbList","@id":"https:\/\/www.safinel.fr\/produit\/lissage-bresilien-sans-formol-a-la-keratine\/#breadcrumb","itemListElement":[{"@type":"ListItem","position":1,"name":"Accueil","item":"https:\/\/www.safinel.fr\/"},{"@type":"ListItem","position":2,"name":"Boutique","item":"https:\/\/www.safinel.fr\/boutique\/"},{"@type":"ListItem","position":3,"name":"Lissage br\u00e9silien sans formol \u00e0 la k\u00e9ratine &#8211; Pro Hair Professional"}]},{"@type":"WebSite","@id":"https:\/\/www.safinel.fr\/#website","url":"https:\/\/www.safinel.fr\/","name":"Safinel","description":"","publisher":{"@id":"https:\/\/www.safinel.fr\/#organization"},"potentialAction":[{"@type":"SearchAction","target":{"@type":"EntryPoint","urlTemplate":"https:\/\/www.safinel.fr\/?s={search_term_string}"},"query-input":{"@type":"PropertyValueSpecification","valueRequired":true,"valueName":"search_term_string"}}],"inLanguage":"it-IT"},{"@type":"Organization","@id":"https:\/\/www.safinel.fr\/#organization","name":"Safinel","url":"https:\/\/www.safinel.fr\/","logo":{"@type":"ImageObject","inLanguage":"it-IT","@id":"https:\/\/www.safinel.fr\/#\/schema\/logo\/image\/","url":"https:\/\/www.safinel.fr\/wp-content\/uploads\/2021\/05\/boutique-cosmetique.png","contentUrl":"https:\/\/www.safinel.fr\/wp-content\/uploads\/2021\/05\/boutique-cosmetique.png","width":800,"height":200,"caption":"Safinel"},"image":{"@id":"https:\/\/www.safinel.fr\/#\/schema\/logo\/image\/"}}]}},"_links":{"self":[{"href":"https:\/\/www.safinel.fr\/it\/wp-json\/wp\/v2\/product\/2180","targetHints":{"allow":["GET"]}}],"collection":[{"href":"https:\/\/www.safinel.fr\/it\/wp-json\/wp\/v2\/product"}],"about":[{"href":"https:\/\/www.safinel.fr\/it\/wp-json\/wp\/v2\/types\/product"}],"wp:featuredmedia":[{"embeddable":true,"href":"https:\/\/www.safinel.fr\/it\/wp-json\/wp\/v2\/media\/2210"}],"wp:attachment":[{"href":"https:\/\/www.safinel.fr\/it\/wp-json\/wp\/v2\/media?parent=2180"}],"wp:term":[{"taxonomy":"product_brand","embeddable":true,"href":"https:\/\/www.safinel.fr\/it\/wp-json\/wp\/v2\/product_brand?post=2180"},{"taxonomy":"product_cat","embeddable":true,"href":"https:\/\/www.safinel.fr\/it\/wp-json\/wp\/v2\/product_cat?post=2180"},{"taxonomy":"product_tag","embeddable":true,"href":"https:\/\/www.safinel.fr\/it\/wp-json\/wp\/v2\/product_tag?post=2180"}],"curies":[{"name":"wp","href":"https:\/\/api.w.org\/{rel}","templated":true}]}}