{"id":1938,"date":"2022-07-28T10:27:17","date_gmt":"2022-07-28T10:27:17","guid":{"rendered":"https:\/\/www.safinel.fr\/?post_type=product&#038;p=1938"},"modified":"2023-12-28T17:15:20","modified_gmt":"2023-12-28T17:15:20","slug":"miele-di-grano-saraceno","status":"publish","type":"product","link":"https:\/\/www.safinel.fr\/it\/prodotto\/miele-di-grano-saraceno\/","title":{"rendered":"Miele di grano saraceno 250 g"},"content":{"rendered":"<p>Se c'\u00e8 un miele che siamo sicuri non avete trovato facilmente sugli scaffali del supermercato o al mercato domenicale, questo \u00e8 <strong>miele di grano saraceno<\/strong>\u00a0! Mai sentito parlare?<\/p>\n<p>Quindi preparatevi! Non c'\u00e8 dubbio che cadrete come una frittella quando le vostre papille gustative avranno il piacere di incontrare alcuni dei prodotti pi\u00f9 squisiti del mercato.\u00a0<strong>questo piccolo gioiello della natura<\/strong>\u00a0!<\/p>\n<h2><strong>Miele di grano saraceno: ha fatto molta strada!\u00a0<\/strong><\/h2>\n<p>A rischio di sorprendervi, il miele di grano saraceno ancestrale non \u00e8 stato estratto originariamente da \u00abBreizh\u00bb. S\u00ec, viene da molto pi\u00f9 lontano, ha un accento americano! Incredibile, vero?<\/p>\n<p>Non preoccupatevi, \u00e8 stato ancora\u00a0<strong>l'emblema della Bretagna<\/strong>\u00a0per un certo periodo di tempo. In fondo, il grano saraceno \u00e8 stato tradizionalmente coltivato in questa regione. Oggi, sebbene le frittelle vengano ancora consumate, il grano saraceno stesso \u00e8 pi\u00f9 raro in Bretagna rispetto al passato.<\/p>\n<p>Per il momento, viene raccolto in estate, nel\u00a0<strong>i bellissimi paesaggi d'Europa.<\/strong><\/p>\n<p>E data la sua eccellenza e le sue virt\u00f9, siamo non poco orgogliosi di proporla nel nostro negozio.<\/p>\n<h2><strong>Non c'\u00e8 niente di meglio!<\/strong><\/h2>\n<p>Grazie a queste caratteristiche rare ed eccezionali, il miele di grano saraceno vi stupir\u00e0 per le sue caratteristiche.\u00a0<strong>Colore ambrato con riflessi rosso chiaro.<\/strong>\u00a0Vi sorprender\u00e0 per la sua consistenza densa e cremosa. Vi sorprender\u00e0 per la sua\u00a0<strong>fragranza legnosa e corposa.<\/strong>\u00a0Vi stupir\u00e0 con la sua\u00a0<strong>sapore pronunciato di liquirizia, con una dolcezza e un'acidit\u00e0 ben bilanciate.\u00a0<\/strong><\/p>\n<p>Aspettatevi di scoprire potenza e sottigliezza in un solo cucchiaio.<\/p>\n<p>Vi abbandonerete sicuramente al piacere gustativo di questa rara perla.<\/p>\n<h2><strong>Alziamo il velo sulle propriet\u00e0 terapeutiche del miele di grano saraceno<\/strong><\/h2>\n<p>Possiamo dirvi che la lista \u00e8 lunga! E di qualit\u00e0! Il miele di grano saraceno vi aiuter\u00e0 a :<\/p>\n<ul>\n<li>Combattere l'anemia<\/li>\n<li>Tonificare il corpo, aiutarlo a reintegrare e rimineralizzare<\/li>\n<li>Migliorare la circolazione sanguigna<\/li>\n<li>Ottimizzare il sistema digestivo<\/li>\n<li>Aiuta a guarire ferite e ustioni<\/li>\n<\/ul>\n<p>Potrei anche dirvi che per\u00a0<strong>bambini in crescita e madri dopo il parto<\/strong>\u00a0\u00e8 la Rolls Royce dei mieli! Naturalmente!<\/p>\n<p>Il miele di grano saraceno \u00e8 un miele raro!<\/p>\n<h2><strong>Vi sveliamo i segreti per consumare questa perla in uno scrigno di gioielli\u00a0<\/strong><\/h2>\n<p>Appassionato di pan di zenzero, \u00e8 il modo perfetto per gustare il vostro piatto preferito.\u2019<strong>aggiungersi alla nostra imperdibile e <a href=\"https:\/\/www.safinel.fr\/it\/prodotto\/miele-di-primavera\/\">gustoso miele di primavera<\/a><\/strong>\u00a0che potete trovare facilmente nel nostro negozio.<\/p>\n<p>Il miele di grano saraceno dar\u00e0 alle vostre creazioni culinarie il beneficio del suo sapore.\u00a0<strong>originale e pronunciato.\u00a0<\/strong><\/p>\n<p>Un ottimo accompagnamento per i piatti di selvaggina. Aggiungete un sapore unico alle vostre salse.<\/p>\n<p>Per un gusto pi\u00f9 sano, si pu\u00f2 aggiungere anche a yogurt, faisselles e altri fromage frais. E per non rinunciare al piacere, si pu\u00f2 abbinare a frutta di stagione come mele, pesche o melone.<\/p>\n<p>Chiaramente vi aspetta una vera e propria esperienza di gusto!<\/p>\n<h3><strong>Vi state chiedendo se potete far durare il piacere conservando il miele di grano saraceno abbastanza a lungo?<\/strong><\/h3>\n<p>Niente panico: si conserva molto bene in frigorifero.\u00a0<strong>Conservare a temperatura ambiente, al riparo dalla luce.\u00a0<\/strong><\/p>\n<p>Inoltre, \u00e8\u00a0<strong>cristallizzer\u00e0 molto lentamente e finemente<\/strong>. Decisamente raro, squisito e raffinato fino all'ultima goccia!<\/p>","protected":false},"excerpt":{"rendered":"<p>Se c'\u00e8 un miele che sicuramente non avete mai trovato sugli scaffali del supermercato o al mercato domenicale, quello \u00e8 proprio il miele di grano saraceno! Non ne avete mai sentito parlare? Allora preparatevi! Non c'\u00e8 dubbio che ne rimarrete conquistati quando le vostre papille gustative avranno il piacere di assaporarlo [...]","protected":false},"featured_media":1940,"template":"","meta":[],"product_brand":[],"product_cat":[24],"product_tag":[],"class_list":{"0":"post-1938","1":"product","2":"type-product","3":"status-publish","4":"has-post-thumbnail","6":"product_cat-apiculture","8":"first","9":"outofstock","10":"shipping-taxable","11":"purchasable","12":"product-type-simple"},"yoast_head":"<!-- This site is optimized with the Yoast SEO plugin v26.6 - https:\/\/yoast.com\/wordpress\/plugins\/seo\/ -->\n<title>Miel de sarrasin I Bienfaits nombreux I Achat en ligne s\u00e9curis\u00e9<\/title>\n<meta name=\"description\" content=\"Si il y a bien un miel que vous n\u2019avez pas crois\u00e9 ais\u00e9ment dans les rayons du supermarch\u00e9 ou sur votre march\u00e9 du dimanche c\u2019est bien le miel de sarrasin\u00a0!\" \/>\n<meta name=\"robots\" content=\"index, follow, max-snippet:-1, max-image-preview:large, max-video-preview:-1\" \/>\n<link rel=\"canonical\" href=\"https:\/\/www.safinel.fr\/it\/prodotto\/miele-di-grano-saraceno\/\" \/>\n<meta property=\"og:locale\" content=\"it_IT\" \/>\n<meta property=\"og:type\" content=\"article\" \/>\n<meta property=\"og:title\" content=\"Miel de sarrasin I Bienfaits nombreux I Achat en ligne s\u00e9curis\u00e9\" \/>\n<meta property=\"og:description\" content=\"Si il y a bien un miel que vous n\u2019avez pas crois\u00e9 ais\u00e9ment dans les rayons du supermarch\u00e9 ou sur votre march\u00e9 du dimanche c\u2019est bien le miel de sarrasin\u00a0!\" \/>\n<meta property=\"og:url\" content=\"https:\/\/www.safinel.fr\/it\/prodotto\/miele-di-grano-saraceno\/\" \/>\n<meta property=\"og:site_name\" content=\"Safinel\" \/>\n<meta property=\"article:modified_time\" content=\"2023-12-28T17:15:20+00:00\" \/>\n<meta property=\"og:image\" content=\"https:\/\/www.safinel.fr\/wp-content\/uploads\/2022\/07\/miel-de-sarrasin.jpg\" \/>\n\t<meta property=\"og:image:width\" content=\"600\" \/>\n\t<meta property=\"og:image:height\" content=\"600\" \/>\n\t<meta property=\"og:image:type\" content=\"image\/jpeg\" \/>\n<meta name=\"twitter:card\" content=\"summary_large_image\" \/>\n<meta name=\"twitter:label1\" content=\"Tempo di lettura stimato\" \/>\n\t<meta name=\"twitter:data1\" content=\"3 minuti\" \/>\n<script type=\"application\/ld+json\" class=\"yoast-schema-graph\">{\"@context\":\"https:\/\/schema.org\",\"@graph\":[{\"@type\":\"WebPage\",\"@id\":\"https:\/\/www.safinel.fr\/produit\/miel-de-sarrasin\/\",\"url\":\"https:\/\/www.safinel.fr\/produit\/miel-de-sarrasin\/\",\"name\":\"Miel de sarrasin I Bienfaits nombreux I Achat en ligne s\u00e9curis\u00e9\",\"isPartOf\":{\"@id\":\"https:\/\/www.safinel.fr\/#website\"},\"primaryImageOfPage\":{\"@id\":\"https:\/\/www.safinel.fr\/produit\/miel-de-sarrasin\/#primaryimage\"},\"image\":{\"@id\":\"https:\/\/www.safinel.fr\/produit\/miel-de-sarrasin\/#primaryimage\"},\"thumbnailUrl\":\"https:\/\/www.safinel.fr\/wp-content\/uploads\/2022\/07\/miel-de-sarrasin.jpg\",\"datePublished\":\"2022-07-28T10:27:17+00:00\",\"dateModified\":\"2023-12-28T17:15:20+00:00\",\"description\":\"Si il y a bien un miel que vous n\u2019avez pas crois\u00e9 ais\u00e9ment dans les rayons du supermarch\u00e9 ou sur votre march\u00e9 du dimanche c\u2019est bien le miel de sarrasin\u00a0!\",\"breadcrumb\":{\"@id\":\"https:\/\/www.safinel.fr\/produit\/miel-de-sarrasin\/#breadcrumb\"},\"inLanguage\":\"it-IT\",\"potentialAction\":[{\"@type\":\"ReadAction\",\"target\":[\"https:\/\/www.safinel.fr\/produit\/miel-de-sarrasin\/\"]}]},{\"@type\":\"ImageObject\",\"inLanguage\":\"it-IT\",\"@id\":\"https:\/\/www.safinel.fr\/produit\/miel-de-sarrasin\/#primaryimage\",\"url\":\"https:\/\/www.safinel.fr\/wp-content\/uploads\/2022\/07\/miel-de-sarrasin.jpg\",\"contentUrl\":\"https:\/\/www.safinel.fr\/wp-content\/uploads\/2022\/07\/miel-de-sarrasin.jpg\",\"width\":600,\"height\":600,\"caption\":\"Miel de sarrasin 250g\"},{\"@type\":\"BreadcrumbList\",\"@id\":\"https:\/\/www.safinel.fr\/produit\/miel-de-sarrasin\/#breadcrumb\",\"itemListElement\":[{\"@type\":\"ListItem\",\"position\":1,\"name\":\"Accueil\",\"item\":\"https:\/\/www.safinel.fr\/\"},{\"@type\":\"ListItem\",\"position\":2,\"name\":\"Boutique\",\"item\":\"https:\/\/www.safinel.fr\/boutique\/\"},{\"@type\":\"ListItem\",\"position\":3,\"name\":\"Miel de sarrasin 250g\"}]},{\"@type\":\"WebSite\",\"@id\":\"https:\/\/www.safinel.fr\/#website\",\"url\":\"https:\/\/www.safinel.fr\/\",\"name\":\"Safinel\",\"description\":\"\",\"publisher\":{\"@id\":\"https:\/\/www.safinel.fr\/#organization\"},\"potentialAction\":[{\"@type\":\"SearchAction\",\"target\":{\"@type\":\"EntryPoint\",\"urlTemplate\":\"https:\/\/www.safinel.fr\/?s={search_term_string}\"},\"query-input\":{\"@type\":\"PropertyValueSpecification\",\"valueRequired\":true,\"valueName\":\"search_term_string\"}}],\"inLanguage\":\"it-IT\"},{\"@type\":\"Organization\",\"@id\":\"https:\/\/www.safinel.fr\/#organization\",\"name\":\"Safinel\",\"url\":\"https:\/\/www.safinel.fr\/\",\"logo\":{\"@type\":\"ImageObject\",\"inLanguage\":\"it-IT\",\"@id\":\"https:\/\/www.safinel.fr\/#\/schema\/logo\/image\/\",\"url\":\"https:\/\/www.safinel.fr\/wp-content\/uploads\/2021\/05\/boutique-cosmetique.png\",\"contentUrl\":\"https:\/\/www.safinel.fr\/wp-content\/uploads\/2021\/05\/boutique-cosmetique.png\",\"width\":800,\"height\":200,\"caption\":\"Safinel\"},\"image\":{\"@id\":\"https:\/\/www.safinel.fr\/#\/schema\/logo\/image\/\"}}]}<\/script>\n<!-- \/ Yoast SEO plugin. -->","yoast_head_json":{"title":"Miele di grano saraceno I Numerosi benefici I Acquisto online sicuro","description":"Se c'\u00e8 un miele che non si trova facilmente sugli scaffali dei supermercati o al mercato della domenica, \u00e8 il miele di grano saraceno!","robots":{"index":"index","follow":"follow","max-snippet":"max-snippet:-1","max-image-preview":"max-image-preview:large","max-video-preview":"max-video-preview:-1"},"canonical":"https:\/\/www.safinel.fr\/it\/prodotto\/miele-di-grano-saraceno\/","og_locale":"it_IT","og_type":"article","og_title":"Miel de sarrasin I Bienfaits nombreux I Achat en ligne s\u00e9curis\u00e9","og_description":"Si il y a bien un miel que vous n\u2019avez pas crois\u00e9 ais\u00e9ment dans les rayons du supermarch\u00e9 ou sur votre march\u00e9 du dimanche c\u2019est bien le miel de sarrasin\u00a0!","og_url":"https:\/\/www.safinel.fr\/it\/prodotto\/miele-di-grano-saraceno\/","og_site_name":"Safinel","article_modified_time":"2023-12-28T17:15:20+00:00","og_image":[{"width":600,"height":600,"url":"https:\/\/www.safinel.fr\/wp-content\/uploads\/2022\/07\/miel-de-sarrasin.jpg","type":"image\/jpeg"}],"twitter_card":"summary_large_image","twitter_misc":{"Tempo di lettura stimato":"3 minuti"},"schema":{"@context":"https:\/\/schema.org","@graph":[{"@type":"WebPage","@id":"https:\/\/www.safinel.fr\/produit\/miel-de-sarrasin\/","url":"https:\/\/www.safinel.fr\/produit\/miel-de-sarrasin\/","name":"Miele di grano saraceno I Numerosi benefici I Acquisto online sicuro","isPartOf":{"@id":"https:\/\/www.safinel.fr\/#website"},"primaryImageOfPage":{"@id":"https:\/\/www.safinel.fr\/produit\/miel-de-sarrasin\/#primaryimage"},"image":{"@id":"https:\/\/www.safinel.fr\/produit\/miel-de-sarrasin\/#primaryimage"},"thumbnailUrl":"https:\/\/www.safinel.fr\/wp-content\/uploads\/2022\/07\/miel-de-sarrasin.jpg","datePublished":"2022-07-28T10:27:17+00:00","dateModified":"2023-12-28T17:15:20+00:00","description":"Se c'\u00e8 un miele che non si trova facilmente sugli scaffali dei supermercati o al mercato della domenica, \u00e8 il miele di grano saraceno!","breadcrumb":{"@id":"https:\/\/www.safinel.fr\/produit\/miel-de-sarrasin\/#breadcrumb"},"inLanguage":"it-IT","potentialAction":[{"@type":"ReadAction","target":["https:\/\/www.safinel.fr\/produit\/miel-de-sarrasin\/"]}]},{"@type":"ImageObject","inLanguage":"it-IT","@id":"https:\/\/www.safinel.fr\/produit\/miel-de-sarrasin\/#primaryimage","url":"https:\/\/www.safinel.fr\/wp-content\/uploads\/2022\/07\/miel-de-sarrasin.jpg","contentUrl":"https:\/\/www.safinel.fr\/wp-content\/uploads\/2022\/07\/miel-de-sarrasin.jpg","width":600,"height":600,"caption":"Miel de sarrasin 250g"},{"@type":"BreadcrumbList","@id":"https:\/\/www.safinel.fr\/produit\/miel-de-sarrasin\/#breadcrumb","itemListElement":[{"@type":"ListItem","position":1,"name":"Accueil","item":"https:\/\/www.safinel.fr\/"},{"@type":"ListItem","position":2,"name":"Boutique","item":"https:\/\/www.safinel.fr\/boutique\/"},{"@type":"ListItem","position":3,"name":"Miel de sarrasin 250g"}]},{"@type":"WebSite","@id":"https:\/\/www.safinel.fr\/#website","url":"https:\/\/www.safinel.fr\/","name":"Safinel","description":"","publisher":{"@id":"https:\/\/www.safinel.fr\/#organization"},"potentialAction":[{"@type":"SearchAction","target":{"@type":"EntryPoint","urlTemplate":"https:\/\/www.safinel.fr\/?s={search_term_string}"},"query-input":{"@type":"PropertyValueSpecification","valueRequired":true,"valueName":"search_term_string"}}],"inLanguage":"it-IT"},{"@type":"Organization","@id":"https:\/\/www.safinel.fr\/#organization","name":"Safinel","url":"https:\/\/www.safinel.fr\/","logo":{"@type":"ImageObject","inLanguage":"it-IT","@id":"https:\/\/www.safinel.fr\/#\/schema\/logo\/image\/","url":"https:\/\/www.safinel.fr\/wp-content\/uploads\/2021\/05\/boutique-cosmetique.png","contentUrl":"https:\/\/www.safinel.fr\/wp-content\/uploads\/2021\/05\/boutique-cosmetique.png","width":800,"height":200,"caption":"Safinel"},"image":{"@id":"https:\/\/www.safinel.fr\/#\/schema\/logo\/image\/"}}]}},"_links":{"self":[{"href":"https:\/\/www.safinel.fr\/it\/wp-json\/wp\/v2\/product\/1938","targetHints":{"allow":["GET"]}}],"collection":[{"href":"https:\/\/www.safinel.fr\/it\/wp-json\/wp\/v2\/product"}],"about":[{"href":"https:\/\/www.safinel.fr\/it\/wp-json\/wp\/v2\/types\/product"}],"wp:featuredmedia":[{"embeddable":true,"href":"https:\/\/www.safinel.fr\/it\/wp-json\/wp\/v2\/media\/1940"}],"wp:attachment":[{"href":"https:\/\/www.safinel.fr\/it\/wp-json\/wp\/v2\/media?parent=1938"}],"wp:term":[{"taxonomy":"product_brand","embeddable":true,"href":"https:\/\/www.safinel.fr\/it\/wp-json\/wp\/v2\/product_brand?post=1938"},{"taxonomy":"product_cat","embeddable":true,"href":"https:\/\/www.safinel.fr\/it\/wp-json\/wp\/v2\/product_cat?post=1938"},{"taxonomy":"product_tag","embeddable":true,"href":"https:\/\/www.safinel.fr\/it\/wp-json\/wp\/v2\/product_tag?post=1938"}],"curies":[{"name":"wp","href":"https:\/\/api.w.org\/{rel}","templated":true}]}}