{"id":856,"date":"2022-02-23T18:39:00","date_gmt":"2022-02-23T18:39:00","guid":{"rendered":"https:\/\/www.safinel.fr\/?post_type=product&#038;p=856"},"modified":"2025-04-05T17:48:18","modified_gmt":"2025-04-05T17:48:18","slug":"polvo-de-naranja","status":"publish","type":"product","link":"https:\/\/www.safinel.fr\/es\/product-2\/polvo-de-naranja\/","title":{"rendered":"Naranja en polvo 100 g"},"content":{"rendered":"<p>No hay duda de que ver\u00e1s la vida de color naranja una vez que hayas descubierto este nuevo <strong>cosm\u00e9ticos<\/strong> \u00a1! La <strong>naranja en polvo<\/strong> debuta en Safinel, y m\u00e1s vale que las dem\u00e1s frutas tengan cuidado...<\/p>\n<p>Por una vez, este c\u00edtrico no est\u00e1 en nuestros platos, sino en nuestros cuartos de ba\u00f1o. \u00bfPara qu\u00e9 sirve? \u00bfCon qu\u00e9 fin? Te lo explicamos sin m\u00e1s dilaci\u00f3n.<\/p>\n<h2><strong>Polvo de naranja: \u00a1con ganas de saber m\u00e1s!\u00a0<\/strong><\/h2>\n<p>\u00bfQu\u00e9 haces cuando te comes un c\u00edtrico? La pelas, tiras la c\u00e1scara y te la comes. Pues bien, nunca volver\u00e1s a ver las c\u00e1scaras de la misma manera una vez que hayas descubierto el polvo de naranja.<\/p>\n<p>Presentado en una bolsita kraft resellable de 100 g, este <strong>polvo ayurv\u00e9dico<\/strong> es un verdadero tesoro para la piel y el cabello.<\/p>\n<p>Su producci\u00f3n no puede ser m\u00e1s sencilla: se recolecta la fruta, se lava la corteza, se seca y finalmente se muele hasta obtener un polvo fino. El resultado es un polvo beige, apenas amarillo.<\/p>\n<h2><strong>Los beneficios de la naranja en polvo\u00a0<\/strong><\/h2>\n<p>Reconocido principalmente en el <a href=\"https:\/\/www.passeportsante.net\/fr\/Therapies\/Guide\/Fiche.aspx?doc=ayurveda_th\" target=\"_blank\" rel=\"noopener\"><strong>medicina ayurv\u00e9dica<\/strong><\/a>, l\u2019<strong>naranja amarga<\/strong> nos ofrece toda una serie de ventajas. Y vamos a descubrirlo enseguida:<\/p>\n<ul>\n<li>Propiedades astringentes y limpiadoras; ;<\/li>\n<li>Ayuda a limpiar la piel y a desobstruir los poros; ;<\/li>\n<li>Estimula y purifica el cuero cabelludo; ;<\/li>\n<li>Tambi\u00e9n se puede utilizar en productos de cuidado del cabello para dar un aroma fresco y agradable; ;<\/li>\n<li>Facilita el desenredado del cabello; ;<\/li>\n<li>Exfolia la piel, eliminando las c\u00e9lulas muertas y otras impurezas; ;<\/li>\n<li>Tambi\u00e9n es eficaz contra las pieles grasas con tendencia acneica; ;<\/li>\n<li>El polvo de naranja proporciona una tez fresca y luminosa; ;<\/li>\n<li>Aporta brillo y lustre al cabello.<\/li>\n<\/ul>\n<h2><strong>\u00bfC\u00f3mo utilizar este cosm\u00e9tico natural?\u00a0<\/strong><\/h2>\n<p><strong>Polvo naranja pelo :\u00a0<\/strong>Puede elegir utilizarlo como base para su propia <strong>cosm\u00e9tica dom\u00e9stica ecol\u00f3gica<\/strong>. O util\u00edzalo para hacer una mascarilla capilar con otros ingredientes.<strong> polvos vegetales.\u00a0<\/strong><\/p>\n<p>Combina perfectamente con el <strong>Brahmi<\/strong>, para resaltar el resplandor del cabello apagado. O con<strong> aceite de akpi<\/strong>, para un brillo inesperado.<\/p>\n<p><strong>Polvo de naranja para la cara :\u00a0<\/strong>Si busca un producto natural para el cuidado facial, nuestro polvo de naranja es un ingrediente estupendo.<\/p>\n<p>Tambi\u00e9n puede mezclarse con aceites vegetales, como <strong>coco<\/strong>, o con aceites esenciales.<\/p>\n<p>Tambi\u00e9n es un ingrediente clave en la preparaci\u00f3n de exfoliantes.<\/p>\n<p><strong>Polvos vegetales: tesoros por descubrir... :\u00a0<\/strong>Flores, frutos secos, ra\u00edces, plantas... lo que se te ocurra, \u00a1puedes triturarlo! Y no nos quejamos, porque el resultado es todo un tesoro. No s\u00f3lo para la belleza de tu pelo y tu piel, \u00a1sino tambi\u00e9n para la salud de tu cuerpo!<\/p>\n<p>En Safinel, podr\u00e1 descubrir o redescubrir<strong> plantas medicinales<\/strong> que tienen m\u00e1s de un as en la manga:<\/p>\n<ul>\n<li><strong><a href=\"https:\/\/www.safinel.fr\/es\/product-2\/polvo-de-reetha\/\">Reetha<\/a>\u00a0<\/strong><\/li>\n<li><strong><a href=\"https:\/\/www.safinel.fr\/es\/product-2\/nep-polvo-nep\/\">Nep Nep<\/a>\u00a0<\/strong><\/li>\n<li><strong><a href=\"https:\/\/www.safinel.fr\/es\/product-2\/fruta-4-lados-3-piezas\/\">Fruta 4 lados<\/a>\u00a0<\/strong><\/li>\n<li><strong><a href=\"https:\/\/www.safinel.fr\/es\/product-2\/kapoor-kachli\/\">Kapoor kachli<\/a>\u00a0<\/strong><\/li>\n<li><strong><a href=\"https:\/\/www.safinel.fr\/es\/product-2\/haritaki\/\">Haritaki<\/a>\u00a0<\/strong><\/li>\n<\/ul>\n<p>Y muchos m\u00e1s...<\/p>\n<h3><strong>Algunas precauciones\u00a0<\/strong><\/h3>\n<p>Este producto es irritante. Por lo tanto, debe manipularse con cuidado. Debido a su aspecto pulverulento, debe utilizarse en una zona sin corrientes de aire.<\/p>\n<p>Adem\u00e1s, debe realizarse una prueba de alergia al menos 24 horas antes de su uso.<\/p>\n<p><strong>Mantener fuera del alcance de los ni\u00f1os.\u00a0<\/strong><\/p>\n<p><strong>S\u00f3lo para uso externo.\u00a0<\/strong><\/p>\n<p><strong>En caso de contacto con los ojos, aclarar inmediatamente.\u00a0<\/strong><\/p>","protected":false},"excerpt":{"rendered":"<p>\u00a1Sin duda ver\u00e1s la vida de color naranja despu\u00e9s de descubrir este nuevo cosm\u00e9tico! El polvo de naranja llega a Safinel, y las dem\u00e1s frutas tienen que andarse con cuidado... Por una vez, este c\u00edtrico no se encuentra en nuestro plato, sino en nuestro cuarto de ba\u00f1o. \u00bfPara qu\u00e9 sirve? [\u2026]","protected":false},"featured_media":857,"template":"","meta":[],"product_brand":[],"product_cat":[28,59,110],"product_tag":[],"class_list":{"0":"post-856","1":"product","2":"type-product","3":"status-publish","4":"has-post-thumbnail","6":"product_cat-divers","7":"product_cat-fruit-tropical","8":"product_cat-poudre-cheveux-ayurvedique","10":"first","11":"instock","12":"shipping-taxable","13":"purchasable","14":"product-type-simple"},"yoast_head":"<!-- This site is optimized with the Yoast SEO plugin v26.6 - https:\/\/yoast.com\/wordpress\/plugins\/seo\/ -->\n<title>Poudre d&#039;orange | Cosm\u00e9tique naturel | Bienfaits pour les cheveux<\/title>\n<meta name=\"description\" content=\"Nul doute que vous verrez la vie en orange apr\u00e8s avoir d\u00e9couvert ce nouveau cosm\u00e9tique ! La poudre d\u2019orange fait son entr\u00e9e chez Safinel !\" \/>\n<meta name=\"robots\" content=\"index, follow, max-snippet:-1, max-image-preview:large, max-video-preview:-1\" \/>\n<link rel=\"canonical\" href=\"https:\/\/www.safinel.fr\/es\/product-2\/polvo-de-naranja\/\" \/>\n<meta property=\"og:locale\" content=\"es_ES\" \/>\n<meta property=\"og:type\" content=\"article\" \/>\n<meta property=\"og:title\" content=\"Poudre d&#039;orange | Cosm\u00e9tique naturel | Bienfaits pour les cheveux\" \/>\n<meta property=\"og:description\" content=\"Nul doute que vous verrez la vie en orange apr\u00e8s avoir d\u00e9couvert ce nouveau cosm\u00e9tique ! La poudre d\u2019orange fait son entr\u00e9e chez Safinel !\" \/>\n<meta property=\"og:url\" content=\"https:\/\/www.safinel.fr\/es\/product-2\/polvo-de-naranja\/\" \/>\n<meta property=\"og:site_name\" content=\"Safinel\" \/>\n<meta property=\"article:modified_time\" content=\"2025-04-05T17:48:18+00:00\" \/>\n<meta property=\"og:image\" content=\"https:\/\/www.safinel.fr\/wp-content\/uploads\/2022\/02\/poudre-d-orange.jpg\" \/>\n\t<meta property=\"og:image:width\" content=\"600\" \/>\n\t<meta property=\"og:image:height\" content=\"600\" \/>\n\t<meta property=\"og:image:type\" content=\"image\/jpeg\" \/>\n<meta name=\"twitter:card\" content=\"summary_large_image\" \/>\n<meta name=\"twitter:label1\" content=\"Tiempo de lectura\" \/>\n\t<meta name=\"twitter:data1\" content=\"3 minutos\" \/>\n<script type=\"application\/ld+json\" class=\"yoast-schema-graph\">{\"@context\":\"https:\/\/schema.org\",\"@graph\":[{\"@type\":\"WebPage\",\"@id\":\"https:\/\/www.safinel.fr\/produit\/poudre-dorange\/\",\"url\":\"https:\/\/www.safinel.fr\/produit\/poudre-dorange\/\",\"name\":\"Poudre d'orange | Cosm\u00e9tique naturel | Bienfaits pour les cheveux\",\"isPartOf\":{\"@id\":\"https:\/\/www.safinel.fr\/#website\"},\"primaryImageOfPage\":{\"@id\":\"https:\/\/www.safinel.fr\/produit\/poudre-dorange\/#primaryimage\"},\"image\":{\"@id\":\"https:\/\/www.safinel.fr\/produit\/poudre-dorange\/#primaryimage\"},\"thumbnailUrl\":\"https:\/\/www.safinel.fr\/wp-content\/uploads\/2022\/02\/poudre-d-orange.jpg\",\"datePublished\":\"2022-02-23T18:39:00+00:00\",\"dateModified\":\"2025-04-05T17:48:18+00:00\",\"description\":\"Nul doute que vous verrez la vie en orange apr\u00e8s avoir d\u00e9couvert ce nouveau cosm\u00e9tique ! La poudre d\u2019orange fait son entr\u00e9e chez Safinel !\",\"breadcrumb\":{\"@id\":\"https:\/\/www.safinel.fr\/produit\/poudre-dorange\/#breadcrumb\"},\"inLanguage\":\"es\",\"potentialAction\":[{\"@type\":\"ReadAction\",\"target\":[\"https:\/\/www.safinel.fr\/produit\/poudre-dorange\/\"]}]},{\"@type\":\"ImageObject\",\"inLanguage\":\"es\",\"@id\":\"https:\/\/www.safinel.fr\/produit\/poudre-dorange\/#primaryimage\",\"url\":\"https:\/\/www.safinel.fr\/wp-content\/uploads\/2022\/02\/poudre-d-orange.jpg\",\"contentUrl\":\"https:\/\/www.safinel.fr\/wp-content\/uploads\/2022\/02\/poudre-d-orange.jpg\",\"width\":600,\"height\":600,\"caption\":\"Poudre d'orange 100g\"},{\"@type\":\"BreadcrumbList\",\"@id\":\"https:\/\/www.safinel.fr\/produit\/poudre-dorange\/#breadcrumb\",\"itemListElement\":[{\"@type\":\"ListItem\",\"position\":1,\"name\":\"Accueil\",\"item\":\"https:\/\/www.safinel.fr\/\"},{\"@type\":\"ListItem\",\"position\":2,\"name\":\"Boutique\",\"item\":\"https:\/\/www.safinel.fr\/boutique\/\"},{\"@type\":\"ListItem\",\"position\":3,\"name\":\"Poudre d&rsquo;orange 100g\"}]},{\"@type\":\"WebSite\",\"@id\":\"https:\/\/www.safinel.fr\/#website\",\"url\":\"https:\/\/www.safinel.fr\/\",\"name\":\"Safinel\",\"description\":\"\",\"publisher\":{\"@id\":\"https:\/\/www.safinel.fr\/#organization\"},\"potentialAction\":[{\"@type\":\"SearchAction\",\"target\":{\"@type\":\"EntryPoint\",\"urlTemplate\":\"https:\/\/www.safinel.fr\/?s={search_term_string}\"},\"query-input\":{\"@type\":\"PropertyValueSpecification\",\"valueRequired\":true,\"valueName\":\"search_term_string\"}}],\"inLanguage\":\"es\"},{\"@type\":\"Organization\",\"@id\":\"https:\/\/www.safinel.fr\/#organization\",\"name\":\"Safinel\",\"url\":\"https:\/\/www.safinel.fr\/\",\"logo\":{\"@type\":\"ImageObject\",\"inLanguage\":\"es\",\"@id\":\"https:\/\/www.safinel.fr\/#\/schema\/logo\/image\/\",\"url\":\"https:\/\/www.safinel.fr\/wp-content\/uploads\/2021\/05\/boutique-cosmetique.png\",\"contentUrl\":\"https:\/\/www.safinel.fr\/wp-content\/uploads\/2021\/05\/boutique-cosmetique.png\",\"width\":800,\"height\":200,\"caption\":\"Safinel\"},\"image\":{\"@id\":\"https:\/\/www.safinel.fr\/#\/schema\/logo\/image\/\"}}]}<\/script>\n<!-- \/ Yoast SEO plugin. -->","yoast_head_json":{"title":"Polvo de naranja | Cosm\u00e9tica natural | Beneficios para el cabello","description":"No hay duda de que, una vez que haya descubierto este nuevo cosm\u00e9tico, \u00a1ver\u00e1 la vida de color naranja! \u00a1El polvo de naranja debuta en Safinel!","robots":{"index":"index","follow":"follow","max-snippet":"max-snippet:-1","max-image-preview":"max-image-preview:large","max-video-preview":"max-video-preview:-1"},"canonical":"https:\/\/www.safinel.fr\/es\/product-2\/polvo-de-naranja\/","og_locale":"es_ES","og_type":"article","og_title":"Poudre d'orange | Cosm\u00e9tique naturel | Bienfaits pour les cheveux","og_description":"Nul doute que vous verrez la vie en orange apr\u00e8s avoir d\u00e9couvert ce nouveau cosm\u00e9tique ! La poudre d\u2019orange fait son entr\u00e9e chez Safinel !","og_url":"https:\/\/www.safinel.fr\/es\/product-2\/polvo-de-naranja\/","og_site_name":"Safinel","article_modified_time":"2025-04-05T17:48:18+00:00","og_image":[{"width":600,"height":600,"url":"https:\/\/www.safinel.fr\/wp-content\/uploads\/2022\/02\/poudre-d-orange.jpg","type":"image\/jpeg"}],"twitter_card":"summary_large_image","twitter_misc":{"Tiempo de lectura":"3 minutos"},"schema":{"@context":"https:\/\/schema.org","@graph":[{"@type":"WebPage","@id":"https:\/\/www.safinel.fr\/produit\/poudre-dorange\/","url":"https:\/\/www.safinel.fr\/produit\/poudre-dorange\/","name":"Polvo de naranja | Cosm\u00e9tica natural | Beneficios para el cabello","isPartOf":{"@id":"https:\/\/www.safinel.fr\/#website"},"primaryImageOfPage":{"@id":"https:\/\/www.safinel.fr\/produit\/poudre-dorange\/#primaryimage"},"image":{"@id":"https:\/\/www.safinel.fr\/produit\/poudre-dorange\/#primaryimage"},"thumbnailUrl":"https:\/\/www.safinel.fr\/wp-content\/uploads\/2022\/02\/poudre-d-orange.jpg","datePublished":"2022-02-23T18:39:00+00:00","dateModified":"2025-04-05T17:48:18+00:00","description":"No hay duda de que, una vez que haya descubierto este nuevo cosm\u00e9tico, \u00a1ver\u00e1 la vida de color naranja! \u00a1El polvo de naranja debuta en Safinel!","breadcrumb":{"@id":"https:\/\/www.safinel.fr\/produit\/poudre-dorange\/#breadcrumb"},"inLanguage":"es","potentialAction":[{"@type":"ReadAction","target":["https:\/\/www.safinel.fr\/produit\/poudre-dorange\/"]}]},{"@type":"ImageObject","inLanguage":"es","@id":"https:\/\/www.safinel.fr\/produit\/poudre-dorange\/#primaryimage","url":"https:\/\/www.safinel.fr\/wp-content\/uploads\/2022\/02\/poudre-d-orange.jpg","contentUrl":"https:\/\/www.safinel.fr\/wp-content\/uploads\/2022\/02\/poudre-d-orange.jpg","width":600,"height":600,"caption":"Poudre d'orange 100g"},{"@type":"BreadcrumbList","@id":"https:\/\/www.safinel.fr\/produit\/poudre-dorange\/#breadcrumb","itemListElement":[{"@type":"ListItem","position":1,"name":"Accueil","item":"https:\/\/www.safinel.fr\/"},{"@type":"ListItem","position":2,"name":"Boutique","item":"https:\/\/www.safinel.fr\/boutique\/"},{"@type":"ListItem","position":3,"name":"Poudre d&rsquo;orange 100g"}]},{"@type":"WebSite","@id":"https:\/\/www.safinel.fr\/#website","url":"https:\/\/www.safinel.fr\/","name":"Safinel","description":"","publisher":{"@id":"https:\/\/www.safinel.fr\/#organization"},"potentialAction":[{"@type":"SearchAction","target":{"@type":"EntryPoint","urlTemplate":"https:\/\/www.safinel.fr\/?s={search_term_string}"},"query-input":{"@type":"PropertyValueSpecification","valueRequired":true,"valueName":"search_term_string"}}],"inLanguage":"es"},{"@type":"Organization","@id":"https:\/\/www.safinel.fr\/#organization","name":"Safinel","url":"https:\/\/www.safinel.fr\/","logo":{"@type":"ImageObject","inLanguage":"es","@id":"https:\/\/www.safinel.fr\/#\/schema\/logo\/image\/","url":"https:\/\/www.safinel.fr\/wp-content\/uploads\/2021\/05\/boutique-cosmetique.png","contentUrl":"https:\/\/www.safinel.fr\/wp-content\/uploads\/2021\/05\/boutique-cosmetique.png","width":800,"height":200,"caption":"Safinel"},"image":{"@id":"https:\/\/www.safinel.fr\/#\/schema\/logo\/image\/"}}]}},"_links":{"self":[{"href":"https:\/\/www.safinel.fr\/es\/wp-json\/wp\/v2\/product\/856","targetHints":{"allow":["GET"]}}],"collection":[{"href":"https:\/\/www.safinel.fr\/es\/wp-json\/wp\/v2\/product"}],"about":[{"href":"https:\/\/www.safinel.fr\/es\/wp-json\/wp\/v2\/types\/product"}],"wp:featuredmedia":[{"embeddable":true,"href":"https:\/\/www.safinel.fr\/es\/wp-json\/wp\/v2\/media\/857"}],"wp:attachment":[{"href":"https:\/\/www.safinel.fr\/es\/wp-json\/wp\/v2\/media?parent=856"}],"wp:term":[{"taxonomy":"product_brand","embeddable":true,"href":"https:\/\/www.safinel.fr\/es\/wp-json\/wp\/v2\/product_brand?post=856"},{"taxonomy":"product_cat","embeddable":true,"href":"https:\/\/www.safinel.fr\/es\/wp-json\/wp\/v2\/product_cat?post=856"},{"taxonomy":"product_tag","embeddable":true,"href":"https:\/\/www.safinel.fr\/es\/wp-json\/wp\/v2\/product_tag?post=856"}],"curies":[{"name":"wp","href":"https:\/\/api.w.org\/{rel}","templated":true}]}}