{"id":5340,"date":"2023-04-07T12:07:29","date_gmt":"2023-04-07T12:07:29","guid":{"rendered":"https:\/\/www.safinel.fr\/?post_type=product&#038;p=5340"},"modified":"2023-12-28T17:15:51","modified_gmt":"2023-12-28T17:15:51","slug":"gorro-de-noche-negro-para-pelo-satinado","status":"publish","type":"product","link":"https:\/\/www.safinel.fr\/es\/product-2\/gorro-de-noche-negro-para-pelo-satinado\/","title":{"rendered":"Gorro de dormir negro para pelo satinado"},"content":{"rendered":"<p>El gorro de sat\u00e9n se ha convertido en un accesorio esencial para proteger y cuidar el cabello por la noche. Es especialmente popular entre las personas con el pelo rizado, encrespado o encrespado. Es ideal para mantener la hidrataci\u00f3n y conservar la forma de los rizos.<\/p>\n<p>Descubra todos los beneficios para su cabello, los criterios que debe tener en cuenta antes de elegir uno y nuestra selecci\u00f3n de modelos que realzar\u00e1n su cabello.<\/p>\n<h2><strong>\u00bfPor qu\u00e9 llevar un gorro de dormir de sat\u00e9n?<\/strong><\/h2>\n<p>Los beneficios del gorro de noche de sat\u00e9n son numerosos:<\/p>\n<ul>\n<li><strong>Preservar la hidrataci\u00f3n<\/strong>\u00a0El sat\u00e9n retiene la humedad. Esto mantiene el cabello hidratado de forma natural y evita que se reseque y se vuelva quebradizo.<\/li>\n<li><strong>Proteger de los roces<\/strong>\u00a0Dormir con un gorro de sat\u00e9n evita que el pelo roce la almohada y se enrede. Esto limita las roturas y la formaci\u00f3n de enredos.<\/li>\n<li><strong>Mantener la forma de los rizos<\/strong>\u00a0Para el cabello rizado, el gorro de sat\u00e9n mantiene los rizos definidos y evita el encrespamiento.<\/li>\n<li><strong>Prevenir la ca\u00edda del cabello<\/strong>\u00a0evitando la fricci\u00f3n con la almohada. Tambi\u00e9n reduce la ca\u00edda del cabello y favorece su crecimiento.<\/li>\n<li><strong>Peinados m\u00e1s duraderos<\/strong>\u00a0Llevar este accesorio para el pelo significa que puedes mantener tu peinado durante m\u00e1s tiempo y limitar el uso de calentadores para los retoques.<\/li>\n<\/ul>\n<h2><strong>\u00bfC\u00f3mo elegir un gorro de sat\u00e9n para el pelo rizado?<\/strong><\/h2>\n<p>Para aprovechar al m\u00e1ximo las ventajas de un gorro de sat\u00e9n para el pelo rizado, es importante tener en cuenta una serie de criterios a la hora de elegir:<\/p>\n<ul>\n<li><strong>El tema<\/strong>\u00a0Elija las copas de sat\u00e9n 100%. Ofrecen mejor protecci\u00f3n y un tacto m\u00e1s agradable que los materiales mixtos.<\/li>\n<li><strong>El tama\u00f1o<\/strong>\u00a0Elige un gorro lo suficientemente grande como para sujetar todo tu pelo sin aplastarlo. No demasiado ancho para que se mantenga en su sitio durante toda la noche.<\/li>\n<li><strong>Mantenimiento<\/strong>\u00a0Elija un gorro con una banda el\u00e1stica o una correa ajustable para garantizar un buen ajuste sin constre\u00f1ir ni marcar la frente.<\/li>\n<li><strong>El dise\u00f1o<\/strong>\u00a0El cap\u00f3 de sat\u00e9n es sobre todo funcional. No dudes en elegir un modelo que te guste est\u00e9ticamente y que vaya con tu estilo.<\/li>\n<\/ul>\n<h2><strong>Nuestra selecci\u00f3n de bonetes de sat\u00e9n para realzar tu cabello<\/strong><\/h2>\n<p>Hemos seleccionado una gama de copas de sat\u00e9n que combinan suavidad, protecci\u00f3n y estilo:<\/p>\n<ol>\n<li><strong>El sombrero cl\u00e1sico<\/strong>\u00a0Este modelo sencillo y eficaz envuelve todo el cabello. Se sujeta con una cinta el\u00e1stica. Disponible en una amplia gama de colores.<\/li>\n<li><strong>Sombrero de sat\u00e9n reversible<\/strong>\u00a0Con dos lados de sat\u00e9n en distintos colores. Esta gorra te permite variar los placeres y combinar tu accesorio con tu traje de noche.<\/li>\n<li><strong>El modelo de cinta<\/strong>\u00a0Con su bonita cinta ajustable, este modelo ofrece un ajuste personalizado y a\u00f1ade un toque de elegancia a tu rutina nocturna.<\/li>\n<li><strong>Gorro de sat\u00e9n estampado<\/strong>\u00a0Para quienes deseen a\u00f1adir un toque de fantas\u00eda a su tocado de noche, existen gorros de sat\u00e9n estampados con una amplia variedad de estampados (flores, lunares, animales, etc.).<\/li>\n<\/ol>\n<h3><strong>Gorro de raso para pelo corto o largo: \u00bfc\u00f3mo adaptarlo a tu peinado?<\/strong><\/h3>\n<p>Tanto si tienes el pelo corto, medio o largo, puede adaptarse a tu peinado:<\/p>\n<ul>\n<li><strong>Pelo corto<\/strong>\u00a0Elige un modelo de tama\u00f1o peque\u00f1o o mediano que sujete el pelo sin dar demasiado volumen.<\/li>\n<li><strong>Media melena y pelo largo<\/strong>\u00a0Elige un gorro de sat\u00e9n grande o extragrande que envuelva todo tu cabello sin sobrecargarlo. Tambi\u00e9n puedes optar por modelos con coleta integrada, que ayudan a distribuir la masa capilar por todo el gorro.<\/li>\n<\/ul>\n<h3><strong>Mantenimiento para una protecci\u00f3n \u00f3ptima<\/strong><\/h3>\n<p>Para conservar todas las ventajas de un cap\u00f3 de sat\u00e9n, es esencial cuidarlo y limpiarlo con regularidad:<\/p>\n<ul>\n<li><strong>Lavar a mano<\/strong>\u00a0Lavar suavemente a mano con un detergente suave. <a href=\"https:\/\/www.safinel.fr\/es\/product-category-2\/jabon\/\"><strong>jab\u00f3n suave<\/strong><\/a>. As\u00ed se preserva la calidad y flexibilidad del sat\u00e9n.<\/li>\n<li><strong>Secado al aire<\/strong>\u00a0No lo seque en secadora, ya que podr\u00eda da\u00f1ar el sat\u00e9n. Deje secar el sombrero al aire libre, sin exponerlo a la luz solar directa.<\/li>\n<li><strong>Sustituci\u00f3n peri\u00f3dica<\/strong>\u00a0Como cualquier accesorio, puede desgastarse con el tiempo. No dudes en sustituirlo si notas signos de desgaste o si ya no aguanta tan bien como antes.<\/li>\n<\/ul>\n<p>Al adoptar el gorro de sat\u00e9n, estar\u00e1s proporcionando a tu cabello una protecci\u00f3n \u00f3ptima durante la noche y ayudando a preservar su belleza y salud. No esperes m\u00e1s para incorporar este suave accesorio a tu rutina capilar.<\/p>","protected":false},"excerpt":{"rendered":"<p><strong>Caracter\u00edsticas :<\/strong><\/p>\n<ul>\n<li>Ideal para toda la noche<\/li>\n<li>Material satinado<\/li>\n<\/ul>\n<p><img decoding=\"async\" class=\"size-full wp-image-5091 aligncenter\" src=\"https:\/\/www.safinel.fr\/wp-content\/uploads\/2021\/06\/BANNIERE-ICONE-SAFINEL.webp\" alt=\"reaseguro de sat\u00e9n\" width=\"800\" height=\"200\" srcset=\"https:\/\/www.safinel.fr\/wp-content\/uploads\/2021\/06\/BANNIERE-ICONE-SAFINEL.webp 800w, https:\/\/www.safinel.fr\/wp-content\/uploads\/2021\/06\/BANNIERE-ICONE-SAFINEL-600x150.webp 600w, https:\/\/www.safinel.fr\/wp-content\/uploads\/2021\/06\/BANNIERE-ICONE-SAFINEL-768x192.webp 768w\" sizes=\"(max-width: 800px) 100vw, 800px\" \/><\/p>","protected":false},"featured_media":5344,"template":"","meta":[],"product_brand":[],"product_cat":[132,146],"product_tag":[],"class_list":{"0":"post-5340","1":"product","2":"type-product","3":"status-publish","4":"has-post-thumbnail","6":"product_cat-bonnet-chauffant","7":"product_cat-produit-cheveux","9":"first","10":"outofstock","11":"shipping-taxable","12":"purchasable","13":"product-type-simple"},"yoast_head":"<!-- This site is optimized with the Yoast SEO plugin v26.6 - https:\/\/yoast.com\/wordpress\/plugins\/seo\/ -->\n<title>Bonnet en satin I Bonnet de nuit pour cheveux pas cher<\/title>\n<meta name=\"description\" content=\"D\u00e9couvrez tous les avantages du\u00a0bonnet en satin cheveux, les crit\u00e8res \u00e0 prendre en compte avant d&#039;en choisir un et notre s\u00e9lection de mod\u00e8les.\" \/>\n<meta name=\"robots\" content=\"index, follow, max-snippet:-1, max-image-preview:large, max-video-preview:-1\" \/>\n<link rel=\"canonical\" href=\"https:\/\/www.safinel.fr\/es\/product-2\/gorro-de-noche-negro-para-pelo-satinado\/\" \/>\n<meta property=\"og:locale\" content=\"es_ES\" \/>\n<meta property=\"og:type\" content=\"article\" \/>\n<meta property=\"og:title\" content=\"Bonnet en satin I Bonnet de nuit pour cheveux pas cher\" \/>\n<meta property=\"og:description\" content=\"D\u00e9couvrez tous les avantages du\u00a0bonnet en satin cheveux, les crit\u00e8res \u00e0 prendre en compte avant d&#039;en choisir un et notre s\u00e9lection de mod\u00e8les.\" \/>\n<meta property=\"og:url\" content=\"https:\/\/www.safinel.fr\/es\/product-2\/gorro-de-noche-negro-para-pelo-satinado\/\" \/>\n<meta property=\"og:site_name\" content=\"Safinel\" \/>\n<meta property=\"article:modified_time\" content=\"2023-12-28T17:15:51+00:00\" \/>\n<meta property=\"og:image\" content=\"https:\/\/www.safinel.fr\/wp-content\/uploads\/2023\/04\/BONNET-D-E-NUIT.jpg\" \/>\n\t<meta property=\"og:image:width\" content=\"600\" \/>\n\t<meta property=\"og:image:height\" content=\"600\" \/>\n\t<meta property=\"og:image:type\" content=\"image\/jpeg\" \/>\n<meta name=\"twitter:card\" content=\"summary_large_image\" \/>\n<meta name=\"twitter:label1\" content=\"Tiempo de lectura\" \/>\n\t<meta name=\"twitter:data1\" content=\"4 minutos\" \/>\n<script type=\"application\/ld+json\" class=\"yoast-schema-graph\">{\"@context\":\"https:\/\/schema.org\",\"@graph\":[{\"@type\":\"WebPage\",\"@id\":\"https:\/\/www.safinel.fr\/produit\/bonnet-de-nuit-noir-pour-cheveux-en-satin\/\",\"url\":\"https:\/\/www.safinel.fr\/produit\/bonnet-de-nuit-noir-pour-cheveux-en-satin\/\",\"name\":\"Bonnet en satin I Bonnet de nuit pour cheveux pas cher\",\"isPartOf\":{\"@id\":\"https:\/\/www.safinel.fr\/#website\"},\"primaryImageOfPage\":{\"@id\":\"https:\/\/www.safinel.fr\/produit\/bonnet-de-nuit-noir-pour-cheveux-en-satin\/#primaryimage\"},\"image\":{\"@id\":\"https:\/\/www.safinel.fr\/produit\/bonnet-de-nuit-noir-pour-cheveux-en-satin\/#primaryimage\"},\"thumbnailUrl\":\"https:\/\/www.safinel.fr\/wp-content\/uploads\/2023\/04\/BONNET-D-E-NUIT.jpg\",\"datePublished\":\"2023-04-07T12:07:29+00:00\",\"dateModified\":\"2023-12-28T17:15:51+00:00\",\"description\":\"D\u00e9couvrez tous les avantages du\u00a0bonnet en satin cheveux, les crit\u00e8res \u00e0 prendre en compte avant d'en choisir un et notre s\u00e9lection de mod\u00e8les.\",\"breadcrumb\":{\"@id\":\"https:\/\/www.safinel.fr\/produit\/bonnet-de-nuit-noir-pour-cheveux-en-satin\/#breadcrumb\"},\"inLanguage\":\"es\",\"potentialAction\":[{\"@type\":\"ReadAction\",\"target\":[\"https:\/\/www.safinel.fr\/produit\/bonnet-de-nuit-noir-pour-cheveux-en-satin\/\"]}]},{\"@type\":\"ImageObject\",\"inLanguage\":\"es\",\"@id\":\"https:\/\/www.safinel.fr\/produit\/bonnet-de-nuit-noir-pour-cheveux-en-satin\/#primaryimage\",\"url\":\"https:\/\/www.safinel.fr\/wp-content\/uploads\/2023\/04\/BONNET-D-E-NUIT.jpg\",\"contentUrl\":\"https:\/\/www.safinel.fr\/wp-content\/uploads\/2023\/04\/BONNET-D-E-NUIT.jpg\",\"width\":600,\"height\":600,\"caption\":\"bonnet en satin cheveux\"},{\"@type\":\"BreadcrumbList\",\"@id\":\"https:\/\/www.safinel.fr\/produit\/bonnet-de-nuit-noir-pour-cheveux-en-satin\/#breadcrumb\",\"itemListElement\":[{\"@type\":\"ListItem\",\"position\":1,\"name\":\"Accueil\",\"item\":\"https:\/\/www.safinel.fr\/\"},{\"@type\":\"ListItem\",\"position\":2,\"name\":\"Boutique\",\"item\":\"https:\/\/www.safinel.fr\/boutique\/\"},{\"@type\":\"ListItem\",\"position\":3,\"name\":\"Bonnet de nuit noir pour cheveux en satin\"}]},{\"@type\":\"WebSite\",\"@id\":\"https:\/\/www.safinel.fr\/#website\",\"url\":\"https:\/\/www.safinel.fr\/\",\"name\":\"Safinel\",\"description\":\"\",\"publisher\":{\"@id\":\"https:\/\/www.safinel.fr\/#organization\"},\"potentialAction\":[{\"@type\":\"SearchAction\",\"target\":{\"@type\":\"EntryPoint\",\"urlTemplate\":\"https:\/\/www.safinel.fr\/?s={search_term_string}\"},\"query-input\":{\"@type\":\"PropertyValueSpecification\",\"valueRequired\":true,\"valueName\":\"search_term_string\"}}],\"inLanguage\":\"es\"},{\"@type\":\"Organization\",\"@id\":\"https:\/\/www.safinel.fr\/#organization\",\"name\":\"Safinel\",\"url\":\"https:\/\/www.safinel.fr\/\",\"logo\":{\"@type\":\"ImageObject\",\"inLanguage\":\"es\",\"@id\":\"https:\/\/www.safinel.fr\/#\/schema\/logo\/image\/\",\"url\":\"https:\/\/www.safinel.fr\/wp-content\/uploads\/2021\/05\/boutique-cosmetique.png\",\"contentUrl\":\"https:\/\/www.safinel.fr\/wp-content\/uploads\/2021\/05\/boutique-cosmetique.png\",\"width\":800,\"height\":200,\"caption\":\"Safinel\"},\"image\":{\"@id\":\"https:\/\/www.safinel.fr\/#\/schema\/logo\/image\/\"}}]}<\/script>\n<!-- \/ Yoast SEO plugin. -->","yoast_head_json":{"title":"Gorro de sat\u00e9n I Gorro de noche barato para el pelo","description":"Descubra todas las ventajas de una redecilla de sat\u00e9n, los criterios que debe tener en cuenta antes de elegir una y nuestra selecci\u00f3n de modelos.","robots":{"index":"index","follow":"follow","max-snippet":"max-snippet:-1","max-image-preview":"max-image-preview:large","max-video-preview":"max-video-preview:-1"},"canonical":"https:\/\/www.safinel.fr\/es\/product-2\/gorro-de-noche-negro-para-pelo-satinado\/","og_locale":"es_ES","og_type":"article","og_title":"Bonnet en satin I Bonnet de nuit pour cheveux pas cher","og_description":"D\u00e9couvrez tous les avantages du\u00a0bonnet en satin cheveux, les crit\u00e8res \u00e0 prendre en compte avant d'en choisir un et notre s\u00e9lection de mod\u00e8les.","og_url":"https:\/\/www.safinel.fr\/es\/product-2\/gorro-de-noche-negro-para-pelo-satinado\/","og_site_name":"Safinel","article_modified_time":"2023-12-28T17:15:51+00:00","og_image":[{"width":600,"height":600,"url":"https:\/\/www.safinel.fr\/wp-content\/uploads\/2023\/04\/BONNET-D-E-NUIT.jpg","type":"image\/jpeg"}],"twitter_card":"summary_large_image","twitter_misc":{"Tiempo de lectura":"4 minutos"},"schema":{"@context":"https:\/\/schema.org","@graph":[{"@type":"WebPage","@id":"https:\/\/www.safinel.fr\/produit\/bonnet-de-nuit-noir-pour-cheveux-en-satin\/","url":"https:\/\/www.safinel.fr\/produit\/bonnet-de-nuit-noir-pour-cheveux-en-satin\/","name":"Gorro de sat\u00e9n I Gorro de noche barato para el pelo","isPartOf":{"@id":"https:\/\/www.safinel.fr\/#website"},"primaryImageOfPage":{"@id":"https:\/\/www.safinel.fr\/produit\/bonnet-de-nuit-noir-pour-cheveux-en-satin\/#primaryimage"},"image":{"@id":"https:\/\/www.safinel.fr\/produit\/bonnet-de-nuit-noir-pour-cheveux-en-satin\/#primaryimage"},"thumbnailUrl":"https:\/\/www.safinel.fr\/wp-content\/uploads\/2023\/04\/BONNET-D-E-NUIT.jpg","datePublished":"2023-04-07T12:07:29+00:00","dateModified":"2023-12-28T17:15:51+00:00","description":"Descubra todas las ventajas de una redecilla de sat\u00e9n, los criterios que debe tener en cuenta antes de elegir una y nuestra selecci\u00f3n de modelos.","breadcrumb":{"@id":"https:\/\/www.safinel.fr\/produit\/bonnet-de-nuit-noir-pour-cheveux-en-satin\/#breadcrumb"},"inLanguage":"es","potentialAction":[{"@type":"ReadAction","target":["https:\/\/www.safinel.fr\/produit\/bonnet-de-nuit-noir-pour-cheveux-en-satin\/"]}]},{"@type":"ImageObject","inLanguage":"es","@id":"https:\/\/www.safinel.fr\/produit\/bonnet-de-nuit-noir-pour-cheveux-en-satin\/#primaryimage","url":"https:\/\/www.safinel.fr\/wp-content\/uploads\/2023\/04\/BONNET-D-E-NUIT.jpg","contentUrl":"https:\/\/www.safinel.fr\/wp-content\/uploads\/2023\/04\/BONNET-D-E-NUIT.jpg","width":600,"height":600,"caption":"bonnet en satin cheveux"},{"@type":"BreadcrumbList","@id":"https:\/\/www.safinel.fr\/produit\/bonnet-de-nuit-noir-pour-cheveux-en-satin\/#breadcrumb","itemListElement":[{"@type":"ListItem","position":1,"name":"Accueil","item":"https:\/\/www.safinel.fr\/"},{"@type":"ListItem","position":2,"name":"Boutique","item":"https:\/\/www.safinel.fr\/boutique\/"},{"@type":"ListItem","position":3,"name":"Bonnet de nuit noir pour cheveux en satin"}]},{"@type":"WebSite","@id":"https:\/\/www.safinel.fr\/#website","url":"https:\/\/www.safinel.fr\/","name":"Safinel","description":"","publisher":{"@id":"https:\/\/www.safinel.fr\/#organization"},"potentialAction":[{"@type":"SearchAction","target":{"@type":"EntryPoint","urlTemplate":"https:\/\/www.safinel.fr\/?s={search_term_string}"},"query-input":{"@type":"PropertyValueSpecification","valueRequired":true,"valueName":"search_term_string"}}],"inLanguage":"es"},{"@type":"Organization","@id":"https:\/\/www.safinel.fr\/#organization","name":"Safinel","url":"https:\/\/www.safinel.fr\/","logo":{"@type":"ImageObject","inLanguage":"es","@id":"https:\/\/www.safinel.fr\/#\/schema\/logo\/image\/","url":"https:\/\/www.safinel.fr\/wp-content\/uploads\/2021\/05\/boutique-cosmetique.png","contentUrl":"https:\/\/www.safinel.fr\/wp-content\/uploads\/2021\/05\/boutique-cosmetique.png","width":800,"height":200,"caption":"Safinel"},"image":{"@id":"https:\/\/www.safinel.fr\/#\/schema\/logo\/image\/"}}]}},"_links":{"self":[{"href":"https:\/\/www.safinel.fr\/es\/wp-json\/wp\/v2\/product\/5340","targetHints":{"allow":["GET"]}}],"collection":[{"href":"https:\/\/www.safinel.fr\/es\/wp-json\/wp\/v2\/product"}],"about":[{"href":"https:\/\/www.safinel.fr\/es\/wp-json\/wp\/v2\/types\/product"}],"wp:featuredmedia":[{"embeddable":true,"href":"https:\/\/www.safinel.fr\/es\/wp-json\/wp\/v2\/media\/5344"}],"wp:attachment":[{"href":"https:\/\/www.safinel.fr\/es\/wp-json\/wp\/v2\/media?parent=5340"}],"wp:term":[{"taxonomy":"product_brand","embeddable":true,"href":"https:\/\/www.safinel.fr\/es\/wp-json\/wp\/v2\/product_brand?post=5340"},{"taxonomy":"product_cat","embeddable":true,"href":"https:\/\/www.safinel.fr\/es\/wp-json\/wp\/v2\/product_cat?post=5340"},{"taxonomy":"product_tag","embeddable":true,"href":"https:\/\/www.safinel.fr\/es\/wp-json\/wp\/v2\/product_tag?post=5340"}],"curies":[{"name":"wp","href":"https:\/\/api.w.org\/{rel}","templated":true}]}}