{"id":493,"date":"2021-10-16T09:54:05","date_gmt":"2021-10-16T09:54:05","guid":{"rendered":"https:\/\/www.safinel.fr\/?post_type=product&#038;p=493"},"modified":"2023-12-30T13:30:53","modified_gmt":"2023-12-30T13:30:53","slug":"karite-chantilly","status":"publish","type":"product","link":"https:\/\/www.safinel.fr\/es\/product-2\/karite-chantilly\/","title":{"rendered":"Crema batida de karit\u00e9 100 g"},"content":{"rendered":"<p><strong>Manteca de karit\u00e9<\/strong>\u00a0es uno de los m\u00e1s populares\u00a0<strong>productos de belleza naturales<\/strong>, econ\u00f3mica y ecol\u00f3gica. Pero, \u00bfsabe usted<strong>\u00a0crema batida de karit\u00e9\u00a0<\/strong>? Casi da hambre, \u00a1es cierto! Sin embargo, aunque la textura parezca apetitosa, en realidad estamos ante un\u00a0<strong>cosm\u00e9ticos<\/strong>.<\/p>\n<p>Ac\u00e9rquese a esta mantequilla de calidad, que ha sido renovada para nuestro deleite.<\/p>\n<h2><strong>Manteca de karit\u00e9 chantilly: presentaci\u00f3n de un producto cosm\u00e9tico ultra glamuroso\u00a0<\/strong><\/h2>\n<p>S\u00f3lo con mirarlo, sabemos que estamos ante un producto de alta calidad, bien trabajado y con muchas virtudes...<\/p>\n<p>Tambi\u00e9n conocido como \u00aboro de las mujeres\u00bb, ha sido apreciado durante siglos por sus propiedades nutritivas. Pero eso no es todo.<\/p>\n<p>Originaria de \u00c1frica central,<strong>\u00a0el \u00e1rbol de la mantequilla\u00a0<\/strong>es famosa por su fruto, que contiene almendras con las que se produce la famosa mantequilla.<\/p>\n<p>Pero los que saben saben que este\u00a0<strong>mantequilla vegetal<\/strong>\u00a0tiene un aspecto s\u00f3lido, similar a la cera. Por ello, hay que calentarla en las manos antes de utilizarla, ya sea para mezclarla con otros ingredientes o para usarla en el cuerpo o el cabello. O para utilizarlo en el cuerpo o el cabello.<\/p>\n<p>La nata montada de karit\u00e9 es un producto para el cuidado de la piel que se ha batido de la misma forma que la nata montada casera. El resultado es una textura mucho m\u00e1s fundente, f\u00e1cil de manejar, cremosa, suave y ligera. Es todo lo que te gusta cuando quieres utilizar una textura cremosa, untuosa y ligera.\u00a0<strong>cosm\u00e9tica natural<\/strong>\u00a0como<strong>\u00a0crema corporal.\u00a0<\/strong><\/p>\n<h2><strong>\u00bfCu\u00e1les son los beneficios de este producto de belleza?\u00a0<\/strong><\/h2>\n<p>Este tratamiento contiene un m\u00e1ximo de <strong>propiedades para la piel y el cabello.\u00a0<\/strong>Conserva las mismas propiedades que la manteca de karit\u00e9 cruda, a saber :<\/p>\n<h3><strong>Para la piel\u00a0<\/strong><\/h3>\n<ul>\n<li>Extremadamente nutritivo<\/li>\n<li><strong>Suaviza la piel<\/strong><\/li>\n<li>Hidrata<\/li>\n<li>Fuente de antioxidantes<\/li>\n<li>Alivia el eczema<\/li>\n<li>Recomendado para pieles secas<\/li>\n<\/ul>\n<h3><strong>Para el cabello\u00a0<\/strong><\/h3>\n<ul>\n<li>Eficaz contra la caspa<\/li>\n<li>Beneficioso para el cabello quebradizo<\/li>\n<li>Hidrata y suaviza el cuero cabelludo<\/li>\n<\/ul>\n<h2><strong>Las m\u00faltiples formas de utilizar mi crema batida de karit\u00e9\u00a0<\/strong><\/h2>\n<p>Esta crema batida de karit\u00e9 es tan agradable de usar a diario que no querr\u00e1 prescindir de ella. Sobre todo porque es un cosm\u00e9tico de calidad que se puede utilizar de muchas maneras diferentes.<\/p>\n<h3><strong>Cuidado del cabello\u00a0<\/strong><\/h3>\n<p>Se recomienda utilizar este tratamiento antes del champ\u00fa habitual:<\/p>\n<ol>\n<li>Para empezar, <a href=\"https:\/\/www.hairbeaute.fr\/71-revlon\" target=\"_blank\" rel=\"noopener\"><strong>desenredar el cabello<\/strong><\/a> ;<\/li>\n<li>A continuaci\u00f3n, aplica una generosa cantidad de esta crema batida en los largos y las puntas; ;<\/li>\n<li>Dejar reposar al menos 15 minutos; ;<\/li>\n<li>A continuaci\u00f3n, lavar con champ\u00fa y acondicionar.<\/li>\n<\/ol>\n<p>La aplicaci\u00f3n previa de este producto de belleza ayudar\u00e1 a mantener hidratada la fibra capilar.<\/p>\n<h3><strong>Cuidado de la piel\u00a0<\/strong><\/h3>\n<p>Como crema corporal, este cosm\u00e9tico es una aut\u00e9ntica delicia. Para masajear manos o pies, o cualquier otra parte del cuerpo.<\/p>\n<p>Un consejo es aplicar esta manteca vegetal antes de ducharse o ba\u00f1arse. As\u00ed se protege la piel de la sequedad provocada por el agua.<\/p>\n<p>Adem\u00e1s, es un tratamiento apto para todos, j\u00f3venes y mayores.<\/p>\n<h2><strong>\u00bfC\u00f3mo se conserva la nata montada de karit\u00e9?\u00a0<\/strong><\/h2>\n<p>Guarde este producto de belleza en un lugar oscuro y seco. Aseg\u00farese de comprobar la fecha de caducidad en el envase.<\/p>","protected":false},"excerpt":{"rendered":"<p>Le beurre de karit\u00e9\u00a0est un incontournable parmi les\u00a0produits de beaut\u00e9 naturels, \u00e9conomiques et \u00e9cologiques. Mais, connaissez-vous\u00a0la chantilly de karit\u00e9\u00a0? \u00c7a nous donnerait presque faim, c\u2019est vrai ! Toutefois, bien que cette texture semble app\u00e9tissante, nous avons bien \u00e0 faire \u00e0 un\u00a0cosm\u00e9tique. Zoom sur ce beurre de qualit\u00e9, qui a b\u00e9n\u00e9fici\u00e9 d\u2019une remise en beaut\u00e9 pour [&#8230;]","protected":false},"featured_media":855,"template":"","meta":[],"product_brand":[],"product_cat":[41],"product_tag":[],"class_list":{"0":"post-493","1":"product","2":"type-product","3":"status-publish","4":"has-post-thumbnail","6":"product_cat-produits-naturels-divers","8":"first","9":"outofstock","10":"shipping-taxable","11":"purchasable","12":"product-type-simple"},"yoast_head":"<!-- This site is optimized with the Yoast SEO plugin v26.6 - https:\/\/yoast.com\/wordpress\/plugins\/seo\/ -->\n<title>Chantilly de Karit\u00e9 | Cosm\u00e9tique naturel pour la peau et les cheveux<\/title>\n<meta name=\"description\" content=\"Cette chantilly de karit\u00e9 est tellement agr\u00e9able \u00e0 utiliser quotidiennement que vous ne vous en passerez plus ! Ici, adoptez-l\u00e0 !\" \/>\n<meta name=\"robots\" content=\"index, follow, max-snippet:-1, max-image-preview:large, max-video-preview:-1\" \/>\n<link rel=\"canonical\" href=\"https:\/\/www.safinel.fr\/es\/product-2\/karite-chantilly\/\" \/>\n<meta property=\"og:locale\" content=\"es_ES\" \/>\n<meta property=\"og:type\" content=\"article\" \/>\n<meta property=\"og:title\" content=\"Chantilly de Karit\u00e9 | Cosm\u00e9tique naturel pour la peau et les cheveux\" \/>\n<meta property=\"og:description\" content=\"Cette chantilly de karit\u00e9 est tellement agr\u00e9able \u00e0 utiliser quotidiennement que vous ne vous en passerez plus ! Ici, adoptez-l\u00e0 !\" \/>\n<meta property=\"og:url\" content=\"https:\/\/www.safinel.fr\/es\/product-2\/karite-chantilly\/\" \/>\n<meta property=\"og:site_name\" content=\"Safinel\" \/>\n<meta property=\"article:modified_time\" content=\"2023-12-30T13:30:53+00:00\" \/>\n<meta property=\"og:image\" content=\"https:\/\/www.safinel.fr\/wp-content\/uploads\/2021\/10\/chantilly-de-karite-1.jpg\" \/>\n\t<meta property=\"og:image:width\" content=\"600\" \/>\n\t<meta property=\"og:image:height\" content=\"600\" \/>\n\t<meta property=\"og:image:type\" content=\"image\/jpeg\" \/>\n<meta name=\"twitter:card\" content=\"summary_large_image\" \/>\n<meta name=\"twitter:label1\" content=\"Tiempo de lectura\" \/>\n\t<meta name=\"twitter:data1\" content=\"3 minutos\" \/>\n<script type=\"application\/ld+json\" class=\"yoast-schema-graph\">{\"@context\":\"https:\/\/schema.org\",\"@graph\":[{\"@type\":\"WebPage\",\"@id\":\"https:\/\/www.safinel.fr\/produit\/chantilly-de-karite\/\",\"url\":\"https:\/\/www.safinel.fr\/produit\/chantilly-de-karite\/\",\"name\":\"Chantilly de Karit\u00e9 | Cosm\u00e9tique naturel pour la peau et les cheveux\",\"isPartOf\":{\"@id\":\"https:\/\/www.safinel.fr\/#website\"},\"primaryImageOfPage\":{\"@id\":\"https:\/\/www.safinel.fr\/produit\/chantilly-de-karite\/#primaryimage\"},\"image\":{\"@id\":\"https:\/\/www.safinel.fr\/produit\/chantilly-de-karite\/#primaryimage\"},\"thumbnailUrl\":\"https:\/\/www.safinel.fr\/wp-content\/uploads\/2021\/10\/chantilly-de-karite-1.jpg\",\"datePublished\":\"2021-10-16T09:54:05+00:00\",\"dateModified\":\"2023-12-30T13:30:53+00:00\",\"description\":\"Cette chantilly de karit\u00e9 est tellement agr\u00e9able \u00e0 utiliser quotidiennement que vous ne vous en passerez plus ! Ici, adoptez-l\u00e0 !\",\"breadcrumb\":{\"@id\":\"https:\/\/www.safinel.fr\/produit\/chantilly-de-karite\/#breadcrumb\"},\"inLanguage\":\"es\",\"potentialAction\":[{\"@type\":\"ReadAction\",\"target\":[\"https:\/\/www.safinel.fr\/produit\/chantilly-de-karite\/\"]}]},{\"@type\":\"ImageObject\",\"inLanguage\":\"es\",\"@id\":\"https:\/\/www.safinel.fr\/produit\/chantilly-de-karite\/#primaryimage\",\"url\":\"https:\/\/www.safinel.fr\/wp-content\/uploads\/2021\/10\/chantilly-de-karite-1.jpg\",\"contentUrl\":\"https:\/\/www.safinel.fr\/wp-content\/uploads\/2021\/10\/chantilly-de-karite-1.jpg\",\"width\":600,\"height\":600,\"caption\":\"Chantilly de karit\u00e9 100g\"},{\"@type\":\"BreadcrumbList\",\"@id\":\"https:\/\/www.safinel.fr\/produit\/chantilly-de-karite\/#breadcrumb\",\"itemListElement\":[{\"@type\":\"ListItem\",\"position\":1,\"name\":\"Accueil\",\"item\":\"https:\/\/www.safinel.fr\/\"},{\"@type\":\"ListItem\",\"position\":2,\"name\":\"Boutique\",\"item\":\"https:\/\/www.safinel.fr\/boutique\/\"},{\"@type\":\"ListItem\",\"position\":3,\"name\":\"Chantilly de karit\u00e9 100g\"}]},{\"@type\":\"WebSite\",\"@id\":\"https:\/\/www.safinel.fr\/#website\",\"url\":\"https:\/\/www.safinel.fr\/\",\"name\":\"Safinel\",\"description\":\"\",\"publisher\":{\"@id\":\"https:\/\/www.safinel.fr\/#organization\"},\"potentialAction\":[{\"@type\":\"SearchAction\",\"target\":{\"@type\":\"EntryPoint\",\"urlTemplate\":\"https:\/\/www.safinel.fr\/?s={search_term_string}\"},\"query-input\":{\"@type\":\"PropertyValueSpecification\",\"valueRequired\":true,\"valueName\":\"search_term_string\"}}],\"inLanguage\":\"es\"},{\"@type\":\"Organization\",\"@id\":\"https:\/\/www.safinel.fr\/#organization\",\"name\":\"Safinel\",\"url\":\"https:\/\/www.safinel.fr\/\",\"logo\":{\"@type\":\"ImageObject\",\"inLanguage\":\"es\",\"@id\":\"https:\/\/www.safinel.fr\/#\/schema\/logo\/image\/\",\"url\":\"https:\/\/www.safinel.fr\/wp-content\/uploads\/2021\/05\/boutique-cosmetique.png\",\"contentUrl\":\"https:\/\/www.safinel.fr\/wp-content\/uploads\/2021\/05\/boutique-cosmetique.png\",\"width\":800,\"height\":200,\"caption\":\"Safinel\"},\"image\":{\"@id\":\"https:\/\/www.safinel.fr\/#\/schema\/logo\/image\/\"}}]}<\/script>\n<!-- \/ Yoast SEO plugin. -->","yoast_head_json":{"title":"Crema batida de manteca de karit\u00e9 | Cosm\u00e9tica natural para la piel y el cabello","description":"Esta crema batida de karit\u00e9 es tan agradable de usar a diario, \u00a1que no querr\u00e1 prescindir de ella! \u00a1Adqui\u00e9rala aqu\u00ed!","robots":{"index":"index","follow":"follow","max-snippet":"max-snippet:-1","max-image-preview":"max-image-preview:large","max-video-preview":"max-video-preview:-1"},"canonical":"https:\/\/www.safinel.fr\/es\/product-2\/karite-chantilly\/","og_locale":"es_ES","og_type":"article","og_title":"Chantilly de Karit\u00e9 | Cosm\u00e9tique naturel pour la peau et les cheveux","og_description":"Cette chantilly de karit\u00e9 est tellement agr\u00e9able \u00e0 utiliser quotidiennement que vous ne vous en passerez plus ! Ici, adoptez-l\u00e0 !","og_url":"https:\/\/www.safinel.fr\/es\/product-2\/karite-chantilly\/","og_site_name":"Safinel","article_modified_time":"2023-12-30T13:30:53+00:00","og_image":[{"width":600,"height":600,"url":"https:\/\/www.safinel.fr\/wp-content\/uploads\/2021\/10\/chantilly-de-karite-1.jpg","type":"image\/jpeg"}],"twitter_card":"summary_large_image","twitter_misc":{"Tiempo de lectura":"3 minutos"},"schema":{"@context":"https:\/\/schema.org","@graph":[{"@type":"WebPage","@id":"https:\/\/www.safinel.fr\/produit\/chantilly-de-karite\/","url":"https:\/\/www.safinel.fr\/produit\/chantilly-de-karite\/","name":"Crema batida de manteca de karit\u00e9 | Cosm\u00e9tica natural para la piel y el cabello","isPartOf":{"@id":"https:\/\/www.safinel.fr\/#website"},"primaryImageOfPage":{"@id":"https:\/\/www.safinel.fr\/produit\/chantilly-de-karite\/#primaryimage"},"image":{"@id":"https:\/\/www.safinel.fr\/produit\/chantilly-de-karite\/#primaryimage"},"thumbnailUrl":"https:\/\/www.safinel.fr\/wp-content\/uploads\/2021\/10\/chantilly-de-karite-1.jpg","datePublished":"2021-10-16T09:54:05+00:00","dateModified":"2023-12-30T13:30:53+00:00","description":"Esta crema batida de karit\u00e9 es tan agradable de usar a diario, \u00a1que no querr\u00e1 prescindir de ella! \u00a1Adqui\u00e9rala aqu\u00ed!","breadcrumb":{"@id":"https:\/\/www.safinel.fr\/produit\/chantilly-de-karite\/#breadcrumb"},"inLanguage":"es","potentialAction":[{"@type":"ReadAction","target":["https:\/\/www.safinel.fr\/produit\/chantilly-de-karite\/"]}]},{"@type":"ImageObject","inLanguage":"es","@id":"https:\/\/www.safinel.fr\/produit\/chantilly-de-karite\/#primaryimage","url":"https:\/\/www.safinel.fr\/wp-content\/uploads\/2021\/10\/chantilly-de-karite-1.jpg","contentUrl":"https:\/\/www.safinel.fr\/wp-content\/uploads\/2021\/10\/chantilly-de-karite-1.jpg","width":600,"height":600,"caption":"Chantilly de karit\u00e9 100g"},{"@type":"BreadcrumbList","@id":"https:\/\/www.safinel.fr\/produit\/chantilly-de-karite\/#breadcrumb","itemListElement":[{"@type":"ListItem","position":1,"name":"Accueil","item":"https:\/\/www.safinel.fr\/"},{"@type":"ListItem","position":2,"name":"Boutique","item":"https:\/\/www.safinel.fr\/boutique\/"},{"@type":"ListItem","position":3,"name":"Chantilly de karit\u00e9 100g"}]},{"@type":"WebSite","@id":"https:\/\/www.safinel.fr\/#website","url":"https:\/\/www.safinel.fr\/","name":"Safinel","description":"","publisher":{"@id":"https:\/\/www.safinel.fr\/#organization"},"potentialAction":[{"@type":"SearchAction","target":{"@type":"EntryPoint","urlTemplate":"https:\/\/www.safinel.fr\/?s={search_term_string}"},"query-input":{"@type":"PropertyValueSpecification","valueRequired":true,"valueName":"search_term_string"}}],"inLanguage":"es"},{"@type":"Organization","@id":"https:\/\/www.safinel.fr\/#organization","name":"Safinel","url":"https:\/\/www.safinel.fr\/","logo":{"@type":"ImageObject","inLanguage":"es","@id":"https:\/\/www.safinel.fr\/#\/schema\/logo\/image\/","url":"https:\/\/www.safinel.fr\/wp-content\/uploads\/2021\/05\/boutique-cosmetique.png","contentUrl":"https:\/\/www.safinel.fr\/wp-content\/uploads\/2021\/05\/boutique-cosmetique.png","width":800,"height":200,"caption":"Safinel"},"image":{"@id":"https:\/\/www.safinel.fr\/#\/schema\/logo\/image\/"}}]}},"_links":{"self":[{"href":"https:\/\/www.safinel.fr\/es\/wp-json\/wp\/v2\/product\/493","targetHints":{"allow":["GET"]}}],"collection":[{"href":"https:\/\/www.safinel.fr\/es\/wp-json\/wp\/v2\/product"}],"about":[{"href":"https:\/\/www.safinel.fr\/es\/wp-json\/wp\/v2\/types\/product"}],"wp:featuredmedia":[{"embeddable":true,"href":"https:\/\/www.safinel.fr\/es\/wp-json\/wp\/v2\/media\/855"}],"wp:attachment":[{"href":"https:\/\/www.safinel.fr\/es\/wp-json\/wp\/v2\/media?parent=493"}],"wp:term":[{"taxonomy":"product_brand","embeddable":true,"href":"https:\/\/www.safinel.fr\/es\/wp-json\/wp\/v2\/product_brand?post=493"},{"taxonomy":"product_cat","embeddable":true,"href":"https:\/\/www.safinel.fr\/es\/wp-json\/wp\/v2\/product_cat?post=493"},{"taxonomy":"product_tag","embeddable":true,"href":"https:\/\/www.safinel.fr\/es\/wp-json\/wp\/v2\/product_tag?post=493"}],"curies":[{"name":"wp","href":"https:\/\/api.w.org\/{rel}","templated":true}]}}