{"id":491,"date":"2021-10-13T16:26:40","date_gmt":"2021-10-13T16:26:40","guid":{"rendered":"https:\/\/www.safinel.fr\/?post_type=product&#038;p=491"},"modified":"2025-08-19T09:25:42","modified_gmt":"2025-08-19T09:25:42","slug":"limones-negros-secos-150-g","status":"publish","type":"product","link":"https:\/\/www.safinel.fr\/es\/product-2\/limones-negros-secos-150-g\/","title":{"rendered":"Limones negros secos (loumi)"},"content":{"rendered":"<p>Originarios de Om\u00e1n, los limones negros se han convertido con los a\u00f1os en un alimento b\u00e1sico de la cocina iran\u00ed e iraqu\u00ed, as\u00ed como del resto de los pa\u00edses del Golfo P\u00e9rsico. En estos pa\u00edses, se consideran un&nbsp;<strong>especia b\u00e1sica<\/strong>&nbsp;, un producto com\u00fan.<\/p>\n<h2>Todo lo que debe saber sobre el lim\u00f3n negro seco<\/h2>\n<p>Tambi\u00e9n conocido como&nbsp;<strong>loumi<\/strong>, lim\u00f3n negro es un&nbsp;<strong>condimento de la cocina tradicional persa<\/strong>&nbsp;y se puede encontrar en muchos platos diferentes: sopas, salsas, etc.<\/p>\n<p>Aunque se utiliza en la preparaci\u00f3n de una gran variedad de sabrosos platos. Es importante recordar que su uso no se limita a eso, ya que tambi\u00e9n se puede utilizar en la preparaci\u00f3n de pasteles.&nbsp;<a href=\"https:\/\/www.pierreherme.com\" target=\"_blank\" rel=\"noopener\"><strong>Pierre Herm\u00e9<\/strong><\/a>, El famoso pastelero lo ha convertido en el ingrediente estrella de una de sus recetas de macarrones.<\/p>\n<p>Este lim\u00f3n, de color negro, es originalmente una lima que se ha secado al sol, perdiendo toda su agua. Su sabor es tan excepcional que puede utilizarse tanto en platos dulces como salados. Seg\u00fan su estilo de cocina, puede utilizarse entero en platos cocinados a fuego lento o molido.&nbsp;<\/p>\n<p>En t\u00e9rminos de <strong>pruebe<\/strong>, Cuando lo pruebe, notar\u00e1 que el lim\u00f3n negro es extremadamente \u00e1cido y tiene caracter\u00edsticas c\u00edtricas, mientras que la piel que lo rodea y las semillas son amargas. Por lo tanto, cuando lo pruebe, experimentar\u00e1 una mezcla de dulzor, amargor y acidez. Amargo y \u00e1cido, recuerda a los dulces agrios.&nbsp;<\/p>\n<p><strong>En la nariz<\/strong>, Una vez aplastada la fruta, el aroma es similar al de la lima, con la frescura familiar y notas picantes, \u00e1cidas y ahumadas. Una vez aplastada la fruta, evoluciona hacia notas mucho m\u00e1s dulces que tienden a las de la clementina, por ejemplo.<\/p>\n<h3><strong>\u00bfC\u00f3mo se secan los limones negros?<\/strong><\/h3>\n<p>Existen dos m\u00e9todos para&nbsp;<strong>secado de limones negros<\/strong>:<\/p>\n<ul>\n<li>La primera es marinarla en un ba\u00f1o de salmuera. Esto produce una lima muy negra, brillante y... \u00a1seca!<\/li>\n<li>La segunda es dejarlas secar directamente en la lima. As\u00ed adquieren un color beige oscuro y conservan su sabor alimonado y \u00e1cido.<\/li>\n<\/ul>\n<h2>\u00bfC\u00f3mo utilizar el lim\u00f3n negro seco?<\/h2>\n<p>Como ya se ha mencionado, el lim\u00f3n negro seco puede utilizarse para&nbsp;<strong>entero<\/strong>&nbsp;o cortada por la mitad para a\u00f1adirla a los guisos. Tambi\u00e9n se puede&nbsp;<strong>reducir a polvo<\/strong>&nbsp;para que pueda utilizarse como una especia corriente.<\/p>\n<p>Para ello, corta el lim\u00f3n por la mitad. Retire las semillas amargas y, a continuaci\u00f3n, lic\u00fae los dos trozos hasta obtener un polvo fino. No importa si lo utilizas entero o molido. Es importante recordar que es imprescindible utilizarlo en forma l\u00edquida para hidratarse: agua, bebidas, etc.<\/p>\n<h3>Los beneficios terap\u00e9uticos del lim\u00f3n seco<\/h3>\n<p>Adem\u00e1s de poder utilizar este ingrediente con fines gastron\u00f3micos. He aqu\u00ed otra buena raz\u00f3n para comprar limones negros secos: sus beneficios para la salud. Es muy eficaz para&nbsp;<a href=\"https:\/\/www.safinel.fr\/es\/product-2\/tallos-de-cerezo\/\"><strong>quemar grasa<\/strong><\/a>, es un agente antif\u00fangico y antiespasm\u00f3dico y&nbsp;<strong>favorece la digesti\u00f3n<\/strong>.<\/p>\n<div class=\"product-faq\">\n<h2>FAQ - Limones negros secos 150g<\/h2>\n<div itemscope=\"\" itemtype=\"https:\/\/schema.org\/FAQPage\">\n<div itemprop=\"mainEntity\" itemscope=\"\" itemtype=\"https:\/\/schema.org\/Question\">\n<h3 itemprop=\"name\">\u00bfQu\u00e9 son los limones negros secos (loumi)?<\/h3>\n<div itemprop=\"acceptedAnswer\" itemscope=\"\" itemtype=\"https:\/\/schema.org\/Answer\">\n<p itemprop=\"text\">Los limones negros secos son limas secadas al sol o en salmuera. Su piel negra concentra un sabor \u00e1cido y amargo, perfecto para realzar los platos.<\/p>\n<\/div>\n<\/div>\n<div itemprop=\"mainEntity\" itemscope=\"\" itemtype=\"https:\/\/schema.org\/Question\">\n<h3 itemprop=\"name\">\u00bfDe d\u00f3nde proceden?<\/h3>\n<div itemprop=\"acceptedAnswer\" itemscope=\"\" itemtype=\"https:\/\/schema.org\/Answer\">\n<p itemprop=\"text\">Originarias de Om\u00e1n, se han convertido en un elemento b\u00e1sico de la cocina persa, iraqu\u00ed y del Golfo P\u00e9rsico.<\/p>\n<\/div>\n<\/div>\n<div itemprop=\"mainEntity\" itemscope=\"\" itemtype=\"https:\/\/schema.org\/Question\">\n<h3 itemprop=\"name\">\u00bfPara qu\u00e9 se utilizan en la cocina?<\/h3>\n<div itemprop=\"acceptedAnswer\" itemscope=\"\" itemtype=\"https:\/\/schema.org\/Answer\">\n<p itemprop=\"text\">Pueden utilizarse en sopas, salsas y guisos, as\u00ed como en reposter\u00eda. Reducidas a polvo y rehidratadas, dan un sabor \u00fanico.<\/p>\n<\/div>\n<\/div>\n<div itemprop=\"mainEntity\" itemscope=\"\" itemtype=\"https:\/\/schema.org\/Question\">\n<h3 itemprop=\"name\">\u00bfA qu\u00e9 saben?<\/h3>\n<div itemprop=\"acceptedAnswer\" itemscope=\"\" itemtype=\"https:\/\/schema.org\/Answer\">\n<p itemprop=\"text\">El sabor es \u00e1cido, amargo y dulce, con una combinaci\u00f3n de lima, caramelo y un toque de dulzor de clementina.<\/p>\n<\/div>\n<\/div>\n<div itemprop=\"mainEntity\" itemscope=\"\" itemtype=\"https:\/\/schema.org\/Question\">\n<h3 itemprop=\"name\">\u00bfCu\u00e1les son los m\u00e9todos de secado?<\/h3>\n<div itemprop=\"acceptedAnswer\" itemscope=\"\" itemtype=\"https:\/\/schema.org\/Answer\">\n<p itemprop=\"text\">En salmuera (lim\u00f3n negro, brillante y salado) o al sol (fruto beige oscuro, m\u00e1s \u00e1cido y con sabor a lim\u00f3n).<\/p>\n<\/div>\n<\/div>\n<div itemprop=\"mainEntity\" itemscope=\"\" itemtype=\"https:\/\/schema.org\/Question\">\n<h3 itemprop=\"name\">\u00bfCu\u00e1les son sus beneficios para la salud?<\/h3>\n<div itemprop=\"acceptedAnswer\" itemscope=\"\" itemtype=\"https:\/\/schema.org\/Answer\">\n<p itemprop=\"text\">Favorecen la digesti\u00f3n, queman grasas y tienen un efecto antif\u00fangico y antiespasm\u00f3dico.<\/p>\n<\/div>\n<\/div>\n<\/div>\n<\/div>","protected":false},"excerpt":{"rendered":"<p><strong>Caracter\u00edsticas :<\/strong><\/p>\n<p>Adem\u00e1s de poder utilizar este ingrediente con fines gastron\u00f3micos. He aqu\u00ed otra buena raz\u00f3n para comprar limones negros secos: sus beneficios para la salud.<img decoding=\"async\" class=\"size-full wp-image-5091 aligncenter\" src=\"https:\/\/www.safinel.fr\/wp-content\/uploads\/2021\/06\/BANNIERE-ICONE-SAFINEL.webp\" alt=\"reaseguro de sat\u00e9n\" width=\"800\" height=\"200\" srcset=\"https:\/\/www.safinel.fr\/wp-content\/uploads\/2021\/06\/BANNIERE-ICONE-SAFINEL.webp 800w, https:\/\/www.safinel.fr\/wp-content\/uploads\/2021\/06\/BANNIERE-ICONE-SAFINEL-600x150.webp 600w, https:\/\/www.safinel.fr\/wp-content\/uploads\/2021\/06\/BANNIERE-ICONE-SAFINEL-768x192.webp 768w\" sizes=\"(max-width: 800px) 100vw, 800px\" \/><\/p>","protected":false},"featured_media":17185,"template":"","meta":[],"product_brand":[],"product_cat":[41],"product_tag":[],"class_list":{"0":"post-491","1":"product","2":"type-product","3":"status-publish","4":"has-post-thumbnail","6":"product_cat-produits-naturels-divers","8":"first","9":"instock","10":"shipping-taxable","11":"purchasable","12":"product-type-variable"},"yoast_head":"<!-- This site is optimized with the Yoast SEO plugin v26.6 - https:\/\/yoast.com\/wordpress\/plugins\/seo\/ -->\n<title>Citrons noirs s\u00e9ch\u00e9 | Aide \u00e0 br\u00fbler les graisses | Entier &amp; en poudre<\/title>\n<meta name=\"description\" content=\"Originaire de l&#039;Oman, les citrons noirs, sont devenus au fil du temps un incontournable de la cuisine iranienne, irakienne.\" \/>\n<meta name=\"robots\" content=\"index, follow, max-snippet:-1, max-image-preview:large, max-video-preview:-1\" \/>\n<link rel=\"canonical\" href=\"https:\/\/www.safinel.fr\/es\/product-2\/limones-negros-secos-150-g\/\" \/>\n<meta property=\"og:locale\" content=\"es_ES\" \/>\n<meta property=\"og:type\" content=\"article\" \/>\n<meta property=\"og:title\" content=\"Citrons noirs s\u00e9ch\u00e9 | Aide \u00e0 br\u00fbler les graisses | Entier &amp; en poudre\" \/>\n<meta property=\"og:description\" content=\"Originaire de l&#039;Oman, les citrons noirs, sont devenus au fil du temps un incontournable de la cuisine iranienne, irakienne.\" \/>\n<meta property=\"og:url\" content=\"https:\/\/www.safinel.fr\/es\/product-2\/limones-negros-secos-150-g\/\" \/>\n<meta property=\"og:site_name\" content=\"Safinel\" \/>\n<meta property=\"article:modified_time\" content=\"2025-08-19T09:25:42+00:00\" \/>\n<meta property=\"og:image\" content=\"https:\/\/www.safinel.fr\/wp-content\/uploads\/2021\/10\/citrons-noirs-seches.jpg\" \/>\n\t<meta property=\"og:image:width\" content=\"600\" \/>\n\t<meta property=\"og:image:height\" content=\"600\" \/>\n\t<meta property=\"og:image:type\" content=\"image\/jpeg\" \/>\n<meta name=\"twitter:card\" content=\"summary_large_image\" \/>\n<meta name=\"twitter:label1\" content=\"Tiempo de lectura\" \/>\n\t<meta name=\"twitter:data1\" content=\"3 minutos\" \/>\n<script type=\"application\/ld+json\" class=\"yoast-schema-graph\">{\"@context\":\"https:\/\/schema.org\",\"@graph\":[{\"@type\":\"WebPage\",\"@id\":\"https:\/\/www.safinel.fr\/produit\/citrons-noir-seches-150g\/\",\"url\":\"https:\/\/www.safinel.fr\/produit\/citrons-noir-seches-150g\/\",\"name\":\"Citrons noirs s\u00e9ch\u00e9 | Aide \u00e0 br\u00fbler les graisses | Entier & en poudre\",\"isPartOf\":{\"@id\":\"https:\/\/www.safinel.fr\/#website\"},\"primaryImageOfPage\":{\"@id\":\"https:\/\/www.safinel.fr\/produit\/citrons-noir-seches-150g\/#primaryimage\"},\"image\":{\"@id\":\"https:\/\/www.safinel.fr\/produit\/citrons-noir-seches-150g\/#primaryimage\"},\"thumbnailUrl\":\"https:\/\/www.safinel.fr\/wp-content\/uploads\/2021\/10\/citrons-noirs-seches.jpg\",\"datePublished\":\"2021-10-13T16:26:40+00:00\",\"dateModified\":\"2025-08-19T09:25:42+00:00\",\"description\":\"Originaire de l'Oman, les citrons noirs, sont devenus au fil du temps un incontournable de la cuisine iranienne, irakienne.\",\"breadcrumb\":{\"@id\":\"https:\/\/www.safinel.fr\/produit\/citrons-noir-seches-150g\/#breadcrumb\"},\"inLanguage\":\"es\",\"potentialAction\":[{\"@type\":\"ReadAction\",\"target\":[\"https:\/\/www.safinel.fr\/produit\/citrons-noir-seches-150g\/\"]}]},{\"@type\":\"ImageObject\",\"inLanguage\":\"es\",\"@id\":\"https:\/\/www.safinel.fr\/produit\/citrons-noir-seches-150g\/#primaryimage\",\"url\":\"https:\/\/www.safinel.fr\/wp-content\/uploads\/2021\/10\/citrons-noirs-seches.jpg\",\"contentUrl\":\"https:\/\/www.safinel.fr\/wp-content\/uploads\/2021\/10\/citrons-noirs-seches.jpg\",\"width\":600,\"height\":600,\"caption\":\"Citrons noir s\u00e9ch\u00e9s (loumi)\"},{\"@type\":\"BreadcrumbList\",\"@id\":\"https:\/\/www.safinel.fr\/produit\/citrons-noir-seches-150g\/#breadcrumb\",\"itemListElement\":[{\"@type\":\"ListItem\",\"position\":1,\"name\":\"Accueil\",\"item\":\"https:\/\/www.safinel.fr\/\"},{\"@type\":\"ListItem\",\"position\":2,\"name\":\"Boutique\",\"item\":\"https:\/\/www.safinel.fr\/boutique\/\"},{\"@type\":\"ListItem\",\"position\":3,\"name\":\"Citrons noir s\u00e9ch\u00e9s (loumi)\"}]},{\"@type\":\"WebSite\",\"@id\":\"https:\/\/www.safinel.fr\/#website\",\"url\":\"https:\/\/www.safinel.fr\/\",\"name\":\"Safinel\",\"description\":\"\",\"publisher\":{\"@id\":\"https:\/\/www.safinel.fr\/#organization\"},\"potentialAction\":[{\"@type\":\"SearchAction\",\"target\":{\"@type\":\"EntryPoint\",\"urlTemplate\":\"https:\/\/www.safinel.fr\/?s={search_term_string}\"},\"query-input\":{\"@type\":\"PropertyValueSpecification\",\"valueRequired\":true,\"valueName\":\"search_term_string\"}}],\"inLanguage\":\"es\"},{\"@type\":\"Organization\",\"@id\":\"https:\/\/www.safinel.fr\/#organization\",\"name\":\"Safinel\",\"url\":\"https:\/\/www.safinel.fr\/\",\"logo\":{\"@type\":\"ImageObject\",\"inLanguage\":\"es\",\"@id\":\"https:\/\/www.safinel.fr\/#\/schema\/logo\/image\/\",\"url\":\"https:\/\/www.safinel.fr\/wp-content\/uploads\/2021\/05\/boutique-cosmetique.png\",\"contentUrl\":\"https:\/\/www.safinel.fr\/wp-content\/uploads\/2021\/05\/boutique-cosmetique.png\",\"width\":800,\"height\":200,\"caption\":\"Safinel\"},\"image\":{\"@id\":\"https:\/\/www.safinel.fr\/#\/schema\/logo\/image\/\"}}]}<\/script>\n<!-- \/ Yoast SEO plugin. -->","yoast_head_json":{"title":"Limones negros secos | Ayuda a quemar grasa | Enteros y en polvo","description":"Originarios de Om\u00e1n, los limones negros se han convertido con los a\u00f1os en un elemento b\u00e1sico de la cocina iran\u00ed e iraqu\u00ed.","robots":{"index":"index","follow":"follow","max-snippet":"max-snippet:-1","max-image-preview":"max-image-preview:large","max-video-preview":"max-video-preview:-1"},"canonical":"https:\/\/www.safinel.fr\/es\/product-2\/limones-negros-secos-150-g\/","og_locale":"es_ES","og_type":"article","og_title":"Citrons noirs s\u00e9ch\u00e9 | Aide \u00e0 br\u00fbler les graisses | Entier & en poudre","og_description":"Originaire de l'Oman, les citrons noirs, sont devenus au fil du temps un incontournable de la cuisine iranienne, irakienne.","og_url":"https:\/\/www.safinel.fr\/es\/product-2\/limones-negros-secos-150-g\/","og_site_name":"Safinel","article_modified_time":"2025-08-19T09:25:42+00:00","og_image":[{"width":600,"height":600,"url":"https:\/\/www.safinel.fr\/wp-content\/uploads\/2021\/10\/citrons-noirs-seches.jpg","type":"image\/jpeg"}],"twitter_card":"summary_large_image","twitter_misc":{"Tiempo de lectura":"3 minutos"},"schema":{"@context":"https:\/\/schema.org","@graph":[{"@type":"WebPage","@id":"https:\/\/www.safinel.fr\/produit\/citrons-noir-seches-150g\/","url":"https:\/\/www.safinel.fr\/produit\/citrons-noir-seches-150g\/","name":"Limones negros secos | Ayuda a quemar grasa | Enteros y en polvo","isPartOf":{"@id":"https:\/\/www.safinel.fr\/#website"},"primaryImageOfPage":{"@id":"https:\/\/www.safinel.fr\/produit\/citrons-noir-seches-150g\/#primaryimage"},"image":{"@id":"https:\/\/www.safinel.fr\/produit\/citrons-noir-seches-150g\/#primaryimage"},"thumbnailUrl":"https:\/\/www.safinel.fr\/wp-content\/uploads\/2021\/10\/citrons-noirs-seches.jpg","datePublished":"2021-10-13T16:26:40+00:00","dateModified":"2025-08-19T09:25:42+00:00","description":"Originarios de Om\u00e1n, los limones negros se han convertido con los a\u00f1os en un elemento b\u00e1sico de la cocina iran\u00ed e iraqu\u00ed.","breadcrumb":{"@id":"https:\/\/www.safinel.fr\/produit\/citrons-noir-seches-150g\/#breadcrumb"},"inLanguage":"es","potentialAction":[{"@type":"ReadAction","target":["https:\/\/www.safinel.fr\/produit\/citrons-noir-seches-150g\/"]}]},{"@type":"ImageObject","inLanguage":"es","@id":"https:\/\/www.safinel.fr\/produit\/citrons-noir-seches-150g\/#primaryimage","url":"https:\/\/www.safinel.fr\/wp-content\/uploads\/2021\/10\/citrons-noirs-seches.jpg","contentUrl":"https:\/\/www.safinel.fr\/wp-content\/uploads\/2021\/10\/citrons-noirs-seches.jpg","width":600,"height":600,"caption":"Citrons noir s\u00e9ch\u00e9s (loumi)"},{"@type":"BreadcrumbList","@id":"https:\/\/www.safinel.fr\/produit\/citrons-noir-seches-150g\/#breadcrumb","itemListElement":[{"@type":"ListItem","position":1,"name":"Accueil","item":"https:\/\/www.safinel.fr\/"},{"@type":"ListItem","position":2,"name":"Boutique","item":"https:\/\/www.safinel.fr\/boutique\/"},{"@type":"ListItem","position":3,"name":"Citrons noir s\u00e9ch\u00e9s (loumi)"}]},{"@type":"WebSite","@id":"https:\/\/www.safinel.fr\/#website","url":"https:\/\/www.safinel.fr\/","name":"Safinel","description":"","publisher":{"@id":"https:\/\/www.safinel.fr\/#organization"},"potentialAction":[{"@type":"SearchAction","target":{"@type":"EntryPoint","urlTemplate":"https:\/\/www.safinel.fr\/?s={search_term_string}"},"query-input":{"@type":"PropertyValueSpecification","valueRequired":true,"valueName":"search_term_string"}}],"inLanguage":"es"},{"@type":"Organization","@id":"https:\/\/www.safinel.fr\/#organization","name":"Safinel","url":"https:\/\/www.safinel.fr\/","logo":{"@type":"ImageObject","inLanguage":"es","@id":"https:\/\/www.safinel.fr\/#\/schema\/logo\/image\/","url":"https:\/\/www.safinel.fr\/wp-content\/uploads\/2021\/05\/boutique-cosmetique.png","contentUrl":"https:\/\/www.safinel.fr\/wp-content\/uploads\/2021\/05\/boutique-cosmetique.png","width":800,"height":200,"caption":"Safinel"},"image":{"@id":"https:\/\/www.safinel.fr\/#\/schema\/logo\/image\/"}}]}},"_links":{"self":[{"href":"https:\/\/www.safinel.fr\/es\/wp-json\/wp\/v2\/product\/491","targetHints":{"allow":["GET"]}}],"collection":[{"href":"https:\/\/www.safinel.fr\/es\/wp-json\/wp\/v2\/product"}],"about":[{"href":"https:\/\/www.safinel.fr\/es\/wp-json\/wp\/v2\/types\/product"}],"wp:featuredmedia":[{"embeddable":true,"href":"https:\/\/www.safinel.fr\/es\/wp-json\/wp\/v2\/media\/17185"}],"wp:attachment":[{"href":"https:\/\/www.safinel.fr\/es\/wp-json\/wp\/v2\/media?parent=491"}],"wp:term":[{"taxonomy":"product_brand","embeddable":true,"href":"https:\/\/www.safinel.fr\/es\/wp-json\/wp\/v2\/product_brand?post=491"},{"taxonomy":"product_cat","embeddable":true,"href":"https:\/\/www.safinel.fr\/es\/wp-json\/wp\/v2\/product_cat?post=491"},{"taxonomy":"product_tag","embeddable":true,"href":"https:\/\/www.safinel.fr\/es\/wp-json\/wp\/v2\/product_tag?post=491"}],"curies":[{"name":"wp","href":"https:\/\/api.w.org\/{rel}","templated":true}]}}