{"id":312,"date":"2021-07-24T18:59:49","date_gmt":"2021-07-24T18:59:49","guid":{"rendered":"https:\/\/www.safinel.fr\/?post_type=product&#038;p=312"},"modified":"2023-12-30T13:52:14","modified_gmt":"2023-12-30T13:52:14","slug":"carbon-activado-30g","status":"publish","type":"product","link":"https:\/\/www.safinel.fr\/es\/product-2\/carbon-activado-30g\/","title":{"rendered":"Carb\u00f3n vegetal activado 30 g"},"content":{"rendered":"<p><span style=\"font-weight: 400;\">Ante todo, el carb\u00f3n vegetal activado de Kb cosmetics es el m\u00e1s eficaz de los desintoxicantes naturales ampliamente difundidos. Procede de la deflagraci\u00f3n de c\u00e1scaras de coco y es el m\u00e1s indiscutible. Es eficaz para una variedad de problemas de salud, tales como problemas intestinales y digestivos.\u00a0<\/span><\/p>\n<p><span style=\"font-weight: 400;\">El carb\u00f3n vegetal activado es conocido por sus innumerables propiedades depurativas y absorbentes, pero su versatilidad lo convierte en un producto imprescindible.\u00a0<\/span><\/p>\n<p><span style=\"font-weight: 400;\">Sin embargo, se presenta en forma de polvo negro. Est\u00e1 envasado de la forma m\u00e1s sencilla posible, para que pueda utilizar el carb\u00f3n vegetal como desee y aplicarlo tambi\u00e9n a cosm\u00e9ticos o dent\u00edfricos.\u00a0<\/span><\/p>\n<h2><b>Evitar el uso de carb\u00f3n activado<\/b><\/h2>\n<p><span style=\"font-weight: 400;\">El carb\u00f3n vegetal lo retiene todo, no hace la comparaci\u00f3n entre lo que es \u00abperjudicial\u00bb y lo que es bueno. Por lo tanto, es esencial separar la toma del carb\u00f3n vegetal de otros tratamientos un m\u00e1ximo de dos horas, preferiblemente tres, para evitar cualquier anulaci\u00f3n de su tratamiento debido al carb\u00f3n vegetal.\u00a0<\/span><\/p>\n<p><span style=\"font-weight: 400;\">Ya que su funci\u00f3n es de m\u00e1xima absorci\u00f3n. El carb\u00f3n vegetal puede destruir la eficacia de sus medicamentos (incluyendo antibi\u00f3ticos, \u00e1cido lis\u00e9rgico, etc.).<\/span><span style=\"font-weight: 400;\">a p\u00edldora anticonceptiva, los tranquilizantes). <\/span><\/p>\n<p><span style=\"font-weight: 400;\">Si se toman al mismo tiempo. Por lo tanto, es mejor tomar la medicaci\u00f3n en otros momentos del d\u00eda, o dos horas despu\u00e9s o antes de ingerir el carb\u00f3n activado. Consumir mucho carb\u00f3n activado puede provocar estre\u00f1imiento.\u00a0<\/span><\/p>\n<h3><b>Contraindicaciones<\/b><\/h3>\n<ul>\n<li><span style=\"font-weight: 400;\"> El carb\u00f3n vegetal no est\u00e1 recomendado para mujeres en periodo de lactancia o que est\u00e9n <a href=\"https:\/\/www.deodorant-naturel.com\/produit\/deodorant-100-naturel-femme-enceinte\/\"><strong>altavoces<\/strong><\/a>.\u00a0<\/span><\/li>\n<li><span style=\"font-weight: 400;\"> Est\u00e1 totalmente desaconsejado en ni\u00f1os menores de 6 a\u00f1os y lactantes, a menos que lo recomiende el m\u00e9dico que los trata.\u00a0<\/span><\/li>\n<li><span style=\"font-weight: 400;\"> El carb\u00f3n vegetal no es un antibi\u00f3tico, sino un suplemento nutricional que debe utilizarse como parte de una dieta variada. No tome m\u00e1s de la dosis recomendada.\u00a0<\/span><\/li>\n<\/ul>\n<p><b>Mantener fuera del alcance de los ni\u00f1os peque\u00f1os. Mantener alejado del calor.<\/b><\/p>","protected":false},"excerpt":{"rendered":"<p>Ante todo, el carb\u00f3n vegetal activado de Kb cosmetics es el m\u00e1s eficaz de los desintoxicantes naturales ampliamente difundidos. Procede de la deflagraci\u00f3n de c\u00e1scaras de coco y es el m\u00e1s indiscutible. Es eficaz para una serie de problemas de salud, incluidos los intestinales y digestivos.  El carb\u00f3n vegetal activado es conocido [...]","protected":false},"featured_media":330,"template":"","meta":[],"product_brand":[],"product_cat":[34,40,41],"product_tag":[],"class_list":{"0":"post-312","1":"product","2":"type-product","3":"status-publish","4":"has-post-thumbnail","6":"product_cat-hygiene","7":"product_cat-kb-cosmetique","8":"product_cat-produits-naturels-divers","10":"first","11":"instock","12":"shipping-taxable","13":"purchasable","14":"product-type-simple"},"yoast_head":"<!-- This site is optimized with the Yoast SEO plugin v26.6 - https:\/\/yoast.com\/wordpress\/plugins\/seo\/ -->\n<title>Charbon v\u00e9g\u00e9tale actif 30g - Safinel<\/title>\n<meta name=\"robots\" content=\"index, follow, max-snippet:-1, max-image-preview:large, max-video-preview:-1\" \/>\n<link rel=\"canonical\" href=\"https:\/\/www.safinel.fr\/es\/product-2\/carbon-activado-30g\/\" \/>\n<meta property=\"og:locale\" content=\"es_ES\" \/>\n<meta property=\"og:type\" content=\"article\" \/>\n<meta property=\"og:title\" content=\"Charbon v\u00e9g\u00e9tale actif 30g - Safinel\" \/>\n<meta property=\"og:description\" content=\"Avant toute chose le charbon actif v\u00e9g\u00e9tal Kb cosm\u00e9tique est le plus efficace des d\u00e9sintoxiquant naturels r\u00e9pandus. Celui qui est issu de la d\u00e9flagration des coques de noix de coco est le plus\u00a0 indiscutable. Son efficacit\u00e9 pour parer divers soucis de sant\u00e9 comme des troubles\u00a0 intestinaux et digestifs.\u00a0 Le charbon v\u00e9g\u00e9tal activ\u00e9 est connu pour [...]\" \/>\n<meta property=\"og:url\" content=\"https:\/\/www.safinel.fr\/es\/product-2\/carbon-activado-30g\/\" \/>\n<meta property=\"og:site_name\" content=\"Safinel\" \/>\n<meta property=\"article:modified_time\" content=\"2023-12-30T13:52:14+00:00\" \/>\n<meta property=\"og:image\" content=\"https:\/\/www.safinel.fr\/wp-content\/uploads\/2021\/07\/charbon-vegetales-active-kb-cosmetique-1.jpg\" \/>\n\t<meta property=\"og:image:width\" content=\"458\" \/>\n\t<meta property=\"og:image:height\" content=\"458\" \/>\n\t<meta property=\"og:image:type\" content=\"image\/jpeg\" \/>\n<meta name=\"twitter:card\" content=\"summary_large_image\" \/>\n<meta name=\"twitter:label1\" content=\"Tiempo de lectura\" \/>\n\t<meta name=\"twitter:data1\" content=\"2 minutos\" \/>\n<script type=\"application\/ld+json\" class=\"yoast-schema-graph\">{\"@context\":\"https:\/\/schema.org\",\"@graph\":[{\"@type\":\"WebPage\",\"@id\":\"https:\/\/www.safinel.fr\/produit\/charbon-vegetale-actif-30g\/\",\"url\":\"https:\/\/www.safinel.fr\/produit\/charbon-vegetale-actif-30g\/\",\"name\":\"Charbon v\u00e9g\u00e9tale actif 30g - Safinel\",\"isPartOf\":{\"@id\":\"https:\/\/www.safinel.fr\/#website\"},\"primaryImageOfPage\":{\"@id\":\"https:\/\/www.safinel.fr\/produit\/charbon-vegetale-actif-30g\/#primaryimage\"},\"image\":{\"@id\":\"https:\/\/www.safinel.fr\/produit\/charbon-vegetale-actif-30g\/#primaryimage\"},\"thumbnailUrl\":\"https:\/\/www.safinel.fr\/wp-content\/uploads\/2021\/07\/charbon-vegetales-active-kb-cosmetique-1.jpg\",\"datePublished\":\"2021-07-24T18:59:49+00:00\",\"dateModified\":\"2023-12-30T13:52:14+00:00\",\"breadcrumb\":{\"@id\":\"https:\/\/www.safinel.fr\/produit\/charbon-vegetale-actif-30g\/#breadcrumb\"},\"inLanguage\":\"es\",\"potentialAction\":[{\"@type\":\"ReadAction\",\"target\":[\"https:\/\/www.safinel.fr\/produit\/charbon-vegetale-actif-30g\/\"]}]},{\"@type\":\"ImageObject\",\"inLanguage\":\"es\",\"@id\":\"https:\/\/www.safinel.fr\/produit\/charbon-vegetale-actif-30g\/#primaryimage\",\"url\":\"https:\/\/www.safinel.fr\/wp-content\/uploads\/2021\/07\/charbon-vegetales-active-kb-cosmetique-1.jpg\",\"contentUrl\":\"https:\/\/www.safinel.fr\/wp-content\/uploads\/2021\/07\/charbon-vegetales-active-kb-cosmetique-1.jpg\",\"width\":458,\"height\":458},{\"@type\":\"BreadcrumbList\",\"@id\":\"https:\/\/www.safinel.fr\/produit\/charbon-vegetale-actif-30g\/#breadcrumb\",\"itemListElement\":[{\"@type\":\"ListItem\",\"position\":1,\"name\":\"Accueil\",\"item\":\"https:\/\/www.safinel.fr\/\"},{\"@type\":\"ListItem\",\"position\":2,\"name\":\"Boutique\",\"item\":\"https:\/\/www.safinel.fr\/boutique\/\"},{\"@type\":\"ListItem\",\"position\":3,\"name\":\"Charbon v\u00e9g\u00e9tale actif 30g\"}]},{\"@type\":\"WebSite\",\"@id\":\"https:\/\/www.safinel.fr\/#website\",\"url\":\"https:\/\/www.safinel.fr\/\",\"name\":\"Safinel\",\"description\":\"\",\"publisher\":{\"@id\":\"https:\/\/www.safinel.fr\/#organization\"},\"potentialAction\":[{\"@type\":\"SearchAction\",\"target\":{\"@type\":\"EntryPoint\",\"urlTemplate\":\"https:\/\/www.safinel.fr\/?s={search_term_string}\"},\"query-input\":{\"@type\":\"PropertyValueSpecification\",\"valueRequired\":true,\"valueName\":\"search_term_string\"}}],\"inLanguage\":\"es\"},{\"@type\":\"Organization\",\"@id\":\"https:\/\/www.safinel.fr\/#organization\",\"name\":\"Safinel\",\"url\":\"https:\/\/www.safinel.fr\/\",\"logo\":{\"@type\":\"ImageObject\",\"inLanguage\":\"es\",\"@id\":\"https:\/\/www.safinel.fr\/#\/schema\/logo\/image\/\",\"url\":\"https:\/\/www.safinel.fr\/wp-content\/uploads\/2021\/05\/boutique-cosmetique.png\",\"contentUrl\":\"https:\/\/www.safinel.fr\/wp-content\/uploads\/2021\/05\/boutique-cosmetique.png\",\"width\":800,\"height\":200,\"caption\":\"Safinel\"},\"image\":{\"@id\":\"https:\/\/www.safinel.fr\/#\/schema\/logo\/image\/\"}}]}<\/script>\n<!-- \/ Yoast SEO plugin. -->","yoast_head_json":{"title":"Carb\u00f3n vegetal activado 30g - Safinel","robots":{"index":"index","follow":"follow","max-snippet":"max-snippet:-1","max-image-preview":"max-image-preview:large","max-video-preview":"max-video-preview:-1"},"canonical":"https:\/\/www.safinel.fr\/es\/product-2\/carbon-activado-30g\/","og_locale":"es_ES","og_type":"article","og_title":"Charbon v\u00e9g\u00e9tale actif 30g - Safinel","og_description":"Avant toute chose le charbon actif v\u00e9g\u00e9tal Kb cosm\u00e9tique est le plus efficace des d\u00e9sintoxiquant naturels r\u00e9pandus. Celui qui est issu de la d\u00e9flagration des coques de noix de coco est le plus\u00a0 indiscutable. Son efficacit\u00e9 pour parer divers soucis de sant\u00e9 comme des troubles\u00a0 intestinaux et digestifs.\u00a0 Le charbon v\u00e9g\u00e9tal activ\u00e9 est connu pour [...]","og_url":"https:\/\/www.safinel.fr\/es\/product-2\/carbon-activado-30g\/","og_site_name":"Safinel","article_modified_time":"2023-12-30T13:52:14+00:00","og_image":[{"width":458,"height":458,"url":"https:\/\/www.safinel.fr\/wp-content\/uploads\/2021\/07\/charbon-vegetales-active-kb-cosmetique-1.jpg","type":"image\/jpeg"}],"twitter_card":"summary_large_image","twitter_misc":{"Tiempo de lectura":"2 minutos"},"schema":{"@context":"https:\/\/schema.org","@graph":[{"@type":"WebPage","@id":"https:\/\/www.safinel.fr\/produit\/charbon-vegetale-actif-30g\/","url":"https:\/\/www.safinel.fr\/produit\/charbon-vegetale-actif-30g\/","name":"Carb\u00f3n vegetal activado 30g - Safinel","isPartOf":{"@id":"https:\/\/www.safinel.fr\/#website"},"primaryImageOfPage":{"@id":"https:\/\/www.safinel.fr\/produit\/charbon-vegetale-actif-30g\/#primaryimage"},"image":{"@id":"https:\/\/www.safinel.fr\/produit\/charbon-vegetale-actif-30g\/#primaryimage"},"thumbnailUrl":"https:\/\/www.safinel.fr\/wp-content\/uploads\/2021\/07\/charbon-vegetales-active-kb-cosmetique-1.jpg","datePublished":"2021-07-24T18:59:49+00:00","dateModified":"2023-12-30T13:52:14+00:00","breadcrumb":{"@id":"https:\/\/www.safinel.fr\/produit\/charbon-vegetale-actif-30g\/#breadcrumb"},"inLanguage":"es","potentialAction":[{"@type":"ReadAction","target":["https:\/\/www.safinel.fr\/produit\/charbon-vegetale-actif-30g\/"]}]},{"@type":"ImageObject","inLanguage":"es","@id":"https:\/\/www.safinel.fr\/produit\/charbon-vegetale-actif-30g\/#primaryimage","url":"https:\/\/www.safinel.fr\/wp-content\/uploads\/2021\/07\/charbon-vegetales-active-kb-cosmetique-1.jpg","contentUrl":"https:\/\/www.safinel.fr\/wp-content\/uploads\/2021\/07\/charbon-vegetales-active-kb-cosmetique-1.jpg","width":458,"height":458},{"@type":"BreadcrumbList","@id":"https:\/\/www.safinel.fr\/produit\/charbon-vegetale-actif-30g\/#breadcrumb","itemListElement":[{"@type":"ListItem","position":1,"name":"Accueil","item":"https:\/\/www.safinel.fr\/"},{"@type":"ListItem","position":2,"name":"Boutique","item":"https:\/\/www.safinel.fr\/boutique\/"},{"@type":"ListItem","position":3,"name":"Charbon v\u00e9g\u00e9tale actif 30g"}]},{"@type":"WebSite","@id":"https:\/\/www.safinel.fr\/#website","url":"https:\/\/www.safinel.fr\/","name":"Safinel","description":"","publisher":{"@id":"https:\/\/www.safinel.fr\/#organization"},"potentialAction":[{"@type":"SearchAction","target":{"@type":"EntryPoint","urlTemplate":"https:\/\/www.safinel.fr\/?s={search_term_string}"},"query-input":{"@type":"PropertyValueSpecification","valueRequired":true,"valueName":"search_term_string"}}],"inLanguage":"es"},{"@type":"Organization","@id":"https:\/\/www.safinel.fr\/#organization","name":"Safinel","url":"https:\/\/www.safinel.fr\/","logo":{"@type":"ImageObject","inLanguage":"es","@id":"https:\/\/www.safinel.fr\/#\/schema\/logo\/image\/","url":"https:\/\/www.safinel.fr\/wp-content\/uploads\/2021\/05\/boutique-cosmetique.png","contentUrl":"https:\/\/www.safinel.fr\/wp-content\/uploads\/2021\/05\/boutique-cosmetique.png","width":800,"height":200,"caption":"Safinel"},"image":{"@id":"https:\/\/www.safinel.fr\/#\/schema\/logo\/image\/"}}]}},"_links":{"self":[{"href":"https:\/\/www.safinel.fr\/es\/wp-json\/wp\/v2\/product\/312","targetHints":{"allow":["GET"]}}],"collection":[{"href":"https:\/\/www.safinel.fr\/es\/wp-json\/wp\/v2\/product"}],"about":[{"href":"https:\/\/www.safinel.fr\/es\/wp-json\/wp\/v2\/types\/product"}],"wp:featuredmedia":[{"embeddable":true,"href":"https:\/\/www.safinel.fr\/es\/wp-json\/wp\/v2\/media\/330"}],"wp:attachment":[{"href":"https:\/\/www.safinel.fr\/es\/wp-json\/wp\/v2\/media?parent=312"}],"wp:term":[{"taxonomy":"product_brand","embeddable":true,"href":"https:\/\/www.safinel.fr\/es\/wp-json\/wp\/v2\/product_brand?post=312"},{"taxonomy":"product_cat","embeddable":true,"href":"https:\/\/www.safinel.fr\/es\/wp-json\/wp\/v2\/product_cat?post=312"},{"taxonomy":"product_tag","embeddable":true,"href":"https:\/\/www.safinel.fr\/es\/wp-json\/wp\/v2\/product_tag?post=312"}],"curies":[{"name":"wp","href":"https:\/\/api.w.org\/{rel}","templated":true}]}}