{"id":291,"date":"2021-07-24T18:59:25","date_gmt":"2021-07-24T18:59:25","guid":{"rendered":"https:\/\/www.safinel.fr\/?post_type=product&#038;p=291"},"modified":"2023-12-30T13:53:27","modified_gmt":"2023-12-30T13:53:27","slug":"daloe-vera-gel-100g-comino-negro-fuente","status":"publish","type":"product","link":"https:\/\/www.safinel.fr\/es\/product-2\/daloe-vera-gel-100g-comino-negro-fuente\/","title":{"rendered":"Gel de Aloe Vera 100g - Nigelle Source"},"content":{"rendered":"<p>En primer lugar, hay que decir que <span class=\"original-content\">aloe <\/span>El gel de aloe vera es un excelente producto cosm\u00e9tico. El gel de aloe vera es especialmente rico en sales minerales. Este gel contiene innumerables beneficios. Sus principales virtudes son calmantes, cicatrizantes, hidratantes, regeneradoras y purificantes.<\/p>\n<p>Sin embargo, est\u00e1 elaborado a partir de 72 % de ingredientes ecol\u00f3gicos, producido sin parabenos y vegano. As\u00ed que el gel de aloe vera satisface las necesidades de todo tipo de piel.<\/p>\n<p>Puede utilizarse solo o como complemento de un producto para el cuidado de la piel a base de aceite vegetal.<\/p>\n<h3><strong>El origen del aloe vera :<\/strong><\/h3>\n<p>Se cree que el aloe vera es originario de \u00c1frica y de varias islas del oc\u00e9ano \u00cdndico. El gel de esta planta ya se utilizaba para curar el estre\u00f1imiento y los problemas cut\u00e1neos.<\/p>\n<p>En 1820, se inform\u00f3 de que <span class=\"original-content\">Aloe <\/span>v\u00e9ra en la farmacopea oficial de los Estados Unidos de Am\u00e9rica. En 1935, varios m\u00e9dicos estadounidenses la utilizaron para tratar las quemaduras repetidas causadas por la exposici\u00f3n a los rayos X.<\/p>\n<h3><strong>Las numerosas virtudes de <span class=\"original-content\">aloe <\/span>v\u00e9ra :<\/strong><\/h3>\n<p>Cuidado de la piel :<\/p>\n<p>Por otra parte, combina perfectamente con su crema de d\u00eda. Muy eficaz contra problemas cut\u00e1neos como acn\u00e9, psoriasis, eczema, for\u00fanculos herp\u00e9ticos, quemaduras y picores.<\/p>\n<p>Adem\u00e1s, es una pel\u00edcula protectora indiscutible contra el sol y el viento, ideal para su uso en heridas, quemaduras solares, congelaciones, quemaduras y grietas.<\/p>\n<p>Aplicar una fina capa directamente sobre la piel.<\/p>\n<p>Para el pelo:<\/p>\n<p>Excelente cuidado para tu cabello porque el gel <span class=\"original-content\">Aloe <\/span>V\u00e9ra Bio ayuda a nutrir y proteger el cabello. Calma los da\u00f1os del cuero cabelludo y reduce la caspa.<\/p>\n<p>Tome una peque\u00f1a cantidad de gel y masajee suavemente el cr\u00e1neo con las yemas de los dedos.<\/p>\n<p>Por \u00faltimo, tambi\u00e9n puede utilizarse como analg\u00e9sico suave para dolores musculares, articulares y neur\u00e1lgicos.<\/p>\n<h3><strong>INGREDIENTE INCI :<\/strong><\/h3>\n<p>Aqua (Agua) \/ Glicerina (Glicerina) \/Extracto org\u00e1nico de hoja de Alo\u00e9 Barbadensis <span class=\"original-content\">Aloe <\/span>V\u00e9ra Bio) \/ Carb\u00f3mero \/ Polisorbato-20 \/ Fenoxi Glicerina \/ Hidr\u00f3xido de Sodio (Hidr\u00f3xido de Sodio) \/ Etilhexiglicerina (Etilhexiglicerina) \/ Alcohol Benc\u00edlico (Alcohol Benc\u00edlico).<\/p>","protected":false},"excerpt":{"rendered":"<p>Tout d&rsquo;abord, il faut dire que l&rsquo;aloe v\u00e9ra est un excellent produit cosm\u00e9tique. Le gel aloe v\u00e9ra est particuli\u00e8rement riche en sels min\u00e9raux. Ce gel contient d&rsquo;incalculables bienfaits. Ces principales vertus sont apaisantes, cicatrisantes, hydratantes, r\u00e9g\u00e9n\u00e9rant et purifiantes. N\u00e9anmoins, il est constitu\u00e9 de 72 % d&rsquo;ingr\u00e9dients biologiques, produit sans paraben et v\u00e9gan. Ainsi le gel [&#8230;]","protected":false},"featured_media":324,"template":"","meta":[],"product_brand":[],"product_cat":[34],"product_tag":[],"class_list":{"0":"post-291","1":"product","2":"type-product","3":"status-publish","4":"has-post-thumbnail","6":"product_cat-hygiene","8":"first","9":"outofstock","10":"shipping-taxable","11":"purchasable","12":"product-type-simple"},"yoast_head":"<!-- This site is optimized with the Yoast SEO plugin v26.6 - https:\/\/yoast.com\/wordpress\/plugins\/seo\/ -->\n<title>Gel d&#039;alo\u00e9 vera 100g - Nigelle Source - Safinel<\/title>\n<meta name=\"robots\" content=\"index, follow, max-snippet:-1, max-image-preview:large, max-video-preview:-1\" \/>\n<link rel=\"canonical\" href=\"https:\/\/www.safinel.fr\/es\/product-2\/daloe-vera-gel-100g-comino-negro-fuente\/\" \/>\n<meta property=\"og:locale\" content=\"es_ES\" \/>\n<meta property=\"og:type\" content=\"article\" \/>\n<meta property=\"og:title\" content=\"Gel d&#039;alo\u00e9 vera 100g - Nigelle Source - Safinel\" \/>\n<meta property=\"og:description\" content=\"Tout d&rsquo;abord, il faut dire que l&rsquo;aloe v\u00e9ra est un excellent produit cosm\u00e9tique. Le gel aloe v\u00e9ra est particuli\u00e8rement riche en sels min\u00e9raux. Ce gel contient d&rsquo;incalculables bienfaits. Ces principales vertus sont apaisantes, cicatrisantes, hydratantes, r\u00e9g\u00e9n\u00e9rant et purifiantes. N\u00e9anmoins, il est constitu\u00e9 de 72 % d&rsquo;ingr\u00e9dients biologiques, produit sans paraben et v\u00e9gan. Ainsi le gel [...]\" \/>\n<meta property=\"og:url\" content=\"https:\/\/www.safinel.fr\/es\/product-2\/daloe-vera-gel-100g-comino-negro-fuente\/\" \/>\n<meta property=\"og:site_name\" content=\"Safinel\" \/>\n<meta property=\"article:modified_time\" content=\"2023-12-30T13:53:27+00:00\" \/>\n<meta property=\"og:image\" content=\"https:\/\/www.safinel.fr\/wp-content\/uploads\/2021\/07\/gel-aloe-vera-5.jpg\" \/>\n\t<meta property=\"og:image:width\" content=\"954\" \/>\n\t<meta property=\"og:image:height\" content=\"800\" \/>\n\t<meta property=\"og:image:type\" content=\"image\/jpeg\" \/>\n<meta name=\"twitter:card\" content=\"summary_large_image\" \/>\n<meta name=\"twitter:label1\" content=\"Tiempo de lectura\" \/>\n\t<meta name=\"twitter:data1\" content=\"2 minutos\" \/>\n<script type=\"application\/ld+json\" class=\"yoast-schema-graph\">{\"@context\":\"https:\/\/schema.org\",\"@graph\":[{\"@type\":\"WebPage\",\"@id\":\"https:\/\/www.safinel.fr\/produit\/gel-daloe-vera-100g-nigelle-source\/\",\"url\":\"https:\/\/www.safinel.fr\/produit\/gel-daloe-vera-100g-nigelle-source\/\",\"name\":\"Gel d'alo\u00e9 vera 100g - Nigelle Source - Safinel\",\"isPartOf\":{\"@id\":\"https:\/\/www.safinel.fr\/#website\"},\"primaryImageOfPage\":{\"@id\":\"https:\/\/www.safinel.fr\/produit\/gel-daloe-vera-100g-nigelle-source\/#primaryimage\"},\"image\":{\"@id\":\"https:\/\/www.safinel.fr\/produit\/gel-daloe-vera-100g-nigelle-source\/#primaryimage\"},\"thumbnailUrl\":\"https:\/\/www.safinel.fr\/wp-content\/uploads\/2021\/07\/gel-aloe-vera-5.jpg\",\"datePublished\":\"2021-07-24T18:59:25+00:00\",\"dateModified\":\"2023-12-30T13:53:27+00:00\",\"breadcrumb\":{\"@id\":\"https:\/\/www.safinel.fr\/produit\/gel-daloe-vera-100g-nigelle-source\/#breadcrumb\"},\"inLanguage\":\"es\",\"potentialAction\":[{\"@type\":\"ReadAction\",\"target\":[\"https:\/\/www.safinel.fr\/produit\/gel-daloe-vera-100g-nigelle-source\/\"]}]},{\"@type\":\"ImageObject\",\"inLanguage\":\"es\",\"@id\":\"https:\/\/www.safinel.fr\/produit\/gel-daloe-vera-100g-nigelle-source\/#primaryimage\",\"url\":\"https:\/\/www.safinel.fr\/wp-content\/uploads\/2021\/07\/gel-aloe-vera-5.jpg\",\"contentUrl\":\"https:\/\/www.safinel.fr\/wp-content\/uploads\/2021\/07\/gel-aloe-vera-5.jpg\",\"width\":954,\"height\":800},{\"@type\":\"BreadcrumbList\",\"@id\":\"https:\/\/www.safinel.fr\/produit\/gel-daloe-vera-100g-nigelle-source\/#breadcrumb\",\"itemListElement\":[{\"@type\":\"ListItem\",\"position\":1,\"name\":\"Accueil\",\"item\":\"https:\/\/www.safinel.fr\/\"},{\"@type\":\"ListItem\",\"position\":2,\"name\":\"Boutique\",\"item\":\"https:\/\/www.safinel.fr\/boutique\/\"},{\"@type\":\"ListItem\",\"position\":3,\"name\":\"Gel d&#8217;alo\u00e9 vera 100g &#8211; Nigelle Source\"}]},{\"@type\":\"WebSite\",\"@id\":\"https:\/\/www.safinel.fr\/#website\",\"url\":\"https:\/\/www.safinel.fr\/\",\"name\":\"Safinel\",\"description\":\"\",\"publisher\":{\"@id\":\"https:\/\/www.safinel.fr\/#organization\"},\"potentialAction\":[{\"@type\":\"SearchAction\",\"target\":{\"@type\":\"EntryPoint\",\"urlTemplate\":\"https:\/\/www.safinel.fr\/?s={search_term_string}\"},\"query-input\":{\"@type\":\"PropertyValueSpecification\",\"valueRequired\":true,\"valueName\":\"search_term_string\"}}],\"inLanguage\":\"es\"},{\"@type\":\"Organization\",\"@id\":\"https:\/\/www.safinel.fr\/#organization\",\"name\":\"Safinel\",\"url\":\"https:\/\/www.safinel.fr\/\",\"logo\":{\"@type\":\"ImageObject\",\"inLanguage\":\"es\",\"@id\":\"https:\/\/www.safinel.fr\/#\/schema\/logo\/image\/\",\"url\":\"https:\/\/www.safinel.fr\/wp-content\/uploads\/2021\/05\/boutique-cosmetique.png\",\"contentUrl\":\"https:\/\/www.safinel.fr\/wp-content\/uploads\/2021\/05\/boutique-cosmetique.png\",\"width\":800,\"height\":200,\"caption\":\"Safinel\"},\"image\":{\"@id\":\"https:\/\/www.safinel.fr\/#\/schema\/logo\/image\/\"}}]}<\/script>\n<!-- \/ Yoast SEO plugin. -->","yoast_head_json":{"title":"Gel de Aloe Vera 100g - Nigelle Source - Safinel","robots":{"index":"index","follow":"follow","max-snippet":"max-snippet:-1","max-image-preview":"max-image-preview:large","max-video-preview":"max-video-preview:-1"},"canonical":"https:\/\/www.safinel.fr\/es\/product-2\/daloe-vera-gel-100g-comino-negro-fuente\/","og_locale":"es_ES","og_type":"article","og_title":"Gel d'alo\u00e9 vera 100g - Nigelle Source - Safinel","og_description":"Tout d&rsquo;abord, il faut dire que l&rsquo;aloe v\u00e9ra est un excellent produit cosm\u00e9tique. Le gel aloe v\u00e9ra est particuli\u00e8rement riche en sels min\u00e9raux. Ce gel contient d&rsquo;incalculables bienfaits. Ces principales vertus sont apaisantes, cicatrisantes, hydratantes, r\u00e9g\u00e9n\u00e9rant et purifiantes. N\u00e9anmoins, il est constitu\u00e9 de 72 % d&rsquo;ingr\u00e9dients biologiques, produit sans paraben et v\u00e9gan. Ainsi le gel [...]","og_url":"https:\/\/www.safinel.fr\/es\/product-2\/daloe-vera-gel-100g-comino-negro-fuente\/","og_site_name":"Safinel","article_modified_time":"2023-12-30T13:53:27+00:00","og_image":[{"width":954,"height":800,"url":"https:\/\/www.safinel.fr\/wp-content\/uploads\/2021\/07\/gel-aloe-vera-5.jpg","type":"image\/jpeg"}],"twitter_card":"summary_large_image","twitter_misc":{"Tiempo de lectura":"2 minutos"},"schema":{"@context":"https:\/\/schema.org","@graph":[{"@type":"WebPage","@id":"https:\/\/www.safinel.fr\/produit\/gel-daloe-vera-100g-nigelle-source\/","url":"https:\/\/www.safinel.fr\/produit\/gel-daloe-vera-100g-nigelle-source\/","name":"Gel de Aloe Vera 100g - Nigelle Source - Safinel","isPartOf":{"@id":"https:\/\/www.safinel.fr\/#website"},"primaryImageOfPage":{"@id":"https:\/\/www.safinel.fr\/produit\/gel-daloe-vera-100g-nigelle-source\/#primaryimage"},"image":{"@id":"https:\/\/www.safinel.fr\/produit\/gel-daloe-vera-100g-nigelle-source\/#primaryimage"},"thumbnailUrl":"https:\/\/www.safinel.fr\/wp-content\/uploads\/2021\/07\/gel-aloe-vera-5.jpg","datePublished":"2021-07-24T18:59:25+00:00","dateModified":"2023-12-30T13:53:27+00:00","breadcrumb":{"@id":"https:\/\/www.safinel.fr\/produit\/gel-daloe-vera-100g-nigelle-source\/#breadcrumb"},"inLanguage":"es","potentialAction":[{"@type":"ReadAction","target":["https:\/\/www.safinel.fr\/produit\/gel-daloe-vera-100g-nigelle-source\/"]}]},{"@type":"ImageObject","inLanguage":"es","@id":"https:\/\/www.safinel.fr\/produit\/gel-daloe-vera-100g-nigelle-source\/#primaryimage","url":"https:\/\/www.safinel.fr\/wp-content\/uploads\/2021\/07\/gel-aloe-vera-5.jpg","contentUrl":"https:\/\/www.safinel.fr\/wp-content\/uploads\/2021\/07\/gel-aloe-vera-5.jpg","width":954,"height":800},{"@type":"BreadcrumbList","@id":"https:\/\/www.safinel.fr\/produit\/gel-daloe-vera-100g-nigelle-source\/#breadcrumb","itemListElement":[{"@type":"ListItem","position":1,"name":"Accueil","item":"https:\/\/www.safinel.fr\/"},{"@type":"ListItem","position":2,"name":"Boutique","item":"https:\/\/www.safinel.fr\/boutique\/"},{"@type":"ListItem","position":3,"name":"Gel d&#8217;alo\u00e9 vera 100g &#8211; Nigelle Source"}]},{"@type":"WebSite","@id":"https:\/\/www.safinel.fr\/#website","url":"https:\/\/www.safinel.fr\/","name":"Safinel","description":"","publisher":{"@id":"https:\/\/www.safinel.fr\/#organization"},"potentialAction":[{"@type":"SearchAction","target":{"@type":"EntryPoint","urlTemplate":"https:\/\/www.safinel.fr\/?s={search_term_string}"},"query-input":{"@type":"PropertyValueSpecification","valueRequired":true,"valueName":"search_term_string"}}],"inLanguage":"es"},{"@type":"Organization","@id":"https:\/\/www.safinel.fr\/#organization","name":"Safinel","url":"https:\/\/www.safinel.fr\/","logo":{"@type":"ImageObject","inLanguage":"es","@id":"https:\/\/www.safinel.fr\/#\/schema\/logo\/image\/","url":"https:\/\/www.safinel.fr\/wp-content\/uploads\/2021\/05\/boutique-cosmetique.png","contentUrl":"https:\/\/www.safinel.fr\/wp-content\/uploads\/2021\/05\/boutique-cosmetique.png","width":800,"height":200,"caption":"Safinel"},"image":{"@id":"https:\/\/www.safinel.fr\/#\/schema\/logo\/image\/"}}]}},"_links":{"self":[{"href":"https:\/\/www.safinel.fr\/es\/wp-json\/wp\/v2\/product\/291","targetHints":{"allow":["GET"]}}],"collection":[{"href":"https:\/\/www.safinel.fr\/es\/wp-json\/wp\/v2\/product"}],"about":[{"href":"https:\/\/www.safinel.fr\/es\/wp-json\/wp\/v2\/types\/product"}],"wp:featuredmedia":[{"embeddable":true,"href":"https:\/\/www.safinel.fr\/es\/wp-json\/wp\/v2\/media\/324"}],"wp:attachment":[{"href":"https:\/\/www.safinel.fr\/es\/wp-json\/wp\/v2\/media?parent=291"}],"wp:term":[{"taxonomy":"product_brand","embeddable":true,"href":"https:\/\/www.safinel.fr\/es\/wp-json\/wp\/v2\/product_brand?post=291"},{"taxonomy":"product_cat","embeddable":true,"href":"https:\/\/www.safinel.fr\/es\/wp-json\/wp\/v2\/product_cat?post=291"},{"taxonomy":"product_tag","embeddable":true,"href":"https:\/\/www.safinel.fr\/es\/wp-json\/wp\/v2\/product_tag?post=291"}],"curies":[{"name":"wp","href":"https:\/\/api.w.org\/{rel}","templated":true}]}}