{"id":2890,"date":"2022-09-25T15:46:04","date_gmt":"2022-09-25T15:46:04","guid":{"rendered":"https:\/\/www.safinel.fr\/?post_type=product&#038;p=2890"},"modified":"2026-02-08T18:25:14","modified_gmt":"2026-02-08T18:25:14","slug":"harina-de-digname","status":"publish","type":"product","link":"https:\/\/www.safinel.fr\/es\/product-2\/harina-de-digname\/","title":{"rendered":"Harina de \u00f1ame 1kg"},"content":{"rendered":"<p>Probablemente ya haya o\u00eddo hablar de\u00a0<strong>maldito<\/strong>... A veces tambi\u00e9n llamado\u00a0<strong>foufou<\/strong>, Este plato, originario de \u00c1frica, es famoso no s\u00f3lo por su sabor, sino tambi\u00e9n por su valor nutritivo. Por eso su<strong>\u00a0Safinel boutique de bienestar<\/strong>\u00a0le gustar\u00eda que descubriera la\u00a0<strong>harina de \u00f1ame.<\/strong><\/p>\n<h2><strong>Zoom a la harina de boniato\u00a0<\/strong><\/h2>\n<p>El \u00f1ame, a veces confundido con la mandioca, es una planta de la familia de las Dioscore\u00e1ceas. Se cultiva en regiones tropicales. Se conoce como\u00a0<strong>planta<\/strong>\u00a0Trepadora, tiene tub\u00e9rculos ricos en almid\u00f3n.<\/p>\n<p><strong>Ignam<\/strong>\u00a0es una planta apreciada en todo el mundo. Ampliamente cultivada en climas tropicales, es apreciada por su sabor, pero tambi\u00e9n por su valor nutritivo.<\/p>\n<p>S\u00ed, si t\u00fa tambi\u00e9n eres de los que aman\u00a0<strong>condimentos<\/strong>\u00a0rica en beneficios,\u00a0<strong>\u00f1ames<\/strong>\u00a0podr\u00eda conquistarle.<\/p>\n<h2><strong>\u00bfPor qu\u00e9 harina de \u00f1ame?\u00a0<\/strong><\/h2>\n<p>En primer lugar, \u00bfconoce realmente los boniatos? La mayor\u00eda de la gente en Francia no sabe mucho sobre los boniatos, pero son uno de los cultivos m\u00e1s populares del mundo.\u00a0<strong>verduras<\/strong>\u00a0sabroso y agradable al paladar. Algunos todav\u00eda lo comparan con la mandioca o el boniato, pero el \u00f1ame tiene un sabor propio. Fundente en la boca y muy agradable al paladar, el \u00f1ame es un encanto.<\/p>\n<p>Esta es una de las razones por las que su<strong>\u00a0boutique del bienestar<\/strong>\u00a0quisiera destacar la harina de \u00f1ame. Aunque la harina de \u00f1ame puede consumirse como la harina tradicional, tiene muchas virtudes.<\/p>\n<p>Es cierto que esta harina suele asociarse a quienes quieren controlar su peso. S\u00ed, esta harina es muy rica en nutrientes pero sigue siendo muy baja en calor\u00edas, por lo que es muy posible que te sorprenda.<\/p>\n<h2><strong>\u00bfC\u00f3mo se utiliza la harina de \u00f1ame?\u00a0<\/strong><\/h2>\n<p>Por fin quieres aprovechar la harina de \u00f1ame y sus m\u00faltiples cualidades, \u00a1y es comprensible! Ya sea por su peso o por su agradable sabor, la harina de \u00f1ame es una de las favoritas.<\/p>\n<p>Esa es una de las razones por las que su boutique del bienestar quiere que descubra este magn\u00edfico producto de la naturaleza.<\/p>\n<p>Para sus tartas y otras preparaciones, este\u00a0<strong>harina de tub\u00e9rculos\u00a0<\/strong>puede acompa\u00f1arle. Esta f\u00e9cula de \u00f1ame puede utilizarse del mismo modo que la f\u00e9cula m\u00e1s tradicional, lo que la convierte en una aut\u00e9ntica baza para su cocina.<\/p>\n<p>No lo dude m\u00e1s y d\u00e9jese seducir por este delicioso producto natural.<\/p>\n<h3><strong>La diferencia entre el \u00f1ame y la mandioca\u00a0<\/strong><\/h3>\n<p>Como el<strong>\u00a0<a href=\"https:\/\/www.safinel.fr\/es\/product-2\/djeka-se-va\/\">Djeka se va<\/a><\/strong>\u00a0con\u00a0<strong><a href=\"https:\/\/www.safinel.fr\/es\/product-2\/hojas-de-frambuesa\/\">hojas de frambuesa<\/a>,<\/strong>\u00a0\u00f1ames y\u00a0<a href=\"https:\/\/www.safinel.fr\/es\/mandioca\/\"><strong>mandioca<\/strong><\/a>\u00a0\u00a1pueden confundirse! Sin embargo, para los analistas entusiastas, la diferencia es sencilla. Aunque su forma pueda parecer bastante similar a primera vista, si se mira m\u00e1s de cerca se ver\u00e1 que el \u00f1ame tiene una piel m\u00e1s suave. S\u00ed, la mandioca tiene una piel con peque\u00f1os pelos.<\/p>\n<p>Adem\u00e1s, al corte, tiene un color m\u00e1s claro que su competidor. Por \u00faltimo, hablemos del sabor. Si preparas los dos boniatos de la misma manera, probablemente te sorprender\u00e1 la diferencia de sabor. La yuca tiene un sabor m\u00e1s neutro, mientras que el \u00f1ame es m\u00e1s dulce.<\/p>\n<p>Ya lo tienes, si ambas cosas pueden aportar valor a tu cuerpo, no vayas m\u00e1s lejos y aprovecha la harina de boniato que te ofrecen en la tienda.<\/p>","protected":false},"excerpt":{"rendered":"<p>Vous avez probablement d\u00e9j\u00e0 entendu parler du\u00a0foutu\u2026 Parfois aussi appel\u00e9\u00a0foufou, ce plat originaire d\u2019Afrique est connu pour son go\u00fbt mais aussi pour son apport nutritif. C\u2019est pour cela, que votre\u00a0boutique de bien-\u00eatre Safinel\u00a0souhaite vous faire d\u00e9couvrir la\u00a0farine d\u2019igname. Zoom sur la farine d\u2019igname !\u00a0 L\u2019igname parfois confondu avec le manioc est une plante faisant partie [&#8230;]","protected":false},"featured_media":2891,"template":"","meta":[],"product_brand":[],"product_cat":[28,150],"product_tag":[],"class_list":{"0":"post-2890","1":"product","2":"type-product","3":"status-publish","4":"has-post-thumbnail","6":"product_cat-divers","7":"product_cat-legume-africain","9":"first","10":"outofstock","11":"shipping-taxable","12":"purchasable","13":"product-type-simple"},"yoast_head":"<!-- This site is optimized with the Yoast SEO plugin v26.6 - https:\/\/yoast.com\/wordpress\/plugins\/seo\/ -->\n<title>Farine d\u2019igname | Achat en ligne | Conseils d&#039;utilisation<\/title>\n<meta name=\"description\" content=\"Votre\u00a0boutique de bien-\u00eatre Safinel\u00a0souhaite vous faire d\u00e9couvrir la\u00a0farine d\u2019igname. Adoptez-l\u00e0 sans plus attendre en quelques clics !\" \/>\n<meta name=\"robots\" content=\"index, follow, max-snippet:-1, max-image-preview:large, max-video-preview:-1\" \/>\n<link rel=\"canonical\" href=\"https:\/\/www.safinel.fr\/es\/product-2\/harina-de-digname\/\" \/>\n<meta property=\"og:locale\" content=\"es_ES\" \/>\n<meta property=\"og:type\" content=\"article\" \/>\n<meta property=\"og:title\" content=\"Farine d\u2019igname | Achat en ligne | Conseils d&#039;utilisation\" \/>\n<meta property=\"og:description\" content=\"Votre\u00a0boutique de bien-\u00eatre Safinel\u00a0souhaite vous faire d\u00e9couvrir la\u00a0farine d\u2019igname. Adoptez-l\u00e0 sans plus attendre en quelques clics !\" \/>\n<meta property=\"og:url\" content=\"https:\/\/www.safinel.fr\/es\/product-2\/harina-de-digname\/\" \/>\n<meta property=\"og:site_name\" content=\"Safinel\" \/>\n<meta property=\"article:modified_time\" content=\"2026-02-08T18:25:14+00:00\" \/>\n<meta property=\"og:image\" content=\"https:\/\/www.safinel.fr\/wp-content\/uploads\/2022\/09\/farine-d-igname.jpg\" \/>\n\t<meta property=\"og:image:width\" content=\"600\" \/>\n\t<meta property=\"og:image:height\" content=\"600\" \/>\n\t<meta property=\"og:image:type\" content=\"image\/jpeg\" \/>\n<meta name=\"twitter:card\" content=\"summary_large_image\" \/>\n<meta name=\"twitter:label1\" content=\"Tiempo de lectura\" \/>\n\t<meta name=\"twitter:data1\" content=\"3 minutos\" \/>\n<script type=\"application\/ld+json\" class=\"yoast-schema-graph\">{\"@context\":\"https:\/\/schema.org\",\"@graph\":[{\"@type\":\"WebPage\",\"@id\":\"https:\/\/www.safinel.fr\/produit\/farine-digname\/\",\"url\":\"https:\/\/www.safinel.fr\/produit\/farine-digname\/\",\"name\":\"Farine d\u2019igname | Achat en ligne | Conseils d'utilisation\",\"isPartOf\":{\"@id\":\"https:\/\/www.safinel.fr\/#website\"},\"primaryImageOfPage\":{\"@id\":\"https:\/\/www.safinel.fr\/produit\/farine-digname\/#primaryimage\"},\"image\":{\"@id\":\"https:\/\/www.safinel.fr\/produit\/farine-digname\/#primaryimage\"},\"thumbnailUrl\":\"https:\/\/www.safinel.fr\/wp-content\/uploads\/2022\/09\/farine-d-igname.jpg\",\"datePublished\":\"2022-09-25T15:46:04+00:00\",\"dateModified\":\"2026-02-08T18:25:14+00:00\",\"description\":\"Votre\u00a0boutique de bien-\u00eatre Safinel\u00a0souhaite vous faire d\u00e9couvrir la\u00a0farine d\u2019igname. Adoptez-l\u00e0 sans plus attendre en quelques clics !\",\"breadcrumb\":{\"@id\":\"https:\/\/www.safinel.fr\/produit\/farine-digname\/#breadcrumb\"},\"inLanguage\":\"es\",\"potentialAction\":[{\"@type\":\"ReadAction\",\"target\":[\"https:\/\/www.safinel.fr\/produit\/farine-digname\/\"]}]},{\"@type\":\"ImageObject\",\"inLanguage\":\"es\",\"@id\":\"https:\/\/www.safinel.fr\/produit\/farine-digname\/#primaryimage\",\"url\":\"https:\/\/www.safinel.fr\/wp-content\/uploads\/2022\/09\/farine-d-igname.jpg\",\"contentUrl\":\"https:\/\/www.safinel.fr\/wp-content\/uploads\/2022\/09\/farine-d-igname.jpg\",\"width\":600,\"height\":600,\"caption\":\"Farine d\u2019igname\"},{\"@type\":\"BreadcrumbList\",\"@id\":\"https:\/\/www.safinel.fr\/produit\/farine-digname\/#breadcrumb\",\"itemListElement\":[{\"@type\":\"ListItem\",\"position\":1,\"name\":\"Accueil\",\"item\":\"https:\/\/www.safinel.fr\/\"},{\"@type\":\"ListItem\",\"position\":2,\"name\":\"Boutique\",\"item\":\"https:\/\/www.safinel.fr\/boutique\/\"},{\"@type\":\"ListItem\",\"position\":3,\"name\":\"Farine d&#8217;igname 1kg\"}]},{\"@type\":\"WebSite\",\"@id\":\"https:\/\/www.safinel.fr\/#website\",\"url\":\"https:\/\/www.safinel.fr\/\",\"name\":\"Safinel\",\"description\":\"\",\"publisher\":{\"@id\":\"https:\/\/www.safinel.fr\/#organization\"},\"potentialAction\":[{\"@type\":\"SearchAction\",\"target\":{\"@type\":\"EntryPoint\",\"urlTemplate\":\"https:\/\/www.safinel.fr\/?s={search_term_string}\"},\"query-input\":{\"@type\":\"PropertyValueSpecification\",\"valueRequired\":true,\"valueName\":\"search_term_string\"}}],\"inLanguage\":\"es\"},{\"@type\":\"Organization\",\"@id\":\"https:\/\/www.safinel.fr\/#organization\",\"name\":\"Safinel\",\"url\":\"https:\/\/www.safinel.fr\/\",\"logo\":{\"@type\":\"ImageObject\",\"inLanguage\":\"es\",\"@id\":\"https:\/\/www.safinel.fr\/#\/schema\/logo\/image\/\",\"url\":\"https:\/\/www.safinel.fr\/wp-content\/uploads\/2021\/05\/boutique-cosmetique.png\",\"contentUrl\":\"https:\/\/www.safinel.fr\/wp-content\/uploads\/2021\/05\/boutique-cosmetique.png\",\"width\":800,\"height\":200,\"caption\":\"Safinel\"},\"image\":{\"@id\":\"https:\/\/www.safinel.fr\/#\/schema\/logo\/image\/\"}}]}<\/script>\n<!-- \/ Yoast SEO plugin. -->","yoast_head_json":{"title":"Harina de \u00f1ame | Comprar en l\u00ednea | Consejos de utilizaci\u00f3n","description":"Su tienda de bienestar Safinel le presenta la harina de \u00f1ame. \u00a1Est\u00e1 a s\u00f3lo unos clics de distancia!","robots":{"index":"index","follow":"follow","max-snippet":"max-snippet:-1","max-image-preview":"max-image-preview:large","max-video-preview":"max-video-preview:-1"},"canonical":"https:\/\/www.safinel.fr\/es\/product-2\/harina-de-digname\/","og_locale":"es_ES","og_type":"article","og_title":"Farine d\u2019igname | Achat en ligne | Conseils d'utilisation","og_description":"Votre\u00a0boutique de bien-\u00eatre Safinel\u00a0souhaite vous faire d\u00e9couvrir la\u00a0farine d\u2019igname. Adoptez-l\u00e0 sans plus attendre en quelques clics !","og_url":"https:\/\/www.safinel.fr\/es\/product-2\/harina-de-digname\/","og_site_name":"Safinel","article_modified_time":"2026-02-08T18:25:14+00:00","og_image":[{"width":600,"height":600,"url":"https:\/\/www.safinel.fr\/wp-content\/uploads\/2022\/09\/farine-d-igname.jpg","type":"image\/jpeg"}],"twitter_card":"summary_large_image","twitter_misc":{"Tiempo de lectura":"3 minutos"},"schema":{"@context":"https:\/\/schema.org","@graph":[{"@type":"WebPage","@id":"https:\/\/www.safinel.fr\/produit\/farine-digname\/","url":"https:\/\/www.safinel.fr\/produit\/farine-digname\/","name":"Harina de \u00f1ame | Comprar en l\u00ednea | Consejos de utilizaci\u00f3n","isPartOf":{"@id":"https:\/\/www.safinel.fr\/#website"},"primaryImageOfPage":{"@id":"https:\/\/www.safinel.fr\/produit\/farine-digname\/#primaryimage"},"image":{"@id":"https:\/\/www.safinel.fr\/produit\/farine-digname\/#primaryimage"},"thumbnailUrl":"https:\/\/www.safinel.fr\/wp-content\/uploads\/2022\/09\/farine-d-igname.jpg","datePublished":"2022-09-25T15:46:04+00:00","dateModified":"2026-02-08T18:25:14+00:00","description":"Su tienda de bienestar Safinel le presenta la harina de \u00f1ame. \u00a1Est\u00e1 a s\u00f3lo unos clics de distancia!","breadcrumb":{"@id":"https:\/\/www.safinel.fr\/produit\/farine-digname\/#breadcrumb"},"inLanguage":"es","potentialAction":[{"@type":"ReadAction","target":["https:\/\/www.safinel.fr\/produit\/farine-digname\/"]}]},{"@type":"ImageObject","inLanguage":"es","@id":"https:\/\/www.safinel.fr\/produit\/farine-digname\/#primaryimage","url":"https:\/\/www.safinel.fr\/wp-content\/uploads\/2022\/09\/farine-d-igname.jpg","contentUrl":"https:\/\/www.safinel.fr\/wp-content\/uploads\/2022\/09\/farine-d-igname.jpg","width":600,"height":600,"caption":"Farine d\u2019igname"},{"@type":"BreadcrumbList","@id":"https:\/\/www.safinel.fr\/produit\/farine-digname\/#breadcrumb","itemListElement":[{"@type":"ListItem","position":1,"name":"Accueil","item":"https:\/\/www.safinel.fr\/"},{"@type":"ListItem","position":2,"name":"Boutique","item":"https:\/\/www.safinel.fr\/boutique\/"},{"@type":"ListItem","position":3,"name":"Farine d&#8217;igname 1kg"}]},{"@type":"WebSite","@id":"https:\/\/www.safinel.fr\/#website","url":"https:\/\/www.safinel.fr\/","name":"Safinel","description":"","publisher":{"@id":"https:\/\/www.safinel.fr\/#organization"},"potentialAction":[{"@type":"SearchAction","target":{"@type":"EntryPoint","urlTemplate":"https:\/\/www.safinel.fr\/?s={search_term_string}"},"query-input":{"@type":"PropertyValueSpecification","valueRequired":true,"valueName":"search_term_string"}}],"inLanguage":"es"},{"@type":"Organization","@id":"https:\/\/www.safinel.fr\/#organization","name":"Safinel","url":"https:\/\/www.safinel.fr\/","logo":{"@type":"ImageObject","inLanguage":"es","@id":"https:\/\/www.safinel.fr\/#\/schema\/logo\/image\/","url":"https:\/\/www.safinel.fr\/wp-content\/uploads\/2021\/05\/boutique-cosmetique.png","contentUrl":"https:\/\/www.safinel.fr\/wp-content\/uploads\/2021\/05\/boutique-cosmetique.png","width":800,"height":200,"caption":"Safinel"},"image":{"@id":"https:\/\/www.safinel.fr\/#\/schema\/logo\/image\/"}}]}},"_links":{"self":[{"href":"https:\/\/www.safinel.fr\/es\/wp-json\/wp\/v2\/product\/2890","targetHints":{"allow":["GET"]}}],"collection":[{"href":"https:\/\/www.safinel.fr\/es\/wp-json\/wp\/v2\/product"}],"about":[{"href":"https:\/\/www.safinel.fr\/es\/wp-json\/wp\/v2\/types\/product"}],"wp:featuredmedia":[{"embeddable":true,"href":"https:\/\/www.safinel.fr\/es\/wp-json\/wp\/v2\/media\/2891"}],"wp:attachment":[{"href":"https:\/\/www.safinel.fr\/es\/wp-json\/wp\/v2\/media?parent=2890"}],"wp:term":[{"taxonomy":"product_brand","embeddable":true,"href":"https:\/\/www.safinel.fr\/es\/wp-json\/wp\/v2\/product_brand?post=2890"},{"taxonomy":"product_cat","embeddable":true,"href":"https:\/\/www.safinel.fr\/es\/wp-json\/wp\/v2\/product_cat?post=2890"},{"taxonomy":"product_tag","embeddable":true,"href":"https:\/\/www.safinel.fr\/es\/wp-json\/wp\/v2\/product_tag?post=2890"}],"curies":[{"name":"wp","href":"https:\/\/api.w.org\/{rel}","templated":true}]}}