{"id":1952,"date":"2022-07-28T10:33:12","date_gmt":"2022-07-28T10:33:12","guid":{"rendered":"https:\/\/www.safinel.fr\/?post_type=product&#038;p=1952"},"modified":"2023-12-30T13:25:37","modified_gmt":"2023-12-30T13:25:37","slug":"miel-de-brezo","status":"publish","type":"product","link":"https:\/\/www.safinel.fr\/es\/product-2\/miel-de-brezo\/","title":{"rendered":"Miel de brezo 250g"},"content":{"rendered":"<p>El sur, y en particular Espa\u00f1a, con su clima mediterr\u00e1neo, favorece la floraci\u00f3n de una planta particular, el brezo... Abran paso al<strong>\u00a0Miel de brezo\u00a0<\/strong>y sus m\u00faltiples cualidades.<\/p>\n<h2><strong>Miel de brezo espa\u00f1ola: \u00a1un aroma que no olvidar\u00e1!\u00a0<\/strong><\/h2>\n<p>Esta bonita y perfumada planta da paso a magn\u00edficas florecillas rosas que har\u00e1n las delicias de nuestras abejitas.<\/p>\n<p>Desde julio hasta aproximadamente septiembre, esta planta se cosecha durante varios meses, lo que la convierte en la \u00faltima planta del mundo en recolectarse.<strong>\u00a0miel de la temporada<\/strong>.<\/p>\n<p>Este n\u00e9ctar\u00a0<strong>monofloral<\/strong>\u00a0es conocida sobre todo por los amantes de la miel por su potente aroma y fuerte sabor.<\/p>\n<h2><strong>La miel de brezo de Espa\u00f1a por fin est\u00e1 disponible en Safinel\u00a0<\/strong><\/h2>\n<p>En honor de un n\u00e9ctar de Espa\u00f1a Si este pa\u00eds es apreciado por su<strong>\u00a0apicultura<\/strong>, La miel de brezo no es una excepci\u00f3n.<\/p>\n<p>Descubra este sublime n\u00e9ctar sin m\u00e1s dilaci\u00f3n. Est\u00e1 disponible en su tienda en l\u00ednea Safinel en un tarro transparente, que le permite vislumbrar este famoso elixir. Su color marr\u00f3n y su aspecto cremoso son algunas de las caracter\u00edsticas de este<strong>\u00a0productos colmena<\/strong>.<\/p>\n<p>Disponible en un envase de 250 g, es ideal para un uso diario y duradero. Para los amantes de<strong>\u00a0mieles sabrosas<\/strong>\u00a0y 100% natural, este n\u00e9ctar bien podr\u00eda estar hecho para usted.<\/p>\n<h3><strong>\u00a1Hay tantos beneficios por descubrir!<\/strong><\/h3>\n<p>\u00bfQuieres saber m\u00e1s sobre los beneficios del brezo y su miel? \u00a1No des un paso m\u00e1s!<\/p>\n<ul>\n<li>Puede ser bueno contra el reumatismo<\/li>\n<li>Un beneficio contra la anemia<\/li>\n<li>Un plus contra los problemas del tracto urinario<\/li>\n<li>Muy bueno contra las enfermedades estacionales<\/li>\n<li>Resultados alentadores para las menstruaciones dolorosas en las mujeres<\/li>\n<\/ul>\n<p>Aunque tambi\u00e9n est\u00e1 a disposici\u00f3n de los deportistas como<strong>\u00a0complemento alimenticio<\/strong>, Es \u00fatil durante el ejercicio, pero tambi\u00e9n para ayudar al cuerpo a recuperarse. Como\u00a0<a href=\"https:\/\/www.safinel.fr\/es\/product-2\/miel-de-comino-negro\/\"><strong>miel de comino negro<\/strong><\/a>, Puede que te encante.<\/p>","protected":false},"excerpt":{"rendered":"<p>Le sud, plus particuli\u00e8rement l\u2019Espagne et son climat m\u00e9diterran\u00e9en, favorise ainsi la floraison d\u2019une plante particuli\u00e8re, la bruy\u00e8re\u2026 Faites place au\u00a0miel de bruy\u00e8re d\u2019Espagne\u00a0et \u00e0 ses nombreuses qualit\u00e9s. Le miel de bruy\u00e8re d\u2019Espagne : une odeur que l\u2019on n\u2019oublie pas !\u00a0 Cette jolie plante tr\u00e8s parfum\u00e9e laisse place \u00e0 de magnifiques petites fleurs roses pour [&#8230;]","protected":false},"featured_media":1943,"template":"","meta":[],"product_brand":[],"product_cat":[24,71],"product_tag":[],"class_list":{"0":"post-1952","1":"product","2":"type-product","3":"status-publish","4":"has-post-thumbnail","6":"product_cat-apiculture","7":"product_cat-miels-despagne","9":"first","10":"instock","11":"shipping-taxable","12":"purchasable","13":"product-type-simple"},"yoast_head":"<!-- This site is optimized with the Yoast SEO plugin v26.6 - https:\/\/yoast.com\/wordpress\/plugins\/seo\/ -->\n<title>Miel de bruy\u00e8re d&#039;Espagne I Miel de qualit\u00e9 I 250g<\/title>\n<meta name=\"description\" content=\"L\u2019Espagne et son climat m\u00e9diterran\u00e9en, favorise ainsi la floraison d\u2019une plante particuli\u00e8re, la bruy\u00e8re\u2026 Ici, faites place au\u00a0miel de bruy\u00e8re d\u2019Espagne\u00a0!\" \/>\n<meta name=\"robots\" content=\"index, follow, max-snippet:-1, max-image-preview:large, max-video-preview:-1\" \/>\n<link rel=\"canonical\" href=\"https:\/\/www.safinel.fr\/es\/product-2\/miel-de-brezo\/\" \/>\n<meta property=\"og:locale\" content=\"es_ES\" \/>\n<meta property=\"og:type\" content=\"article\" \/>\n<meta property=\"og:title\" content=\"Miel de bruy\u00e8re d&#039;Espagne I Miel de qualit\u00e9 I 250g\" \/>\n<meta property=\"og:description\" content=\"L\u2019Espagne et son climat m\u00e9diterran\u00e9en, favorise ainsi la floraison d\u2019une plante particuli\u00e8re, la bruy\u00e8re\u2026 Ici, faites place au\u00a0miel de bruy\u00e8re d\u2019Espagne\u00a0!\" \/>\n<meta property=\"og:url\" content=\"https:\/\/www.safinel.fr\/es\/product-2\/miel-de-brezo\/\" \/>\n<meta property=\"og:site_name\" content=\"Safinel\" \/>\n<meta property=\"article:modified_time\" content=\"2023-12-30T13:25:37+00:00\" \/>\n<meta property=\"og:image\" content=\"https:\/\/www.safinel.fr\/wp-content\/uploads\/2022\/07\/miel-de-bruyere.jpg\" \/>\n\t<meta property=\"og:image:width\" content=\"600\" \/>\n\t<meta property=\"og:image:height\" content=\"600\" \/>\n\t<meta property=\"og:image:type\" content=\"image\/jpeg\" \/>\n<meta name=\"twitter:card\" content=\"summary_large_image\" \/>\n<meta name=\"twitter:label1\" content=\"Tiempo de lectura\" \/>\n\t<meta name=\"twitter:data1\" content=\"2 minutos\" \/>\n<script type=\"application\/ld+json\" class=\"yoast-schema-graph\">{\"@context\":\"https:\/\/schema.org\",\"@graph\":[{\"@type\":\"WebPage\",\"@id\":\"https:\/\/www.safinel.fr\/produit\/miel-de-bruyere\/\",\"url\":\"https:\/\/www.safinel.fr\/produit\/miel-de-bruyere\/\",\"name\":\"Miel de bruy\u00e8re d'Espagne I Miel de qualit\u00e9 I 250g\",\"isPartOf\":{\"@id\":\"https:\/\/www.safinel.fr\/#website\"},\"primaryImageOfPage\":{\"@id\":\"https:\/\/www.safinel.fr\/produit\/miel-de-bruyere\/#primaryimage\"},\"image\":{\"@id\":\"https:\/\/www.safinel.fr\/produit\/miel-de-bruyere\/#primaryimage\"},\"thumbnailUrl\":\"https:\/\/www.safinel.fr\/wp-content\/uploads\/2022\/07\/miel-de-bruyere.jpg\",\"datePublished\":\"2022-07-28T10:33:12+00:00\",\"dateModified\":\"2023-12-30T13:25:37+00:00\",\"description\":\"L\u2019Espagne et son climat m\u00e9diterran\u00e9en, favorise ainsi la floraison d\u2019une plante particuli\u00e8re, la bruy\u00e8re\u2026 Ici, faites place au\u00a0miel de bruy\u00e8re d\u2019Espagne\u00a0!\",\"breadcrumb\":{\"@id\":\"https:\/\/www.safinel.fr\/produit\/miel-de-bruyere\/#breadcrumb\"},\"inLanguage\":\"es\",\"potentialAction\":[{\"@type\":\"ReadAction\",\"target\":[\"https:\/\/www.safinel.fr\/produit\/miel-de-bruyere\/\"]}]},{\"@type\":\"ImageObject\",\"inLanguage\":\"es\",\"@id\":\"https:\/\/www.safinel.fr\/produit\/miel-de-bruyere\/#primaryimage\",\"url\":\"https:\/\/www.safinel.fr\/wp-content\/uploads\/2022\/07\/miel-de-bruyere.jpg\",\"contentUrl\":\"https:\/\/www.safinel.fr\/wp-content\/uploads\/2022\/07\/miel-de-bruyere.jpg\",\"width\":600,\"height\":600,\"caption\":\"Miel de bruy\u00e8re d'espagne\"},{\"@type\":\"BreadcrumbList\",\"@id\":\"https:\/\/www.safinel.fr\/produit\/miel-de-bruyere\/#breadcrumb\",\"itemListElement\":[{\"@type\":\"ListItem\",\"position\":1,\"name\":\"Accueil\",\"item\":\"https:\/\/www.safinel.fr\/\"},{\"@type\":\"ListItem\",\"position\":2,\"name\":\"Boutique\",\"item\":\"https:\/\/www.safinel.fr\/boutique\/\"},{\"@type\":\"ListItem\",\"position\":3,\"name\":\"Miel de bruy\u00e8re d&#8217;Espagne 250g\"}]},{\"@type\":\"WebSite\",\"@id\":\"https:\/\/www.safinel.fr\/#website\",\"url\":\"https:\/\/www.safinel.fr\/\",\"name\":\"Safinel\",\"description\":\"\",\"publisher\":{\"@id\":\"https:\/\/www.safinel.fr\/#organization\"},\"potentialAction\":[{\"@type\":\"SearchAction\",\"target\":{\"@type\":\"EntryPoint\",\"urlTemplate\":\"https:\/\/www.safinel.fr\/?s={search_term_string}\"},\"query-input\":{\"@type\":\"PropertyValueSpecification\",\"valueRequired\":true,\"valueName\":\"search_term_string\"}}],\"inLanguage\":\"es\"},{\"@type\":\"Organization\",\"@id\":\"https:\/\/www.safinel.fr\/#organization\",\"name\":\"Safinel\",\"url\":\"https:\/\/www.safinel.fr\/\",\"logo\":{\"@type\":\"ImageObject\",\"inLanguage\":\"es\",\"@id\":\"https:\/\/www.safinel.fr\/#\/schema\/logo\/image\/\",\"url\":\"https:\/\/www.safinel.fr\/wp-content\/uploads\/2021\/05\/boutique-cosmetique.png\",\"contentUrl\":\"https:\/\/www.safinel.fr\/wp-content\/uploads\/2021\/05\/boutique-cosmetique.png\",\"width\":800,\"height\":200,\"caption\":\"Safinel\"},\"image\":{\"@id\":\"https:\/\/www.safinel.fr\/#\/schema\/logo\/image\/\"}}]}<\/script>\n<!-- \/ Yoast SEO plugin. -->","yoast_head_json":{"title":"Miel de brezo de Espa\u00f1a I Miel de calidad I 250g","description":"Espa\u00f1a, con su clima mediterr\u00e1neo, favorece la floraci\u00f3n de una planta particular, el brezo... \u00a1Aqu\u00ed, abran paso a la miel de brezo espa\u00f1ola!","robots":{"index":"index","follow":"follow","max-snippet":"max-snippet:-1","max-image-preview":"max-image-preview:large","max-video-preview":"max-video-preview:-1"},"canonical":"https:\/\/www.safinel.fr\/es\/product-2\/miel-de-brezo\/","og_locale":"es_ES","og_type":"article","og_title":"Miel de bruy\u00e8re d'Espagne I Miel de qualit\u00e9 I 250g","og_description":"L\u2019Espagne et son climat m\u00e9diterran\u00e9en, favorise ainsi la floraison d\u2019une plante particuli\u00e8re, la bruy\u00e8re\u2026 Ici, faites place au\u00a0miel de bruy\u00e8re d\u2019Espagne\u00a0!","og_url":"https:\/\/www.safinel.fr\/es\/product-2\/miel-de-brezo\/","og_site_name":"Safinel","article_modified_time":"2023-12-30T13:25:37+00:00","og_image":[{"width":600,"height":600,"url":"https:\/\/www.safinel.fr\/wp-content\/uploads\/2022\/07\/miel-de-bruyere.jpg","type":"image\/jpeg"}],"twitter_card":"summary_large_image","twitter_misc":{"Tiempo de lectura":"2 minutos"},"schema":{"@context":"https:\/\/schema.org","@graph":[{"@type":"WebPage","@id":"https:\/\/www.safinel.fr\/produit\/miel-de-bruyere\/","url":"https:\/\/www.safinel.fr\/produit\/miel-de-bruyere\/","name":"Miel de brezo de Espa\u00f1a I Miel de calidad I 250g","isPartOf":{"@id":"https:\/\/www.safinel.fr\/#website"},"primaryImageOfPage":{"@id":"https:\/\/www.safinel.fr\/produit\/miel-de-bruyere\/#primaryimage"},"image":{"@id":"https:\/\/www.safinel.fr\/produit\/miel-de-bruyere\/#primaryimage"},"thumbnailUrl":"https:\/\/www.safinel.fr\/wp-content\/uploads\/2022\/07\/miel-de-bruyere.jpg","datePublished":"2022-07-28T10:33:12+00:00","dateModified":"2023-12-30T13:25:37+00:00","description":"Espa\u00f1a, con su clima mediterr\u00e1neo, favorece la floraci\u00f3n de una planta particular, el brezo... \u00a1Aqu\u00ed, abran paso a la miel de brezo espa\u00f1ola!","breadcrumb":{"@id":"https:\/\/www.safinel.fr\/produit\/miel-de-bruyere\/#breadcrumb"},"inLanguage":"es","potentialAction":[{"@type":"ReadAction","target":["https:\/\/www.safinel.fr\/produit\/miel-de-bruyere\/"]}]},{"@type":"ImageObject","inLanguage":"es","@id":"https:\/\/www.safinel.fr\/produit\/miel-de-bruyere\/#primaryimage","url":"https:\/\/www.safinel.fr\/wp-content\/uploads\/2022\/07\/miel-de-bruyere.jpg","contentUrl":"https:\/\/www.safinel.fr\/wp-content\/uploads\/2022\/07\/miel-de-bruyere.jpg","width":600,"height":600,"caption":"Miel de bruy\u00e8re d'espagne"},{"@type":"BreadcrumbList","@id":"https:\/\/www.safinel.fr\/produit\/miel-de-bruyere\/#breadcrumb","itemListElement":[{"@type":"ListItem","position":1,"name":"Accueil","item":"https:\/\/www.safinel.fr\/"},{"@type":"ListItem","position":2,"name":"Boutique","item":"https:\/\/www.safinel.fr\/boutique\/"},{"@type":"ListItem","position":3,"name":"Miel de bruy\u00e8re d&#8217;Espagne 250g"}]},{"@type":"WebSite","@id":"https:\/\/www.safinel.fr\/#website","url":"https:\/\/www.safinel.fr\/","name":"Safinel","description":"","publisher":{"@id":"https:\/\/www.safinel.fr\/#organization"},"potentialAction":[{"@type":"SearchAction","target":{"@type":"EntryPoint","urlTemplate":"https:\/\/www.safinel.fr\/?s={search_term_string}"},"query-input":{"@type":"PropertyValueSpecification","valueRequired":true,"valueName":"search_term_string"}}],"inLanguage":"es"},{"@type":"Organization","@id":"https:\/\/www.safinel.fr\/#organization","name":"Safinel","url":"https:\/\/www.safinel.fr\/","logo":{"@type":"ImageObject","inLanguage":"es","@id":"https:\/\/www.safinel.fr\/#\/schema\/logo\/image\/","url":"https:\/\/www.safinel.fr\/wp-content\/uploads\/2021\/05\/boutique-cosmetique.png","contentUrl":"https:\/\/www.safinel.fr\/wp-content\/uploads\/2021\/05\/boutique-cosmetique.png","width":800,"height":200,"caption":"Safinel"},"image":{"@id":"https:\/\/www.safinel.fr\/#\/schema\/logo\/image\/"}}]}},"_links":{"self":[{"href":"https:\/\/www.safinel.fr\/es\/wp-json\/wp\/v2\/product\/1952","targetHints":{"allow":["GET"]}}],"collection":[{"href":"https:\/\/www.safinel.fr\/es\/wp-json\/wp\/v2\/product"}],"about":[{"href":"https:\/\/www.safinel.fr\/es\/wp-json\/wp\/v2\/types\/product"}],"wp:featuredmedia":[{"embeddable":true,"href":"https:\/\/www.safinel.fr\/es\/wp-json\/wp\/v2\/media\/1943"}],"wp:attachment":[{"href":"https:\/\/www.safinel.fr\/es\/wp-json\/wp\/v2\/media?parent=1952"}],"wp:term":[{"taxonomy":"product_brand","embeddable":true,"href":"https:\/\/www.safinel.fr\/es\/wp-json\/wp\/v2\/product_brand?post=1952"},{"taxonomy":"product_cat","embeddable":true,"href":"https:\/\/www.safinel.fr\/es\/wp-json\/wp\/v2\/product_cat?post=1952"},{"taxonomy":"product_tag","embeddable":true,"href":"https:\/\/www.safinel.fr\/es\/wp-json\/wp\/v2\/product_tag?post=1952"}],"curies":[{"name":"wp","href":"https:\/\/api.w.org\/{rel}","templated":true}]}}