{"id":1952,"date":"2022-07-28T10:33:12","date_gmt":"2022-07-28T10:33:12","guid":{"rendered":"https:\/\/www.safinel.fr\/?post_type=product&#038;p=1952"},"modified":"2023-12-30T13:25:37","modified_gmt":"2023-12-30T13:25:37","slug":"heidehonig","status":"publish","type":"product","link":"https:\/\/www.safinel.fr\/de\/product-2\/heidehonig\/","title":{"rendered":"Heidehonig aus Spanien 250g"},"content":{"rendered":"<p>Der S\u00fcden, insbesondere Spanien mit seinem mediterranen Klima, beg\u00fcnstigt somit die Bl\u00fcte einer besonderen Pflanze, der Heide... Machen Sie Platz f\u00fcr den<strong>\u00a0Heidehonig aus Spanien\u00a0<\/strong>und seinen vielen guten Eigenschaften.<\/p>\n<h2><strong>Heidehonig aus Spanien: Ein Duft, den man nicht vergisst!\u00a0<\/strong><\/h2>\n<p>Diese h\u00fcbsche, stark duftende Pflanze macht Platz f\u00fcr wundersch\u00f6ne kleine rosafarbene Bl\u00fcten, die unsere kleinen Bienen erfreuen!<\/p>\n<p>Ab Juli bis etwa September erstreckt sich die Ernte dieser Pflanze \u00fcber mehrere Monate und macht sie damit zum letzten<strong>\u00a0Honig der Saison<\/strong>.<\/p>\n<p>Dieser Nektar\u00a0<strong>monofloral<\/strong>\u00a0ist vor allem bei Honigliebhabern f\u00fcr seinen starken Duft und seinen ausgepr\u00e4gten Geschmack bekannt.<\/p>\n<h2><strong>Heidekrauthonig aus Spanien endlich bei Safinel\u00a0<\/strong><\/h2>\n<p>Die Ehre geb\u00fchrt einem Nektar aus Spanien! Wenn dieses Land f\u00fcr seinen<strong>\u00a0Bienenzucht<\/strong>, Heidehonig ist da keine Ausnahme!<\/p>\n<p>Entdecken Sie diesen erlesenen Nektar ohne weitere Verz\u00f6gerung. Er wird Ihnen in Ihrem Safinel Online-Shop in einem transparenten Tiegel angeboten, der den Blick auf das ber\u00fchmte Elixier freigibt. Seine braune Farbe und sein cremiges Aussehen sind charakteristisch f\u00fcr diesen Kaffee.<strong>\u00a0Bienenstockprodukt<\/strong>.<\/p>\n<p>In einem 250-G-Beh\u00e4lter angeboten, beg\u00fcnstigt dies die t\u00e4gliche und langfristige Anwendung. F\u00fcr diejenigen, die die<strong>\u00a0schmackhafte Honige<\/strong>\u00a0und 100% nat\u00fcrlich ist, k\u00f6nnte dieser Nektar genau das Richtige f\u00fcr Sie sein.<\/p>\n<h3><strong>Zahlreiche Vorteile, die es schnell zu entdecken gilt!<\/strong><\/h3>\n<p>M\u00f6chten Sie mehr \u00fcber die Vorz\u00fcge der Heidekrautpflanze und ihres Honigs erfahren? Gehen Sie keinen Schritt weiter!<\/p>\n<ul>\n<li>Es kann gut gegen Rheuma sein<\/li>\n<li>Ein Vorteil gegen An\u00e4mie<\/li>\n<li>Ein Plus gegen Harnwegsbeschwerden<\/li>\n<li>Sehr gut gegen saisonale Krankheiten<\/li>\n<li>Ermutigende Eigenschaften gegen schmerzhafte Menstruation bei Frauen<\/li>\n<\/ul>\n<p>Wenn dieser auch Sportlern als<strong>\u00a0Nahrungserg\u00e4nzung<\/strong>, Es ist nicht nur f\u00fcr die Anstrengung n\u00fctzlich, sondern hilft dem K\u00f6rper auch bei der Erholung. Genau wie der\u00a0<a href=\"https:\/\/www.safinel.fr\/de\/product-2\/nigella-honig\/\"><strong>Nigella-Honig<\/strong><\/a>, Wenn Sie sich f\u00fcr ein Buch entscheiden, werden Sie es vielleicht lieben!<\/p>","protected":false},"excerpt":{"rendered":"<p>Der S\u00fcden, insbesondere Spanien mit seinem mediterranen Klima, beg\u00fcnstigt die Bl\u00fcte einer besonderen Pflanze, der Heidekraut... Machen Sie Platz f\u00fcr spanischen Heidekraut-Honig und seine zahlreichen Vorz\u00fcge. Spanischer Heidekraut-Honig: ein Duft, den man nicht vergisst! Diese h\u00fcbsche, sehr duftende Pflanze bringt wundersch\u00f6ne kleine rosa Bl\u00fcten hervor, die [\u2026]","protected":false},"featured_media":1943,"template":"","meta":[],"product_brand":[],"product_cat":[24,71],"product_tag":[],"class_list":{"0":"post-1952","1":"product","2":"type-product","3":"status-publish","4":"has-post-thumbnail","6":"product_cat-apiculture","7":"product_cat-miels-despagne","9":"first","10":"instock","11":"shipping-taxable","12":"purchasable","13":"product-type-simple"},"yoast_head":"<!-- This site is optimized with the Yoast SEO plugin v26.6 - https:\/\/yoast.com\/wordpress\/plugins\/seo\/ -->\n<title>Miel de bruy\u00e8re d&#039;Espagne I Miel de qualit\u00e9 I 250g<\/title>\n<meta name=\"description\" content=\"L\u2019Espagne et son climat m\u00e9diterran\u00e9en, favorise ainsi la floraison d\u2019une plante particuli\u00e8re, la bruy\u00e8re\u2026 Ici, faites place au\u00a0miel de bruy\u00e8re d\u2019Espagne\u00a0!\" \/>\n<meta name=\"robots\" content=\"index, follow, max-snippet:-1, max-image-preview:large, max-video-preview:-1\" \/>\n<link rel=\"canonical\" href=\"https:\/\/www.safinel.fr\/de\/product-2\/heidehonig\/\" \/>\n<meta property=\"og:locale\" content=\"de_DE\" \/>\n<meta property=\"og:type\" content=\"article\" \/>\n<meta property=\"og:title\" content=\"Miel de bruy\u00e8re d&#039;Espagne I Miel de qualit\u00e9 I 250g\" \/>\n<meta property=\"og:description\" content=\"L\u2019Espagne et son climat m\u00e9diterran\u00e9en, favorise ainsi la floraison d\u2019une plante particuli\u00e8re, la bruy\u00e8re\u2026 Ici, faites place au\u00a0miel de bruy\u00e8re d\u2019Espagne\u00a0!\" \/>\n<meta property=\"og:url\" content=\"https:\/\/www.safinel.fr\/de\/product-2\/heidehonig\/\" \/>\n<meta property=\"og:site_name\" content=\"Safinel\" \/>\n<meta property=\"article:modified_time\" content=\"2023-12-30T13:25:37+00:00\" \/>\n<meta property=\"og:image\" content=\"https:\/\/www.safinel.fr\/wp-content\/uploads\/2022\/07\/miel-de-bruyere.jpg\" \/>\n\t<meta property=\"og:image:width\" content=\"600\" \/>\n\t<meta property=\"og:image:height\" content=\"600\" \/>\n\t<meta property=\"og:image:type\" content=\"image\/jpeg\" \/>\n<meta name=\"twitter:card\" content=\"summary_large_image\" \/>\n<meta name=\"twitter:label1\" content=\"Gesch\u00e4tzte Lesezeit\" \/>\n\t<meta name=\"twitter:data1\" content=\"2\u00a0Minuten\" \/>\n<script type=\"application\/ld+json\" class=\"yoast-schema-graph\">{\"@context\":\"https:\/\/schema.org\",\"@graph\":[{\"@type\":\"WebPage\",\"@id\":\"https:\/\/www.safinel.fr\/produit\/miel-de-bruyere\/\",\"url\":\"https:\/\/www.safinel.fr\/produit\/miel-de-bruyere\/\",\"name\":\"Miel de bruy\u00e8re d'Espagne I Miel de qualit\u00e9 I 250g\",\"isPartOf\":{\"@id\":\"https:\/\/www.safinel.fr\/#website\"},\"primaryImageOfPage\":{\"@id\":\"https:\/\/www.safinel.fr\/produit\/miel-de-bruyere\/#primaryimage\"},\"image\":{\"@id\":\"https:\/\/www.safinel.fr\/produit\/miel-de-bruyere\/#primaryimage\"},\"thumbnailUrl\":\"https:\/\/www.safinel.fr\/wp-content\/uploads\/2022\/07\/miel-de-bruyere.jpg\",\"datePublished\":\"2022-07-28T10:33:12+00:00\",\"dateModified\":\"2023-12-30T13:25:37+00:00\",\"description\":\"L\u2019Espagne et son climat m\u00e9diterran\u00e9en, favorise ainsi la floraison d\u2019une plante particuli\u00e8re, la bruy\u00e8re\u2026 Ici, faites place au\u00a0miel de bruy\u00e8re d\u2019Espagne\u00a0!\",\"breadcrumb\":{\"@id\":\"https:\/\/www.safinel.fr\/produit\/miel-de-bruyere\/#breadcrumb\"},\"inLanguage\":\"de\",\"potentialAction\":[{\"@type\":\"ReadAction\",\"target\":[\"https:\/\/www.safinel.fr\/produit\/miel-de-bruyere\/\"]}]},{\"@type\":\"ImageObject\",\"inLanguage\":\"de\",\"@id\":\"https:\/\/www.safinel.fr\/produit\/miel-de-bruyere\/#primaryimage\",\"url\":\"https:\/\/www.safinel.fr\/wp-content\/uploads\/2022\/07\/miel-de-bruyere.jpg\",\"contentUrl\":\"https:\/\/www.safinel.fr\/wp-content\/uploads\/2022\/07\/miel-de-bruyere.jpg\",\"width\":600,\"height\":600,\"caption\":\"Miel de bruy\u00e8re d'espagne\"},{\"@type\":\"BreadcrumbList\",\"@id\":\"https:\/\/www.safinel.fr\/produit\/miel-de-bruyere\/#breadcrumb\",\"itemListElement\":[{\"@type\":\"ListItem\",\"position\":1,\"name\":\"Accueil\",\"item\":\"https:\/\/www.safinel.fr\/\"},{\"@type\":\"ListItem\",\"position\":2,\"name\":\"Boutique\",\"item\":\"https:\/\/www.safinel.fr\/boutique\/\"},{\"@type\":\"ListItem\",\"position\":3,\"name\":\"Miel de bruy\u00e8re d&#8217;Espagne 250g\"}]},{\"@type\":\"WebSite\",\"@id\":\"https:\/\/www.safinel.fr\/#website\",\"url\":\"https:\/\/www.safinel.fr\/\",\"name\":\"Safinel\",\"description\":\"\",\"publisher\":{\"@id\":\"https:\/\/www.safinel.fr\/#organization\"},\"potentialAction\":[{\"@type\":\"SearchAction\",\"target\":{\"@type\":\"EntryPoint\",\"urlTemplate\":\"https:\/\/www.safinel.fr\/?s={search_term_string}\"},\"query-input\":{\"@type\":\"PropertyValueSpecification\",\"valueRequired\":true,\"valueName\":\"search_term_string\"}}],\"inLanguage\":\"de\"},{\"@type\":\"Organization\",\"@id\":\"https:\/\/www.safinel.fr\/#organization\",\"name\":\"Safinel\",\"url\":\"https:\/\/www.safinel.fr\/\",\"logo\":{\"@type\":\"ImageObject\",\"inLanguage\":\"de\",\"@id\":\"https:\/\/www.safinel.fr\/#\/schema\/logo\/image\/\",\"url\":\"https:\/\/www.safinel.fr\/wp-content\/uploads\/2021\/05\/boutique-cosmetique.png\",\"contentUrl\":\"https:\/\/www.safinel.fr\/wp-content\/uploads\/2021\/05\/boutique-cosmetique.png\",\"width\":800,\"height\":200,\"caption\":\"Safinel\"},\"image\":{\"@id\":\"https:\/\/www.safinel.fr\/#\/schema\/logo\/image\/\"}}]}<\/script>\n<!-- \/ Yoast SEO plugin. -->","yoast_head_json":{"title":"Heidehonig aus Spanien I Qualit\u00e4tshonig I 250g","description":"Spanien und sein mediterranes Klima beg\u00fcnstigen somit die Bl\u00fcte einer besonderen Pflanze, der Heide... Machen Sie hier Platz f\u00fcr den Heidehonig aus Spanien!","robots":{"index":"index","follow":"follow","max-snippet":"max-snippet:-1","max-image-preview":"max-image-preview:large","max-video-preview":"max-video-preview:-1"},"canonical":"https:\/\/www.safinel.fr\/de\/product-2\/heidehonig\/","og_locale":"de_DE","og_type":"article","og_title":"Miel de bruy\u00e8re d'Espagne I Miel de qualit\u00e9 I 250g","og_description":"L\u2019Espagne et son climat m\u00e9diterran\u00e9en, favorise ainsi la floraison d\u2019une plante particuli\u00e8re, la bruy\u00e8re\u2026 Ici, faites place au\u00a0miel de bruy\u00e8re d\u2019Espagne\u00a0!","og_url":"https:\/\/www.safinel.fr\/de\/product-2\/heidehonig\/","og_site_name":"Safinel","article_modified_time":"2023-12-30T13:25:37+00:00","og_image":[{"width":600,"height":600,"url":"https:\/\/www.safinel.fr\/wp-content\/uploads\/2022\/07\/miel-de-bruyere.jpg","type":"image\/jpeg"}],"twitter_card":"summary_large_image","twitter_misc":{"Gesch\u00e4tzte Lesezeit":"2\u00a0Minuten"},"schema":{"@context":"https:\/\/schema.org","@graph":[{"@type":"WebPage","@id":"https:\/\/www.safinel.fr\/produit\/miel-de-bruyere\/","url":"https:\/\/www.safinel.fr\/produit\/miel-de-bruyere\/","name":"Heidehonig aus Spanien I Qualit\u00e4tshonig I 250g","isPartOf":{"@id":"https:\/\/www.safinel.fr\/#website"},"primaryImageOfPage":{"@id":"https:\/\/www.safinel.fr\/produit\/miel-de-bruyere\/#primaryimage"},"image":{"@id":"https:\/\/www.safinel.fr\/produit\/miel-de-bruyere\/#primaryimage"},"thumbnailUrl":"https:\/\/www.safinel.fr\/wp-content\/uploads\/2022\/07\/miel-de-bruyere.jpg","datePublished":"2022-07-28T10:33:12+00:00","dateModified":"2023-12-30T13:25:37+00:00","description":"Spanien und sein mediterranes Klima beg\u00fcnstigen somit die Bl\u00fcte einer besonderen Pflanze, der Heide... Machen Sie hier Platz f\u00fcr den Heidehonig aus Spanien!","breadcrumb":{"@id":"https:\/\/www.safinel.fr\/produit\/miel-de-bruyere\/#breadcrumb"},"inLanguage":"de","potentialAction":[{"@type":"ReadAction","target":["https:\/\/www.safinel.fr\/produit\/miel-de-bruyere\/"]}]},{"@type":"ImageObject","inLanguage":"de","@id":"https:\/\/www.safinel.fr\/produit\/miel-de-bruyere\/#primaryimage","url":"https:\/\/www.safinel.fr\/wp-content\/uploads\/2022\/07\/miel-de-bruyere.jpg","contentUrl":"https:\/\/www.safinel.fr\/wp-content\/uploads\/2022\/07\/miel-de-bruyere.jpg","width":600,"height":600,"caption":"Miel de bruy\u00e8re d'espagne"},{"@type":"BreadcrumbList","@id":"https:\/\/www.safinel.fr\/produit\/miel-de-bruyere\/#breadcrumb","itemListElement":[{"@type":"ListItem","position":1,"name":"Accueil","item":"https:\/\/www.safinel.fr\/"},{"@type":"ListItem","position":2,"name":"Boutique","item":"https:\/\/www.safinel.fr\/boutique\/"},{"@type":"ListItem","position":3,"name":"Miel de bruy\u00e8re d&#8217;Espagne 250g"}]},{"@type":"WebSite","@id":"https:\/\/www.safinel.fr\/#website","url":"https:\/\/www.safinel.fr\/","name":"Safinel","description":"","publisher":{"@id":"https:\/\/www.safinel.fr\/#organization"},"potentialAction":[{"@type":"SearchAction","target":{"@type":"EntryPoint","urlTemplate":"https:\/\/www.safinel.fr\/?s={search_term_string}"},"query-input":{"@type":"PropertyValueSpecification","valueRequired":true,"valueName":"search_term_string"}}],"inLanguage":"de"},{"@type":"Organization","@id":"https:\/\/www.safinel.fr\/#organization","name":"Safinel","url":"https:\/\/www.safinel.fr\/","logo":{"@type":"ImageObject","inLanguage":"de","@id":"https:\/\/www.safinel.fr\/#\/schema\/logo\/image\/","url":"https:\/\/www.safinel.fr\/wp-content\/uploads\/2021\/05\/boutique-cosmetique.png","contentUrl":"https:\/\/www.safinel.fr\/wp-content\/uploads\/2021\/05\/boutique-cosmetique.png","width":800,"height":200,"caption":"Safinel"},"image":{"@id":"https:\/\/www.safinel.fr\/#\/schema\/logo\/image\/"}}]}},"_links":{"self":[{"href":"https:\/\/www.safinel.fr\/de\/wp-json\/wp\/v2\/product\/1952","targetHints":{"allow":["GET"]}}],"collection":[{"href":"https:\/\/www.safinel.fr\/de\/wp-json\/wp\/v2\/product"}],"about":[{"href":"https:\/\/www.safinel.fr\/de\/wp-json\/wp\/v2\/types\/product"}],"wp:featuredmedia":[{"embeddable":true,"href":"https:\/\/www.safinel.fr\/de\/wp-json\/wp\/v2\/media\/1943"}],"wp:attachment":[{"href":"https:\/\/www.safinel.fr\/de\/wp-json\/wp\/v2\/media?parent=1952"}],"wp:term":[{"taxonomy":"product_brand","embeddable":true,"href":"https:\/\/www.safinel.fr\/de\/wp-json\/wp\/v2\/product_brand?post=1952"},{"taxonomy":"product_cat","embeddable":true,"href":"https:\/\/www.safinel.fr\/de\/wp-json\/wp\/v2\/product_cat?post=1952"},{"taxonomy":"product_tag","embeddable":true,"href":"https:\/\/www.safinel.fr\/de\/wp-json\/wp\/v2\/product_tag?post=1952"}],"curies":[{"name":"wp","href":"https:\/\/api.w.org\/{rel}","templated":true}]}}