{"id":1614,"date":"2022-07-02T09:42:44","date_gmt":"2022-07-02T09:42:44","guid":{"rendered":"https:\/\/www.safinel.fr\/?post_type=product&#038;p=1614"},"modified":"2024-10-06T16:18:24","modified_gmt":"2024-10-06T16:18:24","slug":"dudu-seife-osun","status":"publish","type":"product","link":"https:\/\/www.safinel.fr\/de\/product-2\/dudu-seife-osun\/","title":{"rendered":"Seife dudu osun 150g"},"content":{"rendered":"<p><strong>Dampfbad<\/strong>, Hammam, oder einfach nur\u00a0<strong>K\u00f6rperpflege<\/strong>, In der heutigen Zeit ist es wichtig, sich um sich selbst zu k\u00fcmmern, um Vertrauen aufzubauen und die Moral zu st\u00e4rken. Aus diesem Grund m\u00f6chten wir Ihnen das<strong>\u00a0schwarze Seife Dudu Osun<\/strong>\u00a0!<\/p>\n<h2><strong>Vorgestellt wird mit der schwarzen Seife Dudu Osun\u00a0<\/strong><\/h2>\n<p>Zun\u00e4chst zur Tagesordnung,\u00a0<strong>Pflege und Wohlbefinden<\/strong>\u00a0! Es ist an der Zeit, dass Sie an sich selbst denken und sich insbesondere die Zeit nehmen, sich etwas Gutes zu g\u00f6nnen... Manchmal h\u00e4ngt das Gl\u00fcck von kleinen Details ab. Und wenn dieses kleine Detail die schwarze Seife von Dudu Osun w\u00e4re?<\/p>\n<p>In der Tat ist schwarze Seife eine der<strong>\u00a0Reinigungskosmetik<\/strong>\u00a0die bekanntesten der Welt. Au\u00dferdem wird dieser kleine, oft mit dem Dampfbad verbundene\u00a0<strong>Seifenst\u00fcck<\/strong>\u00a0ist bemerkenswert f\u00fcr seine nat\u00fcrlichen Qualit\u00e4ten und f\u00fcr seine Seite\u00a0<strong>sanierend<\/strong>.<\/p>\n<p>Entdecken Sie ohne weitere Verz\u00f6gerung diesen\u00a0<strong>Produkt 100% nat\u00fcrlich\u00a0<\/strong>aus Nigeria stammend. Sie wurde in traditioneller Handarbeit hergestellt. Der Inhalt von 150 g ist ein echter Vorteil f\u00fcr diejenigen, die dieses Produkt dauerhaft genie\u00dfen m\u00f6chten.<strong>\u00a0nat\u00fcrliche feste Seife<\/strong>.<\/p>\n<p>Ob als Geschenk oder f\u00fcr sich selbst, dieser Reiniger ist wahrscheinlich genau das richtige Produkt f\u00fcr Sie! Vertrauen Sie der Natur und genie\u00dfen Sie so die Vorteile, die sich daraus ergeben...<\/p>\n<h2><strong>Die Vorteile der schwarzen Seife Dudu Osun\u00a0<\/strong><\/h2>\n<p>Es ist an der Zeit, in das Thema einzusteigen und \u00fcber die<strong>\u00a0Tugenden dieser handgemachten Seife<\/strong>\u00a0! In der Tat enth\u00e4lt dieser eine ganze Reihe von\u2019<strong>nat\u00fcrliche Inhaltsstoffe<\/strong>. Karit\u00e9butter, Limettensaft, Cam-Holz, Pflanzenasche und Kakaobohnen. Eine bemerkenswerte Zusammensetzung, die ihm insbesondere die stolze<strong>\u00a0Produkt 100% biologisch abbaubar<\/strong>, ohne k\u00fcnstliche Farb- und Konservierungsstoffe. Sie haben verstanden, dass dieser handwerklich hergestellte Nugget schnell zu einem t\u00e4glichen Pluspunkt f\u00fcr Ihre Pflege werden kann.<\/p>\n<p>Au\u00dferdem bekannt f\u00fcr seine\u00a0<strong>sanitisierende Qualit\u00e4ten,<\/strong>\u00a0F\u00fcr alle Hauttypen geeignet, ist sie eine Kosmetik, die in jedem Badezimmer vorhanden sein sollte.<\/p>\n<p>Er wird auch wegen seiner wiederherstellenden Vorteile bei bestimmten<strong>\u00a0Hautunreinheiten<\/strong>\u00a0so dass :<\/p>\n<ul>\n<li>Akne-Problem<\/li>\n<li>Fahle Haut<\/li>\n<li><strong>Schwarze Punkte<\/strong><\/li>\n<li>Schaltfl\u00e4chen und Aufgaben<\/li>\n<li>Narben durch Aknepickel<\/li>\n<li>\u00dcberm\u00e4\u00dfiger Talg<\/li>\n<\/ul>\n<p>In der Tat, bekannt f\u00fcr seine zahlreichen Tugenden, ist er auch ein<strong>\u00a0Naturseife<\/strong>\u00a0mit weichmachenden, aber auch n\u00e4hrenden Eigenschaften. Es ist auch daf\u00fcr bekannt, dass es bei h\u00e4ufiger Anwendung den Teint aufhellt. Dar\u00fcber hinaus kann es f\u00fcr den K\u00f6rper, das Gesicht, aber auch f\u00fcr das Haar verwendet werden, das nur darauf wartet, behandelt zu werden.<\/p>\n<h3><strong>Entdecken Sie unsere zahlreichen \u00dcberraschungen!\u00a0<\/strong><\/h3>\n<p>Ihr Safinel Online-Shop ist immer darauf bedacht, Ihnen hochwertige Naturprodukte anzubieten! Aus diesem Grund haben wir den\u00a0<strong>Dudu Osun<\/strong>, Sie k\u00f6nnen sich auf eine Vielzahl von Menschen freuen!<\/p>\n<p>Au\u00dferdem ist es an der Zeit, dass Sie mehrere unserer Produkte kennenlernen... \u00dcberraschung, \u00dcberraschung, Neuheiten warten auf Sie! Haben Sie schon einmal von<strong>\u00a0<a href=\"https:\/\/www.safinel.fr\/de\/product-2\/chebeol\/\">Ch\u00e9b\u00e9-\u00d6l<\/a><\/strong>\u00a0? Vielleicht hat die tschadische Sch\u00f6nheit etwas mit diesem Naturprodukt zu tun... Kein weiterer Spoiler, wir lassen Sie auf den entsprechenden Artikel verweisen.<\/p>\n<p>Und entdecken Sie auch die\u00a0<a href=\"https:\/\/www.safinel.fr\/de\/product-2\/guavenblatter\/\"><strong>Guavenbl\u00e4tter<\/strong><\/a>, und ihre Trumpfkarte gegen Cholesterin, sowie viele andere Dinge ...<\/p>","protected":false},"excerpt":{"rendered":"<p>Bain de vapeur, hammam, ou tout simplement\u00a0soin corporel, prendre soin de soi est devenu primordial pour la confiance, mais aussi pour le moral ! C\u2019est pour cela, que nous souhaitons vous faire d\u00e9couvrir le\u00a0savon noir Dudu Osun\u00a0! Les pr\u00e9sentations se font avec le savon noir Dudu Osun\u00a0 Tout d\u2019abord, \u00e0 l\u2019ordre du jour,\u00a0soin et bien-\u00eatre\u00a0! [&#8230;]","protected":false},"featured_media":1615,"template":"","meta":[],"product_brand":[],"product_cat":[41,123],"product_tag":[],"class_list":{"0":"post-1614","1":"product","2":"type-product","3":"status-publish","4":"has-post-thumbnail","6":"product_cat-produits-naturels-divers","7":"product_cat-savon","9":"first","10":"instock","11":"shipping-taxable","12":"purchasable","13":"product-type-simple"},"yoast_head":"<!-- This site is optimized with the Yoast SEO plugin v26.6 - https:\/\/yoast.com\/wordpress\/plugins\/seo\/ -->\n<title>Savon dudu osun 150g I Savon de couleur noire de qualit\u00e9<\/title>\n<meta name=\"description\" content=\"Prendre soin de soi est devenu primordial pour la confiance ! Nous souhaitons vous faire d\u00e9couvrir le\u00a0savon noir Dudu Osun\u00a0!\u00a0\" \/>\n<meta name=\"robots\" content=\"index, follow, max-snippet:-1, max-image-preview:large, max-video-preview:-1\" \/>\n<link rel=\"canonical\" href=\"https:\/\/www.safinel.fr\/de\/product-2\/dudu-seife-osun\/\" \/>\n<meta property=\"og:locale\" content=\"de_DE\" \/>\n<meta property=\"og:type\" content=\"article\" \/>\n<meta property=\"og:title\" content=\"Savon dudu osun 150g I Savon de couleur noire de qualit\u00e9\" \/>\n<meta property=\"og:description\" content=\"Prendre soin de soi est devenu primordial pour la confiance ! Nous souhaitons vous faire d\u00e9couvrir le\u00a0savon noir Dudu Osun\u00a0!\u00a0\" \/>\n<meta property=\"og:url\" content=\"https:\/\/www.safinel.fr\/de\/product-2\/dudu-seife-osun\/\" \/>\n<meta property=\"og:site_name\" content=\"Safinel\" \/>\n<meta property=\"article:modified_time\" content=\"2024-10-06T16:18:24+00:00\" \/>\n<meta property=\"og:image\" content=\"https:\/\/www.safinel.fr\/wp-content\/uploads\/2022\/07\/savon-dudu-osun.jpg\" \/>\n\t<meta property=\"og:image:width\" content=\"600\" \/>\n\t<meta property=\"og:image:height\" content=\"600\" \/>\n\t<meta property=\"og:image:type\" content=\"image\/jpeg\" \/>\n<meta name=\"twitter:card\" content=\"summary_large_image\" \/>\n<meta name=\"twitter:label1\" content=\"Gesch\u00e4tzte Lesezeit\" \/>\n\t<meta name=\"twitter:data1\" content=\"3\u00a0Minuten\" \/>\n<script type=\"application\/ld+json\" class=\"yoast-schema-graph\">{\"@context\":\"https:\/\/schema.org\",\"@graph\":[{\"@type\":\"WebPage\",\"@id\":\"https:\/\/www.safinel.fr\/produit\/savon-dudu-osun\/\",\"url\":\"https:\/\/www.safinel.fr\/produit\/savon-dudu-osun\/\",\"name\":\"Savon dudu osun 150g I Savon de couleur noire de qualit\u00e9\",\"isPartOf\":{\"@id\":\"https:\/\/www.safinel.fr\/#website\"},\"primaryImageOfPage\":{\"@id\":\"https:\/\/www.safinel.fr\/produit\/savon-dudu-osun\/#primaryimage\"},\"image\":{\"@id\":\"https:\/\/www.safinel.fr\/produit\/savon-dudu-osun\/#primaryimage\"},\"thumbnailUrl\":\"https:\/\/www.safinel.fr\/wp-content\/uploads\/2022\/07\/savon-dudu-osun.jpg\",\"datePublished\":\"2022-07-02T09:42:44+00:00\",\"dateModified\":\"2024-10-06T16:18:24+00:00\",\"description\":\"Prendre soin de soi est devenu primordial pour la confiance ! Nous souhaitons vous faire d\u00e9couvrir le\u00a0savon noir Dudu Osun\u00a0!\u00a0\",\"breadcrumb\":{\"@id\":\"https:\/\/www.safinel.fr\/produit\/savon-dudu-osun\/#breadcrumb\"},\"inLanguage\":\"de\",\"potentialAction\":[{\"@type\":\"ReadAction\",\"target\":[\"https:\/\/www.safinel.fr\/produit\/savon-dudu-osun\/\"]}]},{\"@type\":\"ImageObject\",\"inLanguage\":\"de\",\"@id\":\"https:\/\/www.safinel.fr\/produit\/savon-dudu-osun\/#primaryimage\",\"url\":\"https:\/\/www.safinel.fr\/wp-content\/uploads\/2022\/07\/savon-dudu-osun.jpg\",\"contentUrl\":\"https:\/\/www.safinel.fr\/wp-content\/uploads\/2022\/07\/savon-dudu-osun.jpg\",\"width\":600,\"height\":600,\"caption\":\"Savon dudu osun 150g\"},{\"@type\":\"BreadcrumbList\",\"@id\":\"https:\/\/www.safinel.fr\/produit\/savon-dudu-osun\/#breadcrumb\",\"itemListElement\":[{\"@type\":\"ListItem\",\"position\":1,\"name\":\"Accueil\",\"item\":\"https:\/\/www.safinel.fr\/\"},{\"@type\":\"ListItem\",\"position\":2,\"name\":\"Boutique\",\"item\":\"https:\/\/www.safinel.fr\/boutique\/\"},{\"@type\":\"ListItem\",\"position\":3,\"name\":\"Savon dudu osun 150g\"}]},{\"@type\":\"WebSite\",\"@id\":\"https:\/\/www.safinel.fr\/#website\",\"url\":\"https:\/\/www.safinel.fr\/\",\"name\":\"Safinel\",\"description\":\"\",\"publisher\":{\"@id\":\"https:\/\/www.safinel.fr\/#organization\"},\"potentialAction\":[{\"@type\":\"SearchAction\",\"target\":{\"@type\":\"EntryPoint\",\"urlTemplate\":\"https:\/\/www.safinel.fr\/?s={search_term_string}\"},\"query-input\":{\"@type\":\"PropertyValueSpecification\",\"valueRequired\":true,\"valueName\":\"search_term_string\"}}],\"inLanguage\":\"de\"},{\"@type\":\"Organization\",\"@id\":\"https:\/\/www.safinel.fr\/#organization\",\"name\":\"Safinel\",\"url\":\"https:\/\/www.safinel.fr\/\",\"logo\":{\"@type\":\"ImageObject\",\"inLanguage\":\"de\",\"@id\":\"https:\/\/www.safinel.fr\/#\/schema\/logo\/image\/\",\"url\":\"https:\/\/www.safinel.fr\/wp-content\/uploads\/2021\/05\/boutique-cosmetique.png\",\"contentUrl\":\"https:\/\/www.safinel.fr\/wp-content\/uploads\/2021\/05\/boutique-cosmetique.png\",\"width\":800,\"height\":200,\"caption\":\"Safinel\"},\"image\":{\"@id\":\"https:\/\/www.safinel.fr\/#\/schema\/logo\/image\/\"}}]}<\/script>\n<!-- \/ Yoast SEO plugin. -->","yoast_head_json":{"title":"Seife dudu osun 150g I Hochwertige Seife in schwarzer Farbe","description":"Sich um sich selbst zu k\u00fcmmern, ist f\u00fcr das Selbstbewusstsein von gr\u00f6\u00dfter Bedeutung geworden! Wir m\u00f6chten Sie auf die schwarze Seife Dudu Osun aufmerksam machen!\u00a0","robots":{"index":"index","follow":"follow","max-snippet":"max-snippet:-1","max-image-preview":"max-image-preview:large","max-video-preview":"max-video-preview:-1"},"canonical":"https:\/\/www.safinel.fr\/de\/product-2\/dudu-seife-osun\/","og_locale":"de_DE","og_type":"article","og_title":"Savon dudu osun 150g I Savon de couleur noire de qualit\u00e9","og_description":"Prendre soin de soi est devenu primordial pour la confiance ! Nous souhaitons vous faire d\u00e9couvrir le\u00a0savon noir Dudu Osun\u00a0!\u00a0","og_url":"https:\/\/www.safinel.fr\/de\/product-2\/dudu-seife-osun\/","og_site_name":"Safinel","article_modified_time":"2024-10-06T16:18:24+00:00","og_image":[{"width":600,"height":600,"url":"https:\/\/www.safinel.fr\/wp-content\/uploads\/2022\/07\/savon-dudu-osun.jpg","type":"image\/jpeg"}],"twitter_card":"summary_large_image","twitter_misc":{"Gesch\u00e4tzte Lesezeit":"3\u00a0Minuten"},"schema":{"@context":"https:\/\/schema.org","@graph":[{"@type":"WebPage","@id":"https:\/\/www.safinel.fr\/produit\/savon-dudu-osun\/","url":"https:\/\/www.safinel.fr\/produit\/savon-dudu-osun\/","name":"Seife dudu osun 150g I Hochwertige Seife in schwarzer Farbe","isPartOf":{"@id":"https:\/\/www.safinel.fr\/#website"},"primaryImageOfPage":{"@id":"https:\/\/www.safinel.fr\/produit\/savon-dudu-osun\/#primaryimage"},"image":{"@id":"https:\/\/www.safinel.fr\/produit\/savon-dudu-osun\/#primaryimage"},"thumbnailUrl":"https:\/\/www.safinel.fr\/wp-content\/uploads\/2022\/07\/savon-dudu-osun.jpg","datePublished":"2022-07-02T09:42:44+00:00","dateModified":"2024-10-06T16:18:24+00:00","description":"Sich um sich selbst zu k\u00fcmmern, ist f\u00fcr das Selbstbewusstsein von gr\u00f6\u00dfter Bedeutung geworden! Wir m\u00f6chten Sie auf die schwarze Seife Dudu Osun aufmerksam machen!\u00a0","breadcrumb":{"@id":"https:\/\/www.safinel.fr\/produit\/savon-dudu-osun\/#breadcrumb"},"inLanguage":"de","potentialAction":[{"@type":"ReadAction","target":["https:\/\/www.safinel.fr\/produit\/savon-dudu-osun\/"]}]},{"@type":"ImageObject","inLanguage":"de","@id":"https:\/\/www.safinel.fr\/produit\/savon-dudu-osun\/#primaryimage","url":"https:\/\/www.safinel.fr\/wp-content\/uploads\/2022\/07\/savon-dudu-osun.jpg","contentUrl":"https:\/\/www.safinel.fr\/wp-content\/uploads\/2022\/07\/savon-dudu-osun.jpg","width":600,"height":600,"caption":"Savon dudu osun 150g"},{"@type":"BreadcrumbList","@id":"https:\/\/www.safinel.fr\/produit\/savon-dudu-osun\/#breadcrumb","itemListElement":[{"@type":"ListItem","position":1,"name":"Accueil","item":"https:\/\/www.safinel.fr\/"},{"@type":"ListItem","position":2,"name":"Boutique","item":"https:\/\/www.safinel.fr\/boutique\/"},{"@type":"ListItem","position":3,"name":"Savon dudu osun 150g"}]},{"@type":"WebSite","@id":"https:\/\/www.safinel.fr\/#website","url":"https:\/\/www.safinel.fr\/","name":"Safinel","description":"","publisher":{"@id":"https:\/\/www.safinel.fr\/#organization"},"potentialAction":[{"@type":"SearchAction","target":{"@type":"EntryPoint","urlTemplate":"https:\/\/www.safinel.fr\/?s={search_term_string}"},"query-input":{"@type":"PropertyValueSpecification","valueRequired":true,"valueName":"search_term_string"}}],"inLanguage":"de"},{"@type":"Organization","@id":"https:\/\/www.safinel.fr\/#organization","name":"Safinel","url":"https:\/\/www.safinel.fr\/","logo":{"@type":"ImageObject","inLanguage":"de","@id":"https:\/\/www.safinel.fr\/#\/schema\/logo\/image\/","url":"https:\/\/www.safinel.fr\/wp-content\/uploads\/2021\/05\/boutique-cosmetique.png","contentUrl":"https:\/\/www.safinel.fr\/wp-content\/uploads\/2021\/05\/boutique-cosmetique.png","width":800,"height":200,"caption":"Safinel"},"image":{"@id":"https:\/\/www.safinel.fr\/#\/schema\/logo\/image\/"}}]}},"_links":{"self":[{"href":"https:\/\/www.safinel.fr\/de\/wp-json\/wp\/v2\/product\/1614","targetHints":{"allow":["GET"]}}],"collection":[{"href":"https:\/\/www.safinel.fr\/de\/wp-json\/wp\/v2\/product"}],"about":[{"href":"https:\/\/www.safinel.fr\/de\/wp-json\/wp\/v2\/types\/product"}],"wp:featuredmedia":[{"embeddable":true,"href":"https:\/\/www.safinel.fr\/de\/wp-json\/wp\/v2\/media\/1615"}],"wp:attachment":[{"href":"https:\/\/www.safinel.fr\/de\/wp-json\/wp\/v2\/media?parent=1614"}],"wp:term":[{"taxonomy":"product_brand","embeddable":true,"href":"https:\/\/www.safinel.fr\/de\/wp-json\/wp\/v2\/product_brand?post=1614"},{"taxonomy":"product_cat","embeddable":true,"href":"https:\/\/www.safinel.fr\/de\/wp-json\/wp\/v2\/product_cat?post=1614"},{"taxonomy":"product_tag","embeddable":true,"href":"https:\/\/www.safinel.fr\/de\/wp-json\/wp\/v2\/product_tag?post=1614"}],"curies":[{"name":"wp","href":"https:\/\/api.w.org\/{rel}","templated":true}]}}